{"id":4586,"date":"2024-01-04T13:56:24","date_gmt":"2024-01-04T12:56:24","guid":{"rendered":"https:\/\/internationaleducationcenters.de\/kurs\/curso-de-integracion-general\/"},"modified":"2025-12-01T16:07:09","modified_gmt":"2025-12-01T15:07:09","slug":"curso-de-integracion-general","status":"publish","type":"product","link":"https:\/\/internationaleducationcenters.de\/es\/producto\/curso-de-integracion-general\/","title":{"rendered":"Curso de integraci\u00f3n general"},"content":{"rendered":"<p>Optimiza tus conocimientos de alem\u00e1n e int\u00e9grate con \u00e9xito en Alemania con nuestro completo curso de integraci\u00f3n. Este curso est\u00e1 especialmente dise\u00f1ado para inmigrantes y combina un curso de lengua con un curso de orientaci\u00f3n para que adquieras tanto conocimientos ling\u00fc\u00edsticos como culturales.<\/p>\n<h2>El curso de idiomas<\/h2>\n<p>El curso de idiomas constituye la pieza central del curso de integraci\u00f3n. La duraci\u00f3n del curso de idiomas var\u00eda en funci\u00f3n de tus necesidades individuales de aprendizaje y del formato espec\u00edfico del curso que mejor se adapte a ti:<\/p>\n<ul>\n<li><strong>Curso de integraci\u00f3n general:<\/strong> 600 unidades lectivas<\/li>\n<li><strong>Cursos especializados (por ejemplo, para j\u00f3venes):<\/strong> Hasta 900 unidades did\u00e1cticas<\/li>\n<li><strong>Curso intensivo:<\/strong> 400 unidades lectivas<\/li>\n<\/ul>\n<p>En este curso adquirir\u00e1s destrezas ling\u00fc\u00edsticas pr\u00e1cticas para la vida cotidiana y el trabajo, entre las que se incluyen:<\/p>\n<ul>\n<li>B\u00fasqueda de empleo y proceso de solicitud<\/li>\n<li>Oportunidades educativas y desarrollo profesional<\/li>\n<li>Situaciones comunicativas cotidianas, como ir de compras, la asistencia sanitaria y las actividades de ocio<\/li>\n<li>Redactar cartas y correos electr\u00f3nicos, rellenar formularios y hacer llamadas telef\u00f3nicas<\/li>\n<\/ul>\n<p>La finalizaci\u00f3n del curso de lengua est\u00e1 marcada por la participaci\u00f3n satisfactoria en el \u00abTest de Alem\u00e1n para Inmigrantes\u00bb (DTZ) en el nivel B1.<\/p>\n<h2>El curso de orientaci\u00f3n<\/h2>\n<p>Tras completar el curso de idiomas, continuar\u00e1s tu experiencia de aprendizaje con el curso de orientaci\u00f3n, que comprende 100 unidades lectivas, o 30 unidades lectivas como parte de un curso intensivo. Este curso profundizar\u00e1 tu comprensi\u00f3n de:<\/p>\n<ul>\n<li>El sistema jur\u00eddico alem\u00e1n, historia y cultura<\/li>\n<li>Valores y convivencia social en Alemania<\/li>\n<li>Derechos y obligaciones de los ciudadanos<\/li>\n<\/ul>\n<p>El curso de orientaci\u00f3n termina con el examen \u00abVivir en Alemania\u00bb, que pone a prueba tus conocimientos sobre la sociedad, la historia y la cultura alemanas.<\/p>\n<h2>Duraci\u00f3n y costes del curso<\/h2>\n<ul>\n<li><strong>Curso de integraci\u00f3n general:<\/strong> 700 unidades lectivas<\/li>\n<li><strong>Formatos de curso ampliados:<\/strong> Hasta 1.000 unidades did\u00e1cticas para participantes con necesidades espec\u00edficas<\/li>\n<li><strong>Curso intensivo:<\/strong> 430 unidades did\u00e1cticas para un aprendizaje r\u00e1pido<\/li>\n<\/ul>\n<p>Nuestro objetivo con este curso no es s\u00f3lo ense\u00f1arte el idioma, sino tambi\u00e9n darte un conocimiento profundo de la cultura y la sociedad alemanas para que puedas integrarte con \u00e9xito en tu nuevo entorno vital.<\/p>\n","protected":false},"excerpt":{"rendered":"<p data-start=\"379\" data-end=\"657\"><strong data-start=\"379\" data-end=\"411\">Un curso de integraci\u00f3n general<\/strong> es la clave para vivir con \u00e9xito en Alemania. Este curso te ense\u00f1a habilidades ling\u00fc\u00edsticas pr\u00e1cticas para la vida cotidiana y el trabajo.<\/p>\n<p data-start=\"1437\" data-end=\"1692\">\n","protected":false},"featured_media":7559,"comment_status":"closed","ping_status":"closed","template":"","meta":{"_acf_changed":false},"product_brand":[],"product_cat":[177],"product_tag":[179,178],"class_list":{"0":"post-4586","1":"product","2":"type-product","3":"status-publish","4":"has-post-thumbnail","6":"product_cat-cursos-de-aleman-subvencionados-por-la-bamf","7":"product_tag-buyoption-external-redirect-es","8":"product_tag-cursos-de-aleman-financiados-por-el-bamf","10":"first","11":"instock","12":"taxable","13":"shipping-taxable","14":"purchasable","15":"product-type-simple"},"acf":[],"yoast_head":"<!-- This site is optimized with the Yoast SEO Premium plugin v25.9 (Yoast SEO v26.9) - https:\/\/yoast.com\/product\/yoast-seo-premium-wordpress\/ -->\n<title>Curso de integraci\u00f3n general - International Education Centers<\/title>\n<meta name=\"description\" content=\"Ense\u00f1a habilidades ling\u00fc\u00edsticas pr\u00e1cticas para la vida cotidiana y el trabajo. Inscr\u00edbete ahora en el curso de integraci\u00f3n, incluido el curso de orientaci\u00f3n.\" \/>\n<meta name=\"robots\" content=\"index, follow, max-snippet:-1, max-image-preview:large, max-video-preview:-1\" \/>\n<link rel=\"canonical\" href=\"https:\/\/internationaleducationcenters.de\/es\/producto\/curso-de-integracion-general\/\" \/>\n<meta property=\"og:locale\" content=\"es_ES\" \/>\n<meta property=\"og:type\" content=\"article\" \/>\n<meta property=\"og:title\" content=\"Curso de integraci\u00f3n general\" \/>\n<meta property=\"og:description\" content=\"Ense\u00f1a habilidades ling\u00fc\u00edsticas pr\u00e1cticas para la vida cotidiana y el trabajo. Inscr\u00edbete ahora en el curso de integraci\u00f3n, incluido el curso de orientaci\u00f3n.\" \/>\n<meta property=\"og:url\" content=\"https:\/\/internationaleducationcenters.de\/es\/producto\/curso-de-integracion-general\/\" \/>\n<meta property=\"og:site_name\" content=\"International Education Centers\" \/>\n<meta property=\"article:publisher\" content=\"https:\/\/www.facebook.com\/InternationalEducationCenters\/\" \/>\n<meta property=\"article:modified_time\" content=\"2025-12-01T15:07:09+00:00\" \/>\n<meta property=\"og:image\" content=\"https:\/\/internationaleducationcenters.de\/wp-content\/uploads\/2024\/01\/Integrationskurs.jpg\" \/>\n\t<meta property=\"og:image:width\" content=\"300\" \/>\n\t<meta property=\"og:image:height\" content=\"200\" \/>\n\t<meta property=\"og:image:type\" content=\"image\/jpeg\" \/>\n<meta name=\"twitter:card\" content=\"summary_large_image\" \/>\n<meta name=\"twitter:label1\" content=\"Precio\" \/>\n\t<meta name=\"twitter:data1\" content=\"458,00&nbsp;&euro;\" \/>\n\t<meta name=\"twitter:label2\" content=\"Disponibilidad\" \/>\n\t<meta name=\"twitter:data2\" content=\"Disponible\" \/>\n<script type=\"application\/ld+json\" class=\"yoast-schema-graph\">{\"@context\":\"https:\/\/schema.org\",\"@graph\":[{\"@type\":\"WebPage\",\"@id\":\"https:\/\/internationaleducationcenters.de\/es\/producto\/curso-de-integracion-general\/\",\"url\":\"https:\/\/internationaleducationcenters.de\/es\/producto\/curso-de-integracion-general\/\",\"name\":\"Curso de integraci\u00f3n general - International Education Centers\",\"isPartOf\":{\"@id\":\"https:\/\/internationaleducationcenters.de\/es\/#website\"},\"primaryImageOfPage\":{\"@id\":\"https:\/\/internationaleducationcenters.de\/es\/producto\/curso-de-integracion-general\/#primaryimage\"},\"image\":{\"@id\":\"https:\/\/internationaleducationcenters.de\/es\/producto\/curso-de-integracion-general\/#primaryimage\"},\"thumbnailUrl\":\"https:\/\/internationaleducationcenters.de\/wp-content\/uploads\/2024\/01\/Integrationskurs.jpg\",\"datePublished\":\"2024-01-04T12:56:24+00:00\",\"dateModified\":\"2025-12-01T15:07:09+00:00\",\"description\":\"Ense\u00f1a habilidades ling\u00fc\u00edsticas pr\u00e1cticas para la vida cotidiana y el trabajo. Inscr\u00edbete ahora en el curso de integraci\u00f3n, incluido el curso de orientaci\u00f3n.\",\"breadcrumb\":{\"@id\":\"https:\/\/internationaleducationcenters.de\/es\/producto\/curso-de-integracion-general\/#breadcrumb\"},\"inLanguage\":\"es\",\"potentialAction\":[{\"@type\":\"ReadAction\",\"target\":[\"https:\/\/internationaleducationcenters.de\/es\/producto\/curso-de-integracion-general\/\"]}]},{\"@type\":\"ImageObject\",\"inLanguage\":\"es\",\"@id\":\"https:\/\/internationaleducationcenters.de\/es\/producto\/curso-de-integracion-general\/#primaryimage\",\"url\":\"https:\/\/internationaleducationcenters.de\/wp-content\/uploads\/2024\/01\/Integrationskurs.jpg\",\"contentUrl\":\"https:\/\/internationaleducationcenters.de\/wp-content\/uploads\/2024\/01\/Integrationskurs.jpg\",\"width\":300,\"height\":200,\"caption\":\"test leben in Deutschland in Wuppertal mit IEC\"},{\"@type\":\"BreadcrumbList\",\"@id\":\"https:\/\/internationaleducationcenters.de\/es\/producto\/curso-de-integracion-general\/#breadcrumb\",\"itemListElement\":[{\"@type\":\"ListItem\",\"position\":1,\"name\":\"Home\",\"item\":\"https:\/\/internationaleducationcenters.de\/es\/\"},{\"@type\":\"ListItem\",\"position\":2,\"name\":\"Tienda\",\"item\":\"https:\/\/internationaleducationcenters.de\/es\/shop\/\"},{\"@type\":\"ListItem\",\"position\":3,\"name\":\"Curso de integraci\u00f3n general\"}]},{\"@type\":\"WebSite\",\"@id\":\"https:\/\/internationaleducationcenters.de\/es\/#website\",\"url\":\"https:\/\/internationaleducationcenters.de\/es\/\",\"name\":\"International Education Centers\",\"description\":\"\",\"publisher\":{\"@id\":\"https:\/\/internationaleducationcenters.de\/es\/#organization\"},\"potentialAction\":[{\"@type\":\"SearchAction\",\"target\":{\"@type\":\"EntryPoint\",\"urlTemplate\":\"https:\/\/internationaleducationcenters.de\/es\/?s={search_term_string}\"},\"query-input\":{\"@type\":\"PropertyValueSpecification\",\"valueRequired\":true,\"valueName\":\"search_term_string\"}}],\"inLanguage\":\"es\"},{\"@type\":\"Organization\",\"@id\":\"https:\/\/internationaleducationcenters.de\/es\/#organization\",\"name\":\"International Education Centers\",\"alternateName\":\"IEC\",\"url\":\"https:\/\/internationaleducationcenters.de\/es\/\",\"logo\":{\"@type\":\"ImageObject\",\"inLanguage\":\"es\",\"@id\":\"https:\/\/internationaleducationcenters.de\/es\/#\/schema\/logo\/image\/\",\"url\":\"https:\/\/internationaleducationcenters.de\/wp-content\/uploads\/2025\/08\/IEC_favicon-1.png\",\"contentUrl\":\"https:\/\/internationaleducationcenters.de\/wp-content\/uploads\/2025\/08\/IEC_favicon-1.png\",\"width\":512,\"height\":512,\"caption\":\"International Education Centers\"},\"image\":{\"@id\":\"https:\/\/internationaleducationcenters.de\/es\/#\/schema\/logo\/image\/\"},\"sameAs\":[\"https:\/\/www.facebook.com\/InternationalEducationCenters\/\"]}]}<\/script>\n<meta property=\"product:price:amount\" content=\"458.00\" \/>\n<meta property=\"product:price:currency\" content=\"EUR\" \/>\n<meta property=\"og:availability\" content=\"instock\" \/>\n<meta property=\"product:availability\" content=\"instock\" \/>\n<meta property=\"product:condition\" content=\"new\" \/>\n<!-- \/ Yoast SEO Premium plugin. -->","yoast_head_json":{"title":"Curso de integraci\u00f3n general - International Education Centers","description":"Ense\u00f1a habilidades ling\u00fc\u00edsticas pr\u00e1cticas para la vida cotidiana y el trabajo. Inscr\u00edbete ahora en el curso de integraci\u00f3n, incluido el curso de orientaci\u00f3n.","robots":{"index":"index","follow":"follow","max-snippet":"max-snippet:-1","max-image-preview":"max-image-preview:large","max-video-preview":"max-video-preview:-1"},"canonical":"https:\/\/internationaleducationcenters.de\/es\/producto\/curso-de-integracion-general\/","og_locale":"es_ES","og_type":"article","og_title":"Curso de integraci\u00f3n general","og_description":"Ense\u00f1a habilidades ling\u00fc\u00edsticas pr\u00e1cticas para la vida cotidiana y el trabajo. Inscr\u00edbete ahora en el curso de integraci\u00f3n, incluido el curso de orientaci\u00f3n.","og_url":"https:\/\/internationaleducationcenters.de\/es\/producto\/curso-de-integracion-general\/","og_site_name":"International Education Centers","article_publisher":"https:\/\/www.facebook.com\/InternationalEducationCenters\/","article_modified_time":"2025-12-01T15:07:09+00:00","og_image":[{"width":300,"height":200,"url":"https:\/\/internationaleducationcenters.de\/wp-content\/uploads\/2024\/01\/Integrationskurs.jpg","type":"image\/jpeg"}],"twitter_card":"summary_large_image","twitter_misc":{"Precio":"458,00&nbsp;&euro;","Disponibilidad":"Disponible"},"schema":{"@context":"https:\/\/schema.org","@graph":[{"@type":"WebPage","@id":"https:\/\/internationaleducationcenters.de\/es\/producto\/curso-de-integracion-general\/","url":"https:\/\/internationaleducationcenters.de\/es\/producto\/curso-de-integracion-general\/","name":"Curso de integraci\u00f3n general - International Education Centers","isPartOf":{"@id":"https:\/\/internationaleducationcenters.de\/es\/#website"},"primaryImageOfPage":{"@id":"https:\/\/internationaleducationcenters.de\/es\/producto\/curso-de-integracion-general\/#primaryimage"},"image":{"@id":"https:\/\/internationaleducationcenters.de\/es\/producto\/curso-de-integracion-general\/#primaryimage"},"thumbnailUrl":"https:\/\/internationaleducationcenters.de\/wp-content\/uploads\/2024\/01\/Integrationskurs.jpg","datePublished":"2024-01-04T12:56:24+00:00","dateModified":"2025-12-01T15:07:09+00:00","description":"Ense\u00f1a habilidades ling\u00fc\u00edsticas pr\u00e1cticas para la vida cotidiana y el trabajo. Inscr\u00edbete ahora en el curso de integraci\u00f3n, incluido el curso de orientaci\u00f3n.","breadcrumb":{"@id":"https:\/\/internationaleducationcenters.de\/es\/producto\/curso-de-integracion-general\/#breadcrumb"},"inLanguage":"es","potentialAction":[{"@type":"ReadAction","target":["https:\/\/internationaleducationcenters.de\/es\/producto\/curso-de-integracion-general\/"]}]},{"@type":"ImageObject","inLanguage":"es","@id":"https:\/\/internationaleducationcenters.de\/es\/producto\/curso-de-integracion-general\/#primaryimage","url":"https:\/\/internationaleducationcenters.de\/wp-content\/uploads\/2024\/01\/Integrationskurs.jpg","contentUrl":"https:\/\/internationaleducationcenters.de\/wp-content\/uploads\/2024\/01\/Integrationskurs.jpg","width":300,"height":200,"caption":"test leben in Deutschland in Wuppertal mit IEC"},{"@type":"BreadcrumbList","@id":"https:\/\/internationaleducationcenters.de\/es\/producto\/curso-de-integracion-general\/#breadcrumb","itemListElement":[{"@type":"ListItem","position":1,"name":"Home","item":"https:\/\/internationaleducationcenters.de\/es\/"},{"@type":"ListItem","position":2,"name":"Tienda","item":"https:\/\/internationaleducationcenters.de\/es\/shop\/"},{"@type":"ListItem","position":3,"name":"Curso de integraci\u00f3n general"}]},{"@type":"WebSite","@id":"https:\/\/internationaleducationcenters.de\/es\/#website","url":"https:\/\/internationaleducationcenters.de\/es\/","name":"International Education Centers","description":"","publisher":{"@id":"https:\/\/internationaleducationcenters.de\/es\/#organization"},"potentialAction":[{"@type":"SearchAction","target":{"@type":"EntryPoint","urlTemplate":"https:\/\/internationaleducationcenters.de\/es\/?s={search_term_string}"},"query-input":{"@type":"PropertyValueSpecification","valueRequired":true,"valueName":"search_term_string"}}],"inLanguage":"es"},{"@type":"Organization","@id":"https:\/\/internationaleducationcenters.de\/es\/#organization","name":"International Education Centers","alternateName":"IEC","url":"https:\/\/internationaleducationcenters.de\/es\/","logo":{"@type":"ImageObject","inLanguage":"es","@id":"https:\/\/internationaleducationcenters.de\/es\/#\/schema\/logo\/image\/","url":"https:\/\/internationaleducationcenters.de\/wp-content\/uploads\/2025\/08\/IEC_favicon-1.png","contentUrl":"https:\/\/internationaleducationcenters.de\/wp-content\/uploads\/2025\/08\/IEC_favicon-1.png","width":512,"height":512,"caption":"International Education Centers"},"image":{"@id":"https:\/\/internationaleducationcenters.de\/es\/#\/schema\/logo\/image\/"},"sameAs":["https:\/\/www.facebook.com\/InternationalEducationCenters\/"]}]},"product_price_amount":"458.00","product_price_currency":"EUR","og_availability":"instock","product_availability":"instock","product_condition":"new"},"_links":{"self":[{"href":"https:\/\/internationaleducationcenters.de\/es\/wp-json\/wp\/v2\/product\/4586","targetHints":{"allow":["GET"]}}],"collection":[{"href":"https:\/\/internationaleducationcenters.de\/es\/wp-json\/wp\/v2\/product"}],"about":[{"href":"https:\/\/internationaleducationcenters.de\/es\/wp-json\/wp\/v2\/types\/product"}],"replies":[{"embeddable":true,"href":"https:\/\/internationaleducationcenters.de\/es\/wp-json\/wp\/v2\/comments?post=4586"}],"version-history":[{"count":2,"href":"https:\/\/internationaleducationcenters.de\/es\/wp-json\/wp\/v2\/product\/4586\/revisions"}],"predecessor-version":[{"id":21830,"href":"https:\/\/internationaleducationcenters.de\/es\/wp-json\/wp\/v2\/product\/4586\/revisions\/21830"}],"wp:featuredmedia":[{"embeddable":true,"href":"https:\/\/internationaleducationcenters.de\/es\/wp-json\/wp\/v2\/media\/7559"}],"wp:attachment":[{"href":"https:\/\/internationaleducationcenters.de\/es\/wp-json\/wp\/v2\/media?parent=4586"}],"wp:term":[{"taxonomy":"product_brand","embeddable":true,"href":"https:\/\/internationaleducationcenters.de\/es\/wp-json\/wp\/v2\/product_brand?post=4586"},{"taxonomy":"product_cat","embeddable":true,"href":"https:\/\/internationaleducationcenters.de\/es\/wp-json\/wp\/v2\/product_cat?post=4586"},{"taxonomy":"product_tag","embeddable":true,"href":"https:\/\/internationaleducationcenters.de\/es\/wp-json\/wp\/v2\/product_tag?post=4586"}],"curies":[{"name":"wp","href":"https:\/\/api.w.org\/{rel}","templated":true}]}}