{"id":4828,"date":"2024-04-04T15:09:00","date_gmt":"2024-04-04T13:09:00","guid":{"rendered":"https:\/\/internationaleducationcenters.de\/gizlilik-politikasi\/"},"modified":"2025-11-03T11:52:25","modified_gmt":"2025-11-03T10:52:25","slug":"gizlilik-politikasi","status":"publish","type":"page","link":"https:\/\/internationaleducationcenters.de\/tr\/gizlilik-politikasi\/","title":{"rendered":"Gizlilik Politikas\u0131"},"content":{"rendered":"\t\t<div data-elementor-type=\"wp-page\" data-elementor-id=\"4828\" class=\"elementor elementor-4828 elementor-2332\" data-elementor-post-type=\"page\">\n\t\t\t\t<div class=\"elementor-element elementor-element-7e77f77e e-flex e-con-boxed e-con e-parent\" data-id=\"7e77f77e\" data-element_type=\"container\" data-e-type=\"container\" data-settings=\"{&quot;background_background&quot;:&quot;gradient&quot;}\">\n\t\t\t\t\t<div class=\"e-con-inner\">\n\t\t\t\t<div class=\"elementor-element elementor-element-b2168c7 elementor-widget elementor-widget-heading\" data-id=\"b2168c7\" data-element_type=\"widget\" data-e-type=\"widget\" data-widget_type=\"heading.default\">\n\t\t\t\t<div class=\"elementor-widget-container\">\n\t\t\t\t\t<h1 class=\"elementor-heading-title elementor-size-default\">Gizlilik Politikas\u0131<\/h1>\t\t\t\t<\/div>\n\t\t\t\t<\/div>\n\t\t\t\t<div class=\"elementor-element elementor-element-563c841b elementor-widget elementor-widget-heading\" data-id=\"563c841b\" data-element_type=\"widget\" data-e-type=\"widget\" data-widget_type=\"heading.default\">\n\t\t\t\t<div class=\"elementor-widget-container\">\n\t\t\t\t\t<div class=\"elementor-heading-title elementor-size-default\">IEC-International Education Centres GmbH'nin<\/div>\t\t\t\t<\/div>\n\t\t\t\t<\/div>\n\t\t\t\t\t<\/div>\n\t\t\t\t<\/div>\n\t\t<div class=\"elementor-element elementor-element-1f55ab78 e-flex e-con-boxed e-con e-parent\" data-id=\"1f55ab78\" data-element_type=\"container\" data-e-type=\"container\">\n\t\t\t\t\t<div class=\"e-con-inner\">\n\t\t\t\t<div class=\"elementor-element elementor-element-1c9e4de4 elementor-widget elementor-widget-text-editor\" data-id=\"1c9e4de4\" data-element_type=\"widget\" data-e-type=\"widget\" data-widget_type=\"text-editor.default\">\n\t\t\t\t<div class=\"elementor-widget-container\">\n\t\t\t\t\t\t\t\t\t<h1>Gizlilik Politikas\u0131<\/h1><h2 id=\"m4158\">\u00d6ns\u00f6z<\/h2><p>A\u015fa\u011f\u0131daki gizlilik politikas\u0131 ile, uygulamam\u0131z\u0131n sa\u011flanmas\u0131 ba\u011flam\u0131nda hangi ki\u015fisel verilerinizi (bundan b\u00f6yle &#8220;veriler&#8221; olarak da an\u0131lacakt\u0131r), hangi ama\u00e7larla ve ne \u00f6l\u00e7\u00fcde i\u015fledi\u011fimiz hakk\u0131nda sizi bilgilendirmek istiyoruz.<\/p><p>Kullan\u0131lan terimler cinsiyete \u00f6zg\u00fc de\u011fildir.<\/p><p>Stat\u00fc: 16 Eyl\u00fcl 2025<\/p><p class=\"seal\"><a title=\"Dr. Schwenke'nin hukuki metni - daha fazla bilgi i\u00e7in l\u00fctfen t\u0131klay\u0131n\u0131z.\" href=\"https:\/\/datenschutz-generator.de\/\" target=\"_blank\" rel=\"noopener noreferrer nofollow\"><img fetchpriority=\"high\" decoding=\"async\" src=\"https:\/\/datenschutz-generator.de\/wp-content\/plugins\/ts-dsg\/images\/dsg-seal\/dsg-seal-pp-de.png\" alt=\"Dr. Schwenke'nin hukuki metni - daha fazla bilgi i\u00e7in l\u00fctfen t\u0131klay\u0131n\u0131z.\" width=\"250\" height=\"250\"><\/a><\/p><h2>\u0130\u00e7indekiler tablosu<\/h2><ul class=\"index\"><li><a class=\"index-link\" href=\"#m4158\">\u00d6ns\u00f6z<\/a><\/li><li><a class=\"index-link\" href=\"#m3\">Sorumlu ki\u015fi<\/a><\/li><li><a class=\"index-link\" href=\"#m11\">Veri koruma g\u00f6revlisi ile ileti\u015fime ge\u00e7in<\/a><\/li><li><a class=\"index-link\" href=\"#mOverview\">\u0130\u015fleme genel bak\u0131\u015f<\/a><\/li><li><a class=\"index-link\" href=\"#m2427\">\u0130lgili yasal dayanaklar<\/a><\/li><li><a class=\"index-link\" href=\"#m27\">G\u00fcvenlik \u00f6nlemleri<\/a><\/li><li><a class=\"index-link\" href=\"#m25\">Ki\u015fisel verilerin iletilmesi<\/a><\/li><li><a class=\"index-link\" href=\"#m24\">Uluslararas\u0131 veri transferleri<\/a><\/li><li><a class=\"index-link\" href=\"#m12\">Veri saklama ve silme hakk\u0131nda genel bilgiler<\/a><\/li><li><a class=\"index-link\" href=\"#m10\">Veri sahiplerinin haklar\u0131<\/a><\/li><li><a class=\"index-link\" href=\"#m828\">M\u00fc\u015fterinin veya kay\u0131tl\u0131 ki\u015finin verilerinin dil s\u0131navlar\u0131 ve dil kurslar\u0131n\u0131n yan\u0131 s\u0131ra ileri e\u011fitim ve yeniden e\u011fitim programlar\u0131 i\u00e7in kullan\u0131lmas\u0131na izin verilmesi<\/a><\/li><li><a class=\"index-link\" href=\"#m317\">\u0130\u015f hizmetleri<\/a><\/li><li><a class=\"index-link\" href=\"#m13\">\u0130\u015f s\u00fcre\u00e7leri ve prosed\u00fcrleri<\/a><\/li><li><a class=\"index-link\" href=\"#m605\">Online platformlar\u0131n teklif ve sat\u0131\u015f ama\u00e7l\u0131 kullan\u0131m\u0131<\/a><\/li><li><a class=\"index-link\" href=\"#m3575\">Ticari faaliyetler s\u0131ras\u0131nda kullan\u0131lan sa\u011flay\u0131c\u0131lar ve hizmetler<\/a><\/li><li><a class=\"index-link\" href=\"#m326\">\u00d6deme prosed\u00fcr\u00fc<\/a><\/li><li><a class=\"index-link\" href=\"#m225\">\u00c7evrimi\u00e7i teklifin ve web bar\u0131nd\u0131rman\u0131n sa\u011flanmas\u0131<\/a><\/li><li><a class=\"index-link\" href=\"#m134\">\u00c7erezlerin kullan\u0131m\u0131<\/a><\/li><li><a class=\"index-link\" href=\"#m469\">Uygulama (app) kapsam\u0131nda verilerin i\u015flenmesi<\/a><\/li><li><a class=\"index-link\" href=\"#m367\">Kay\u0131t, giri\u015f ve kullan\u0131c\u0131 hesab\u0131<\/a><\/li><li><a class=\"index-link\" href=\"#m432\">Topluluk fonksiyonlar\u0131<\/a><\/li><li><a class=\"index-link\" href=\"#m451\">Tek oturum a\u00e7ma giri\u015fi<\/a><\/li><li><a class=\"index-link\" href=\"#m182\">\u0130leti\u015fim ve talep y\u00f6netimi<\/a><\/li><li><a class=\"index-link\" href=\"#m391\">Messenger \u00fczerinden ileti\u015fim<\/a><\/li><li><a class=\"index-link\" href=\"#m406\">Sohbet robotlar\u0131 ve sohbet i\u015flevleri<\/a><\/li><li><a class=\"index-link\" href=\"#m1643\">Push mesajlar\u0131<\/a><\/li><li><a class=\"index-link\" href=\"#m2555\">Yapay zeka (AI)<\/a><\/li><li><a class=\"index-link\" href=\"#m735\">Video konferanslar, \u00e7evrimi\u00e7i toplant\u0131lar, web seminerleri ve ekran payla\u015f\u0131m\u0131<\/a><\/li><li><a class=\"index-link\" href=\"#m29\">Bulut hizmetleri<\/a><\/li><li><a class=\"index-link\" href=\"#m17\">Haber b\u00fclteni ve elektronik bildirimler<\/a><\/li><li><a class=\"index-link\" href=\"#m638\">E-posta, posta, faks veya telefon yoluyla reklam ileti\u015fimi<\/a><\/li><li><a class=\"index-link\" href=\"#m237\">\u00d6d\u00fcl \u00e7ekili\u015fleri ve yar\u0131\u015fmalar<\/a><\/li><li><a class=\"index-link\" href=\"#m408\">Anketler ve g\u00f6r\u00fc\u015fmeler<\/a><\/li><li><a class=\"index-link\" href=\"#m263\">Web analizi, izleme ve optimizasyon<\/a><\/li><li><a class=\"index-link\" href=\"#m264\">\u00c7evrimi\u00e7i pazarlama<\/a><\/li><li><a class=\"index-link\" href=\"#m135\">Sat\u0131\u015f ortakl\u0131\u011f\u0131 programlar\u0131 ve sat\u0131\u015f ortakl\u0131\u011f\u0131 ba\u011flant\u0131lar\u0131<\/a><\/li><li><a class=\"index-link\" href=\"#m627\">Ortakl\u0131k program\u0131 teklifi<\/a><\/li><li><a class=\"index-link\" href=\"#m299\">M\u00fc\u015fteri incelemeleri ve de\u011ferlendirme s\u00fcreci<\/a><\/li><li><a class=\"index-link\" href=\"#m136\">Sosyal a\u011flarda varl\u0131k (sosyal medya)<\/a><\/li><li><a class=\"index-link\" href=\"#m328\">Eklentiler ve g\u00f6m\u00fcl\u00fc i\u015flevler ve i\u00e7erik<\/a><\/li><li><a class=\"index-link\" href=\"#m1360\">\u0130stihdam ili\u015fkileri ba\u011flam\u0131nda verilerin i\u015flenmesi<\/a><\/li><li><a class=\"index-link\" href=\"#m210\">Ba\u015fvuru prosed\u00fcr\u00fc<\/a><\/li><li><a class=\"index-link\" href=\"#m2324\">\u0130hbarc\u0131lar i\u00e7in veri koruma bilgileri<\/a><\/li><li><a class=\"index-link\" href=\"#m4319\">\u0130hbar sistemleri<\/a><\/li><li><a class=\"index-link\" href=\"#m15\">De\u011fi\u015ftirin ve g\u00fcncelleyin<\/a><\/li><li><a class=\"index-link\" href=\"#m42\">Terimlerin tan\u0131mlar\u0131<\/a><\/li><\/ul><h2 id=\"m3\">Sorumlu ki\u015fi<\/h2><p>IEC &#8211; International Education Centres GmbH<br>Lise-Meitner-Stra\u00dfe 5-9<br>42119 Wuppertal<br><br>Ticari sicil: HRB 26351 Sicil mahkemesi: Amtsgericht Wuppertal<br><br>Telefon: +49 (0) 202 261 58 77 0<br>E-posta: <a href=\"mailto:dataprivacy@internationaleducationcenters.de\">dataprivacy@internationaleducationcenters.de<\/a><\/p><p>\u015eirketi temsil etmeye yetkili ki\u015filer: Dipl. \u0130\u015f matemati\u011fi uzman\u0131 Yasemin \u015eahin<\/p><p>E-posta adresi: <a href=\"mailto:dataprivacy@internationaleducationcenters.de\">dataprivacy@internationaleducationcenters.de<\/a><\/p><p>Telefon: +49 (202) 261 58 77 0<\/p><p>Bask\u0131: <a href=\"https:\/\/internationaleducationcenters.de\/tr\/kuenye\/\" target=\"_blank\" rel=\"noopener\">https:\/\/internationaleducationcenters.de\/impressum\/<\/a><\/p><h2 id=\"m11\">Veri koruma g\u00f6revlisi ile ileti\u015fime ge\u00e7in<\/h2><p>RECHTSANWALT DOMINIK J. FISCHER<br>ayn\u0131 zamanda bilgi teknolojileri hukuku alan\u0131nda uzman bir avukat<br><br>\u0130leti\u015fim<br><br>Lise-Meitner-Stra\u00dfe 1-3<br>42119 Wuppertal<br>Almanya<br><br><br>Telefon: + 49 202 695 779 00<br>Faks: + 49 202 695 779 01<br><br>E-posta: <a href=\"mailto:info@DIREKTKANZLEI.de\">info@DIREKTKANZLEI.de<\/a><\/p><h2 id=\"mOverview\">\u0130\u015fleme genel bak\u0131\u015f<\/h2><p>A\u015fa\u011f\u0131daki genel bak\u0131\u015f, i\u015flenen veri t\u00fcrlerini ve bunlar\u0131n i\u015flenme ama\u00e7lar\u0131n\u0131 \u00f6zetler ve veri sahiplerine at\u0131fta bulunur.<\/p><h3>\u0130\u015flenen veri t\u00fcrleri<\/h3><ul><li>Envanter verileri.<\/li><li>\u00c7al\u0131\u015fan verileri.<\/li><li>\u00d6deme verileri.<\/li><li>Konum verileri.<\/li><li>\u0130leti\u015fim verileri.<\/li><li>\u0130\u00e7erik verileri.<\/li><li>S\u00f6zle\u015fme verileri.<\/li><li>Kullan\u0131m verileri.<\/li><li>Meta, ileti\u015fim ve i\u015flem verileri.<\/li><li>Sosyal veriler.<\/li><li>Ba\u015fvuru sahibi verileri.<\/li><li>G\u00f6r\u00fcnt\u00fc ve\/veya video kay\u0131tlar\u0131.<\/li><li>Ses kay\u0131tlar\u0131.<\/li><li>Etkinlik verileri (Facebook).<\/li><li>G\u00fcnl\u00fck verileri.<\/li><li>Performans ve davran\u0131\u015f verileri.<\/li><li>\u00c7al\u0131\u015fma s\u00fcresi verileri.<\/li><li>Maa\u015f verileri.<\/li><\/ul><h3>\u00d6zel veri kategorileri<\/h3><ul><li>Sa\u011fl\u0131k verileri.<\/li><li>Dini veya felsefi inan\u00e7lar.<\/li><li>Sendika \u00fcyeli\u011fi.<\/li><\/ul><h3>Etkilenen ki\u015fi kategorileri<\/h3><ul><li>Yararlan\u0131c\u0131lar ve m\u00fc\u015fteriler.<\/li><li>\u00c7al\u0131\u015fanlar.<\/li><li>\u0130lgili taraflar.<\/li><li>\u0130leti\u015fim ortaklar\u0131.<\/li><li>Kullan\u0131c\u0131lar.<\/li><li>Ba\u015fvuru sahipleri.<\/li><li>Yar\u0131\u015fma ve m\u00fcsabaka kat\u0131l\u0131mc\u0131lar\u0131.<\/li><li>\u00dcyeler.<\/li><li>\u0130\u015f ve s\u00f6zle\u015fme ortaklar\u0131.<\/li><li>E\u011fitim ve kurs kat\u0131l\u0131mc\u0131lar\u0131.<\/li><li>Kat\u0131l\u0131mc\u0131lar.<\/li><li>Tasvir edilen ki\u015filer.<\/li><li>\u00dc\u00e7\u00fcnc\u00fc taraflar.<\/li><li>\u0130hbarc\u0131lar.<\/li><li>M\u00fc\u015fteriler.<\/li><\/ul><h3>\u0130\u015flemenin ama\u00e7lar\u0131<\/h3><ul><li>S\u00f6zle\u015fmeye dayal\u0131 hizmetlerin sa\u011flanmas\u0131 ve s\u00f6zle\u015fmeye dayal\u0131 y\u00fck\u00fcml\u00fcl\u00fcklerin yerine getirilmesi.<\/li><li>\u0130leti\u015fim.<\/li><li>G\u00fcvenlik \u00f6nlemleri.<\/li><li>Do\u011frudan pazarlama.<\/li><li>Eri\u015fim \u00f6l\u00e7\u00fcm\u00fc.<\/li><li>Takip.<\/li><li>Ofis ve organizasyon prosed\u00fcrleri.<\/li><li>Yeniden Pazarlama.<\/li><li>D\u00f6n\u00fc\u015f\u00fcm \u00f6l\u00e7\u00fcm\u00fc.<\/li><li>Hedef grup olu\u015fumu.<\/li><li>Ortakl\u0131k takibi.<\/li><li>Organizasyonel ve idari prosed\u00fcrler.<\/li><li>Ba\u015fvuru prosed\u00fcr\u00fc.<\/li><li>Yar\u0131\u015fmalar ve m\u00fcsabakalar d\u00fczenlemek.<\/li><li>Geri bildirim.<\/li><li>Anketler ve soru formlar\u0131.<\/li><li>Pazarlama.<\/li><li>Kullan\u0131c\u0131 ile ilgili bilgileri i\u00e7eren profiller.<\/li><li>Ba\u015fvuru prosed\u00fcr\u00fc.<\/li><li>\u00c7evrimi\u00e7i hizmetlerimizin sa\u011flanmas\u0131 ve kullan\u0131c\u0131 dostu olmas\u0131.<\/li><li>\u0130stihdam ili\u015fkilerinin kurulmas\u0131 ve uygulanmas\u0131.<\/li><li>Bilgi teknolojisi altyap\u0131s\u0131.<\/li><li>\u0130hbarc\u0131 korumas\u0131.<\/li><li>Finans ve \u00f6deme y\u00f6netimi.<\/li><li>Halkla ili\u015fkiler.<\/li><li>Sat\u0131\u015f promosyonu.<\/li><li>\u0130\u015f s\u00fcre\u00e7leri ve i\u015f y\u00f6netimi prosed\u00fcrleri.<\/li><li>Yapay zeka (AI).<\/li><\/ul><h2 id=\"m2427\">\u0130lgili yasal dayanaklar<\/h2><p><strong>GDPR&#8217;ye g\u00f6re ilgili yasal dayanaklar: <\/strong>A\u015fa\u011f\u0131da, ki\u015fisel verileri i\u015fledi\u011fimiz GDPR&#8217;nin yasal dayanaklar\u0131na genel bir bak\u0131\u015f bulacaks\u0131n\u0131z. GDPR h\u00fck\u00fcmlerine ek olarak, ikamet etti\u011finiz veya ikamet etti\u011fimiz \u00fclkede ulusal veri koruma d\u00fczenlemelerinin ge\u00e7erli olabilece\u011fini l\u00fctfen unutmay\u0131n. M\u00fcnferit durumlarda daha spesifik yasal dayanaklar\u0131n da ge\u00e7erli olmas\u0131 halinde, bunlar\u0131 gizlilik politikas\u0131nda size bildirece\u011fiz.  <\/p><ul><li><strong>R\u0131za (Madde 6 paragraf 1 c\u00fcmle 1 lit. a) GDPR)<\/strong> &#8211; Veri sahibi, ki\u015fisel verilerinin bir veya daha fazla \u00f6zel ama\u00e7 i\u00e7in i\u015flenmesine r\u0131za g\u00f6stermi\u015ftir.<\/li><li>S\u00f6zle\u015fmenin <strong>yerine getirilmesi ve s\u00f6zle\u015fme \u00f6ncesi sorular (Madde 6 paragraf 1 c\u00fcmle 1 lit. b) GDPR)<\/strong> &#8211; \u0130\u015fleme, veri sahibinin taraf oldu\u011fu bir s\u00f6zle\u015fmenin yerine getirilmesi i\u00e7in veya bir s\u00f6zle\u015fmeye girmeden \u00f6nce veri sahibinin talebi \u00fczerine ad\u0131mlar atmak i\u00e7in gereklidir.<\/li><li><strong>Yasal y\u00fck\u00fcml\u00fcl\u00fck (GDPR Madde 6 paragraf 1 c\u00fcmle 1 lit. c)<\/strong> &#8211; \u0130\u015fleme, kontrol\u00f6r\u00fcn tabi oldu\u011fu yasal bir y\u00fck\u00fcml\u00fcl\u00fc\u011fe uymak i\u00e7in gereklidir.<\/li><li><strong>Me\u015fru menfaatler (GDPR 6. madde 1. f\u0131kra 1. c\u00fcmle f bendi)<\/strong> &#8211; ki\u015fisel verilerin korunmas\u0131n\u0131 gerektiren veri sahibinin menfaatleri veya temel hak ve \u00f6zg\u00fcrl\u00fckleri taraf\u0131ndan bu menfaatlerin ge\u00e7ersiz k\u0131l\u0131nd\u0131\u011f\u0131 durumlar haricinde, kontrol\u00f6r veya \u00fc\u00e7\u00fcnc\u00fc bir taraf\u00e7a g\u00f6zetilen me\u015fru menfaatler amac\u0131yla i\u015fleme gereklidir.<\/li><li>S\u00f6zle\u015fme <strong>\u00f6ncesi veya s\u00f6zle\u015fmeye dayal\u0131 bir ili\u015fki olarak ba\u015fvuru prosed\u00fcr\u00fc (GDPR Madde 6 paragraf 1 c\u00fcmle 1 lit. b)<\/strong> &#8211; Ba\u015fvuru prosed\u00fcr\u00fcn\u00fcn bir par\u00e7as\u0131 olarak ba\u015fvuru sahiplerinden GDPR Madde 9 paragraf 1 anlam\u0131nda \u00f6zel ki\u015fisel veri kategorileri talep edildi\u011fi s\u00fcrece (\u00f6rn. a\u011f\u0131r engellilik durumu veya etnik k\u00f6ken gibi sa\u011fl\u0131k verileri), veri sorumlusunun veya veri sahibinin i\u015f hukuku ve sosyal g\u00fcvenlik ve sosyal koruma hukuku kapsam\u0131ndaki haklar\u0131n\u0131 kullanabilmesi ve bu konudaki y\u00fck\u00fcml\u00fcl\u00fcklerini yerine getirebilmesi i\u00e7in ba\u015fvuru sahiplerinden talep edildi\u011finde, bunlar\u0131n i\u015flenmesi GDPR Madde 9 paragraf 2 lit. b. uyar\u0131nca ger\u00e7ekle\u015ftirilir. GDPR, Madde 9 paragraf 2 lit. c uyar\u0131nca ba\u015fvuru sahiplerinin veya di\u011fer ki\u015filerin hayati \u00e7\u0131karlar\u0131n\u0131n korunmas\u0131 durumunda. GDPR uyar\u0131nca veya koruyucu sa\u011fl\u0131k hizmetleri veya i\u015f hekimli\u011fi, \u00e7al\u0131\u015fan\u0131n \u00e7al\u0131\u015fma kabiliyetinin de\u011ferlendirilmesi, t\u0131bbi te\u015fhis, sa\u011fl\u0131k veya sosyal bak\u0131m veya tedavi veya GDPR Madde 9 paragraf 2 lit. h uyar\u0131nca sa\u011fl\u0131k veya sosyal bak\u0131m sistemlerinin ve hizmetlerinin y\u00f6netimi amac\u0131yla. GDPR. \u00d6zel veri kategorilerinin g\u00f6n\u00fcll\u00fc r\u0131zaya dayal\u0131 olarak iletilmesi durumunda, bunlar\u0131n i\u015flenmesi Madde 9 paragraf 2 lit. a. temelinde ger\u00e7ekle\u015ftirilir. GDPR.            <\/li><li><strong>Sa\u011fl\u0131k hizmetleri, istihdam ve sosyal g\u00fcvenlikle ilgili \u00f6zel kategorilerdeki ki\u015fisel verilerin i\u015flenmesi (GDPR Madde 9 paragraf 2 lit. h)<\/strong> &#8211; \u00d6nleyici veya mesleki t\u0131p, bir \u00e7al\u0131\u015fan\u0131n i\u015fe uygunlu\u011funun de\u011ferlendirilmesi, t\u0131bbi te\u015fhis, sa\u011fl\u0131k veya sosyal bak\u0131m veya tedavi sa\u011flanmas\u0131 veya sa\u011fl\u0131k veya sosyal bak\u0131m sistemlerinin ve hizmetlerinin Birlik veya \u00dcye Devlet hukuku temelinde veya bir sa\u011fl\u0131k uzman\u0131yla yap\u0131lan bir s\u00f6zle\u015fme temelinde y\u00f6netilmesi amac\u0131yla i\u015fleme gereklidir.<\/li><\/ul><p><strong>Almanya&#8217;daki ulusal veri koruma d\u00fczenlemeleri: <\/strong>GDPR&#8217;nin veri koruma d\u00fczenlemelerine ek olarak, Almanya&#8217;da ulusal veri koruma d\u00fczenlemeleri de ge\u00e7erlidir. Bunlar aras\u0131nda \u00f6zellikle Veri \u0130\u015flemede Ki\u015fisel Verilerin K\u00f6t\u00fcye Kullan\u0131lmas\u0131na Kar\u015f\u0131 Koruma Yasas\u0131 (Federal Veri Koruma Yasas\u0131 &#8211; BDSG) bulunmaktad\u0131r. BDSG \u00f6zellikle bilgi edinme hakk\u0131, silme hakk\u0131, itiraz hakk\u0131, \u00f6zel kategorilerdeki ki\u015fisel verilerin i\u015flenmesi, di\u011fer ama\u00e7lar i\u00e7in i\u015fleme ve iletimin yan\u0131 s\u0131ra profil olu\u015fturma da dahil olmak \u00fczere bireysel durumlarda otomatik karar verme konusunda \u00f6zel d\u00fczenlemeler i\u00e7ermektedir. M\u00fcnferit federal eyaletlerin veri koruma yasalar\u0131 da ge\u00e7erli olabilir.   <\/p><p>GDPR <strong>ve \u0130svi\u00e7re FADP&#8217;nin uygulanabilirli\u011fine ili\u015fkin not: <\/strong>Bu veri koruma bildirimi, hem \u0130svi\u00e7re FADP hem de Genel Veri Koruma Y\u00f6netmeli\u011fi (GDPR) uyar\u0131nca bilgi sa\u011flamaya hizmet etmektedir. Bu nedenle, daha geni\u015f co\u011frafi uygulama ve anla\u015f\u0131labilirlik nedeniyle GDPR terimlerinin kullan\u0131ld\u0131\u011f\u0131n\u0131 l\u00fctfen unutmay\u0131n. \u00d6zellikle, \u0130svi\u00e7re DPA&#8217;da kullan\u0131lan &#8220;ki\u015fisel verilerin i\u015flenmesi&#8221;, &#8220;\u00fcst\u00fcn menfaat&#8221; ve &#8220;hassas ki\u015fisel veriler&#8221; terimleri yerine GDPR&#8217;de kullan\u0131lan &#8220;ki\u015fisel verilerin i\u015flenmesi&#8221;, &#8220;me\u015fru menfaat&#8221; ve &#8220;\u00f6zel veri kategorileri&#8221; terimleri kullan\u0131lmaktad\u0131r. Ancak terimlerin hukuki anlam\u0131, \u0130svi\u00e7re DPA&#8217;n\u0131n uygulama alan\u0131 kapsam\u0131nda \u0130svi\u00e7re DPA&#8217;ya uygun olarak belirlenmeye devam edecektir.   <\/p><h2 id=\"m27\">G\u00fcvenlik \u00f6nlemleri<\/h2><p>Riske uygun bir koruma d\u00fczeyi sa\u011flamak amac\u0131yla, teknolojinin durumu, uygulama maliyetleri ve i\u015flemenin niteli\u011fi, kapsam\u0131, ko\u015fullar\u0131 ve ama\u00e7lar\u0131n\u0131n yan\u0131 s\u0131ra farkl\u0131 ger\u00e7ekle\u015fme olas\u0131l\u0131klar\u0131 ve ger\u00e7ek ki\u015filerin hak ve \u00f6zg\u00fcrl\u00fcklerine y\u00f6nelik tehdidin boyutunu dikkate alarak, yasal gerekliliklere uygun olarak uygun teknik ve organizasyonel \u00f6nlemleri al\u0131r\u0131z.<\/p><p>Bu \u00f6nlemler, \u00f6zellikle, verilere fiziksel ve elektronik eri\u015fimin yan\u0131 s\u0131ra eri\u015fim, girdi, if\u015fa, kullan\u0131labilirli\u011fin korunmas\u0131 ve ayr\u0131lmas\u0131n\u0131n kontrol edilmesi yoluyla verilerin gizlili\u011finin, b\u00fct\u00fcnl\u00fc\u011f\u00fcn\u00fcn ve kullan\u0131labilirli\u011finin korunmas\u0131n\u0131 i\u00e7erir. Ayr\u0131ca, veri sahibi haklar\u0131n\u0131n kullan\u0131lmas\u0131n\u0131, verilerin silinmesini ve veri tehditlerine yan\u0131t verilmesini sa\u011flayan prosed\u00fcrler olu\u015fturduk. Ayr\u0131ca, donan\u0131m, yaz\u0131l\u0131m ve s\u00fcre\u00e7lerin veri koruma ilkesine uygun olarak geli\u015ftirilmesi ve se\u00e7ilmesi s\u0131ras\u0131nda, teknoloji tasar\u0131m\u0131 ve veri koruma dostu varsay\u0131lan ayarlar arac\u0131l\u0131\u011f\u0131yla ki\u015fisel verilerin korunmas\u0131n\u0131 zaten dikkate al\u0131yoruz.  <\/p><p>IP adresinin k\u0131salt\u0131lmas\u0131: IP adresleri taraf\u0131m\u0131zdan veya kullan\u0131lan hizmet sa\u011flay\u0131c\u0131lar ve teknolojiler taraf\u0131ndan i\u015fleniyorsa ve tam bir IP adresinin i\u015flenmesi gerekli de\u011filse, IP adresi k\u0131salt\u0131l\u0131r (&#8220;IP maskeleme&#8221; olarak da bilinir). Bu i\u015flemde, IP adresinin son iki rakam\u0131 veya noktadan sonraki son k\u0131sm\u0131 kald\u0131r\u0131l\u0131r veya yer tutucularla de\u011fi\u015ftirilir. IP adresinin k\u0131salt\u0131lmas\u0131, bir ki\u015finin IP adresine dayal\u0131 olarak tan\u0131mlanmas\u0131n\u0131 \u00f6nlemek veya \u00f6nemli \u00f6l\u00e7\u00fcde zorla\u015ft\u0131rmak i\u00e7in tasarlanm\u0131\u015ft\u0131r.  <\/p><p>TLS\/SSL \u015fifreleme teknolojisi (HTTPS) kullanarak \u00e7evrimi\u00e7i ba\u011flant\u0131lar\u0131n g\u00fcvenli\u011fini sa\u011flamak: \u00c7evrimi\u00e7i hizmetlerimiz arac\u0131l\u0131\u011f\u0131yla iletilen kullan\u0131c\u0131 verilerini yetkisiz eri\u015fime kar\u015f\u0131 korumak i\u00e7in TLS\/SSL \u015fifreleme teknolojisini kullan\u0131yoruz. G\u00fcvenli Yuva Katman\u0131 (SSL) ve Ta\u015f\u0131ma Katman\u0131 G\u00fcvenli\u011fi (TLS) internette g\u00fcvenli veri iletiminin temel ta\u015flar\u0131d\u0131r. Bu teknolojiler, web sitesi veya uygulama ile kullan\u0131c\u0131n\u0131n taray\u0131c\u0131s\u0131 aras\u0131nda (veya iki sunucu aras\u0131nda) iletilen bilgileri \u015fifreleyerek verileri yetkisiz eri\u015fime kar\u015f\u0131 korur. SSL&#8217;in daha geli\u015fmi\u015f ve g\u00fcvenli versiyonu olan TLS, t\u00fcm veri iletimlerinin en y\u00fcksek g\u00fcvenlik standartlar\u0131n\u0131 kar\u015f\u0131lamas\u0131n\u0131 sa\u011flar. Bir web sitesi SSL\/TLS sertifikas\u0131 ile g\u00fcvence alt\u0131na al\u0131nm\u0131\u015fsa, bu URL&#8217;de HTTPS&#8217;nin g\u00f6r\u00fcnt\u00fclenmesiyle belirtilir. Bu, kullan\u0131c\u0131lara verilerinin g\u00fcvenli ve \u015fifreli bir \u015fekilde iletildi\u011finin bir g\u00f6stergesi olarak hizmet eder.     <\/p><h2 id=\"m25\">Ki\u015fisel verilerin iletilmesi<\/h2><p>Ki\u015fisel verileri i\u015flememizin bir par\u00e7as\u0131 olarak, bu veriler ba\u015fka kurumlara, \u015firketlere, yasal olarak ba\u011f\u0131ms\u0131z organizasyonel birimlere veya ki\u015filere iletilebilir veya onlara if\u015fa edilebilir. Bu verilerin al\u0131c\u0131lar\u0131, \u00f6rne\u011fin, BT g\u00f6revleriyle g\u00f6revlendirilen hizmet sa\u011flay\u0131c\u0131lar\u0131 veya bir web sitesine entegre edilen hizmet ve i\u00e7erik sa\u011flay\u0131c\u0131lar\u0131n\u0131 i\u00e7erebilir. Bu gibi durumlarda, yasal gereklilikleri g\u00f6zetir ve \u00f6zellikle verilerinizin al\u0131c\u0131lar\u0131yla verilerinizi korumaya hizmet eden ilgili s\u00f6zle\u015fmeleri veya anla\u015fmalar\u0131 imzalar\u0131z.  <\/p><p>\u015eirketler grubu i\u00e7inde veri aktar\u0131m\u0131: \u015eirketler grubu i\u00e7inde veri aktar\u0131m\u0131: Ki\u015fisel verileri \u015firketler grubumuzdaki di\u011fer \u015firketlere aktarabilir veya onlara eri\u015fim izni verebiliriz. Bu veri aktar\u0131m\u0131, me\u015fru i\u015f ve ticari \u00e7\u0131karlar\u0131m\u0131z temelinde ger\u00e7ekle\u015fir. Bu, \u00f6rne\u011fin, i\u015f s\u00fcre\u00e7lerini iyile\u015ftirmeyi, verimli ve etkili i\u00e7 ileti\u015fimi sa\u011flamay\u0131, insan ve teknolojik kaynaklar\u0131m\u0131z\u0131n kullan\u0131m\u0131n\u0131 optimize etmeyi ve bilin\u00e7li i\u015f kararlar\u0131 almam\u0131z\u0131 sa\u011flamay\u0131 i\u00e7erir. Baz\u0131 durumlarda, verilerin aktar\u0131lmas\u0131 s\u00f6zle\u015fmeden do\u011fan y\u00fck\u00fcml\u00fcl\u00fcklerimizi yerine getirmek i\u00e7in de gerekli olabilir veya veri sahibinin r\u0131zas\u0131na veya yasal izne dayanabilir.   <\/p><p>Organizasyon i\u00e7inde veri aktar\u0131m\u0131: Ki\u015fisel verileri organizasyonumuz i\u00e7indeki di\u011fer departmanlara veya birimlere aktarabilir veya bunlara eri\u015fim izni verebiliriz. Veri aktar\u0131m\u0131 idari ama\u00e7l\u0131ysa, me\u015fru i\u015f ve ticari \u00e7\u0131karlar\u0131m\u0131za dayan\u0131r veya s\u00f6zle\u015fmeden do\u011fan y\u00fck\u00fcml\u00fcl\u00fcklerimizi yerine getirmek i\u00e7in gerekliyse veya veri sahiplerinin r\u0131zas\u0131 veya yasal bir izin varsa ger\u00e7ekle\u015fir. <\/p><h2 id=\"m24\">Uluslararas\u0131 veri transferleri<\/h2><p>\u00dc\u00e7\u00fcnc\u00fc \u00fclkelerde veri i\u015fleme: Verileri \u00fc\u00e7\u00fcnc\u00fc bir \u00fclkeye (yani Avrupa Birli\u011fi (AB) veya Avrupa Ekonomik Alan\u0131 (AEA) d\u0131\u015f\u0131na) aktar\u0131rsak veya bu, \u00fc\u00e7\u00fcnc\u00fc taraf hizmetlerinin kullan\u0131m\u0131 veya verilerin di\u011fer ki\u015filere, kurumlara veya \u015firketlere if\u015fa edilmesi veya aktar\u0131lmas\u0131 ba\u011flam\u0131nda ger\u00e7ekle\u015firse (ilgili sa\u011flay\u0131c\u0131n\u0131n posta adresinden tan\u0131nabilir veya veri koruma beyan\u0131 a\u00e7\u0131k\u00e7a verilerin \u00fc\u00e7\u00fcnc\u00fc \u00fclkelere aktar\u0131lmas\u0131na at\u0131fta bulunursa), bu her zaman yasal gerekliliklere uygun olarak yap\u0131l\u0131r. <\/p><p>ABD&#8217;ye veri aktar\u0131mlar\u0131 i\u00e7in, \u00f6ncelikle AB Komisyonu&#8217;nun 10 Temmuz 2023 tarihli bir yeterlilik karar\u0131yla g\u00fcvenli bir yasal \u00e7er\u00e7eve olarak tan\u0131nan Veri Gizlili\u011fi \u00c7er\u00e7evesi&#8217;ne (DPF) g\u00fcveniyoruz. Buna ek olarak, ilgili sa\u011flay\u0131c\u0131larla AB Komisyonu&#8217;nun gerekliliklerine uyan ve verilerinizi korumak i\u00e7in s\u00f6zle\u015fmeye ba\u011fl\u0131 y\u00fck\u00fcml\u00fcl\u00fckleri tan\u0131mlayan standart s\u00f6zle\u015fme maddeleri imzalad\u0131k. <\/p><p>Bu ikili koruma, verilerinizin kapsaml\u0131 bir \u015fekilde korunmas\u0131n\u0131 garanti eder: DPF birincil koruma katman\u0131n\u0131 olu\u015ftururken, standart s\u00f6zle\u015fme maddeleri ek g\u00fcvenlik i\u015flevi g\u00f6r\u00fcr. DPF&#8217;de herhangi bir de\u011fi\u015fiklik olmas\u0131 durumunda, standart s\u00f6zle\u015fme maddeleri g\u00fcvenilir bir geri d\u00f6n\u00fc\u015f se\u00e7ene\u011fi olarak i\u015flev g\u00f6r\u00fcr. Bu \u015fekilde, herhangi bir siyasi veya yasal de\u011fi\u015fiklik durumunda bile verilerinizin her zaman yeterli \u015fekilde korunmas\u0131n\u0131 sa\u011fl\u0131yoruz.  <\/p><p>Bireysel hizmet sa\u011flay\u0131c\u0131lar i\u00e7in, DPF uyar\u0131nca sertifikal\u0131 olup olmad\u0131klar\u0131 ve standart s\u00f6zle\u015fme maddelerinin mevcut olup olmad\u0131\u011f\u0131 konusunda sizi bilgilendirece\u011fiz. DPF hakk\u0131nda daha fazla bilgi ve sertifikal\u0131 \u015firketlerin bir listesi ABD Ticaret Bakanl\u0131\u011f\u0131&#8217;n\u0131n <a href=\"https:\/\/www.dataprivacyframework.gov\/\" target=\"_blank\" rel=\"noopener\">https:\/\/www.dataprivacyframework.gov\/<\/a> adresindeki web sitesinde bulunabilir. <\/p><p>Di\u011fer \u00fc\u00e7\u00fcnc\u00fc \u00fclkelere veri aktar\u0131mlar\u0131nda, \u00f6zellikle standart s\u00f6zle\u015fme maddeleri, a\u00e7\u0131k r\u0131za veya yasal olarak gerekli aktar\u0131mlar gibi uygun g\u00fcvenlik \u00f6nlemleri uygulan\u0131r. \u00dc\u00e7\u00fcnc\u00fc \u00fclke aktar\u0131mlar\u0131 ve uygulanabilir yeterlilik kararlar\u0131na ili\u015fkin bilgiler AB Komisyonu taraf\u0131ndan sa\u011flanan bilgilerde bulunabilir: <a href=\"https:\/\/commission.europa.eu\/law\/law-topic\/data-protection\/international-dimension-data-protection_en?prefLang=de\" target=\"_blank\" rel=\"noopener\">https:\/\/commission.europa.eu\/law\/law-topic\/data-protection\/international-dimension-data-protection_en?prefLang=de<\/a>. <\/p><h2 id=\"m12\">Veri saklama ve silme hakk\u0131nda genel bilgiler<\/h2><p>Yasal h\u00fck\u00fcmlere uygun olarak i\u015fledi\u011fimiz ki\u015fisel verileri, temel izinler iptal edilir edilmez veya i\u015fleme i\u00e7in ba\u015fka bir yasal dayanak kalmazsa sileriz. Bu, orijinal i\u015fleme amac\u0131n\u0131n art\u0131k ge\u00e7erli olmad\u0131\u011f\u0131 veya verilere art\u0131k ihtiya\u00e7 duyulmad\u0131\u011f\u0131 durumlar i\u00e7in ge\u00e7erlidir. Yasal y\u00fck\u00fcml\u00fcl\u00fckler veya \u00f6zel \u00e7\u0131karlar verilerin daha uzun s\u00fcre saklanmas\u0131n\u0131 veya ar\u015fivlenmesini gerektiriyorsa bu kural\u0131n istisnalar\u0131 mevcuttur.  <\/p><p>\u00d6zellikle, ticaret veya vergi hukuku nedenleriyle saklanmas\u0131 gereken veya yasal kovu\u015fturma veya di\u011fer ger\u00e7ek veya t\u00fczel ki\u015filerin haklar\u0131n\u0131 korumak i\u00e7in saklanmas\u0131 gerekli olan veriler buna g\u00f6re ar\u015fivlenmelidir.<\/p><p>Veri koruma bilgilerimiz, \u00f6zellikle belirli i\u015fleme operasyonlar\u0131 i\u00e7in ge\u00e7erli olan verilerin saklanmas\u0131 ve silinmesine ili\u015fkin ek bilgiler i\u00e7erir.<\/p><p>Bir tarih i\u00e7in birden fazla saklama s\u00fcresi veya silme s\u00fcresi belirtilmi\u015fse, en uzun s\u00fcre her zaman belirleyicidir. Art\u0131k ba\u015flang\u0131\u00e7ta ama\u00e7lanan ama\u00e7 i\u00e7in saklanmayan, ancak yasal gereklilikler veya di\u011fer nedenlerden dolay\u0131 saklanmas\u0131n\u0131 hakl\u0131 k\u0131lan nedenlerle verileri i\u015fleriz. <\/p><p>Verilerin saklanmas\u0131 ve silinmesi: Alman yasalar\u0131na uygun olarak saklama ve ar\u015fivleme i\u00e7in a\u015fa\u011f\u0131daki genel zaman s\u0131n\u0131rlar\u0131 ge\u00e7erlidir:<\/p><ul><li>10 y\u0131l &#8211; Defter ve kay\u0131tlar, y\u0131ll\u0131k mali tablolar, envanterler, y\u00f6netim raporlar\u0131, a\u00e7\u0131l\u0131\u015f bilan\u00e7osu ve bunlar\u0131n anla\u015f\u0131lmas\u0131 i\u00e7in gerekli olan \u00e7al\u0131\u015fma talimatlar\u0131 ve di\u011fer kurumsal belgeler i\u00e7in saklama s\u00fcresi (AO&#8217;nun 3. paragraf\u0131 ile ba\u011flant\u0131l\u0131 olarak \u00a7 147 paragraf 1 no. 1, \u00a7 14b paragraf. Para. 3 AO, \u00a7 14b Para. 1 UStG, \u00a7 257 Para. 1 No. 1 i.V.m. para. 4 HGB).<\/li><li>8 y\u0131l &#8211; Faturalar ve gider makbuzlar\u0131 gibi muhasebe belgeleri (\u00a7 147 para. 1 no. 4 ve 4a ile ba\u011flant\u0131l\u0131 olarak para. para. 3 c\u00fcmle 1 AO ve para. 4 ile ba\u011flant\u0131l\u0131 olarak \u00a7 257 para. 1 no. para. 4 HGB).<\/li><li>6 y\u0131l &#8211; Di\u011fer ticari belgeler: al\u0131nan ticari veya i\u015f mektuplar\u0131, g\u00f6nderilen ticari veya i\u015f mektuplar\u0131n\u0131n kopyalar\u0131, vergilendirme ile ilgili olduklar\u0131 \u00f6l\u00e7\u00fcde di\u011fer belgeler, \u00f6rne\u011fin zaman \u00e7izelgeleri, \u015firket muhasebe sayfalar\u0131, hesaplama belgeleri, fiyat etiketleri, ayn\u0131 zamanda zaten muhasebe belgeleri ve kasa fi\u015fleri olmad\u0131klar\u0131 s\u00fcrece bordro muhasebe belgeleri (AO (3) ile ba\u011flant\u0131l\u0131 olarak B\u00f6l\u00fcm 147 (1) no. 2, 3, 5). AO paragraf 3, HGB paragraf 4 ile ba\u011flant\u0131l\u0131 olarak \u00a7 257 paragraf 1 no. 2 ve 3). para. 4 HGB).<\/li><li>3 y\u0131l &#8211; Olas\u0131 garanti ve tazminat taleplerini veya benzer s\u00f6zle\u015fme taleplerini ve haklar\u0131n\u0131 de\u011ferlendirmek ve ge\u00e7mi\u015f i\u015f deneyimine ve standart sekt\u00f6r uygulamas\u0131na dayal\u0131 olarak ilgili sorular\u0131 i\u015flemek i\u00e7in gerekli veriler, \u00fc\u00e7 y\u0131ll\u0131k normal yasal zaman a\u015f\u0131m\u0131 s\u00fcresi boyunca saklanacakt\u0131r (B\u00f6l\u00fcm 195, 199 BGB).<\/li><\/ul><p>S\u00fcrenin y\u0131l sonunda ba\u015flamas\u0131: Bir s\u00fcre a\u00e7\u0131k\u00e7a belirli bir tarihte ba\u015flam\u0131yorsa ve en az bir y\u0131l ise, s\u00fcreyi tetikleyen olay\u0131n meydana geldi\u011fi takvim y\u0131l\u0131n\u0131n sonunda otomatik olarak ba\u015flar. Verilerin depoland\u0131\u011f\u0131 devam eden s\u00f6zle\u015fme ili\u015fkileri s\u00f6z konusu oldu\u011funda, s\u00fcreyi tetikleyen olay, iptalin veya yasal ili\u015fkinin ba\u015fka bir \u015fekilde sona erdirilmesinin y\u00fcr\u00fcrl\u00fc\u011fe girdi\u011fi tarihtir. <\/p><h2 id=\"m10\">Veri sahiplerinin haklar\u0131<\/h2><p>Veri sahiplerinin GDPR kapsam\u0131ndaki haklar\u0131: Bir veri sahibi olarak, GDPR kapsam\u0131nda, \u00f6zellikle GDPR Madde 15 ila 21&#8217;den kaynaklanan \u00e7e\u015fitli haklara sahipsiniz:<\/p><ul><li><strong>\u0130tiraz hakk\u0131: GDPR Madde 6 (1)&#8217;e dayanarak sizinle ilgili ki\u015fisel verilerin i\u015flenmesine \u00f6zel durumunuzla ilgili gerek\u00e7elerle istedi\u011finiz zaman itiraz etme hakk\u0131na sahipsiniz. 1 litre. e veya f GDPR; bu ayn\u0131 zamanda bu h\u00fck\u00fcmlere dayal\u0131 profilleme i\u00e7in de ge\u00e7erlidir. Sizinle ilgili ki\u015fisel veriler do\u011frudan pazarlama amac\u0131yla i\u015fleniyorsa, bu t\u00fcr bir pazarlama i\u00e7in sizinle ilgili ki\u015fisel verilerin i\u015flenmesine istedi\u011finiz zaman itiraz etme hakk\u0131na sahipsiniz; bu t\u00fcr bir do\u011frudan pazarlama ile ilgili oldu\u011fu \u00f6l\u00e7\u00fcde profil olu\u015fturma da buna dahildir. <\/strong><\/li><li><strong>\u0130zni geri \u00e7ekme hakk\u0131:<\/strong> Onay\u0131n\u0131z\u0131 istedi\u011finiz zaman geri \u00e7ekme hakk\u0131na sahipsiniz.<\/li><li><strong>Eri\u015fim hakk\u0131:<\/strong> Sizinle ilgili ki\u015fisel verilerin i\u015flenip i\u015flenmedi\u011fine dair onay alma ve bu veriler hakk\u0131nda bilgi edinme ve yasal gerekliliklere uygun olarak daha fazla bilgi ve verilerin bir kopyas\u0131n\u0131 alma hakk\u0131na sahipsiniz.<\/li><li><strong>D\u00fczeltme hakk\u0131:<\/strong> Yasal h\u00fck\u00fcmler uyar\u0131nca, sizinle ilgili verilerin tamamlanmas\u0131n\u0131 veya sizinle ilgili yanl\u0131\u015f verilerin d\u00fczeltilmesini talep etme hakk\u0131na sahipsiniz.<\/li><li><strong>Silme ve i\u015flemenin k\u0131s\u0131tlanmas\u0131 hakk\u0131:<\/strong> Yasal h\u00fck\u00fcmlere uygun olarak, sizinle ilgili verilerin derhal silinmesini talep etme veya alternatif olarak verilerin i\u015flenmesinin yasal h\u00fck\u00fcmlere uygun olarak k\u0131s\u0131tlanmas\u0131n\u0131 talep etme hakk\u0131na sahipsiniz.<\/li><li><strong>Veri ta\u015f\u0131nabilirli\u011fi hakk\u0131:<\/strong> Bize sa\u011flad\u0131\u011f\u0131n\u0131z sizinle ilgili verileri, yasal gerekliliklere uygun olarak yap\u0131land\u0131r\u0131lm\u0131\u015f, yayg\u0131n olarak kullan\u0131lan ve makine taraf\u0131ndan okunabilir bir formatta alma veya ba\u015fka bir denetleyiciye aktar\u0131lmas\u0131n\u0131 talep etme hakk\u0131na sahipsiniz.<\/li><li><strong>Bir denetim makam\u0131na \u015fikayet:<\/strong> Yasal gerekliliklere uygun olarak ve di\u011fer idari veya adli \u00e7\u00f6z\u00fcm yollar\u0131na halel getirmeksizin, sizinle ilgili ki\u015fisel verilerin i\u015flenmesinin GDPR&#8217;yi ihlal etti\u011fini d\u00fc\u015f\u00fcn\u00fcyorsan\u0131z, bir veri koruma denetim makam\u0131na, \u00f6zellikle de mutat olarak ikamet etti\u011finiz \u00dcye Devletteki bir denetim makam\u0131na, i\u015f yerinizin veya iddia edilen ihlalin yap\u0131ld\u0131\u011f\u0131 yerin denetim makam\u0131na \u015fikayette bulunma hakk\u0131na da sahipsiniz.<\/li><\/ul><h2>M\u00fc\u015fterinin veya kay\u0131tl\u0131 ki\u015finin verilerinin dil s\u0131navlar\u0131 ve dil kurslar\u0131n\u0131n yan\u0131 s\u0131ra ileri e\u011fitim ve yeniden e\u011fitim programlar\u0131 i\u00e7in kullan\u0131lmas\u0131na izin verilmesi<\/h2><p>IEC &#8211; International Education Centres GmbH, m\u00fc\u015fterinin veya s\u00f6zle\u015fmenin imzalanmas\u0131 \u00fczerine sa\u011flanan kay\u0131tl\u0131 ki\u015finin ki\u015fisel verilerini y\u00fcr\u00fcrl\u00fckteki veri koruma d\u00fczenlemelerine uygun olarak toplar ve kullan\u0131r. Ki\u015fisel veriler, m\u00fc\u015fteri ile mevcut s\u00f6zle\u015fme ili\u015fkisinin i\u015flenmesi amac\u0131yla kullan\u0131l\u0131r. M\u00fc\u015fteri, ki\u015fisel verilerinin bu \u015fekilde toplanmas\u0131na, i\u015flenmesine ve kullan\u0131lmas\u0131na a\u00e7\u0131k\u00e7a r\u0131za g\u00f6stermektedir. M\u00fc\u015fterinin veya kay\u0131tl\u0131 ki\u015finin ki\u015fisel verilerinin toplanmas\u0131, i\u015flenmesi ve kullan\u0131lmas\u0131 Federal Veri Koruma Yasas\u0131 (BDSG) ve Telemedya Yasas\u0131 (TMG) uyar\u0131nca ger\u00e7ekle\u015ftirilir.<\/p><p>IEC-International Education Centres GmbH, s\u00f6zle\u015fme orta\u011f\u0131n\u0131n kim oldu\u011funu, yani hizmetlerin kime sa\u011flanaca\u011f\u0131n\u0131 ve faturaland\u0131r\u0131laca\u011f\u0131n\u0131 bilmek i\u00e7in m\u00fc\u015fterinin ad\u0131n\u0131 ve adresini ister;<\/p><p>Kay\u0131tl\u0131 ki\u015finin ad\u0131 ve adresi, s\u00f6zle\u015fmenin kimin lehine yap\u0131ld\u0131\u011f\u0131n\u0131, yani rezervasyonu yap\u0131lan hizmete kimin kat\u0131ld\u0131\u011f\u0131n\u0131 bilmek i\u00e7in gereklidir;<\/p><p>Ortaya \u00e7\u0131kabilecek sorular i\u00e7in ileti\u015fim bilgileri (e-posta adresi ve telefon numaras\u0131) gereklidir. Ayr\u0131ca, m\u00fc\u015fterinin onay vermesi ko\u015fuluyla, bilgi ve haberler, teklifler veya di\u011fer pazarlama \u00f6nlemlerini almak i\u00e7in de kullan\u0131l\u0131rlar;<\/p><p>M\u00fc\u015fteri bir SEPA otomatik \u00f6deme talimat\u0131 vermi\u015fse, kararla\u015ft\u0131r\u0131lan \u00fccretlerin tahsil edilebilmesi i\u00e7in hesap bilgileri gereklidir<\/p><p>Dil s\u0131navlar\u0131 ve dil kurslar\u0131 i\u00e7in a\u015fa\u011f\u0131dakiler ge\u00e7erlidir: IEC &#8211; International Education Centres GmbH, s\u0131nav kat\u0131l\u0131mc\u0131s\u0131n\u0131n kay\u0131t s\u0131ras\u0131nda toplanan ki\u015fisel verilerini, s\u0131nav\u0131n ge\u00e7erli veri koruma d\u00fczenlemelerine uygun olarak i\u015flenmesi amac\u0131yla saklama ve i\u015fleme hakk\u0131na sahiptir. IEC &#8211; International Education Centres GmbH, s\u0131nav kat\u0131l\u0131mc\u0131lar\u0131n\u0131n ki\u015fisel verilerini dahili ama\u00e7lar i\u00e7in kullanma hakk\u0131n\u0131 sakl\u0131 tutar (\u00f6rn. istatistiksel de\u011ferlendirmeler). Veriler, kullan\u0131lan hizmete dahil olan kamu yetkilileri veya test sa\u011flay\u0131c\u0131lar\u0131 olmad\u0131k\u00e7a \u00fc\u00e7\u00fcnc\u00fc taraflara aktar\u0131lmayacakt\u0131r.<\/p><p>Bunlar \u00f6rne\u011fin BAMF, g\u00f6\u00e7menlik makamlar\u0131, telc gGmbH, ETS, LTS, g.a.s.t gibi test sa\u011flay\u0131c\u0131lar\u0131d\u0131r.<\/p><p>E\u011fitim sa\u011flay\u0131c\u0131, kat\u0131l\u0131mc\u0131lar\u0131n ki\u015fisel haklar\u0131na sayg\u0131 g\u00f6sterir. Kat\u0131l\u0131mc\u0131, Federal Veri Koruma Yasas\u0131&#8217;n\u0131n 33. maddesi uyar\u0131nca, e\u011fitim sa\u011flay\u0131c\u0131s\u0131n\u0131n program\u0131n uygulanmas\u0131 kapsam\u0131nda ki\u015fisel verileri elektronik olarak toplad\u0131\u011f\u0131, saklad\u0131\u011f\u0131, i\u015fledi\u011fi ve kulland\u0131\u011f\u0131 konusunda bilgilendirilir. Yetkili kurumda kurs ve s\u0131nav\u0131n y\u00fcr\u00fct\u00fclmesi ve daha sonra bilgilendirme amac\u0131yla ki\u015fisel verilerin otomatik olarak i\u015flenmesini kabul eder. E\u011fitim kurumu, verileri yaln\u0131zca s\u00f6zle\u015fmenin amac\u0131n\u0131 yerine getirmek i\u00e7in ve yaln\u0131zca gerekli oldu\u011fu \u00f6l\u00e7\u00fcde ilgili veri koruma d\u00fczenlemelerine uygun olarak toplar, i\u015fler ve kullan\u0131r. E\u011fitim sa\u011flay\u0131c\u0131s\u0131n\u0131n t\u00fcm \u00e7al\u0131\u015fanlar\u0131 veri gizlili\u011fini korumakla y\u00fck\u00fcml\u00fcd\u00fcr.<\/p><p>INGE sisteminin kullan\u0131m\u0131 i\u00e7in gizlilik politikas\u0131 (BAMF)<\/p><p>Entegrasyon Kursu Y\u00f6netmeli\u011fi (IntV) uyar\u0131nca entegrasyon kurslar\u0131 d\u00fczenleyicisi olarak faaliyetlerimizin bir par\u00e7as\u0131 olarak, elektronik veri aktar\u0131m\u0131 ve i\u015fleme i\u00e7in Federal G\u00f6\u00e7 ve M\u00fclteciler Dairesi&#8217;nin (BAMF) INGE-Online BT sistemini kullan\u0131yoruz.<\/p><p>Sorumlu kurulu\u015f<\/p><p>INGE ile ba\u011flant\u0131l\u0131 olarak veri i\u015fleme sorumlusu: Federal G\u00f6\u00e7 ve M\u00fclteciler Dairesi (BAMF)<\/p><p>Frankenstra\u00dfe 210<\/p><p>90461 N\u00fcrnberg<\/p><p>Telefon: 0911 943-0<\/p><p>E-posta: <a href=\"mailto:datenschutz@bamf.bund.de\">datenschutz@bamf.bund.de<\/a><\/p><p>Veri i\u015flemenin amac\u0131<\/p><p>Ki\u015fisel veriler, entegrasyon kurslar\u0131n\u0131n d\u00fczenlenmesi ve y\u00f6netilmesi amac\u0131yla i\u015flenir. Bu \u00f6zellikle \u015funlar\u0131 i\u00e7erir <\/p><p>Kat\u0131l\u0131mc\u0131 verilerinin toplanmas\u0131 ve iletilmesi (\u00f6rn. isim, do\u011fum tarihi, kat\u0131l\u0131m izni)<\/p><p>Kurs organizasyonu ve dok\u00fcmantasyon<\/p><p>G\u00f6\u00e7menlik makamlar\u0131, test enstit\u00fcleri ve s\u00fcrece dahil olan di\u011fer kurumlarla ileti\u015fim<\/p><p>Veri i\u015fleme, Madde 6 paragraf\u0131na uygun olarak ger\u00e7ekle\u015ftirilir. 1 litre. c \u00a7 20 IntV ile ba\u011flant\u0131l\u0131 olarak GDPR.<\/p><p>\u0130\u015flenen veri t\u00fcr\u00fc<\/p><p>\u00d6zellikle a\u015fa\u011f\u0131daki veriler i\u015flenmektedir<\/p><p>Kat\u0131l\u0131mc\u0131lar\u0131n ana verileri<\/p><p>Kurs tarihleri (\u00f6rn. kurs ba\u015flang\u0131c\u0131, kurs biti\u015fi, kurs t\u00fcr\u00fc)<\/p><p>Test sonu\u00e7lar\u0131 ve kat\u0131l\u0131m sertifikalar\u0131<\/p><p>Verilerin iletilmesi<\/p><p>Veriler, a\u015fa\u011f\u0131dakiler de dahil olmak \u00fczere, yaln\u0131zca prosed\u00fcre dahil olan kurumlara iletilir<\/p><p>BAMF<\/p><p>G\u00f6\u00e7menlik yetkilileri<\/p><p>test ensti\u0307t\u00fcleri\u0307<\/p><p>Temel sosyal yard\u0131m destek kurulu\u015flar\u0131<\/p><p>Federal \u0130dare Ofisi<\/p><p>Veriler ilgili olmayan \u00fc\u00e7\u00fcnc\u00fc taraflara aktar\u0131lmayacakt\u0131r.<\/p><p>G\u00fcvenlik ve eri\u015fim<\/p><p>Veriler, BAMF&#8217;\u0131n teknik \u00f6zelliklerine uygun olarak g\u00fcvenli aray\u00fczler arac\u0131l\u0131\u011f\u0131yla iletilir. Veri koruma nedenleriyle, iletilen verilerdeki de\u011fi\u015fiklikler yaln\u0131zca BAMF taraf\u0131ndan yap\u0131labilir. <\/p><p>Veri sahiplerinin haklar\u0131<\/p><p>Veri sahipleri a\u015fa\u011f\u0131daki haklara sahiptir<\/p><p>Saklanan veriler hakk\u0131nda bilgi (GDPR Madde 15)<\/p><p>Yanl\u0131\u015f verilerin d\u00fczeltilmesi (GDPR Madde 16)<\/p><p>Verileri saklamak i\u00e7in yasal bir zorunluluk olmad\u0131\u011f\u0131 s\u00fcrece silme (GDPR Madde 17)<\/p><p>\u0130\u015flemenin k\u0131s\u0131tlanmas\u0131 (GDPR Madde 18)<\/p><p>\u0130\u015flemeye itiraz (GDPR Madde 21)<\/p><p>Bu konudaki sorular do\u011frudan BAMF&#8217;a veya veri koruma g\u00f6revlilerimize y\u00f6neltilebilir.<\/p><p>S\u00fcrekli e\u011fitim ve yeniden e\u011fitim \u00f6nlemlerimizin bir par\u00e7as\u0131 olarak, Mesleki E\u011fitim ve \u00d6\u011fretim Enstit\u00fcs\u00fc (IBB) ile i\u015fbirli\u011fi i\u00e7inde dan\u0131\u015fmanl\u0131k, kurs y\u00f6netimi ve \u00f6\u011frenme deste\u011fi i\u00e7in dijital sistemler kullan\u0131yoruz. Bu sistemler aras\u0131nda \u00f6zellikle ILIAS \u00f6\u011frenme platformu ve Profiles III kurs planlay\u0131c\u0131s\u0131 yer almaktad\u0131r. <\/p><p>Veri i\u015flemenin amac\u0131<\/p><p>Ki\u015fisel veriler a\u015fa\u011f\u0131daki ama\u00e7larla i\u015flenmektedir<\/p><p>Kat\u0131l\u0131mc\u0131lara mevcut kurslar ve kurs i\u00e7eri\u011fi hakk\u0131nda tavsiyelerde bulunmak<\/p><p>Kurs kay\u0131tlar\u0131n\u0131, kurs ilerlemesini ve sertifikalar\u0131 y\u00f6netme<\/p><p>ILIAS arac\u0131l\u0131\u011f\u0131yla dijital \u00f6\u011frenme i\u00e7eri\u011finin sa\u011flanmas\u0131<\/p><p>Profiller III arac\u0131l\u0131\u011f\u0131yla ileri e\u011fitim \u00f6nlemlerinin d\u00fczenlenmesi ve belgelendirilmesi<\/p><p>Yasal dayanak<\/p><p>Veri i\u015fleme, a\u015fa\u011f\u0131dakilere uygun olarak ger\u00e7ekle\u015ftirilir:<\/p><p>Madde 6 paragraf. 1 litre. b GDPR (s\u00f6zle\u015fmenin yerine getirilmesi)<\/p><p>Madde 6 paragraf. 1 litre. f GDPR (verimli kurs organizasyonu ve \u00f6\u011frenim deste\u011fi i\u00e7in me\u015fru menfaat)<\/p><p>\u0130\u015flenen veri t\u00fcr\u00fc<\/p><p>\u00d6zellikle a\u015fa\u011f\u0131daki veriler i\u015flenmektedir<\/p><p>Ana veriler (isim, e-posta adresi, telefon numaras\u0131)<\/p><p>Kurs verileri (kat\u0131l\u0131m, ilerleme, sertifikalar)<\/p><p>\u0130leti\u015fim verileri (mesajlar, forum g\u00f6nderileri)<\/p><p>Kullan\u0131m verileri (oturum a\u00e7ma s\u00fcreleri, \u00f6\u011frenme i\u00e7eri\u011fine eri\u015fim)<\/p><p>Verilerin al\u0131c\u0131lar\u0131<\/p><p>Veriler yaln\u0131zca kat\u0131l\u0131mc\u0131 kurulu\u015flar (e\u011fitim sa\u011flay\u0131c\u0131s\u0131 olarak biz ve \u0130BB) b\u00fcnyesinde i\u015flenir. Veriler yaln\u0131zca yasalar\u0131n gerektirmesi halinde veya veri sahibinin a\u00e7\u0131k r\u0131zas\u0131 ile \u00fc\u00e7\u00fcnc\u00fc taraflara aktar\u0131lacakt\u0131r. <\/p><p>Depolama ve silme<\/p><p>Ki\u015fisel veriler yaln\u0131zca e\u011fitim program\u0131n\u0131n uygulanmas\u0131 i\u00e7in gerekli oldu\u011fu s\u00fcrece saklanacakt\u0131r. Program tamamland\u0131ktan sonra, yasal saklama s\u00fcreleri ge\u00e7erlidir. ILIAS ve Profiles III&#8217;ten gelen veriler, ilgili silme s\u00fcrelerine uygun olarak anonimle\u015ftirilecek veya silinecektir.  <\/p><h2 id=\"m317\">\u0130\u015f hizmetleri<\/h2><p>S\u00f6zle\u015fme ve i\u015f ortaklar\u0131m\u0131z\u0131n verilerini, \u00f6rne\u011fin m\u00fc\u015fteriler ve ilgili taraflar (topluca &#8220;s\u00f6zle\u015fme ortaklar\u0131&#8221; olarak an\u0131lacakt\u0131r), s\u00f6zle\u015fmeye dayal\u0131 ve kar\u015f\u0131la\u015ft\u0131r\u0131labilir yasal ili\u015fkiler ve ilgili \u00f6nlemler ba\u011flam\u0131nda ve s\u00f6zle\u015fme ortaklar\u0131yla ileti\u015fimle ilgili olarak (veya s\u00f6zle\u015fme \u00f6ncesi), \u00f6rne\u011fin sorulara yan\u0131t vermek i\u00e7in i\u015fleriz.<\/p><p>Bu verileri s\u00f6zle\u015fmeden do\u011fan y\u00fck\u00fcml\u00fcl\u00fcklerimizi yerine getirmek i\u00e7in kullan\u0131r\u0131z. Bunlar aras\u0131nda, \u00f6zellikle, \u00fczerinde anla\u015fmaya var\u0131lan hizmetleri sa\u011flama y\u00fck\u00fcml\u00fcl\u00fckleri, garanti ve di\u011fer hizmet kesintileri durumunda g\u00fcncelleme y\u00fck\u00fcml\u00fcl\u00fckleri ve \u00e7\u00f6z\u00fcmleri yer almaktad\u0131r. Buna ek olarak, verileri haklar\u0131m\u0131z\u0131 korumak ve bu y\u00fck\u00fcml\u00fcl\u00fckler ve \u015firket organizasyonu ile ilgili idari g\u00f6revler amac\u0131yla kullan\u0131r\u0131z. Verileri ayr\u0131ca hem i\u015fimizin d\u00fczg\u00fcn ve verimli bir \u015fekilde y\u00f6netilmesi hem de s\u00f6zle\u015fmeli ortaklar\u0131m\u0131z\u0131 ve i\u015f faaliyetlerimizi k\u00f6t\u00fcye kullan\u0131mdan, verilerini, s\u0131rlar\u0131n\u0131, bilgilerini ve haklar\u0131n\u0131 tehlikeye atmaktan korumak i\u00e7in g\u00fcvenlik \u00f6nlemleri (\u00f6rne\u011fin telekom\u00fcnikasyon, ula\u015f\u0131m ve di\u011fer yard\u0131mc\u0131 hizmetlerin yan\u0131 s\u0131ra alt y\u00fcklenicileri, bankalar\u0131, vergi ve hukuk dan\u0131\u015fmanlar\u0131n\u0131, \u00f6deme hizmeti sa\u011flay\u0131c\u0131lar\u0131n\u0131 veya vergi makamlar\u0131n\u0131 dahil etmek i\u00e7in) me\u015fru menfaatlerimize dayanarak i\u015fliyoruz. Y\u00fcr\u00fcrl\u00fckteki yasalar \u00e7er\u00e7evesinde, s\u00f6zle\u015fmeli ortaklar\u0131n verilerini \u00fc\u00e7\u00fcnc\u00fc taraflara yaln\u0131zca yukar\u0131da belirtilen ama\u00e7lar veya yasal y\u00fck\u00fcml\u00fcl\u00fcklerin yerine getirilmesi i\u00e7in gerekli oldu\u011fu \u00f6l\u00e7\u00fcde aktar\u0131r\u0131z. S\u00f6zle\u015fmeli ortaklar, bu gizlilik politikas\u0131n\u0131n bir par\u00e7as\u0131 olarak pazarlama ama\u00e7lar\u0131 gibi di\u011fer i\u015fleme bi\u00e7imleri hakk\u0131nda bilgilendirilecektir.     <\/p><p>Yukar\u0131da belirtilen ama\u00e7lar i\u00e7in hangi verilerin gerekli oldu\u011funu, veri toplamadan \u00f6nce veya veri toplama s\u0131ras\u0131nda, \u00f6rne\u011fin \u00e7evrimi\u00e7i formlarda, \u00f6zel etiketler (\u00f6rne\u011fin renkler) veya semboller (\u00f6rne\u011fin y\u0131ld\u0131z i\u015faretleri veya benzerleri) arac\u0131l\u0131\u011f\u0131yla veya \u015fahsen s\u00f6zle\u015fme ortaklar\u0131na bildiririz.<\/p><p>Verileri, yasal garanti ve benzer y\u00fck\u00fcml\u00fcl\u00fcklerin sona ermesinden sonra, yani genellikle d\u00f6rt y\u0131l sonra, veriler bir m\u00fc\u015fteri hesab\u0131nda saklanmad\u0131\u011f\u0131 s\u00fcrece, \u00f6rne\u011fin yasal ar\u015fivleme nedenleriyle saklanmas\u0131 gerekti\u011fi s\u00fcrece (\u00f6rne\u011fin vergi ama\u00e7lar\u0131 i\u00e7in, genellikle on y\u0131l) sileriz. S\u00f6zle\u015fme orta\u011f\u0131 taraf\u0131ndan bir sipari\u015fin par\u00e7as\u0131 olarak bize a\u00e7\u0131klanan verileri \u015fartnamelere uygun olarak ve genellikle sipari\u015fin bitiminden sonra sileriz. <\/p><ul class=\"m-elements\"><li><strong>\u0130\u015flenen veri t\u00fcrleri:<\/strong> Envanter verileri (\u00f6rn. tam ad, ikamet adresi, ileti\u015fim bilgileri, m\u00fc\u015fteri numaras\u0131, vb.); \u00d6deme verileri (\u00f6rn. banka bilgileri, faturalar, \u00f6deme ge\u00e7mi\u015fi); \u0130leti\u015fim verileri (\u00f6rn. posta ve e-posta adresleri veya telefon numaralar\u0131); S\u00f6zle\u015fme verileri (\u00f6rn. s\u00f6zle\u015fmenin konusu, s\u00fcresi, m\u00fc\u015fteri kategorisi); Kullan\u0131m verileri (\u00f6rn. sayfa g\u00f6r\u00fcnt\u00fclemeleri ve kalma s\u00fcresi, t\u0131klama yollar\u0131, kullan\u0131m yo\u011funlu\u011fu ve s\u0131kl\u0131\u011f\u0131, kullan\u0131lan cihaz t\u00fcrleri ve i\u015fletim sistemleri, i\u00e7erik ve i\u015flevlerle etkile\u015fimler). Meta, ileti\u015fim ve s\u00fcre\u00e7 verileri (\u00f6rn. IP adresleri, zaman verileri, kimlik numaralar\u0131, ilgili ki\u015filer). <\/li><li><strong>\u0130lgili ki\u015filer:<\/strong> Hizmet al\u0131c\u0131lar\u0131 ve m\u00fc\u015fteriler; ilgili taraflar; i\u015f ve s\u00f6zle\u015fme ortaklar\u0131. E\u011fitim ve kurs kat\u0131l\u0131mc\u0131lar\u0131. <\/li><li><strong>\u0130\u015fleme ama\u00e7lar\u0131:<\/strong> S\u00f6zle\u015fmeye dayal\u0131 hizmetlerin sa\u011flanmas\u0131 ve s\u00f6zle\u015fmeden do\u011fan y\u00fck\u00fcml\u00fcl\u00fcklerin yerine getirilmesi; g\u00fcvenlik \u00f6nlemleri; ileti\u015fim; ofis ve organizasyon prosed\u00fcrleri; organizasyonel ve idari prosed\u00fcrler. \u0130\u015f s\u00fcre\u00e7leri ve i\u015f y\u00f6netimi prosed\u00fcrleri. <\/li><li>Saklama <strong>ve silme:<\/strong> &#8220;Veri saklama ve silme hakk\u0131nda genel bilgiler&#8221; b\u00f6l\u00fcm\u00fcndeki bilgilere uygun olarak silme.<\/li><li class=\"\"><strong>Yasal dayanaklar:<\/strong> S\u00f6zle\u015fmenin yerine getirilmesi ve s\u00f6zle\u015fme \u00f6ncesi sorular (Madde 6 Paragraf 1 S. 1 lit. b) GDPR); Yasal zorunluluk (Madde 6 Paragraf 1 S. 1 lit. c) GDPR). Me\u015fru menfaatler (GDPR Madde 6 Paragraf 1 C\u00fcmle 1 Bent f).       <\/li><\/ul><p><strong>\u0130\u015fleme faaliyetleri, prosed\u00fcrleri ve hizmetleri hakk\u0131nda daha fazla bilgi:<\/strong><\/p><ul class=\"m-elements\"><li><strong>\u00c7evrimi\u00e7i ma\u011faza, sipari\u015f formlar\u0131, e-ticaret ve hizmetlerin yerine getirilmesi: <\/strong>M\u00fc\u015fterilerimizin verilerini, se\u00e7ilen \u00fcr\u00fcnleri, mallar\u0131 ve ilgili hizmetleri se\u00e7melerini, sat\u0131n almalar\u0131n\u0131 veya sipari\u015f etmelerini ve ayr\u0131ca \u00f6deme ve tedarik, teslimat veya y\u00fcr\u00fctmelerini sa\u011flamak i\u00e7in i\u015fliyoruz. Bir sipari\u015fin yerine getirilmesi i\u00e7in gerekli olmas\u0131 halinde, m\u00fc\u015fterilerimiz i\u00e7in teslimat\u0131 veya yerine getirmeyi ger\u00e7ekle\u015ftirmek i\u00e7in hizmet sa\u011flay\u0131c\u0131lar\u0131, \u00f6zellikle posta, nakliye ve nakliye \u015firketlerini kullan\u0131r\u0131z. \u00d6deme i\u015flemlerini ger\u00e7ekle\u015ftirmek i\u00e7in bankalar\u0131n ve \u00f6deme hizmeti sa\u011flay\u0131c\u0131lar\u0131n\u0131n hizmetlerini kullan\u0131r\u0131z. Gerekli bilgiler, sipari\u015f veya benzer sat\u0131n alma s\u00fcreci ba\u011flam\u0131nda bu \u015fekilde i\u015faretlenir ve teslimat veya tedarik ve faturalama i\u00e7in gerekli bilgilerin yan\u0131 s\u0131ra herhangi bir g\u00f6r\u00fc\u015fmeyi ger\u00e7ekle\u015ftirebilmek i\u00e7in ileti\u015fim bilgilerini i\u00e7erir; <span class=\"\"><strong>yasal dayanak:<\/strong> s\u00f6zle\u015fmenin yerine getirilmesi ve s\u00f6zle\u015fme \u00f6ncesi sorular (GDPR Madde 6 paragraf 1 c\u00fcmle 1 lit. b)).<\/span>   <\/li><li><strong>E\u011fitim ve \u00f6\u011fretim hizmetleri: <\/strong>E\u011fitim ve \u00f6\u011fretim programlar\u0131m\u0131zdaki kat\u0131l\u0131mc\u0131lar\u0131n (tek tip olarak &#8220;kursiyerler&#8221; olarak an\u0131lacakt\u0131r) verilerini, onlara e\u011fitim hizmetlerimizi sunabilmek i\u00e7in i\u015flemekteyiz. Bu ba\u011flamda i\u015flenen veriler, i\u015flenmesinin t\u00fcr\u00fc, kapsam\u0131, amac\u0131 ve gereklili\u011fi, temel s\u00f6zle\u015fme ve e\u011fitim ili\u015fkisi taraf\u0131ndan belirlenir. \u0130\u015fleme bi\u00e7imleri ayr\u0131ca hizmetlerimizin ve e\u011fitmenlerimizin performans \u00f6l\u00e7\u00fcm\u00fc ve de\u011ferlendirmesini de i\u00e7erir. Faaliyetlerimizin bir par\u00e7as\u0131 olarak, \u00f6zellikle kursiyerlerin ve \u00f6\u011frencilerin sa\u011fl\u0131\u011f\u0131na ili\u015fkin bilgilerin yan\u0131 s\u0131ra etnik k\u00f6ken, siyasi g\u00f6r\u00fc\u015fler, dini veya felsefi inan\u00e7lar\u0131 ortaya koyan veriler gibi \u00f6zel veri kategorilerini de i\u015fleyebiliriz. Gerekti\u011finde, bu ama\u00e7 i\u00e7in kursiyerlerin a\u00e7\u0131k r\u0131zas\u0131n\u0131 al\u0131r\u0131z ve aksi takdirde \u00f6zel veri kategorilerini yaln\u0131zca e\u011fitim hizmetlerinin sa\u011flanmas\u0131, sa\u011fl\u0131k bak\u0131m\u0131, sosyal koruma veya kursiyerlerin hayati \u00e7\u0131karlar\u0131n\u0131n korunmas\u0131 i\u00e7in gerekli olmas\u0131 halinde i\u015fleriz; <span class=\"\"><strong>yasal dayanak:<\/strong> s\u00f6zle\u015fmenin yerine getirilmesi ve s\u00f6zle\u015fme \u00f6ncesi sorular (GDPR Madde 6 paragraf 1 c\u00fcmle 1 lit. b)).<\/span>    <\/li><li><strong>LanguageTool: <\/strong>Farkl\u0131 dillerdeki metinleri analiz etmek ve d\u00fczeltme \u00f6nerilerinde bulunmak i\u00e7in geli\u015fmi\u015f algoritmalar kullanan yapay zeka destekli dil bilgisi ve yaz\u0131m denetimi arac\u0131; <strong>Hizmet sa\u011flay\u0131c\u0131<\/strong>: LanguageTooler GmbH; <span class=\"\"><strong>Yasal dayanak:<\/strong> S\u00f6zle\u015fmenin yerine getirilmesi ve s\u00f6zle\u015fme \u00f6ncesi sorular (GDPR Madde 6 Paragraf 1 S. 1 lit. b), Yasal y\u00fck\u00fcml\u00fcl\u00fck (GDPR Madde 6 Paragraf 1 S. 1 lit. c), Me\u015fru menfaatler (GDPR Madde 6 Paragraf 1 S. 1 lit. f)); <\/span><strong>Web sitesi:<\/strong> <a href=\"https:\/\/languagetool.org\/\" target=\"_blank\" rel=\"noopener\">https:\/\/languagetool.org\/<\/a> <span class=\"\">. <\/span> <strong>Gizlilik Politikas\u0131:<\/strong> <a href=\"https:\/\/languagetool.org\/legal\/privacy\" target=\"_blank\" rel=\"noopener\">https:\/\/languagetool.org\/legal\/privacy.<\/a><\/li><\/ul><h2 id=\"m13\">\u0130\u015f s\u00fcre\u00e7leri ve prosed\u00fcrleri<\/h2><p>M\u00fc\u015fteriler, m\u00fc\u015fteriler veya \u00f6zel durumlarda m\u00fc\u015fteriler, hastalar veya i\u015f ortaklar\u0131 ve di\u011fer \u00fc\u00e7\u00fcnc\u00fc taraflar dahil olmak \u00fczere hizmet al\u0131c\u0131lar\u0131n\u0131n ve m\u00fc\u015fterilerin ki\u015fisel verileri, s\u00f6zle\u015fmeye dayal\u0131 ve kar\u015f\u0131la\u015ft\u0131r\u0131labilir yasal ili\u015fkiler ve i\u015f ili\u015fkilerinin ba\u015flat\u0131lmas\u0131 gibi s\u00f6zle\u015fme \u00f6ncesi \u00f6nlemler kapsam\u0131nda i\u015flenir. Bu veri i\u015fleme m\u00fc\u015fteri y\u00f6netimi, sat\u0131\u015f, \u00f6deme i\u015flemleri, muhasebe ve proje y\u00f6netimi gibi alanlarda i\u015f s\u00fcre\u00e7lerini destekler ve kolayla\u015ft\u0131r\u0131r. <\/p><p>Toplanan veriler, s\u00f6zle\u015fme y\u00fck\u00fcml\u00fcl\u00fcklerini yerine getirmek ve operasyonel s\u00fcre\u00e7leri verimli bir \u015fekilde tasarlamak i\u00e7in kullan\u0131l\u0131r. Bu, ticari i\u015flemlerin i\u015flenmesini, m\u00fc\u015fteri ili\u015fkilerinin y\u00f6netimini, sat\u0131\u015f stratejilerinin optimizasyonunu ve dahili muhasebe ve finansal s\u00fcre\u00e7lerin garantisini i\u00e7erir. Buna ek olarak, veriler kontrol\u00f6r\u00fcn haklar\u0131n\u0131n korunmas\u0131n\u0131 destekler ve idari g\u00f6revleri ve \u015firketin organizasyonunu te\u015fvik eder.  <\/p><p>Ki\u015fisel veriler, belirtilen ama\u00e7lar\u0131n veya yasal y\u00fck\u00fcml\u00fcl\u00fcklerin yerine getirilmesi i\u00e7in gerekli olmas\u0131 halinde \u00fc\u00e7\u00fcnc\u00fc taraflara aktar\u0131labilir. Veriler, yasal saklama s\u00fcrelerinin sona ermesinin ard\u0131ndan veya i\u015fleme amac\u0131n\u0131n art\u0131k ge\u00e7erli olmamas\u0131 halinde silinecektir. Buna, vergi ve yasal y\u00fck\u00fcml\u00fcl\u00fckler nedeniyle kan\u0131t sa\u011flamak i\u00e7in daha uzun s\u00fcre saklanmas\u0131 gereken veriler de dahildir.  <\/p><ul class=\"m-elements\"><li><strong>\u0130\u015flenen veri t\u00fcrleri:<\/strong> Envanter verileri (\u00f6rn. tam ad, ikamet adresi, ileti\u015fim bilgileri, m\u00fc\u015fteri numaras\u0131, vb.); \u00d6deme verileri (\u00f6rn. banka bilgileri, faturalar, \u00f6deme ge\u00e7mi\u015fi); \u0130leti\u015fim verileri (\u00f6rn. posta ve e-posta adresleri veya telefon numaralar\u0131); \u0130\u00e7erik verileri (\u00f6rn. metin veya resim mesajlar\u0131 ve katk\u0131lar\u0131n yan\u0131 s\u0131ra yazarl\u0131k veya olu\u015fturma zaman\u0131 bilgileri gibi bunlarla ilgili bilgiler); S\u00f6zle\u015fme verileri (\u00f6rn. s\u00f6zle\u015fmenin konusu, s\u00fcresi, m\u00fc\u015fteri kategorisi); Kullan\u0131m verileri (\u00f6rn. sayfa g\u00f6r\u00fcnt\u00fclemeleri ve bekleme s\u00fcresi, t\u0131klama ge\u00e7mi\u015fi, kullan\u0131m verileri). yazarl\u0131k veya olu\u015fturma zaman\u0131 hakk\u0131nda bilgi); s\u00f6zle\u015fme verileri (\u00f6rn. s\u00f6zle\u015fmenin konusu, s\u00fcresi, m\u00fc\u015fteri kategorisi); kullan\u0131m verileri (\u00f6rn. sayfa g\u00f6r\u00fcnt\u00fclemeleri ve kalma s\u00fcresi, t\u0131klama yollar\u0131, kullan\u0131m yo\u011funlu\u011fu ve s\u0131kl\u0131\u011f\u0131, kullan\u0131lan cihaz t\u00fcrleri ve i\u015fletim sistemleri, i\u00e7erik ve i\u015flevlerle etkile\u015fimler); meta, ileti\u015fim ve i\u015flem verileri (\u00f6rn. IP adresleri, zaman verileri, kimlik numaralar\u0131, ilgili ki\u015filer). G\u00fcnl\u00fck verileri (\u00f6rn. oturum a\u00e7ma veya verilerin al\u0131nmas\u0131 veya eri\u015fim s\u00fcreleri ile ilgili g\u00fcnl\u00fck dosyalar\u0131). <\/li><li><strong>Veri \u00f6zneleri:<\/strong> Hizmet al\u0131c\u0131lar\u0131 ve m\u00fc\u015fteriler; ilgili taraflar; ileti\u015fim ortaklar\u0131; i\u015f ve s\u00f6zle\u015fme ortaklar\u0131; m\u00fc\u015fteriler; \u00fc\u00e7\u00fcnc\u00fc taraflar; kullan\u0131c\u0131lar (\u00f6r. web sitesi ziyaret\u00e7ileri, \u00e7evrimi\u00e7i hizmetlerin kullan\u0131c\u0131lar\u0131). \u00c7al\u0131\u015fanlar (\u00f6rn. \u00e7al\u0131\u015fanlar, ba\u015fvuru sahipleri, ge\u00e7ici personel ve di\u011fer \u00e7al\u0131\u015fanlar). <\/li><li><strong>\u0130\u015fleme ama\u00e7lar\u0131:<\/strong> S\u00f6zle\u015fmeye dayal\u0131 hizmetlerin sa\u011flanmas\u0131 ve s\u00f6zle\u015fmeden do\u011fan y\u00fck\u00fcml\u00fcl\u00fcklerin yerine getirilmesi; ofis ve organizasyon prosed\u00fcrleri; i\u015f s\u00fcre\u00e7leri ve i\u015f y\u00f6netimi prosed\u00fcrleri; g\u00fcvenlik \u00f6nlemleri; \u00e7evrimi\u00e7i hizmetlerimizin sa\u011flanmas\u0131 ve kullan\u0131c\u0131 dostu olmas\u0131; ileti\u015fim; pazarlama; sat\u0131\u015f promosyonu; halkla ili\u015fkiler; finans ve \u00f6deme y\u00f6netimi. Bilgi teknolojisi altyap\u0131s\u0131 (bilgi sistemlerinin ve teknik ekipman\u0131n (bilgisayarlar, sunucular, vb.) i\u015fletilmesi ve sa\u011flanmas\u0131). <\/li><li>Saklama <strong>ve silme:<\/strong> &#8220;Veri saklama ve silme hakk\u0131nda genel bilgiler&#8221; b\u00f6l\u00fcm\u00fcndeki bilgilere uygun olarak silme.<\/li><li class=\"\"><strong>Yasal dayanaklar:<\/strong> S\u00f6zle\u015fmenin yerine getirilmesi ve s\u00f6zle\u015fme \u00f6ncesi sorular (Madde 6 Paragraf 1 S. 1 lit. b) GDPR); Me\u015fru menfaatler (Madde 6 Paragraf 1 S. 1 lit. f) GDPR). Yasal zorunluluk (GDPR Madde 6 Paragraf 1 C\u00fcmle 1 Bent c).    <\/li><\/ul><p><strong>\u0130\u015fleme faaliyetleri, prosed\u00fcrleri ve hizmetleri hakk\u0131nda daha fazla bilgi:<\/strong><\/p><ul class=\"m-elements\"><li><strong>\u0130leti\u015fim y\u00f6netimi ve bak\u0131m\u0131: <\/strong>\u0130leti\u015fim bilgilerini d\u00fczenlemek, s\u00fcrd\u00fcrmek ve g\u00fcvence alt\u0131na almak i\u00e7in gereken prosed\u00fcrler (\u00f6rn. merkezi bir ileti\u015fim veritaban\u0131 kurmak ve s\u00fcrd\u00fcrmek, ileti\u015fim bilgilerini d\u00fczenli olarak g\u00fcncellemek, veri b\u00fct\u00fcnl\u00fc\u011f\u00fcn\u00fc izlemek, veri koruma \u00f6nlemlerini uygulamak, eri\u015fim kontrollerini sa\u011flamak, yedekleme yapmak ve ileti\u015fim verilerini geri y\u00fcklemek, \u00e7al\u0131\u015fanlar\u0131 ileti\u015fim y\u00f6netimi yaz\u0131l\u0131m\u0131n\u0131n etkin kullan\u0131m\u0131 konusunda e\u011fitmek, ileti\u015fim ge\u00e7mi\u015fini d\u00fczenli olarak g\u00f6zden ge\u00e7irmek ve ileti\u015fim stratejilerini uyarlamak); <span class=\"\"><strong>Yasal dayanaklar:<\/strong> S\u00f6zle\u015fmenin yerine getirilmesi ve s\u00f6zle\u015fme \u00f6ncesi sorular (GDPR Madde 6 paragraf 1 c\u00fcmle 1 lit. b), Me\u015fru menfaatler (GDPR Madde 6 paragraf 1 c\u00fcmle 1 lit. f).<\/span><\/li><li><strong>M\u00fc\u015fteri hesab\u0131: <\/strong>M\u00fc\u015fteriler \u00e7evrimi\u00e7i teklifimiz dahilinde bir hesap olu\u015fturabilir (\u00f6rne\u011fin m\u00fc\u015fteri veya kullan\u0131c\u0131 hesab\u0131, k\u0131saca &#8220;m\u00fc\u015fteri hesab\u0131&#8221;). Bir m\u00fc\u015fteri hesab\u0131n\u0131n kaydedilmesi gerekiyorsa, m\u00fc\u015fteriler bu konuda ve kay\u0131t i\u00e7in gerekli bilgiler hakk\u0131nda bilgilendirilecektir. M\u00fc\u015fteri hesaplar\u0131 herkese a\u00e7\u0131k de\u011fildir ve arama motorlar\u0131 taraf\u0131ndan indekslenemez. Kay\u0131t i\u015fleminin ve daha sonraki giri\u015flerin ve m\u00fc\u015fteri hesab\u0131n\u0131n kullan\u0131m\u0131n\u0131n bir par\u00e7as\u0131 olarak, kayd\u0131 kan\u0131tlayabilmek ve m\u00fc\u015fteri hesab\u0131n\u0131n k\u00f6t\u00fcye kullan\u0131lmas\u0131n\u0131 \u00f6nlemek i\u00e7in m\u00fc\u015fterilerin IP adreslerini eri\u015fim s\u00fcreleriyle birlikte saklar\u0131z. M\u00fc\u015fteri hesab\u0131n\u0131n iptal edilmesi durumunda, m\u00fc\u015fteri hesab\u0131 verileri iptal tarihinden sonra, m\u00fc\u015fteri hesab\u0131ndaki h\u00fck\u00fcmler d\u0131\u015f\u0131ndaki ama\u00e7lar i\u00e7in saklanmad\u0131\u011f\u0131 veya yasal nedenlerle saklanmas\u0131 gerekmedi\u011fi s\u00fcrece (\u00f6rne\u011fin m\u00fc\u015fteri verilerinin dahili depolanmas\u0131, sipari\u015f s\u00fcre\u00e7leri veya faturalar) silinecektir. M\u00fc\u015fteri hesab\u0131n\u0131 iptal ederken verilerini yedeklemek m\u00fc\u015fterinin sorumlulu\u011fundad\u0131r; <span class=\"\"><strong>yasal dayanak:<\/strong> S\u00f6zle\u015fmenin yerine getirilmesi ve s\u00f6zle\u015fme \u00f6ncesi sorular (GDPR Madde 6 paragraf 1 c\u00fcmle 1 lit. b), me\u015fru menfaatler (GDPR Madde 6 paragraf 1 c\u00fcmle 1 lit. f)).<\/span>     <\/li><li><strong>\u0130stek listesi: <\/strong>M\u00fc\u015fteriler bir \u00fcr\u00fcn\/istek listesi olu\u015fturabilir. Bu durumda, \u00fcr\u00fcn listesi giri\u015fleri m\u00fc\u015fteri taraf\u0131ndan kald\u0131r\u0131lmad\u0131\u011f\u0131 veya m\u00fc\u015fteriyi farkl\u0131 saklama s\u00fcreleri konusunda a\u00e7\u0131k\u00e7a bilgilendirmedi\u011fimiz s\u00fcrece, \u00fcr\u00fcnler hesap silinene kadar s\u00f6zle\u015fme y\u00fck\u00fcml\u00fcl\u00fcklerimizin yerine getirilmesinin bir par\u00e7as\u0131 olarak saklan\u0131r; <span class=\"\"><strong>yasal dayanak:<\/strong> S\u00f6zle\u015f<\/span>menin <span class=\"\">yerine getirilmesi ve s\u00f6zle\u015fme \u00f6ncesi sorular (GDPR Madde 6 paragraf 1 c\u00fcmle 1 lit. b)).<\/span> <\/li><li><strong>M\u00fc\u015fteri sadakat program\u0131\/m\u00fc\u015fteri kart\u0131: <\/strong>M\u00fc\u015fteri sadakat program\u0131n\u0131n bir par\u00e7as\u0131 olarak, kontrol\u00f6r bu program kapsam\u0131nda sunulan hizmetleri sa\u011flamak amac\u0131yla kat\u0131l\u0131mc\u0131 m\u00fc\u015fterilerin verilerini i\u015fler. Bu ama\u00e7la, kontrol\u00f6r, gerekti\u011finde ve bu \u015fekilde etiketlendi\u011finde, m\u00fc\u015fteriler taraf\u0131ndan sa\u011flanan bilgileri bir m\u00fc\u015fteri profilinde saklar. Bu profilde, m\u00fc\u015fteri sadakat program\u0131n\u0131n kullan\u0131m\u0131 ve ilgili hizmet ve avantajlar\u0131n kullan\u0131m\u0131 hakk\u0131ndaki bilgiler de i\u015flenir. Bu bilgiler yaln\u0131zca yukar\u0131da belirtilen ama\u00e7lar i\u00e7in gerekli olmas\u0131 halinde \u00fc\u00e7\u00fcnc\u00fc taraflara (\u00f6rn. hizmet sa\u011flay\u0131c\u0131lar) aktar\u0131l\u0131r. Programa kat\u0131l\u0131m sona erdikten sonra m\u00fc\u015fteri profilleri silinir. \u0130lgili veriler yaln\u0131zca yasal saklama ama\u00e7lar\u0131 veya yasal (vergi bilgileri s\u00f6z konusu oldu\u011funda olu\u015fturuldu\u011fu y\u0131l\u0131n sonundan itibaren on bir y\u0131la kadar) veya s\u00f6zle\u015fmeye dayal\u0131 taleplerin (fesih y\u0131l\u0131n\u0131n sonundan itibaren \u00fc\u00e7 y\u0131la kadar) yerine getirilmesi i\u00e7in gerekli olabilece\u011fi \u00f6l\u00e7\u00fcde ar\u015fivlenir. Bu, i\u015fleme faaliyetleri listesine kaydedilir; <span class=\"\"><strong>yasal dayanak:<\/strong> s\u00f6zle\u015fmenin yerine getirilmesi ve s\u00f6zle\u015fme \u00f6ncesi sorular (Madde 6 paragraf 1 c\u00fcmle 1 lit. b) GDPR).<\/span>      <\/li><li><strong>Genel \u00f6deme i\u015flemleri: <\/strong>\u00d6deme i\u015flemlerinin ger\u00e7ekle\u015ftirilmesi, banka hesaplar\u0131n\u0131n izlenmesi ve \u00f6deme ak\u0131\u015flar\u0131n\u0131n kontrol\u00fc i\u00e7in gerekli prosed\u00fcrler (\u00f6rne\u011fin, transferlerin olu\u015fturulmas\u0131 ve do\u011frulanmas\u0131, otomatik \u00f6deme i\u015flemlerinin i\u015flenmesi, hesap ekstrelerinin kontrol\u00fc, gelen ve giden \u00f6demelerin izlenmesi, iade bor\u00e7 y\u00f6netimi, hesap mutabakat\u0131, nakit y\u00f6netimi); <span class=\"\"><strong>yasal dayanak:<\/strong> S\u00f6zle\u015fmenin yerine getirilmesi ve s\u00f6zle\u015fme \u00f6ncesi sorular (GDPR Madde 6 paragraf 1 c\u00fcmle 1 lit. b), me\u015fru menfaatler (GDPR Madde 6 paragraf 1 c\u00fcmle 1 lit. f).<\/span><\/li><li><strong>Muhasebe, bor\u00e7 hesaplar\u0131, alacak hesaplar\u0131: <\/strong>Bor\u00e7 hesaplar\u0131 ve alacak hesaplar\u0131 alan\u0131ndaki ticari i\u015flemlerin kaydedilmesi, i\u015flenmesi ve kontrol edilmesi i\u00e7in gerekli prosed\u00fcrler (\u00f6rne\u011fin, gelen ve giden faturalar\u0131n olu\u015fturulmas\u0131 ve kontrol edilmesi, a\u00e7\u0131k kalemlerin izlenmesi ve y\u00f6netilmesi, \u00f6deme i\u015flemlerinin ger\u00e7ekle\u015ftirilmesi, ihtar prosed\u00fcrlerinin i\u015flenmesi, alacaklar ve bor\u00e7lar, bor\u00e7 hesaplar\u0131 ve alacak hesaplar\u0131 ba\u011flam\u0131nda hesaplar\u0131n mutabakat\u0131);  <span class=\"\"><strong>Yasal dayanaklar:<\/strong> S\u00f6zle\u015fmenin yerine getirilmesi ve s\u00f6zle\u015fme \u00f6ncesi sorular (GDPR Madde 6 paragraf 1 c\u00fcmle 1 lit. b), Yasal y\u00fck\u00fcml\u00fcl\u00fck (GDPR Madde 6 paragraf 1 c\u00fcmle 1 lit. c), Me\u015fru menfaatler (GDPR Madde 6 paragraf 1 c\u00fcmle 1 lit. f)).      <\/span><\/li><li>Mali <strong>muhasebe ve vergiler: <\/strong>Mali a\u00e7\u0131dan ilgili ticari i\u015flemlerin kaydedilmesi, idaresi ve kontrol\u00fcn\u00fcn yan\u0131 s\u0131ra vergilerin hesaplanmas\u0131, raporlanmas\u0131 ve \u00f6denmesi i\u00e7in gerekli prosed\u00fcrler (\u00f6rne\u011fin, hesap atamas\u0131 ve ticari i\u015flemlerin g\u00f6nderilmesi, \u00fc\u00e7 ayl\u0131k ve y\u0131ll\u0131k mali tablolar\u0131n haz\u0131rlanmas\u0131, \u00f6deme i\u015flemlerinin y\u00fcr\u00fct\u00fclmesi, ihtar prosed\u00fcrlerinin i\u015flenmesi, hesap mutabakat\u0131, vergi dan\u0131\u015fmanl\u0131\u011f\u0131, vergi beyannamelerinin haz\u0131rlanmas\u0131 ve sunulmas\u0131, vergilerin i\u015flenmesi);  <span class=\"\"><strong>Yasal dayanaklar:<\/strong> S\u00f6zle\u015fmenin yerine getirilmesi ve s\u00f6zle\u015fme \u00f6ncesi sorular (GDPR Madde 6 paragraf 1 c\u00fcmle 1 lit. b), Yasal y\u00fck\u00fcml\u00fcl\u00fck (GDPR Madde 6 paragraf 1 c\u00fcmle 1 lit. c), Me\u015fru menfaatler (GDPR Madde 6 paragraf 1 c\u00fcmle 1 lit. f)).      <\/span><\/li><li><strong>Sat\u0131n alma: <\/strong>Mallar\u0131n, hammaddelerin veya hizmetlerin tedariki i\u00e7in gerekli prosed\u00fcrler (\u00f6rne\u011fin tedarik\u00e7i se\u00e7imi ve de\u011ferlendirmesi, fiyat g\u00f6r\u00fc\u015fmeleri, sipari\u015f verme ve izleme, teslimatlar\u0131n do\u011frulanmas\u0131 ve kontrol\u00fc, fatura do\u011frulama, sipari\u015flerin y\u00f6netimi, depo y\u00f6netimi, sat\u0131n alma k\u0131lavuzlar\u0131n\u0131n olu\u015fturulmas\u0131 ve s\u00fcrd\u00fcr\u00fclmesi); <span class=\"\"><strong>Yasal dayanak:<\/strong> S\u00f6zle\u015fmenin yerine getirilmesi ve s\u00f6zle\u015fme \u00f6ncesi sorular (GDPR Madde 6 paragraf 1 c\u00fcmle 1 lit. b), Me\u015fru menfaatler (GDPR Madde 6 paragraf 1 c\u00fcmle 1 lit. f).<\/span><\/li><li><strong>Pazarlama, reklam ve sat\u0131\u015f promosyonu: <\/strong>Pazarlama, reklam ve sat\u0131\u015f promosyonu ba\u011flam\u0131nda gerekli prosed\u00fcrler (\u00f6rn. pazar analizi ve hedef kitlenin belirlenmesi, pazarlama stratejilerinin geli\u015ftirilmesi, reklam kampanyalar\u0131n\u0131n planlanmas\u0131 ve uygulanmas\u0131, reklam materyallerinin tasar\u0131m\u0131 ve \u00fcretimi, SEO ve sosyal medya kampanyalar\u0131 dahil olmak \u00fczere \u00e7evrimi\u00e7i pazarlama, etkinlik pazarlamas\u0131 ve ticari fuar kat\u0131l\u0131m\u0131, m\u00fc\u015fteri sadakat programlar\u0131, sat\u0131\u015f promosyonu \u00f6nlemleri, performans \u00f6l\u00e7\u00fcm\u00fc ve pazarlama faaliyetlerinin optimizasyonu, b\u00fct\u00e7e y\u00f6netimi ve maliyet kontrol\u00fc); <span class=\"\"><strong>yasal dayanak:<\/strong> Me\u015fru menfaatler (GDPR Madde 6 paragraf 1 c\u00fcmle 1 lit. f).<\/span><\/li><li>Halkla <strong>ili\u015fkiler: <\/strong>Halkla ili\u015fkiler ba\u011flam\u0131nda gerekli prosed\u00fcrler (\u00f6rne\u011fin ileti\u015fim stratejilerinin geli\u015ftirilmesi ve uygulanmas\u0131, halkla ili\u015fkiler kampanyalar\u0131n\u0131n planlanmas\u0131 ve uygulanmas\u0131, bas\u0131n b\u00fcltenlerinin olu\u015fturulmas\u0131 ve da\u011f\u0131t\u0131lmas\u0131, medya temaslar\u0131n\u0131n s\u00fcrd\u00fcr\u00fclmesi, medya tepkisinin izlenmesi ve analizi, bas\u0131n konferanslar\u0131n\u0131n ve halka a\u00e7\u0131k etkinliklerin d\u00fczenlenmesi, kriz ileti\u015fimi, sosyal medya ve \u015firket web siteleri i\u00e7in i\u00e7erik olu\u015fturulmas\u0131, kurumsal markan\u0131n y\u00f6netimi); <span class=\"\"><strong>Yasal dayanak:<\/strong> Me\u015fru menfaatler (GDPR Madde 6 paragraf 1 c\u00fcmle 1 lit. f)).<\/span><\/li><li><strong>Misafir Wi-Fi: <\/strong>Misafirler i\u00e7in bir kablosuz a\u011f kurmak, i\u015fletmek, bak\u0131m\u0131n\u0131 yapmak ve izlemek i\u00e7in gereken prosed\u00fcrler (\u00f6rn. Wi-Fi eri\u015fim noktalar\u0131n\u0131n kurulumu ve yap\u0131land\u0131r\u0131lmas\u0131, misafir eri\u015fim noktalar\u0131n\u0131n olu\u015fturulmas\u0131 ve y\u00f6netimi, a\u011f ba\u011flant\u0131s\u0131n\u0131n izlenmesi, a\u011f g\u00fcvenli\u011finin sa\u011flanmas\u0131, ba\u011flant\u0131 sorunlar\u0131n\u0131n giderilmesi, a\u011f yaz\u0131l\u0131m\u0131n\u0131n g\u00fcncellenmesi, veri koruma d\u00fczenlemelerine uyum); <span class=\"\"><strong>Yasal dayanak:<\/strong> S\u00f6zle\u015fmenin yerine getirilmesi ve s\u00f6zle\u015fme \u00f6ncesi sorular (<\/span>GDPR md. <span class=\"\">6 para. 1 c\u00fcmle 1 lit. b) GDPR), Yasal zorunluluk (Madde 6 para. 1 c\u00fcmle 1 lit. c) GDPR), Me\u015fru menfaatler (Madde 6 para. 1 c\u00fcmle 1 lit. f) GDPR).<\/span><\/li><\/ul><h2 id=\"m605\">Online platformlar\u0131n teklif ve sat\u0131\u015f ama\u00e7l\u0131 kullan\u0131m\u0131<\/h2><p>Hizmetlerimizi di\u011fer hizmet sa\u011flay\u0131c\u0131lar taraf\u0131ndan i\u015fletilen \u00e7evrimi\u00e7i platformlarda sunuyoruz. Bu ba\u011flamda, veri koruma bildirimlerimize ek olarak ilgili platformlar\u0131n veri koruma bildirimleri de ge\u00e7erlidir. Bu, \u00f6zellikle \u00f6deme s\u00fcrecinin y\u00fcr\u00fct\u00fclmesi ve platformlarda eri\u015fim \u00f6l\u00e7\u00fcm\u00fc ve ilgi alan\u0131na dayal\u0131 pazarlama i\u00e7in kullan\u0131lan prosed\u00fcrler i\u00e7in ge\u00e7erlidir.  <\/p><ul class=\"m-elements\"><li><strong>\u0130\u015flenen veri t\u00fcrleri:<\/strong> Envanter verileri (\u00f6rn. tam ad, ikamet adresi, ileti\u015fim bilgileri, m\u00fc\u015fteri numaras\u0131, vb.); \u00d6deme verileri (\u00f6rn. banka bilgileri, faturalar, \u00f6deme ge\u00e7mi\u015fi); \u0130leti\u015fim verileri (\u00f6rn. posta ve e-posta adresleri veya telefon numaralar\u0131); S\u00f6zle\u015fme verileri (\u00f6rn. s\u00f6zle\u015fmenin konusu, s\u00fcresi, m\u00fc\u015fteri kategorisi); Kullan\u0131m verileri (\u00f6rn. sayfa g\u00f6r\u00fcnt\u00fclemeleri ve kal\u0131\u015f s\u00fcresi, t\u0131klama yo\u011funlu\u011fu ve kullan\u0131m s\u0131kl\u0131\u011f\u0131, kullan\u0131lan cihaz t\u00fcrleri ve i\u015fletim sistemleri, i\u00e7erikle etkile\u015fimler). s\u00f6zle\u015fme nesnesi, s\u00fcre, m\u00fc\u015fteri kategorisi); kullan\u0131m verileri (\u00f6rn. sayfa g\u00f6r\u00fcnt\u00fclemeleri ve kal\u0131\u015f s\u00fcresi, t\u0131klama yollar\u0131, kullan\u0131m yo\u011funlu\u011fu ve s\u0131kl\u0131\u011f\u0131, kullan\u0131lan cihaz t\u00fcrleri ve i\u015fletim sistemleri, i\u00e7erik ve i\u015flevlerle etkile\u015fimler); meta, ileti\u015fim ve i\u015flem verileri (\u00f6rn. IP adresleri, zaman verileri); web sitesinin kullan\u0131m\u0131na ili\u015fkin veriler (\u00f6rn. IP adresleri, zaman damgalar\u0131). (\u00f6rn. IP adresleri, zaman verileri, kimlik numaralar\u0131, ilgili ki\u015filer); \u00e7al\u0131\u015fan verileri (\u00e7al\u0131\u015fanlar ve istihdam ili\u015fkisi i\u00e7indeki di\u011fer ki\u015filer hakk\u0131ndaki bilgiler); i\u00e7erik verileri (\u00f6rn. metin veya resim mesajlar\u0131 ve katk\u0131lar ile yazarl\u0131k veya olu\u015fturma zaman\u0131 bilgileri gibi bunlarla ilgili bilgiler). Konum verileri (bir cihaz\u0131n veya ki\u015finin co\u011frafi konumuna ili\u015fkin bilgiler). <\/li><li><strong>Veri \u00f6zneleri:<\/strong> Hizmet al\u0131c\u0131lar\u0131 ve m\u00fc\u015fteriler; i\u015f ve s\u00f6zle\u015fme ortaklar\u0131; kullan\u0131c\u0131lar (\u00f6r. web sitesi ziyaret\u00e7ileri, \u00e7evrimi\u00e7i hizmetlerin kullan\u0131c\u0131lar\u0131); ileti\u015fim ortaklar\u0131; \u00fc\u00e7\u00fcnc\u00fc taraflar. \u0130lgili taraflar. <\/li><li><strong>\u0130\u015fleme ama\u00e7lar\u0131:<\/strong> S\u00f6zle\u015fmeye dayal\u0131 hizmetlerin sa\u011flanmas\u0131 ve s\u00f6zle\u015fmeden do\u011fan y\u00fck\u00fcml\u00fcl\u00fcklerin yerine getirilmesi; Pazarlama; \u0130\u015f s\u00fcre\u00e7leri ve i\u015f y\u00f6netimi prosed\u00fcrleri; Eri\u015fim \u00f6l\u00e7\u00fcm\u00fc (\u00f6rn. eri\u015fim istatistikleri, geri d\u00f6nen ziyaret\u00e7ilerin tan\u0131nmas\u0131); \u0130zleme (\u00f6rn. ilgi\/davran\u0131\u015f profili olu\u015fturma, \u00e7erez kullan\u0131m\u0131); Yeniden pazarlama; Kullan\u0131c\u0131 ile ilgili bilgileri i\u00e7eren profiller (kullan\u0131c\u0131 profillerinin olu\u015fturulmas\u0131); \u00c7evrimi\u00e7i hizmetlerimizin sa\u011flanmas\u0131 ve kullan\u0131c\u0131 dostu olmas\u0131; Organizasyonel ve idari prosed\u00fcrler; Bilgi teknolojisi prosed\u00fcrleri ilgi alan\u0131\/davran\u0131\u015fsal profilleme, \u00e7erez kullan\u0131m\u0131); yeniden pazarlama; kullan\u0131c\u0131 ile ilgili bilgileri i\u00e7eren profiller (kullan\u0131c\u0131 profillerinin olu\u015fturulmas\u0131); \u00e7evrimi\u00e7i hizmetlerimizin sa\u011flanmas\u0131 ve kullan\u0131c\u0131 dostu olmas\u0131; organizasyonel ve idari prosed\u00fcrler; bilgi teknolojisi altyap\u0131s\u0131 (bilgi sistemlerinin ve teknik cihazlar\u0131n (bilgisayarlar, sunucular vb.) i\u015fletilmesi ve sa\u011flanmas\u0131); d\u00f6n\u00fc\u015f\u00fcm \u00f6l\u00e7\u00fcm\u00fc (\u00f6rn.)); d\u00f6n\u00fc\u015f\u00fcm \u00f6l\u00e7\u00fcm\u00fc (pazarlama \u00f6nlemlerinin etkinli\u011finin \u00f6l\u00e7\u00fclmesi); hedef grup olu\u015fturma; ileti\u015fim; ofis ve organizasyon prosed\u00fcrleri; yapay zeka (AI); anketler ve anketler (\u00f6rn. giri\u015f se\u00e7enekli anketler, \u00e7oktan se\u00e7meli sorular). G\u00fcvenlik \u00f6nlemleri. <\/li><li>Saklama <strong>ve silme:<\/strong> &#8220;Veri saklama ve silme hakk\u0131nda genel bilgiler&#8221; b\u00f6l\u00fcm\u00fcndeki bilgilere uygun olarak silme.<\/li><li class=\"\"><strong>Yasal dayanaklar:<\/strong> S\u00f6zle\u015fmenin yerine getirilmesi ve s\u00f6zle\u015fme \u00f6ncesi sorular (Madde 6 Paragraf 1 S. 1 lit. b) GDPR); Me\u015fru menfaatler (Madde 6 Paragraf 1 S. 1 lit. f) GDPR). R\u0131za (Madde 6 paragraf 1 c\u00fcmle 1 lit. a) GDPR).    <\/li><\/ul><p><strong>\u0130\u015fleme faaliyetleri, prosed\u00fcrleri ve hizmetleri hakk\u0131nda daha fazla bilgi:<\/strong><\/p><ul class=\"m-elements\"><li><strong>Google Ads Remarketing: <\/strong>Yeniden hedefleme olarak da bilinen Google Remarketing, \u00e7evrimi\u00e7i bir hizmeti kullanan kullan\u0131c\u0131lar\u0131n takma adl\u0131 bir yeniden pazarlama listesine eklenmesine olanak tan\u0131yan bir teknolojidir, b\u00f6ylece kullan\u0131c\u0131lara \u00e7evrimi\u00e7i hizmeti ziyaretlerine dayal\u0131 olarak di\u011fer \u00e7evrimi\u00e7i tekliflerde reklamlar g\u00f6sterilebilir; <strong>Hizmet sa\u011flay\u0131c\u0131<\/strong>: Google Ireland Limited, Gordon House, Barrow Street, Dublin 4, \u0130rlanda; <span class=\"\"><strong>Yasal dayanak<\/strong>: R\u0131za (Madde 6 paragraf 1 c\u00fcmle 1 lit. a) GDPR <\/span>);<strong>Web sitesi:<\/strong> <a href=\"https:\/\/marketingplatform.google.com\" target=\"_blank\" rel=\"noopener\">https:\/\/marketingplatform.google.com<\/a>; <strong>Gizlilik Politikas\u0131:<\/strong> <a href=\"https:\/\/policies.google.com\/privacy\" target=\"_blank\" rel=\"noopener\">https:\/\/policies.google.com\/privacy<\/a>; <strong>\u00dc\u00e7\u00fcnc\u00fc \u00fclke transferleri i\u00e7in dayanak:<\/strong> Veri Gizlili\u011fi \u00c7er\u00e7evesi (DPF); <strong>Daha fazla bilgi:<\/strong> \u0130\u015fleme t\u00fcrleri ve i\u015flenen veriler: <a href=\"https:\/\/business.safety.google\/adsservices\/\" target=\"_blank\" rel=\"noopener\">https:\/\/business.safety.google\/adsservices\/<\/a>. Kontrol\u00f6rler aras\u0131ndaki veri i\u015fleme ko\u015fullar\u0131 ve \u00fc\u00e7\u00fcnc\u00fc \u00fclke veri aktar\u0131mlar\u0131 i\u00e7in standart s\u00f6zle\u015fme maddeleri: <a href=\"https:\/\/business.safety.google\/adscontrollerterms\" target=\"_blank\" rel=\"noopener\">https:\/\/business.safety.google\/adscontrollerterms<\/a>. <\/li><li><strong>Google Analytics: <\/strong>\u00c7evrimi\u00e7i teklifimizin kullan\u0131m\u0131n\u0131 \u00f6l\u00e7mek ve analiz etmek i\u00e7in takma bir kullan\u0131c\u0131 kimlik numaras\u0131 temelinde Google Analytics kullan\u0131yoruz. Bu kimlik numaras\u0131, isimler veya e-posta adresleri gibi herhangi bir benzersiz veri i\u00e7ermez. Kullan\u0131c\u0131lar\u0131n bir veya daha fazla kullan\u0131m s\u00fcrecinde hangi i\u00e7eri\u011fi arad\u0131klar\u0131n\u0131, hangi arama terimlerini kulland\u0131klar\u0131n\u0131, hangilerini tekrar arad\u0131klar\u0131n\u0131 veya \u00e7evrimi\u00e7i teklifimizle hangi etkile\u015fimde bulunduklar\u0131n\u0131 tan\u0131mak i\u00e7in bir son cihaza analiz bilgileri atamak i\u00e7in kullan\u0131l\u0131r. Kullan\u0131m zaman\u0131 ve s\u00fcresinin yan\u0131 s\u0131ra \u00e7evrimi\u00e7i teklifimize ba\u015fvuran kullan\u0131c\u0131lar\u0131n kaynaklar\u0131 ve son cihazlar\u0131n\u0131n ve taray\u0131c\u0131lar\u0131n\u0131n teknik \u00f6zellikleri de saklan\u0131r.<br>\u00c7erezlerin kullan\u0131labildi\u011fi \u00e7e\u015fitli cihazlar\u0131n kullan\u0131m\u0131ndan elde edilen bilgilerle kullan\u0131c\u0131lar\u0131n takma ad profilleri olu\u015fturulur. Google Analytics, AB kullan\u0131c\u0131lar\u0131 i\u00e7in bireysel IP adreslerini kaydetmez veya saklamaz. Ancak Analytics, IP adreslerinden a\u015fa\u011f\u0131daki meta verileri t\u00fcreterek kaba co\u011frafi konum verileri sa\u011flar: \u015eehir (ve \u015fehrin \u00e7\u0131kar\u0131lan enlem ve boylam\u0131), K\u0131ta, \u00dclke, B\u00f6lge, Alt K\u0131ta (ve kimlik tabanl\u0131 kar\u015f\u0131l\u0131klar\u0131). AB trafi\u011fi i\u00e7in IP adresi verileri, derhal silinmeden \u00f6nce yaln\u0131zca bu co\u011frafi konumland\u0131rma verilerinin t\u00fcretilmesi i\u00e7in kullan\u0131l\u0131r. Kaydedilmez, eri\u015filemez ve ba\u015fka ama\u00e7lar i\u00e7in kullan\u0131lmaz. Google Analytics \u00f6l\u00e7\u00fcm verilerini toplad\u0131\u011f\u0131nda, trafik i\u015flenmek \u00fczere Analytics sunucular\u0131na iletilmeden \u00f6nce t\u00fcm IP sorgular\u0131 AB merkezli sunucularda ger\u00e7ekle\u015ftirilir; <strong>hizmet sa\u011flay\u0131c\u0131:<\/strong> Google Ireland Limited, Gordon House, Barrow Street, Dublin 4, \u0130rlanda;           <span class=\"\"><strong>Yasal dayanak:<\/strong> R\u0131za (Madde 6 paragraf 1 c\u00fcmle 1 lit. a) GDPR);  <\/span><strong>Web sitesi:<\/strong> <a href=\"https:\/\/marketingplatform.google.com\/intl\/de\/about\/analytics\/\" target=\"_blank\" rel=\"noopener\">https:\/\/marketingplatform.google.com\/intl\/de\/about\/analytics\/;<\/a> <strong>G\u00fcvenlik \u00f6nlemleri:<\/strong> IP maskeleme (IP adresinin anonimle\u015ftirilmesi); <strong>Gizlilik Politikas\u0131:<\/strong> <a href=\"https:\/\/policies.google.com\/privacy\" target=\"_blank\" rel=\"noopener\">https:\/\/policies.google.com\/privacy<\/a>; Veri <strong>i\u015fleme<\/strong> s\u00f6zle\u015fmesi: <a href=\"https:\/\/business.safety.google\/adsprocessorterms\/\" target=\"_blank\" rel=\"noopener\">https:\/\/business.safety.google\/adsprocessorterms\/<\/a>; <strong>\u00dc\u00e7\u00fcnc\u00fc \u00fclke aktar\u0131mlar\u0131 i\u00e7in dayanak:<\/strong> Veri Gizlili\u011fi \u00c7er\u00e7evesi (DPF), Standart S\u00f6zle\u015fme Maddeleri<a href=\"https:\/\/business.safety.google\/adsprocessorterms\" target=\"_blank\" rel=\"noopener\">(https:\/\/business.safety.google\/adsprocessorterms<\/a>); <strong>Opt-Out<\/strong>: Opt-out eklentisi: <a href=\"https:\/\/tools.google.com\/dlpage\/gaoptout?hl=de\" target=\"_blank\" rel=\"noopener\">https:\/\/tools.google.com\/dlpage\/gaoptout?hl=de,<\/a> Reklamlar\u0131n g\u00f6r\u00fcnt\u00fclenmesi i\u00e7in ayarlar: <a href=\"https:\/\/myadcenter.google.com\/personalizationoff\" target=\"_blank\" rel=\"noopener\">https:\/\/myadcenter.google.com\/personalizationoff.<\/a> <strong>Daha fazla bilgi:<\/strong> <a href=\"https:\/\/business.safety.google\/adsservices\/\" target=\"_blank\" rel=\"noopener\">https:\/\/business.safety.google\/adsservices\/<\/a> (i\u015fleme t\u00fcrleri ve i\u015flenen veriler).     <\/li><li><strong>Google Form: <\/strong>\u00c7evrimi\u00e7i formlar\u0131n, anketlerin, geri bildirim formlar\u0131n\u0131n vb. olu\u015fturulmas\u0131 ve analizi; <strong>Hizmet sa\u011flay\u0131c\u0131<\/strong>: Google Ireland Limited, Gordon House, Barrow Street, Dublin 4, \u0130rlanda; <span class=\"\"><strong>Yasal dayanak<\/strong>: Me\u015fru menfaatler (Madde 6 paragraf 1 c\u00fcmle 1 lit. f) GDPR); <\/span><strong>Web sitesi:<\/strong> <a href=\"https:\/\/www.google.de\/intl\/de\/forms\" target=\"_blank\" rel=\"noopener\">https:\/\/www.google.de\/intl\/de\/forms<\/a>; <strong>Gizlilik Politikas\u0131:<\/strong> <a href=\"https:\/\/policies.google.com\/privacy\" target=\"_blank\" rel=\"noopener\">https:\/\/policies.google.com\/privacy<\/a>; <strong>Veri i\u015fleme s\u00f6zle\u015fmesi:<\/strong> <a href=\"https:\/\/cloud.google.com\/terms\/data-processing-addendum\" target=\"_blank\" rel=\"noopener\">https:\/\/cloud.google.com\/terms\/data-processing-addendum<\/a> <span class=\"\">. <\/span> <strong>\u00dc\u00e7\u00fcnc\u00fc \u00fclke transferleri i\u00e7in dayanak:<\/strong> Veri Gizlili\u011fi \u00c7er\u00e7evesi (DPF), Standart S\u00f6zle\u015fme Maddeleri<a href=\"https:\/\/cloud.google.com\/terms\/eu-model-contract-clause\" target=\"_blank\" rel=\"noopener\">(https:\/\/cloud.google.com\/terms\/eu-model-contract-clause<\/a>).<\/li><li><strong>Google Workspace API&#8217;leri: <\/strong>Hizmetlerimizi sipari\u015f veya s\u00f6zle\u015fmeye uygun olarak sa\u011flamak ve organizasyon ve ileti\u015fim ama\u00e7lar\u0131 i\u00e7in Google Workspace API&#8217;lerini kullan\u0131yoruz. API (Uygulama Programlama Aray\u00fcz\u00fc), uygulamalar\u0131n birbirleriyle ileti\u015fim kurmas\u0131n\u0131 ve veri al\u0131\u015fveri\u015fi yapmas\u0131n\u0131 sa\u011flayan bir aray\u00fczd\u00fcr. Google Workspace API&#8217;leri, Gmail, Takvim, Drive ve di\u011ferleri gibi Google hizmetlerindeki i\u015flevlere ve verilere eri\u015fim sa\u011flar. Google Workspace API&#8217;lerini kullan\u0131rken, m\u00fc\u015fterilerimizin, \u00e7al\u0131\u015fanlar\u0131m\u0131z\u0131n veya kullan\u0131c\u0131lar\u0131m\u0131z\u0131n yan\u0131 s\u0131ra \u00fc\u00e7\u00fcnc\u00fc taraflar\u0131n ki\u015fisel verileri, yukar\u0131da belirtilen ama\u00e7lar i\u00e7in gerekli olmas\u0131 halinde toplanabilir, saklanabilir ve i\u015flenebilir. Bu, \u00f6rne\u011fin e-postalar, takvim giri\u015fleri, dosyalar, belgeler ve ilgili meta verilerin yan\u0131 s\u0131ra ad, e-posta adresi ve yetkiler gibi kullan\u0131c\u0131 bilgilerini i\u00e7erebilir. Google Workspace API&#8217;leri arac\u0131l\u0131\u011f\u0131yla al\u0131nan ve i\u015flenen veriler, genel AI veya ML modellerini (yapay zeka veya makine \u00f6\u011frenimi) geli\u015ftirmek, iyile\u015ftirmek veya e\u011fitmek i\u00e7in kullan\u0131lmaz; <strong>hizmet sa\u011flay\u0131c\u0131<\/strong>: Google Cloud EMEA Limited, 70 Sir John Rogerson&#8217;s Quay, Dublin 2, \u0130rlanda; <span class=\"\"><strong>Yasal dayanak<\/strong>: Me\u015fru menfaatler (Madde 6 paragraf 1 c\u00fcmle 1 lit. f) GDPR <\/span>);<strong>Web sitesi:<\/strong> <a href=\"https:\/\/developers.google.com\/workspace\/\" target=\"_blank\" rel=\"noopener\">https:\/\/developers.google.com\/workspace\/<\/a>; <strong>Gizlilik Politikas\u0131:<\/strong> <a href=\"https:\/\/policies.google.com\/privacy\" target=\"_blank\" rel=\"noopener\">https:\/\/policies.google.com\/privacy<\/a>; Veri <strong>i\u015fleme<\/strong> s\u00f6zle\u015fmesi: <a href=\"https:\/\/cloud.google.com\/terms\/data-processing-addendum\" target=\"_blank\" rel=\"noopener\">https:\/\/cloud.google.com\/terms\/data-processing-addendum<\/a>; <strong>\u00dc\u00e7\u00fcnc\u00fc \u00fclke transferleri i\u00e7in dayanak:<\/strong> Veri Gizlili\u011fi \u00c7er\u00e7evesi (DPF), Standart S\u00f6zle\u015fme Maddeleri<a href=\"https:\/\/cloud.google.com\/terms\/eu-model-contract-clause\" target=\"_blank\" rel=\"noopener\">(https:\/\/cloud.google.com\/terms\/eu-model-contract-clause<\/a>). <strong>Daha fazla bilgi:<\/strong> <a href=\"https:\/\/cloud.google.com\/privacy\" target=\"_blank\" rel=\"noopener\">https:\/\/cloud.google.com\/privacy.<\/a>     <\/li><li><strong>Google Translate: <\/strong>\u0130\u00e7eri\u011fin ve girdinin di\u011fer dillere \u00e7evrilmesi; <strong>Hizmet sa\u011flay\u0131c\u0131:<\/strong> Google Ireland Limited, Gordon House, Barrow Street, Dublin 4, \u0130rlanda; <span class=\"\"><strong>Yasal dayanak:<\/strong> Me\u015fru menfaatler (Madde 6 paragraf 1 c\u00fcmle 1 lit. f) GDPR); <\/span><strong>Web sitesi:<\/strong> <a href=\"https:\/\/translate.google.com\/\" target=\"_blank\" rel=\"noopener\">https:\/\/translate.google.com\/<\/a>; <strong>Gizlilik Politikas\u0131:<\/strong> <a href=\"https:\/\/policies.google.com\/privacy\" target=\"_blank\" rel=\"noopener\">https:\/\/policies.google.com\/privacy<\/a>; <strong>Veri i\u015fleme s\u00f6zle\u015fmesi:<\/strong> <a href=\"https:\/\/cloud.google.com\/terms\/data-processing-addendum\" target=\"_blank\" rel=\"noopener\">https:\/\/cloud.google.com\/terms\/data-processing-addendum<\/a> <span class=\"\">. <\/span> <strong>\u00dc\u00e7\u00fcnc\u00fc \u00fclke transferleri i\u00e7in dayanak:<\/strong> Veri Gizlili\u011fi \u00c7er\u00e7evesi (DPF), Standart S\u00f6zle\u015fme Maddeleri<a href=\"https:\/\/cloud.google.com\/terms\/eu-model-contract-clause\" target=\"_blank\" rel=\"noopener\">(https:\/\/cloud.google.com\/terms\/eu-model-contract-clause<\/a>).<\/li><li><strong>Google Tag Manager (sunucu taraf\u0131 kullan\u0131m\u0131): <\/strong>Google Tag Manager, web sitesi etiketleri olarak adland\u0131r\u0131lan etiketleri bir aray\u00fcz \u00fczerinden y\u00f6netebildi\u011fimiz ve b\u00f6ylece di\u011fer hizmetleri \u00e7evrimi\u00e7i teklifimize entegre edebildi\u011fimiz bir uygulamad\u0131r (ayr\u0131ca bu gizlilik politikas\u0131ndaki di\u011fer bilgilere de bak\u0131n). Etiket Y\u00f6neticisinin kendisi (etiketleri uygulayan) herhangi bir kullan\u0131c\u0131 profili veya \u00e7erez saklamaz. Di\u011fer hizmetler sunucu taraf\u0131na entegre edilmi\u015ftir. Bu, kullan\u0131c\u0131 verilerinin do\u011frudan son cihazlar\u0131ndan ilgili hizmete veya Google&#8217;a aktar\u0131lmad\u0131\u011f\u0131 anlam\u0131na gelir. \u00d6zellikle, kullan\u0131c\u0131n\u0131n IP adresi di\u011fer hizmete iletilmez. Bunun yerine, veriler \u00f6nce sunucumuza iletilir ve burada kullan\u0131c\u0131n\u0131n veri kay\u0131tlar\u0131 dahili kullan\u0131c\u0131 kimlik numaram\u0131za atan\u0131r. Verilerin sunucumuzdan ilgili hizmet sa\u011flay\u0131c\u0131lar\u0131n sunucular\u0131na sonraki aktar\u0131m\u0131 yaln\u0131zca bu takma adla ger\u00e7ekle\u015ftirilir. Kullan\u0131c\u0131 kimlik numaras\u0131, isimler veya e-posta adresleri gibi herhangi bir benzersiz veri i\u00e7ermez; <strong>hizmet sa\u011flay\u0131c\u0131<\/strong>: Google Ireland Limited, Gordon House, Barrow Street, Dublin 4, \u0130rlanda; <span class=\"\"><strong>Yasal dayanak<\/strong>: R\u0131za (Madde 6 paragraf 1 c\u00fcmle 1 lit. a) GDPR <\/span>);<strong>Web sitesi:<\/strong> <a href=\"https:\/\/marketingplatform.google.com\/intl\/de\/about\/analytics\/\" target=\"_blank\" rel=\"noopener\">https:\/\/marketingplatform.google.com\/intl\/de\/about\/analytics\/<\/a>; <strong>Gizlilik Politikas\u0131:<\/strong> <a href=\"https:\/\/policies.google.com\/privacy\" target=\"_blank\" rel=\"noopener\">https:\/\/policies.google.com\/privacy<\/a>; Veri <strong>i\u015fleme<\/strong> s\u00f6zle\u015fmesi: <a href=\"https:\/\/business.safety.google\/adsprocessorterms\/\" target=\"_blank\" rel=\"noopener\">https:\/\/business.safety.google\/adsprocessorterms\/<\/a>; <strong>\u00dc\u00e7\u00fcnc\u00fc \u00fclke transferleri i\u00e7in dayanak:<\/strong> Veri Gizlili\u011fi \u00c7er\u00e7evesi (DPF), Standart S\u00f6zle\u015fme Maddeleri<a href=\"https:\/\/business.safety.google\/adsprocessorterms\/\/\" target=\"_blank\" rel=\"noopener\">(https:\/\/business.safety.google\/adsprocessorterms\/\/<\/a>). <strong>Daha fazla bilgi:<\/strong> <a href=\"https:\/\/business.safety.google\/adsservices\/\" target=\"_blank\" rel=\"noopener\">https:\/\/business.safety.google\/adsservices\/<\/a> (\u0130\u015fleme t\u00fcrleri ve i\u015flenen veriler).       <\/li><li><strong>Google Podcasts: Pod <\/strong>cast bar\u0131nd\u0131rma ve podcast g\u00f6r\u00fcnt\u00fclemelerinin istatistiksel analizi; <strong>Hizmet sa\u011flay\u0131c\u0131<\/strong>: Google Ireland Limited, Gordon House, Barrow Street, Dublin 4, \u0130rlanda; <span class=\"\"><strong>Yasal dayanak:<\/strong> Me\u015fru menfaatler (Madde 6 paragraf 1 c\u00fcmle 1 lit. f) GDPR); <\/span><strong>Web sitesi:<\/strong> <a href=\"https:\/\/music.youtube.com\/googlepodcasts\" target=\"_blank\" rel=\"noopener\">https:\/\/music.youtube.com\/googlepodcasts<\/a> <span class=\"\">. <\/span> <strong>Gizlilik Politikas\u0131:<\/strong> <a href=\"https:\/\/policies.google.com\/privacy\" target=\"_blank\" rel=\"noopener\">https:\/\/policies.google.com\/privacy.<\/a><\/li><li><strong>Google Search Ads 360: <\/strong>Ajanslar\u0131n ve reklamverenlerin birden fazla arama motoru ve medya kanal\u0131nda arama pazarlamas\u0131 kampanyalar\u0131n\u0131 y\u00f6netmesine ve hedeflemesine olanak tan\u0131yan arama y\u00f6netimi platformu; <strong>Hizmet sa\u011flay\u0131c\u0131<\/strong>: Google Ireland Limited, Gordon House, Barrow Street, Dublin 4, \u0130rlanda; <span class=\"\"><strong>Yasal dayanak<\/strong>: R\u0131za (Madde 6 paragraf 1 c\u00fcmle 1 lit. a) GDPR <\/span>);<strong>Web sitesi:<\/strong> <a href=\"https:\/\/marketingplatform.google.com\/intl\/de\/about\/search-ads-360\/\" target=\"_blank\" rel=\"noopener\">https:\/\/marketingplatform.google.com\/intl\/de\/about\/search-ads-360\/<\/a>; <strong>Gizlilik Politikas\u0131:<\/strong> <a href=\"https:\/\/policies.google.com\/privacy\" target=\"_blank\" rel=\"noopener\">https:\/\/policies.google.com\/privacy<\/a>; Veri <strong>i\u015fleme<\/strong> s\u00f6zle\u015fmesi: <a href=\"https:\/\/business.safety.google\/adsprocessorterms\/\" target=\"_blank\" rel=\"noopener\">https:\/\/business.safety.google\/adsprocessorterms\/<\/a>; <strong>\u00dc\u00e7\u00fcnc\u00fc \u00fclke transferleri i\u00e7in dayanak:<\/strong> Veri Gizlili\u011fi \u00c7er\u00e7evesi (DPF), Standart S\u00f6zle\u015fme Maddeleri (<a href=\"https:\/\/business.safety.google\/adsprocessorterms\/\" target=\"_blank\" rel=\"noopener\">https:\/\/business.safety.google\/adsprocessorterms\/<\/a>). <strong>Daha fazla bilgi:<\/strong> <a href=\"https:\/\/business.safety.google\/adsservices\/\" target=\"_blank\" rel=\"noopener\">https:\/\/business.safety.google\/adsservices\/<\/a> (\u0130\u015fleme t\u00fcrleri ve i\u015flenen veriler).<\/li><li><strong>Google Sinyalleri (Google Analytics i\u015flevi): <\/strong>Google sinyalleri, Google&#8217;\u0131n Google hesaplar\u0131nda oturum a\u00e7an ve reklam ki\u015fiselle\u015ftirmeyi etkinle\u015ftiren kullan\u0131c\u0131larla ili\u015fkilendirdi\u011fi web sitelerinden ve uygulamalardan al\u0131nan oturum verileridir. Verilerin bu oturum a\u00e7m\u0131\u015f kullan\u0131c\u0131larla ili\u015fkilendirilmesi, cihazlar aras\u0131 raporlama, cihazlar aras\u0131 yeniden pazarlama ve cihazlar aras\u0131 d\u00f6n\u00fc\u015f\u00fcm \u00f6l\u00e7\u00fcm\u00fcn\u00fc etkinle\u015ftirmek i\u00e7in kullan\u0131l\u0131r. Buna \u015funlar dahildir: Platformlar aras\u0131 raporlama &#8211; Kullan\u0131c\u0131 Kimli\u011finizi veya Google Signals verilerini kullanarak farkl\u0131 oturumlardaki cihazlar ve etkinliklerle ilgili verileri birbirine ba\u011flamak, ilk temastan d\u00f6n\u00fc\u015f\u00fcme ve \u00f6tesine kadar d\u00f6n\u00fc\u015f\u00fcm s\u00fcrecinin her ad\u0131m\u0131nda kullan\u0131c\u0131 davran\u0131\u015f\u0131n\u0131n anla\u015f\u0131lmas\u0131n\u0131 sa\u011flamak; Google Analytics ile yeniden pazarlama &#8211; Google Analytics verilerinden yeniden pazarlama kitleleri olu\u015fturmak ve bu kitleleri ba\u011flant\u0131l\u0131 reklam hesaplar\u0131yla payla\u015fmak; Demografi ve ilgi alanlar\u0131 &#8211; Google Analytics, Google hesaplar\u0131nda oturum a\u00e7an ve reklam ki\u015fiselle\u015ftirmeyi etkinle\u015ftiren kullan\u0131c\u0131lardan demografi ve ilgi alanlar\u0131 hakk\u0131nda ek bilgiler toplar; <strong>Hizmet sa\u011flay\u0131c\u0131<\/strong>: Google Ireland Limited, Gordon House, Barrow Street, Dublin 4, \u0130rlanda;     <span class=\"\"><strong>Yasal dayanak:<\/strong> R\u0131za (Madde 6 paragraf 1 c\u00fcmle 1 lit. a) GDPR);  <\/span><strong>Web sitesi:<\/strong> <a href=\"https:\/\/support.google.com\/analytics\/answer\/7532985?hl=de\" target=\"_blank\" rel=\"noopener\">https:\/\/support.google.com\/analytics\/answer\/7532985?hl=de;<\/a> <strong>Gizlilik Politikas\u0131:<\/strong> <a href=\"https:\/\/policies.google.com\/privacy\" target=\"_blank\" rel=\"noopener\">https:<\/a> <a href=\"https:\/\/business.safety.google\/adsprocessorterms\" target=\"_blank\" rel=\"noopener\">\/\/policies.google.com\/privacy;<\/a> Veri <strong>i\u015fleme s\u00f6zle\u015f<\/strong> mesi: https:\/\/business.safety.google\/adsprocessorterms; <strong>\u00dc\u00e7\u00fcnc\u00fc \u00fclke transferleri i\u00e7in dayanak:<\/strong> Veri Gizlili\u011fi \u00c7er\u00e7evesi (DPF), Standart S\u00f6zle\u015fme Maddeleri<a href=\"https:\/\/business.safety.google\/adsprocessorterms\" target=\"_blank\" rel=\"noopener\">(https:\/\/business.safety.google\/adsprocessorterms<\/a>). <strong>Daha fazla bilgi:<\/strong> <a href=\"https:\/\/business.safety.google\/adsservices\/\" target=\"_blank\" rel=\"noopener\">https:\/\/business.safety.google\/adsservices\/<\/a> (\u0130\u015fleme t\u00fcrleri ve i\u015flenen veriler).  <\/li><li><strong>Google Single Sign-On: <\/strong>Kullan\u0131c\u0131 giri\u015fleri i\u00e7in kimlik do\u011frulama hizmetleri, \u00e7oklu oturum a\u00e7ma i\u015flevlerinin sa\u011flanmas\u0131, kimlik bilgilerinin y\u00f6netimi ve uygulama entegrasyonlar\u0131; <strong>Hizmet sa\u011flay\u0131c\u0131:<\/strong> Google Ireland Limited, Gordon House, Barrow Street, Dublin 4, \u0130rlanda; <span class=\"\"><strong>Yasal dayanak<\/strong>: Me\u015fru menfaatler (Madde 6 paragraf 1 c\u00fcmle 1 lit. f) GDPR <\/span>);<strong>Web sitesi: https:<\/strong> <a href=\"https:\/\/www.google.de\" target=\"_blank\" rel=\"noopener\">\/\/www.google.de<\/a>; <strong>Gizlilik Politikas\u0131: https:<\/strong> <a href=\"https:\/\/policies.google.com\/privacy\" target=\"_blank\" rel=\"noopener\">\/\/policies.google.com\/privacy;<\/a> <strong>\u00dc\u00e7\u00fcnc\u00fc \u00fclke transferleri i\u00e7in dayanak:<\/strong> Veri Gizlili\u011fi \u00c7er\u00e7evesi (DPF). <strong>\u0130tiraz olas\u0131l\u0131\u011f\u0131 (opt-out):<\/strong> Reklamlar\u0131n g\u00f6r\u00fcnt\u00fclenmesi i\u00e7in ayarlar: <a href=\"https:\/\/myadcenter.google.com\/\" target=\"_blank\" rel=\"noopener\">https:\/\/myadcenter.google.com\/.<\/a><\/li><li><strong>Google Sites: <\/strong>Web sitelerinin olu\u015fturulmas\u0131 ve web bar\u0131nd\u0131rma (depolama alan\u0131 ve bilgisayar kapasitesi sa\u011flanmas\u0131); <strong>Hizmet sa\u011flay\u0131c\u0131<\/strong>: Google Ireland Limited, Gordon House, Barrow Street, Dublin 4, \u0130rlanda; <span class=\"\"><strong>Yasal dayanak<\/strong>: Me\u015fru menfaatler (Madde 6 paragraf 1 c\u00fcmle 1 lit. f) GDPR <\/span>);<strong>Web sitesi:<\/strong> <a href=\"https:\/\/workspace.google.com\/products\/sites\/\" target=\"_blank\" rel=\"noopener\">https:\/\/workspace.google.com\/products\/sites\/<\/a>; <strong>Gizlilik Politikas\u0131:<\/strong> <a href=\"https:\/\/cloud.google.com\/privacy\" target=\"_blank\" rel=\"noopener\">https:\/\/cloud.google.com\/privacy<\/a>; Veri <strong>i\u015fleme<\/strong> s\u00f6zle\u015fmesi: <a href=\"https:\/\/cloud.google.com\/terms\/data-processing-addendum\" target=\"_blank\" rel=\"noopener\">https:\/\/cloud.google.com\/terms\/data-processing-addendum<\/a>; <strong>\u00dc\u00e7\u00fcnc\u00fc \u00fclke transferleri i\u00e7in dayanak:<\/strong> Veri Gizlili\u011fi \u00c7er\u00e7evesi (DPF), Standart S\u00f6zle\u015fme Maddeleri<a href=\"https:\/\/cloud.google.com\/terms\/eu-model-contract-clause\" target=\"_blank\" rel=\"noopener\">(https:\/\/cloud.google.com\/terms\/eu-model-contract-clause<\/a>). <strong>Daha fazla bilgi:<\/strong> <a href=\"https:\/\/cloud.google.com\/privacy\" target=\"_blank\" rel=\"noopener\">https:\/\/cloud.google.com\/privacy.<\/a><\/li><li><strong>Google Looker Studio: <\/strong>Etkile\u015fimli raporlar\u0131n ve g\u00f6sterge tablolar\u0131n\u0131n olu\u015fturulmas\u0131, farkl\u0131 veri kaynaklar\u0131n\u0131n ba\u011flanmas\u0131, verilerin \u00e7izelgeler ve grafikler arac\u0131l\u0131\u011f\u0131yla g\u00f6rselle\u015ftirilmesi, ger\u00e7ek zamanl\u0131 veri senkronizasyonu, raporlar\u0131n di\u011fer kullan\u0131c\u0131larla payla\u015f\u0131lmas\u0131, rapor d\u00fczenlerinin ve tasar\u0131mlar\u0131n\u0131n \u00f6zelle\u015ftirilmesi; <strong>Hizmet sa\u011flay\u0131c\u0131:<\/strong> Google Cloud EMEA Limited, 70 Sir John Rogerson&#8217;s Quay, Dublin 2, \u0130rlanda; <span class=\"\"><strong>Yasal dayanak:<\/strong> Me\u015fru menfaatler (Madde 6 paragraf 1 c\u00fcmle 1 lit. f) GDPR); <\/span><strong>Web sitesi:<\/strong> <a href=\"https:\/\/cloud.google.com\/looker-studio?hl=de\" target=\"_blank\" rel=\"noopener\">https:\/\/cloud.google.com\/looker-studio?hl=de<\/a>; <strong>Gizlilik Politikas\u0131:<\/strong> <a href=\"https:\/\/policies.google.com\/privacy\" target=\"_blank\" rel=\"noopener\">https:\/\/policies.google.com\/privacy<\/a>; <strong>Veri i\u015fleme s\u00f6zle\u015fmesi:<\/strong> <a href=\"https:\/\/cloud.google.com\/terms\/data-processing-addendum\" target=\"_blank\" rel=\"noopener\">https:\/\/cloud.google.com\/terms\/data-processing-addendum<\/a> <span class=\"\">. <\/span> <strong>\u00dc\u00e7\u00fcnc\u00fc \u00fclke transferleri i\u00e7in dayanak:<\/strong> Veri Gizlili\u011fi \u00c7er\u00e7evesi (DPF), Standart S\u00f6zle\u015fme Maddeleri<a href=\"https:\/\/cloud.google.com\/terms\/eu-model-contract-clause\" target=\"_blank\" rel=\"noopener\">(https:\/\/cloud.google.com\/terms\/eu-model-contract-clause<\/a>).<\/li><li><strong>Google Calendar: <\/strong>\u00d6deme i\u015flemleri, m\u00fc\u015fteri y\u00f6netimi ve harici takvimler ve \u00e7evrimi\u00e7i platformlarla entegrasyon i\u00e7in aray\u00fczler i\u00e7eren randevular\u0131n planlanmas\u0131 ve y\u00f6netimi i\u00e7in yaz\u0131l\u0131m; <strong>Hizmet sa\u011flay\u0131c\u0131:<\/strong> Google Ireland Limited, Gordon House, Barrow Street, Dublin 4, \u0130rlanda; <span class=\"\"><strong>Yasal dayanak<\/strong>: Me\u015fru menfaatler (Madde 6 paragraf 1 c\u00fcmle 1 lit. f) GDPR); <\/span><strong>Web sitesi:<\/strong> <a href=\"https:\/\/calendar.google.com\" target=\"_blank\" rel=\"noopener\">https:\/\/calendar.google.com;<\/a> <strong>Gizlilik Politikas\u0131:<\/strong> <a href=\"https:\/\/policies.google.com\/privacy\" target=\"_blank\" rel=\"noopener\">https:\/\/policies.google.com\/privacy<\/a> <span class=\"\">. <\/span> <strong>\u00dc\u00e7\u00fcnc\u00fc \u00fclke transferleri i\u00e7in dayanak:<\/strong> Veri Gizlili\u011fi \u00c7er\u00e7evesi (DPF).<\/li><li><strong>Google Hosted Libraries: <\/strong>Google Hosted Libraries, en pop\u00fcler a\u00e7\u0131k kaynak JavaScript k\u00fct\u00fcphaneleri i\u00e7in k\u00fcresel olarak kullan\u0131labilen bir i\u00e7erik da\u011f\u0131t\u0131m a\u011f\u0131d\u0131r (CDN). Bunlar, web sitesi y\u00fckleme s\u00fcrelerini optimize etmek, bant geni\u015fli\u011fi kullan\u0131m\u0131n\u0131 azaltmak ve payla\u015f\u0131lan, genel kaynaklar\u0131 kullanarak performans\u0131 art\u0131rmak i\u00e7in web kitapl\u0131klar\u0131 sa\u011flamak i\u00e7in kullan\u0131l\u0131r; <strong>hizmet sa\u011flay\u0131c\u0131<\/strong>: Google Ireland Limited, Gordon House, Barrow Street, Dublin 4, \u0130rlanda; <span class=\"\"><strong>Yasal dayanak:<\/strong> Me\u015fru menfaatler (Madde 6 paragraf 1 c\u00fcmle 1 lit. f) GDPR); <\/span><strong>Web sitesi:<\/strong> <a href=\"https:\/\/developers.google.com\/speed\/libraries\/\" target=\"_blank\" rel=\"noopener\">https:\/\/developers.google.com\/speed\/libraries\/<\/a> <span class=\"\">. <\/span> <strong>Gizlilik Politikas\u0131:<\/strong> <a href=\"https:\/\/policies.google.com\/privacy\" target=\"_blank\" rel=\"noopener\">https:\/\/policies.google.com\/privacy.<\/a> <\/li><li><strong>Google Gemini API: <\/strong>Do\u011fal dili ve ilgili girdileri anlamak ve \u00fcretmek, bilgileri analiz etmek ve tahminlerde bulunmak i\u00e7in tasarlanm\u0131\u015f yapay zeka tabanl\u0131 hizmetlere (&#8220;AI&#8221;, yani &#8220;Yapay Zeka&#8221;, terimin ge\u00e7erli yasal anlam\u0131nda anla\u015f\u0131lmal\u0131d\u0131r) aray\u00fcz eri\u015fimi (&#8220;API&#8221; olarak adland\u0131r\u0131l\u0131r). YZ Hizmetlerinin sa\u011flanmas\u0131, do\u011fal dil tabanl\u0131 makine \u00f6\u011frenimi s\u00fcrecinin bir par\u00e7as\u0131 olarak ki\u015fisel verilerin i\u015flenmesini (toplama, depolama, d\u00fczenleme ve yap\u0131land\u0131rma dahil); Hizmetlerin kalitesini do\u011frulamak veya s\u00fcrd\u00fcrmek i\u00e7in faaliyetlerin ger\u00e7ekle\u015ftirilmesini; YZ Hizmetlerinin g\u00fcvenli\u011fini ve b\u00fct\u00fcnl\u00fc\u011f\u00fcn\u00fc sa\u011flamak i\u00e7in mevcut ama\u00e7lanan i\u015flevselli\u011fi ve deste\u011fi etkileyen hatalar\u0131n tan\u0131mlanmas\u0131n\u0131 ve d\u00fczeltilmesini i\u00e7erir; <strong>Hizmet Sa\u011flay\u0131c\u0131<\/strong>: Google Cloud EMEA Limited, 70 Sir John Rogerson&#8217;s Quay, Dublin 2, \u0130rlanda;    <span class=\"\"><strong>Yasal dayanak:<\/strong> Me\u015fru menfaatler (GDPR Madde 6 paragraf 1 c\u00fcmle 1 lit. f));  <\/span><strong>Web sitesi:<\/strong> Google Cloud EMEA Limited, 70 Sir John Rogerson&#8217;s Quay, Dublin 2, \u0130rlanda; <strong>Gizlilik Politikas\u0131:<\/strong> <a href=\"https:\/\/cloud.google.com\/\" target=\"_blank\" rel=\"noopener\">https:\/\/cloud.google.com\/;<\/a> <strong>Veri \u0130\u015fleme S\u00f6zle\u015fmesi:<\/strong> <a href=\"https:\/\/business.safety.google\/processorterms\/?hl=de\" target=\"_blank\" rel=\"noopener\">https:\/\/business.safety.google\/processorterms\/?hl=de<\/a>. <strong>\u00dc\u00e7\u00fcnc\u00fc \u00fclke transferleri i\u00e7in dayanak:<\/strong> Veri Gizlili\u011fi \u00c7er\u00e7evesi (DPF), Standart S\u00f6zle\u015fme Maddeleri<a href=\"https:\/\/business.safety.google\/processorterms\/?hl=de\" target=\"_blank\" rel=\"noopener\">(https:\/\/business.safety.google\/processorterms\/?hl=de<\/a>). <\/li><li><strong>Google Gemini: <\/strong>Geli\u015fmi\u015f konu\u015fma ve g\u00f6r\u00fcnt\u00fc i\u015fleme yetenekleri sa\u011flamak \u00fczere tasarlanm\u0131\u015f yapay zeka destekli sistem. Do\u011fal dili anlamak ve \u00fcretmek ve g\u00f6r\u00fcnt\u00fcleri analiz etmek i\u00e7in makine \u00f6\u011frenimini kullan\u0131r ve \u00e7e\u015fitli alanlarda geni\u015f bir uygulama yelpazesi sunar; <strong>hizmet sa\u011flay\u0131c\u0131<\/strong>: Google Cloud EMEA Limited, 70 Sir John Rogerson&#8217;s Quay, Dublin 2, \u0130rlanda; <span class=\"\"><strong>Yasal dayanak:<\/strong> Me\u015fru menfaatler (Madde 6 paragraf 1 c\u00fcmle 1 lit. f) GDPR); <\/span><strong>Web sitesi:<\/strong> <a href=\"https:\/\/cloud.google.com\/\" target=\"_blank\" rel=\"noopener\">https:\/\/cloud.google.com\/<\/a>; <strong>Gizlilik Politikas\u0131:<\/strong> <a href=\"https:\/\/policies.google.com\/privacy\" target=\"_blank\" rel=\"noopener\">https:\/\/policies.google.com\/privacy<\/a>; <strong>Veri i\u015fleme s\u00f6zle\u015fmesi:<\/strong> <a href=\"https:\/\/business.safety.google\/processorterms\/?hl=de\" target=\"_blank\" rel=\"noopener\">https:\/\/business.safety.google\/processorterms\/?hl=de<\/a> <span class=\"\">. <\/span> <strong>\u00dc\u00e7\u00fcnc\u00fc \u00fclke transferleri i\u00e7in dayanak:<\/strong> Veri Gizlili\u011fi \u00c7er\u00e7evesi (DPF), Standart S\u00f6zle\u015fme Maddeleri<a href=\"https:\/\/business.safety.google\/processorterms\/?hl=de\" target=\"_blank\" rel=\"noopener\">(https:\/\/business.safety.google\/processorterms\/?hl=de<\/a>). <\/li><li><strong>Microsoft 365 Outlook: <\/strong>\u0130leti\u015fim ve toplant\u0131 organizasyonu i\u00e7in e-posta ve takvim i\u015flevlerinin kullan\u0131m\u0131. \u0130leti\u015fim verileri (ad, e-posta adresi), i\u00e7erik verileri (iletiler, ekler, toplant\u0131 i\u00e7eri\u011fi) ve meta veriler, verimlili\u011fi ve \u00fcretkenli\u011fi art\u0131rma, maliyet verimlili\u011fi, esneklik, mobilite, geli\u015fmi\u015f ileti\u015fim ve M365 ile entegrasyon ama\u00e7lar\u0131 ve \u00e7\u0131karlar\u0131 do\u011frultusunda i\u015flenir. E-postalar\u0131n ve takvim giri\u015flerinin saklanmas\u0131, y\u00f6netici veya kullan\u0131c\u0131 taraf\u0131ndan tan\u0131mlanan y\u00f6nergelere dayan\u0131r; varsay\u0131lan olarak otomatik silme yoktur. Posta kutular\u0131 ve takvimler genellikle ayr\u0131ld\u0131ktan 30 g\u00fcn sonra kald\u0131r\u0131l\u0131r. Ayr\u0131ca, \u00fcr\u00fcn kararl\u0131l\u0131\u011f\u0131 ve iyile\u015ftirmesi i\u00e7in tan\u0131lama verileri toplan\u0131r; <strong>hizmet sa\u011flay\u0131c\u0131<\/strong>: Microsoft Ireland Operations Limited, One Microsoft Place, South County Business Park, Leopardstown, Dublin 18, D18 P521, \u0130rlanda; Microsoft Corporation, One Microsoft Way, Redmond, WA 98052-6399, ABD; <span class=\"\"><strong>Yasal dayanak:<\/strong> Me\u015fru menfaatler (GDPR Madde 6 paragraf 1 c\u00fcmle 1 lit. f)); <\/span><strong>Web sitesi:<\/strong> <a href=\"https:\/\/microsoft.com\" target=\"_blank\" rel=\"noopener\">https:\/\/microsoft.com<\/a>; <strong>Gizlilik Politikas\u0131:<\/strong> <a href=\"https:\/\/privacy.microsoft.com\/de-de\/privacystatement\" target=\"_blank\" rel=\"noopener\">https:\/\/privacy.microsoft.com\/de-de\/privacystatement<\/a>, G\u00fcvenlik bilgileri: <a href=\"https:\/\/www.microsoft.com\/de-de\/trustcenter\" target=\"_blank\" rel=\"noopener\">https:\/\/www.microsoft.com\/de-de\/trustcenter<\/a>; <strong>Veri i\u015fleme s\u00f6zle\u015fmesi:<\/strong> <a href=\"https:\/\/www.microsoft.com\/licensing\/docs\/view\/Microsoft-Products-and-Services-Data-Protection-Addendum-DPA\" target=\"_blank\" rel=\"noopener\">https:\/\/www.microsoft.com\/licensing\/docs\/view\/Microsoft-Products-and-Services-Data-Protection-Addendum-DPA<\/a> <span class=\"\">. <\/span> <strong>\u00dc\u00e7\u00fcnc\u00fc \u00fclke transferleri i\u00e7in dayanak:<\/strong> Veri Gizlili\u011fi \u00c7er\u00e7evesi (DPF), Standart S\u00f6zle\u015fme Maddeleri<a href=\"https:\/\/www.microsoft.com\/licensing\/docs\/view\/Microsoft-Products-and-Services-Data-Protection-Addendum-DPA\" target=\"_blank\" rel=\"noopener\">(https:\/\/www.microsoft.com\/licensing\/docs\/view\/Microsoft-Products-and-Services-Data-Protection-Addendum-DPA<\/a>).    <\/li><li><strong>Microsoft 365 ve Microsoft bulut hizmetleri: <\/strong>Uygulamalar\u0131n sa\u011flanmas\u0131, verilerin ve BT sistemlerinin korunmas\u0131 ve Microsoft taraf\u0131ndan s\u00f6zle\u015fmenin yerine getirilmesi i\u00e7in sistem taraf\u0131ndan olu\u015fturulan g\u00fcnl\u00fck, tan\u0131lama ve meta verilerin kullan\u0131lmas\u0131. \u0130leti\u015fim verileri (ad, e-posta adresi), i\u00e7erik verileri (dosyalar, yorumlar, profiller), yaz\u0131l\u0131m kurulumu ve envanter verileri, cihaz ba\u011flant\u0131s\u0131 ve yap\u0131land\u0131rma verileri, i\u015f etkile\u015fimleri (rozet kayd\u0131rma) ve g\u00fcnl\u00fck ve meta veriler i\u015flenir. \u0130\u015fleme, verimlili\u011fi ve \u00fcretkenli\u011fi, maliyet verimlili\u011fini, esnekli\u011fi, mobiliteyi, geli\u015fmi\u015f ileti\u015fimi, Microsoft hizmetlerinin entegrasyonunu, BT g\u00fcvenli\u011fini ve Microsoft i\u015f i\u015flemlerini art\u0131rmak amac\u0131yla ger\u00e7ekle\u015ftirilir. Verilerin saklanmas\u0131, ilgili belgelere ve \u015firket y\u00f6nergelerine dayan\u0131r; Defender (veri ve BT sistemlerinin korunmas\u0131) i\u00e7in 12 aya kadar ve bask\u0131 y\u00f6netimi i\u00e7in 10 g\u00fcne kadar. Buna ek olarak, \u00fcr\u00fcn istikrar\u0131 ve iyile\u015ftirme i\u00e7in tan\u0131lama verileri toplan\u0131r; <strong>hizmet sa\u011flay\u0131c\u0131<\/strong>: Microsoft Ireland Operations Limited, One Microsoft Place, South County Business Park, Leopardstown, Dublin 18, D18 P521, \u0130rlanda; Microsoft Corporation, One Microsoft Way, Redmond, WA 98052-6399, ABD; <span class=\"\"><strong>Yasal dayanak:<\/strong> Me\u015fru menfaatler (GDPR Madde 6 paragraf 1 c\u00fcmle 1 lit. f)); <\/span><strong>Web sitesi:<\/strong> <a href=\"https:\/\/microsoft.com\/de-de\" target=\"_blank\" rel=\"noopener\">https:\/\/microsoft.com\/de-de<\/a>; <strong>Gizlilik Politikas\u0131:<\/strong> <a href=\"https:\/\/privacy.microsoft.com\/de-de\/privacystatement\" target=\"_blank\" rel=\"noopener\">https:\/\/privacy.microsoft.com\/de-de\/privacystatement<\/a>, G\u00fcvenlik bilgileri: <a href=\"https:\/\/www.microsoft.com\/de-de\/trustcenter\" target=\"_blank\" rel=\"noopener\">https:\/\/www.microsoft.com\/de-de\/trustcenter<\/a>; <strong>Veri i\u015fleme s\u00f6zle\u015fmesi:<\/strong> <a href=\"https:\/\/www.microsoft.com\/licensing\/docs\/view\/Microsoft-Products-and-Services-Data-Protection-Addendum-DPA\" target=\"_blank\" rel=\"noopener\">https:\/\/www.microsoft.com\/licensing\/docs\/view\/Microsoft-Products-and-Services-Data-Protection-Addendum-DPA<\/a> <span class=\"\">. <\/span> <strong>\u00dc\u00e7\u00fcnc\u00fc \u00fclke transferleri i\u00e7in dayanak:<\/strong> Veri Gizlili\u011fi \u00c7er\u00e7evesi (DPF), Standart S\u00f6zle\u015fme Maddeleri<a href=\"https:\/\/www.microsoft.com\/licensing\/docs\/view\/Microsoft-Products-and-Services-Data-Protection-Addendum-DPA\" target=\"_blank\" rel=\"noopener\">(https:\/\/www.microsoft.com\/licensing\/docs\/view\/Microsoft-Products-and-Services-Data-Protection-Addendum-DPA<\/a>).    <\/li><li><strong>Microsoft Reklamc\u0131l\u0131\u011f\u0131: <\/strong>Hizmet sa\u011flay\u0131c\u0131n\u0131n reklam a\u011f\u0131na (\u00f6rn. arama sonu\u00e7lar\u0131nda, videolarda, web sitelerinde vb.) i\u00e7erik ve reklam yerle\u015ftirmek amac\u0131yla \u00e7evrimi\u00e7i pazarlama s\u00fcreci, b\u00f6ylece reklamlara ilgi duydu\u011fu varsay\u0131lan kullan\u0131c\u0131lara g\u00f6sterilir. Buna ek olarak, reklamlar\u0131n d\u00f6n\u00fc\u015f\u00fcm\u00fcn\u00fc, yani kullan\u0131c\u0131lar\u0131n reklamlarla etkile\u015fime girme ve reklam\u0131 yap\u0131lan teklifleri kullanma f\u0131rsat\u0131 olarak de\u011ferlendirip de\u011ferlendirmedi\u011fini (s\u00f6zde d\u00f6n\u00fc\u015f\u00fcm) \u00f6l\u00e7\u00fcyoruz. Ancak, yaln\u0131zca anonim bilgiler al\u0131r\u0131z ve bireysel kullan\u0131c\u0131lar hakk\u0131nda ki\u015fisel bilgi almay\u0131z; <strong>hizmet sa\u011flay\u0131c\u0131<\/strong>: Microsoft Ireland Operations Limited, One Microsoft Place, South County Business Park, Leopardstown, Dublin 18, D18 P521, \u0130rlanda; <span class=\"\"><strong>Yasal dayanak<\/strong>: R\u0131za (Madde 6 paragraf 1 c\u00fcmle 1 lit. a) GDPR), Me\u015fru menfaatler (Madde 6 paragraf 1 c\u00fcmle 1 lit. f) GDPR <\/span>);<strong>Web sitesi:<\/strong> <a href=\"https:\/\/about.ads.microsoft.com\/en-us\" target=\"_blank\" rel=\"noopener\">https:\/\/about.ads.microsoft.com\/en-us<\/a>; <strong>Gizlilik Politikas\u0131:<\/strong> <a href=\"https:\/\/privacy.microsoft.com\/de-de\/privacystatement\" target=\"_blank\" rel=\"noopener\">https:\/\/privacy.microsoft.com\/de-de\/privacystatement<\/a>; <strong>\u00dc\u00e7\u00fcnc\u00fc \u00fclke transferleri i\u00e7in dayanak:<\/strong> Veri Gizlili\u011fi \u00c7er\u00e7evesi (DPF). <strong>\u0130tiraz etme se\u00e7ene\u011fi (opt-out):<\/strong> <a href=\"https:\/\/account.microsoft.com\/privacy\/ad-settings\/\" target=\"_blank\" rel=\"noopener\">https:\/\/account.microsoft.com\/privacy\/ad-settings\/.<\/a>  <\/li><li><strong>Microsoft Azure OpenAI Hizmeti: <\/strong>Do\u011fal dili ve ilgili girdileri anlamak ve \u00fcretmek, bilgileri analiz etmek ve tahminlerde bulunmak i\u00e7in tasarlanm\u0131\u015f yapay zeka tabanl\u0131 hizmetlere (&#8220;AI&#8221;, yani &#8220;Yapay Zeka&#8221;, terimin ge\u00e7erli yasal anlam\u0131nda anla\u015f\u0131lmal\u0131d\u0131r) aray\u00fcz eri\u015fimi (&#8220;API&#8221; olarak adland\u0131r\u0131l\u0131r). YZ Hizmetlerinin sa\u011flanmas\u0131, do\u011fal dil tabanl\u0131 makine \u00f6\u011frenimi s\u00fcrecinin bir par\u00e7as\u0131 olarak ki\u015fisel verilerin i\u015flenmesini (toplama, depolama, d\u00fczenleme ve yap\u0131land\u0131rma dahil); Hizmetlerin kalitesini do\u011frulamak veya s\u00fcrd\u00fcrmek i\u00e7in faaliyetlerin ger\u00e7ekle\u015ftirilmesini; YZ Hizmetlerinin g\u00fcvenli\u011fini ve b\u00fct\u00fcnl\u00fc\u011f\u00fcn\u00fc sa\u011flamak i\u00e7in mevcut ama\u00e7lanan i\u015flevselli\u011fi ve deste\u011fi etkileyen hatalar\u0131n tan\u0131mlanmas\u0131n\u0131 ve d\u00fczeltilmesini i\u00e7erir; <strong>Hizmet Sa\u011flay\u0131c\u0131<\/strong>: Microsoft Ireland Operations Limited, One Microsoft Place, South County Business Park, Leopardstown, Dublin 18, D18 P521, \u0130rlanda;    <span class=\"\"><strong>Yasal dayanak:<\/strong> Me\u015fru menfaatler (GDPR Madde 6 paragraf 1 c\u00fcmle 1 lit. f));  <\/span><strong>Web sitesi:<\/strong> <a href=\"https:\/\/azure.microsoft.com\/de-de\/products\/ai-services\/openai-service\" target=\"_blank\" rel=\"noopener\">https:\/\/azure.microsoft.com\/de-de\/products\/ai-services\/openai-service;<\/a> <strong>Gizlilik Politikas\u0131:<\/strong> <a href=\"https:\/\/privacy.microsoft.com\/de-de\/privacystatement\" target=\"_blank\" rel=\"noopener\">https:\/\/privacy.microsoft.com\/de-de\/privacystatement;<\/a> <strong>Veri i\u015fleme s\u00f6zle\u015fmesi:<\/strong> <a href=\"https:\/\/azure.microsoft.com\/de-de\/support\/legal\/\" target=\"_blank\" rel=\"noopener\">https:\/\/azure.microsoft.com\/de-de\/support\/legal\/.<\/a> <strong>\u00dc\u00e7\u00fcnc\u00fc \u00fclke transferleri i\u00e7in dayanak:<\/strong> Veri Gizlili\u011fi \u00c7er\u00e7evesi (DPF), Standart S\u00f6zle\u015fme Maddeleri<a href=\"https:\/\/azure.microsoft.com\/de-de\/support\/legal\/\" target=\"_blank\" rel=\"noopener\">(https:\/\/azure.microsoft.com\/de-de\/support\/legal\/<\/a>). <\/li><li><strong>Microsoft Bookings: <\/strong>\u00c7evrimi\u00e7i randevu planlama ve randevu y\u00f6netimi; <strong>Hizmet sa\u011flay\u0131c\u0131<\/strong>: Microsoft Ireland Operations Limited, One Microsoft Place, South County Business Park, Leopardstown, Dublin 18, D18 P521, \u0130rlanda; <span class=\"\"><strong>Yasal dayanak:<\/strong> Me\u015fru menfaatler (GDPR Madde 6 paragraf 1 c\u00fcmle 1 lit. f); <\/span><strong>Web sitesi:<\/strong> <a href=\"https:\/\/www.microsoft.com\/de-de\/microsoft-365\/business\/scheduling-and-booking-app\" target=\"_blank\" rel=\"noopener\">https:\/\/www.microsoft.com\/de-de\/microsoft-365\/business\/scheduling-and-booking-app<\/a>; <strong>Gizlilik Politikas\u0131:<\/strong> <a href=\"https:\/\/privacy.microsoft.com\/de-de\/privacystatement\" target=\"_blank\" rel=\"noopener\">https:\/\/privacy.microsoft.com\/de-de\/privacystatement<\/a> <span class=\"\">. <\/span> <strong>Veri i\u015fleme s\u00f6zle\u015fmesi:<\/strong> <a href=\"https:\/\/www.microsoft.com\/licensing\/docs\/view\/Microsoft-Products-and-Services-Data-Protection-Addendum-DPA\" target=\"_blank\" rel=\"noopener\">https:\/\/www.microsoft.com\/licensing\/docs\/view\/Microsoft-Products-and-Services-Data-Protection-Addendum-DPA.<\/a><\/li><li><strong>Microsoft Clarity: <\/strong>Web analiti\u011fi, eri\u015fim \u00f6l\u00e7\u00fcm\u00fc ve i\u015flevler ve i\u00e7erikle ilgili kullan\u0131m ve ilgi alanlar\u0131 a\u00e7\u0131s\u0131ndan kullan\u0131c\u0131 davran\u0131\u015f\u0131n\u0131n analizi ve ayr\u0131ca takma adl\u0131 bir kullan\u0131c\u0131 kimlik numaras\u0131 ve profil olu\u015fturma temelinde kullan\u0131m s\u00fcreleri; <strong>Hizmet sa\u011flay\u0131c\u0131<\/strong>: Microsoft Ireland Operations Limited, One Microsoft Place, South County Business Park, Leopardstown, Dublin 18, D18 P521, \u0130rlanda; <span class=\"\"><strong>Yasal dayanak:<\/strong> R\u0131za (GDPR Madde 6 paragraf 1 c\u00fcmle 1 lit. a); <\/span><strong>Web sitesi:<\/strong> <a href=\"https:\/\/clarity.microsoft.com\" target=\"_blank\" rel=\"noopener\">https:\/\/clarity.microsoft.com<\/a>; <strong>Gizlilik Politikas\u0131:<\/strong> <a href=\"https:\/\/privacy.microsoft.com\/de-de\/privacystatement\" target=\"_blank\" rel=\"noopener\">https:\/\/privacy.microsoft.com\/de-de\/privacystatement<\/a>; <strong>Veri i\u015fleme s\u00f6zle\u015fmesi:<\/strong> <a href=\"https:\/\/www.microsoft.com\/licensing\/docs\/view\/Microsoft-Products-and-Services-Data-Protection-Addendum-DPA\" target=\"_blank\" rel=\"noopener\">https:\/\/www.microsoft.com\/licensing\/docs\/view\/Microsoft-Products-and-Services-Data-Protection-Addendum-DPA<\/a> <span class=\"\">. <\/span> <strong>\u00dc\u00e7\u00fcnc\u00fc \u00fclke transferleri i\u00e7in dayanak:<\/strong> Veri Gizlili\u011fi \u00c7er\u00e7evesi (DPF), Standart S\u00f6zle\u015fme Maddeleri<a href=\"https:\/\/privacy.microsoft.com\/en-us\/privacystatement\" target=\"_blank\" rel=\"noopener\">(https:\/\/privacy.microsoft.com\/en-us\/privacystatement<\/a>).<\/li><li><strong>Microsoft Dynamics: <\/strong>M\u00fc\u015fteri ili\u015fkileri y\u00f6netimi, finansal planlama ve analiz, tedarik zinciri operasyonlar\u0131, i\u015f s\u00fcreci otomasyonu, insan kaynaklar\u0131 y\u00f6netimi ve hizmet optimizasyonu; <strong>Hizmet sa\u011flay\u0131c\u0131<\/strong>: Microsoft Ireland Operations Limited, One Microsoft Place, South County Business Park, Leopardstown, Dublin 18, D18 P521, \u0130rlanda; <span class=\"\"><strong>Yasal dayanak<\/strong>: Me\u015fru menfaatler (Madde 6 paragraf 1 c\u00fcmle 1 lit. f) GDPR); <\/span><strong>Web sitesi:<\/strong> <a href=\"https:\/\/www.microsoft.com\/de-de\/dynamics-365\" target=\"_blank\" rel=\"noopener\">https:\/\/www.microsoft.com\/de-de\/dynamics-365<\/a>; <strong>Gizlilik Politikas\u0131:<\/strong> <a href=\"https:\/\/privacy.microsoft.com\/de-de\/privacystatement\" target=\"_blank\" rel=\"noopener\">https:\/\/privacy.microsoft.com\/de-de\/privacystatement<\/a>; <strong>Veri i\u015fleme s\u00f6zle\u015fmesi<\/strong>: Hizmet sa\u011flay\u0131c\u0131 taraf\u0131ndan sa\u011flan\u0131r. <strong>\u00dc\u00e7\u00fcnc\u00fc \u00fclke transferleri i\u00e7in dayanak:<\/strong> Veri Gizlili\u011fi \u00c7er\u00e7evesi (DPF).<\/li><li><strong>Microsoft AB Veri S\u0131n\u0131r\u0131: <\/strong>Microsoft bulut hizmetlerini kullan\u0131m\u0131m\u0131z, verilerin Avrupa Birli\u011fi (AB) ve Avrupa Serbest Ticaret Birli\u011fi (EFTA) i\u00e7inde depolanmas\u0131n\u0131 ve i\u015flenmesini sa\u011flayan &#8220;AB Veri S\u0131n\u0131r\u0131&#8221; (&#8220;AB Veri S\u0131n\u0131r\u0131&#8221; olarak da an\u0131l\u0131r) \u00e7er\u00e7evesinde ger\u00e7ekle\u015fir.  <br><br>AB Veri S\u0131n\u0131r\u0131, Microsoft&#8217;un belirli \u00e7evrimi\u00e7i hizmetler (Microsoft 365, Azure, Dynamics 365 ve Power Platform) i\u00e7in m\u00fc\u015fteri verilerini ve ki\u015fisel verileri depolamay\u0131 ve i\u015flemeyi taahh\u00fct etti\u011fi tan\u0131mlanm\u0131\u015f bir b\u00f6lgedir. Bu hizmetleri kullanan \u015firketler, verilerinin AB\/EFTA b\u00f6lgesi i\u00e7inde kalmas\u0131n\u0131 sa\u011flayabilir. Bu, hem genel m\u00fc\u015fteri verilerini hem de teknik hizmetlerin bir par\u00e7as\u0131 olarak olu\u015fturulan destek verilerini i\u00e7erir. \u00c7o\u011fu durumda, takma adla an\u0131lan veriler de bu b\u00f6lge i\u00e7inde i\u015flenir.   <br><br>AB Veri S\u0131n\u0131r\u0131, t\u00fcm AB \u00fclkelerinin yan\u0131 s\u0131ra EFTA \u00fclkelerini (Lihten\u015ftayn, \u0130zlanda, Norve\u00e7 ve \u0130svi\u00e7re) i\u00e7erir. Microsoft, Almanya, Fransa, \u0130rlanda, Hollanda, \u0130sve\u00e7, \u0130spanya ve \u0130svi\u00e7re dahil olmak \u00fczere bu \u00fclkelerin bir\u00e7o\u011funda veri merkezleri i\u015fletmektedir. Ba\u015fka konumlar da eklenebilir.  <br><br>Microsoft, hizmetlerinin g\u00fcvenli\u011fini ve i\u015flevselli\u011fini sa\u011flamak i\u00e7in i\u015flemlerinin bir par\u00e7as\u0131 olarak otomatik olarak g\u00fcnl\u00fckler olu\u015fturur. Bu g\u00fcnl\u00fckler temel olarak teknik bilgiler i\u00e7erir, ancak belirli durumlarda, \u00f6rne\u011fin kullan\u0131c\u0131 eylemleri belgelendi\u011finde ki\u015fisel verileri de i\u00e7erebilir. <br><br>Microsoft bu verileri korumak i\u00e7in \u015fifreleme, maskeleme ve tokenizasyon (hassas verilerin izlenemeyen karakter dizeleriyle de\u011fi\u015ftirilmesi) gibi teknikler kullan\u0131r. Bu, Microsoft \u00e7al\u0131\u015fanlar\u0131n\u0131n yaln\u0131zca takma adl\u0131 verileri g\u00f6rmesini ve bireysel kullan\u0131c\u0131lar hakk\u0131nda do\u011frudan sonu\u00e7 \u00e7\u0131karamamas\u0131n\u0131 sa\u011flar. Ayr\u0131ca bu veriler i\u00e7in kat\u0131 eri\u015fim kurallar\u0131 ve silme s\u00fcreleri vard\u0131r.  <br><br>Microsoft, AB d\u0131\u015f\u0131na veri aktar\u0131mlar\u0131n\u0131n yaln\u0131zca kesin olarak tan\u0131mlanm\u0131\u015f birka\u00e7 durumda ger\u00e7ekle\u015fece\u011fine dair g\u00fcvence vermi\u015ftir. Bu, \u00f6rne\u011fin k\u00fcresel siber g\u00fcvenlik \u00f6nlemlerini uygulamak veya bulut hizmetlerinin i\u015flevselli\u011fini sa\u011flamak i\u00e7in gerekli olabilir. Bu aktar\u0131mlar her zaman \u015fifreleme ve takma ad verme gibi y\u00fcksek g\u00fcvenlik standartlar\u0131 alt\u0131nda ger\u00e7ekle\u015fir.  <br><br>AB Veri S\u0131n\u0131r\u0131 ve Microsoft&#8217;un veri koruma \u00f6nlemleri hakk\u0131nda daha fazla bilgi Microsoft AB Veri S\u0131n\u0131r\u0131 G\u00fcven Merkezi&#8217;nde bulunabilir: <a href=\"https:\/\/www.microsoft.com\/en-us\/trust-center\/privacy\/eu-data-boundary\" target=\"_blank\" rel=\"noopener\">https:\/\/www.microsoft.com\/en-us\/trust-center\/privacy\/eu-data-boundary<\/a>.<\/li><li><strong>Microsoft Forms: <\/strong>\u00c7evrimi\u00e7i <strong>formlar\u0131n <\/strong>olu\u015fturulmas\u0131, yan\u0131tlar\u0131n ger\u00e7ek zamanl\u0131 olarak toplanmas\u0131, entegre diyagramlarla sonu\u00e7lar\u0131n analizi. Daha fazla veri i\u015fleme i\u00e7in di\u011fer Office uygulamalar\u0131na entegrasyon. Farkl\u0131 soru tipleri ve cevap se\u00e7enekleri ile \u00f6zelle\u015ftirilebilir formlar ve verilerin d\u0131\u015fa aktar\u0131m\u0131; <strong>hizmet sa\u011flay\u0131c\u0131<\/strong>: Microsoft Ireland Operations Limited, One Microsoft Place, South County Business Park, Leopardstown, Dublin 18, D18 P521, \u0130rlanda; <span class=\"\"><strong>Yasal dayanak:<\/strong> Me\u015fru menfaatler (Madde 6 paragraf 1 c\u00fcmle 1 lit. f) GDPR); <\/span><strong>Web sitesi:<\/strong> <a href=\"https:\/\/forms.office.com\/\" target=\"_blank\" rel=\"noopener\">https:\/\/forms.office.com\/<\/a>; <strong>Gizlilik Politikas\u0131:<\/strong> <a href=\"https:\/\/privacy.microsoft.com\/de-de\/privacystatement\" target=\"_blank\" rel=\"noopener\">https:\/\/privacy.microsoft.com\/de-de\/privacystatement<\/a>; <strong>Veri i\u015fleme s\u00f6zle\u015fmesi:<\/strong> <a href=\"https:\/\/www.microsoft.com\/licensing\/docs\/view\/Microsoft-Products-and-Services-Data-Protection-Addendum-DPA\" target=\"_blank\" rel=\"noopener\">https:\/\/www.microsoft.com\/licensing\/docs\/view\/Microsoft-Products-and-Services-Data-Protection-Addendum-DPA<\/a> <span class=\"\">. <\/span> <strong>\u00dc\u00e7\u00fcnc\u00fc \u00fclke transferleri i\u00e7in dayanak:<\/strong> Veri Gizlili\u011fi \u00c7er\u00e7evesi (DPF), Standart S\u00f6zle\u015fme Maddeleri<a href=\"https:\/\/www.microsoft.com\/licensing\/docs\/view\/Microsoft-Products-and-Services-Data-Protection-Addendum-DPA\" target=\"_blank\" rel=\"noopener\">(https:\/\/www.microsoft.com\/licensing\/docs\/view\/Microsoft-Products-and-Services-Data-Protection-Addendum-DPA<\/a>).  <\/li><li><strong>Microsoft Single Sign-On: <\/strong>Kullan\u0131c\u0131 oturum a\u00e7ma i\u015flemleri i\u00e7in kimlik do\u011frulama hizmetleri, \u00e7oklu oturum a\u00e7ma i\u015flevlerinin sa\u011flanmas\u0131, kimlik bilgilerinin y\u00f6netimi ve uygulama entegrasyonlar\u0131; <strong>Hizmet sa\u011flay\u0131c\u0131:<\/strong> Microsoft Ireland Operations Limited, One Microsoft Place, South County Business Park, Leopardstown, Dublin 18, D18 P521, \u0130rlanda; <span class=\"\"><strong>Yasal dayanak:<\/strong> Me\u015fru menfaatler (GDPR Madde 6 paragraf 1 c\u00fcmle 1 lit. f); <\/span><strong>Web sitesi:<\/strong> <a href=\"https:\/\/www.microsoft.com\/de-de\/security\/business\/identity-access\/azure-active-directory-single-sign-on\" target=\"_blank\" rel=\"noopener\">https:\/\/www.microsoft.com\/de-de\/security\/business\/identity-access\/azure-active-directory-single-sign-on<\/a>; <strong>Gizlilik Politikas\u0131:<\/strong> <a href=\"https:\/\/privacy.microsoft.com\/de-de\/privacystatement\" target=\"_blank\" rel=\"noopener\">https:\/\/privacy.microsoft.com\/de-de\/privacystatement<\/a>; <strong>\u00dc\u00e7\u00fcnc\u00fc \u00fclke aktar\u0131mlar\u0131 i\u00e7in dayanak:<\/strong> Veri Gizlili\u011fi \u00c7er\u00e7evesi (DPF). <strong>Daha fazla bilgi:<\/strong> <a href=\"https:\/\/www.microsoft.com\/de-de\/trust-center\" target=\"_blank\" rel=\"noopener\">https:\/\/www.microsoft.com\/de-de\/trust-center.<\/a><\/li><li><strong>Microsoft Store: <\/strong>Uygulama ve yaz\u0131l\u0131m sat\u0131\u015f platformu; <strong>Hizmet sa\u011flay\u0131c\u0131<\/strong>: Microsoft Ireland Operations Limited, One Microsoft Place, South County Business Park, Leopardstown, Dublin 18, D18 P521, \u0130rlanda; <span class=\"\"><strong>Yasal dayanak:<\/strong> Me\u015fru menfaatler (GDPR Madde 6 paragraf 1 c\u00fcmle 1 lit. f); <\/span><strong>Web sitesi:<\/strong> <a href=\"https:\/\/www.microsoft.com\/de-de\/store\/b\/sale\" target=\"_blank\" rel=\"noopener\">https:\/\/www.microsoft.com\/de-de\/store\/b\/sale;<\/a> <strong>Gizlilik Politikas\u0131:<\/strong> <a href=\"https:\/\/privacy.microsoft.com\/de-de\/privacystatement\" target=\"_blank\" rel=\"noopener\">https:\/\/privacy.microsoft.com\/de-de\/privacystatement<\/a>, G\u00fcvenlik bilgileri: <a href=\"https:\/\/www.microsoft.com\/de-de\/trustcenter\" target=\"_blank\" rel=\"noopener\">https:\/\/www.microsoft.com\/de-de\/trustcenter<\/a> <span class=\"\">. <\/span> <strong>\u00dc\u00e7\u00fcnc\u00fc \u00fclke transferleri i\u00e7in dayanak:<\/strong> Veri Gizlili\u011fi \u00c7er\u00e7evesi (DPF).<\/li><li><strong>\u00c7evrimi\u00e7i kurslar ve \u00e7evrimi\u00e7i e\u011fitimler: <\/strong>\u00c7evrimi\u00e7i kurslar\u0131m\u0131z ve \u00e7evrimi\u00e7i e\u011fitim programlar\u0131m\u0131zdaki kat\u0131l\u0131mc\u0131lar\u0131n (genel olarak &#8220;kat\u0131l\u0131mc\u0131lar&#8221; olarak an\u0131lacakt\u0131r) verilerini, onlara kurs ve e\u011fitim hizmetlerimizi sunabilmek i\u00e7in i\u015flemekteyiz. Bu ba\u011flamda i\u015flenen veriler, i\u015flenmesinin t\u00fcr\u00fc, kapsam\u0131, amac\u0131 ve gereklili\u011fi, temel s\u00f6zle\u015fme ili\u015fkisi taraf\u0131ndan belirlenir. Veriler genel olarak kullan\u0131lan kurslar ve hizmetler hakk\u0131ndaki bilgileri ve hizmet yelpazemizin bir par\u00e7as\u0131ysa kat\u0131l\u0131mc\u0131lar\u0131n ki\u015fisel \u00f6zelliklerini ve sonu\u00e7lar\u0131n\u0131 i\u00e7erir. \u0130\u015fleme bi\u00e7imleri ayr\u0131ca hizmetlerimizin ve kurs ve e\u011fitim e\u011fitmenlerinin performans \u00f6l\u00e7\u00fcm\u00fc ve de\u011ferlendirmesini de i\u00e7erir. Buna ek olarak, ilgili kurslar\u0131n veya \u00f6\u011frenme i\u00e7eri\u011finin \u00f6zelliklerine ve yap\u0131s\u0131na ba\u011fl\u0131 olarak, kat\u0131l\u0131m\u0131 belgelemek i\u00e7in kat\u0131l\u0131m takibi, s\u0131nav ve test sonu\u00e7lar\u0131n\u0131 toplayarak \u00f6\u011frenme ilerlemesini \u00f6l\u00e7mek ve analiz etmek i\u00e7in ilerleme izleme ve forum g\u00f6nderileri ve g\u00f6rev g\u00f6nderimleri gibi \u00f6\u011frenme platformlar\u0131ndaki etkile\u015fimleri analiz etme gibi ba\u015fka i\u015fleme i\u015flemleri de uygulanabilir; <span class=\"\"><strong>yasal dayanak:<\/strong> s\u00f6zle\u015fmenin yerine getirilmesi ve s\u00f6zle\u015fme \u00f6ncesi sorular (GDPR Madde 6 paragraf 1 c\u00fcmle 1 lit. b)).<\/span>    <\/li><li><strong>\u00c7evrimi\u00e7i ma\u011faza, sipari\u015f formlar\u0131, e-ticaret ve hizmetlerin yerine getirilmesi: <\/strong>M\u00fc\u015fterilerimizin verilerini, se\u00e7ilen \u00fcr\u00fcnleri, mallar\u0131 ve ilgili hizmetleri se\u00e7melerini, sat\u0131n almalar\u0131n\u0131 veya sipari\u015f etmelerini ve ayr\u0131ca \u00f6deme ve tedarik, teslimat veya y\u00fcr\u00fctmelerini sa\u011flamak i\u00e7in i\u015fliyoruz. Bir sipari\u015fin yerine getirilmesi i\u00e7in gerekli olmas\u0131 halinde, m\u00fc\u015fterilerimiz i\u00e7in teslimat\u0131 veya yerine getirmeyi ger\u00e7ekle\u015ftirmek i\u00e7in hizmet sa\u011flay\u0131c\u0131lar\u0131, \u00f6zellikle posta, nakliye ve nakliye \u015firketlerini kullan\u0131r\u0131z. \u00d6deme i\u015flemlerini ger\u00e7ekle\u015ftirmek i\u00e7in bankalar\u0131n ve \u00f6deme hizmeti sa\u011flay\u0131c\u0131lar\u0131n\u0131n hizmetlerini kullan\u0131r\u0131z. Gerekli bilgiler, sipari\u015f veya benzer sat\u0131n alma s\u00fcreci ba\u011flam\u0131nda bu \u015fekilde i\u015faretlenir ve teslimat veya tedarik ve faturalama i\u00e7in gerekli bilgilerin yan\u0131 s\u0131ra herhangi bir g\u00f6r\u00fc\u015fmeyi ger\u00e7ekle\u015ftirebilmek i\u00e7in ileti\u015fim bilgilerini i\u00e7erir; <span class=\"\"><strong>yasal dayanak:<\/strong> s\u00f6zle\u015fmenin yerine getirilmesi ve s\u00f6zle\u015fme \u00f6ncesi sorular (GDPR Madde 6 paragraf 1 c\u00fcmle 1 lit. b)).<\/span>   <\/li><\/ul><h2 id=\"m3575\">Ticari faaliyetler s\u0131ras\u0131nda kullan\u0131lan sa\u011flay\u0131c\u0131lar ve hizmetler<\/h2><p>Ticari faaliyetlerimizin bir par\u00e7as\u0131 olarak, yasal gerekliliklere uygun olarak \u00fc\u00e7\u00fcnc\u00fc taraf sa\u011flay\u0131c\u0131lardan ek hizmetler, platformlar, aray\u00fczler veya eklentiler (k\u0131saca &#8220;hizmetler&#8221;) kullan\u0131yoruz. Bunlar\u0131n kullan\u0131m\u0131, ticari faaliyetlerimizin ve i\u00e7 organizasyonumuzun do\u011fru, yasal ve ekonomik y\u00f6netimine ili\u015fkin \u00e7\u0131karlar\u0131m\u0131za dayanmaktad\u0131r. <\/p><ul class=\"m-elements\"><li><strong>\u0130\u015flenen veri t\u00fcrleri:<\/strong> envanter verileri (\u00f6rn. tam ad, ikamet adresi, ileti\u015fim bilgileri, m\u00fc\u015fteri numaras\u0131, vb.); \u00f6deme verileri (\u00f6rn. banka bilgileri, faturalar, \u00f6deme ge\u00e7mi\u015fi); ileti\u015fim verileri (\u00f6rn. posta ve e-posta adresleri veya telefon numaralar\u0131); i\u00e7erik verileri (\u00f6rn. metin veya resim mesajlar\u0131 ve katk\u0131lar\u0131n yan\u0131 s\u0131ra yazarl\u0131k veya olu\u015fturma zaman\u0131 bilgileri gibi bunlarla ilgili bilgiler). S\u00f6zle\u015fme verileri (\u00f6rne\u011fin s\u00f6zle\u015fmenin konusu, s\u00fcresi, m\u00fc\u015fteri kategorisi). <\/li><li><strong>\u0130lgili ki\u015filer:<\/strong> Hizmet al\u0131c\u0131lar\u0131 ve m\u00fc\u015fteriler; ilgili taraflar; i\u015f ve s\u00f6zle\u015fme ortaklar\u0131. \u00c7al\u0131\u015fanlar (\u00f6rn. \u00e7al\u0131\u015fanlar, ba\u015fvuru sahipleri, ge\u00e7ici personel ve di\u011fer \u00e7al\u0131\u015fanlar). <\/li><li><strong>\u0130\u015fleme ama\u00e7lar\u0131:<\/strong> S\u00f6zle\u015fmeye dayal\u0131 hizmetlerin sa\u011flanmas\u0131 ve s\u00f6zle\u015fmeden do\u011fan y\u00fck\u00fcml\u00fcl\u00fcklerin yerine getirilmesi; ofis ve organizasyon prosed\u00fcrleri. \u0130\u015f s\u00fcre\u00e7leri ve i\u015f y\u00f6netimi prosed\u00fcrleri. <\/li><li>Saklama <strong>ve silme:<\/strong> &#8220;Veri saklama ve silme hakk\u0131nda genel bilgiler&#8221; b\u00f6l\u00fcm\u00fcndeki bilgilere uygun olarak silme.<\/li><li class=\"\"><strong>Yasal dayanak:<\/strong> Me\u015fru menfaatler (GDPR Madde 6 paragraf 1 c\u00fcmle 1 lit. f)).<\/li><\/ul><p><strong>\u0130\u015fleme faaliyetleri, prosed\u00fcrleri ve hizmetleri hakk\u0131nda daha fazla bilgi:<\/strong><\/p><ul class=\"m-elements\"><li><strong>DATEV: <\/strong>Muhasebe, vergi dan\u0131\u015fmanlar\u0131 ve yetkililerle ileti\u015fim ve belge depolama yaz\u0131l\u0131m\u0131; <strong>Hizmet sa\u011flay\u0131c\u0131:<\/strong> DATEV eG, Paumgartnerstr. 6 &#8211; 14, 90429 N\u00fcrnberg, Almanya; <span class=\"\"><strong>Yasal dayanak:<\/strong> Me\u015fru menfaatler (Madde 6 paragraf 1 c\u00fcmle 1 lit. f) GDPR); <\/span><strong>Web sitesi:<\/strong> <a href=\"https:\/\/www.datev.de\/web\/de\/mydatev\/datev-cloud-anwendungen\/\" target=\"_blank\" rel=\"noopener\">https:\/\/www.datev.de\/web\/de\/mydatev\/datev-cloud-anwendungen\/;<\/a> <strong>Gizlilik Politikas\u0131:<\/strong> <a href=\"https:\/\/www.datev.de\/web\/de\/m\/ueber-datev\/datenschutz\/\" target=\"_blank\" rel=\"noopener\">https:\/\/www.datev.de\/web\/de\/m\/ueber-datev\/datenschutz\/<\/a>. <strong>Veri i\u015fleme s\u00f6zle\u015fmesi:<\/strong> Hizmet sa\u011flay\u0131c\u0131 taraf\u0131ndan sa\u011flan\u0131r. <\/li><\/ul><h2 id=\"m326\">\u00d6deme prosed\u00fcr\u00fc<\/h2><p>S\u00f6zle\u015fmesel ve di\u011fer yasal ili\u015fkilerin bir par\u00e7as\u0131 olarak, yasal y\u00fck\u00fcml\u00fcl\u00fckler nedeniyle veya ba\u015fka bir \u015fekilde me\u015fru menfaatlerimize dayanarak, veri sahiplerine verimli ve g\u00fcvenli \u00f6deme se\u00e7enekleri sunar ve bankalara ve kredi kurulu\u015flar\u0131na ek olarak di\u011fer hizmet sa\u011flay\u0131c\u0131lar\u0131 kullan\u0131r\u0131z (topluca &#8220;\u00f6deme hizmeti sa\u011flay\u0131c\u0131lar\u0131&#8221; olarak an\u0131lacakt\u0131r).<\/p><p>\u00d6deme hizmeti sa\u011flay\u0131c\u0131lar\u0131 taraf\u0131ndan i\u015flenen veriler, isim ve adres gibi envanter verilerini, hesap numaralar\u0131 veya kredi kart\u0131 numaralar\u0131, \u015fifreler, TAN&#8217;lar ve sa\u011flama toplamlar\u0131 gibi banka verilerinin yan\u0131 s\u0131ra s\u00f6zle\u015fme, toplam ve al\u0131c\u0131 ile ilgili bilgileri i\u00e7erir. Bu bilgiler i\u015flemlerin ger\u00e7ekle\u015ftirilmesi i\u00e7in gereklidir. Ancak, girilen veriler yaln\u0131zca \u00f6deme hizmeti sa\u011flay\u0131c\u0131lar\u0131 taraf\u0131ndan i\u015flenir ve onlar taraf\u0131ndan saklan\u0131r. Bu, hesap veya kredi kart\u0131yla ilgili herhangi bir bilgi almad\u0131\u011f\u0131m\u0131z, yaln\u0131zca \u00f6deme hakk\u0131nda onay veya olumsuz bilgi i\u00e7eren bilgiler ald\u0131\u011f\u0131m\u0131z anlam\u0131na gelir. Belirli ko\u015fullar alt\u0131nda, veriler \u00f6deme hizmeti sa\u011flay\u0131c\u0131lar\u0131 taraf\u0131ndan kredi kurulu\u015flar\u0131na iletilebilir. Bu iletimin amac\u0131 kimlik ve kredi itibar\u0131n\u0131 kontrol etmektir. L\u00fctfen \u00f6deme hizmeti sa\u011flay\u0131c\u0131lar\u0131n\u0131n genel h\u00fck\u00fcm ve ko\u015fullar\u0131na ve veri koruma bilgilerine bak\u0131n.<\/p><p>\u00d6deme i\u015flemleri, ilgili web sitelerinden veya i\u015flem uygulamalar\u0131ndan eri\u015filebilen ilgili \u00f6deme hizmeti sa\u011flay\u0131c\u0131lar\u0131n\u0131n h\u00fck\u00fcm ve ko\u015fullar\u0131na ve veri koruma bildirimlerine tabidir. Daha fazla bilgi ve iptal, bilgi ve di\u011fer veri sahibi haklar\u0131n\u0131n ileri s\u00fcr\u00fclmesi i\u00e7in bunlara da at\u0131fta bulunuyoruz. <\/p><ul class=\"m-elements\"><li><strong>\u0130\u015flenen veri t\u00fcrleri:<\/strong> envanter verileri (\u00f6rn. tam ad, ikamet adresi, ileti\u015fim bilgileri, m\u00fc\u015fteri numaras\u0131, vb.); \u00f6deme verileri (\u00f6rn. banka bilgileri, faturalar, \u00f6deme ge\u00e7mi\u015fi); s\u00f6zle\u015fme verileri (\u00f6rn. s\u00f6zle\u015fmenin konusu, s\u00fcresi, m\u00fc\u015fteri kategorisi); kullan\u0131m verileri (\u00f6rn. sayfa g\u00f6r\u00fcnt\u00fclemeleri ve kal\u0131\u015f s\u00fcresi, t\u0131klama yollar\u0131, kullan\u0131m yo\u011funlu\u011fu ve s\u0131kl\u0131\u011f\u0131, kullan\u0131lan cihaz t\u00fcrleri ve i\u015fletim sistemleri, i\u00e7erik ve i\u015flevlerle etkile\u015fimler); meta veriler (\u00f6rn. IP adresi, IP adresi, telefon numaras\u0131, vb.) sayfa g\u00f6r\u00fcnt\u00fclemeleri ve kalma s\u00fcresi, t\u0131klama yollar\u0131, kullan\u0131m yo\u011funlu\u011fu ve s\u0131kl\u0131\u011f\u0131, kullan\u0131lan cihaz t\u00fcrleri ve i\u015fletim sistemleri, i\u00e7erik ve i\u015flevlerle etkile\u015fimler); meta, ileti\u015fim ve i\u015flem verileri (\u00f6r. IP adresleri, zaman verileri, kimlik numaralar\u0131, ilgili ki\u015filer); ileti\u015fim verileri (\u00f6r. posta ve e-posta adresleri veya telefon numaralar\u0131). \u0130\u00e7erik verileri (\u00f6rn. metinsel veya g\u00f6rsel mesajlar ve katk\u0131lar\u0131n yan\u0131 s\u0131ra yazarl\u0131k veya olu\u015fturma zaman\u0131 bilgileri gibi bunlarla ilgili bilgiler). <\/li><li><strong>\u0130lgili ki\u015filer:<\/strong> Hizmet al\u0131c\u0131lar\u0131 ve m\u00fc\u015fteriler; i\u015f ve s\u00f6zle\u015fme ortaklar\u0131; ilgili taraflar. \u0130leti\u015fim ortaklar\u0131. <\/li><li><strong>\u0130\u015fleme ama\u00e7lar\u0131:<\/strong> S\u00f6zle\u015fmeye dayal\u0131 hizmetlerin sa\u011flanmas\u0131 ve s\u00f6zle\u015fmeden do\u011fan y\u00fck\u00fcml\u00fcl\u00fcklerin yerine getirilmesi; i\u015f s\u00fcre\u00e7leri ve i\u015f y\u00f6netimi prosed\u00fcrleri; ileti\u015fim. Ofis ve organizasyon prosed\u00fcrleri. <\/li><li>Saklama <strong>ve silme:<\/strong> &#8220;Veri saklama ve silme hakk\u0131nda genel bilgiler&#8221; b\u00f6l\u00fcm\u00fcndeki bilgilere uygun olarak silme.<\/li><li class=\"\"><strong>Yasal dayanaklar:<\/strong> S\u00f6zle\u015fmenin yerine getirilmesi ve s\u00f6zle\u015fme \u00f6ncesi sorular (Madde 6 paragraf 1 c\u00fcmle 1 lit. b) GDPR). Me\u015fru menfaatler (GDPR Madde 6 Paragraf 1 C\u00fcmle 1 Bent f). <\/li><\/ul><p><strong>\u0130\u015fleme faaliyetleri, prosed\u00fcrleri ve hizmetleri hakk\u0131nda daha fazla bilgi:<\/strong><\/p><ul class=\"m-elements\"><li><strong>Amazon Payments: <\/strong>\u00d6deme hizmetleri (\u00e7evrimi\u00e7i \u00f6deme y\u00f6ntemlerinin teknik ba\u011flant\u0131s\u0131); <strong>Hizmet sa\u011flay\u0131c\u0131<\/strong>: Amazon Payments Europe S.C.A. 38 avenue J.F. Kennedy, L-1855 Luxembourg; <span class=\"\"><strong>Yasal dayanak:<\/strong> S\u00f6zle\u015fme yerine getirme ve s\u00f6zle\u015fme \u00f6ncesi sorular (Madde 6 paragraf 1 c\u00fcmle 1 lit. b) GDPR); <\/span><strong>Web sitesi:<\/strong> <a href=\"https:\/\/pay.amazon.de\/\" target=\"_blank\" rel=\"noopener\">https:\/\/pay.amazon.de\/<\/a>. <strong>Gizlilik Politikas\u0131:<\/strong> <a href=\"https:\/\/pay.amazon.de\/help\/201212490\" target=\"_blank\" rel=\"noopener\">https:\/\/pay.amazon.de\/help\/201212490.<\/a><\/li><li><strong>American Express: <\/strong>\u00d6deme hizmetleri (\u00e7evrimi\u00e7i \u00f6deme y\u00f6ntemlerinin teknik ba\u011flant\u0131s\u0131); <strong>Hizmet sa\u011flay\u0131c\u0131<\/strong>: American Express Europe S.A., Theodor-Heuss-Allee 112, 60486 Frankfurt am Main, Almanya; <span class=\"\"><strong>Yasal dayanak:<\/strong> S\u00f6zle\u015fmenin yerine getirilmesi ve s\u00f6zle\u015fme \u00f6ncesi sorular (Madde 6 paragraf 1 c\u00fcmle 1 lit. b) GDPR); <\/span><strong>Web sitesi:<\/strong> <a href=\"https:\/\/www.americanexpress.com\/de\/\" target=\"_blank\" rel=\"noopener\">https:\/\/www.americanexpress.com\/de\/<\/a>. <strong>Gizlilik Politikas\u0131:<\/strong> <a href=\"https:\/\/www.americanexpress.com\/de-de\/firma\/legal\/datenschutz-center\/online-datenschutzerklarung\/\" target=\"_blank\" rel=\"noopener\">https:\/\/www.americanexpress.com\/de-de\/firma\/legal\/datenschutz-center\/online-datenschutzerklarung\/.<\/a><\/li><li><strong>Apple Pay: <\/strong>\u00d6deme hizmetleri (\u00e7evrimi\u00e7i \u00f6deme y\u00f6ntemlerinin teknik ba\u011flant\u0131s\u0131); <strong>Hizmet sa\u011flay\u0131c\u0131<\/strong>: Apple Inc, Infinite Loop, Cupertino, CA 95014, ABD; <span class=\"\"><strong>Yasal dayanak:<\/strong> S\u00f6zle\u015fmenin yerine getirilmesi ve s\u00f6zle\u015fme \u00f6ncesi sorular (GDPR Madde 6 paragraf 1 c\u00fcmle 1 lit. b); <\/span><strong>Web sitesi: https:<\/strong> <a href=\"https:\/\/www.apple.com\/de\/apple-pay\/\" target=\"_blank\" rel=\"noopener\">\/\/www.apple.com\/de\/apple-pay\/<\/a> <span class=\"\">. <\/span> <strong>Gizlilik Politikas\u0131:<\/strong> <a href=\"https:\/\/www.apple.com\/legal\/privacy\/de-ww\/\" target=\"_blank\" rel=\"noopener\">https:\/\/www.apple.com\/legal\/privacy\/de-ww\/.<\/a><\/li><li><strong>Google Pay: <\/strong>\u00d6deme hizmetleri (\u00e7evrimi\u00e7i \u00f6deme y\u00f6ntemlerinin teknik ba\u011flant\u0131s\u0131); <strong>Hizmet sa\u011flay\u0131c\u0131<\/strong>: Google Ireland Limited, Gordon House, Barrow Street, Dublin 4, \u0130rlanda; <span class=\"\"><strong>Yasal dayanak:<\/strong> S\u00f6zle\u015fmenin yerine getirilmesi ve s\u00f6zle\u015fme \u00f6ncesi sorular (Madde 6 paragraf 1 c\u00fcmle 1 lit. b) GDPR); <\/span><strong>Web sitesi:<\/strong> <a href=\"https:\/\/pay.google.com\/intl\/de_de\/about\/\" target=\"_blank\" rel=\"noopener\">https:\/\/pay.google.com\/intl\/de_de\/about\/<\/a> <span class=\"\">. <\/span> <strong>Gizlilik Politikas\u0131:<\/strong> <a href=\"https:\/\/policies.google.com\/privacy\" target=\"_blank\" rel=\"noopener\">https:\/\/policies.google.com\/privacy.<\/a><\/li><li><strong>Klarna: <\/strong>\u00d6deme hizmetleri (\u00e7evrimi\u00e7i \u00f6deme y\u00f6ntemlerinin teknik ba\u011flant\u0131s\u0131); <strong>Hizmet sa\u011flay\u0131c\u0131<\/strong>: Klarna Bank AB (publ), Sveav\u00e4gen 46, 111 34 Stockholm, \u0130sve\u00e7; <span class=\"\"><strong>Yasal dayanak:<\/strong> S\u00f6zle\u015f <\/span>menin <span class=\"\">yerine getirilmesi ve s\u00f6zle\u015fme \u00f6ncesi sorular (Madde 6 paragraf 1 c\u00fcmle 1 lit. b) GDPR); <\/span><strong>Web sitesi:<\/strong> <a href=\"https:\/\/www.klarna.com\/de\" target=\"_blank\" rel=\"noopener\">https:\/\/www.klarna.com\/de<\/a> <span class=\"\">. <\/span> <strong>Gizlilik Politikas\u0131:<\/strong> <a href=\"https:\/\/www.klarna.com\/de\/datenschutz\" target=\"_blank\" rel=\"noopener\">https:\/\/www.klarna.com\/de\/datenschutz.<\/a><\/li><li><strong>Mastercard: <\/strong>\u00d6deme hizmetleri (\u00e7evrimi\u00e7i \u00f6deme y\u00f6ntemlerinin teknik ba\u011flant\u0131s\u0131); <strong>Hizmet sa\u011flay\u0131c\u0131<\/strong>: Mastercard Europe SA, Chauss\u00e9e de Tervuren 198A, B-1410 Waterloo, Bel\u00e7ika; <span class=\"\"><strong>Yasal dayanak:<\/strong> S\u00f6zle\u015f <\/span>menin <span class=\"\">yerine getirilmesi ve s\u00f6zle\u015fme \u00f6ncesi sorular (GDPR Madde 6 paragraf 1 c\u00fcmle 1 lit. b)); <\/span><strong>Web sitesi:<\/strong> <a href=\"https:\/\/www.mastercard.de\/de-de.html\" target=\"_blank\" rel=\"noopener\">https:\/\/www.mastercard.de\/de-de.html<\/a> <span class=\"\">. <\/span> <strong>Gizlilik Politikas\u0131:<\/strong> <a href=\"https:\/\/www.mastercard.de\/de-de\/datenschutz.html\" target=\"_blank\" rel=\"noopener\">https:\/\/www.mastercard.de\/de-de\/datenschutz.html.<\/a><\/li><li><strong>Mollie: <\/strong>\u00d6deme hizmetleri (\u00e7evrimi\u00e7i \u00f6deme y\u00f6ntemlerinin teknik ba\u011flant\u0131s\u0131); <strong>Hizmet sa\u011flay\u0131c\u0131<\/strong>: Mollie B.V., Keizersgracht 126, 1015 CW Amsterdam, Hollanda; <span class=\"\"><strong>Yasal dayanak:<\/strong> S\u00f6zle\u015fmenin yerine getirilmesi ve s\u00f6zle\u015fme \u00f6ncesi sorular (Madde 6 paragraf 1 c\u00fcmle 1 lit. b) GDPR); <\/span><strong>Web sitesi:<\/strong> <a href=\"https:\/\/www.mollie.com\/de\" target=\"_blank\" rel=\"noopener\">https:\/\/www.mollie.com\/de<\/a>. <strong>Gizlilik Politikas\u0131:<\/strong> <a href=\"https:\/\/www.mollie.com\/de\/privacy\" target=\"_blank\" rel=\"noopener\">https:\/\/www.mollie.com\/de\/privacy.<\/a><\/li><li>PayPal<strong>: <\/strong>\u00d6deme hizmetleri (\u00e7evrimi\u00e7i \u00f6deme y\u00f6ntemlerinin teknik ba\u011flant\u0131s\u0131) (\u00f6rn. PayPal, PayPal Plus, Braintree); <strong>Hizmet sa\u011flay\u0131c\u0131<\/strong>: PayPal (Europe) S.\u00e0 r.l. et Cie, S.C.A., 22-24 Boulevard Royal, L-2449 Luxembourg; <span class=\"\"><strong>Yasal dayanak:<\/strong> S\u00f6zle\u015f <\/span>menin <span class=\"\">yerine getirilmesi ve s\u00f6zle\u015fme \u00f6ncesi sorular (GDPR Madde 6 paragraf 1 c\u00fcmle 1 lit. b); <\/span><strong>Web sitesi:<\/strong> <a href=\"https:\/\/www.paypal.com\/de\" target=\"_blank\" rel=\"noopener\">https:\/\/www.paypal.com\/de<\/a>. <strong>Gizlilik Politikas\u0131:<\/strong> <a href=\"https:\/\/www.paypal.com\/de\/legalhub\/paypal\/privacy-full\" target=\"_blank\" rel=\"noopener\">https:\/\/www.paypal.com\/de\/legalhub\/paypal\/privacy-full.<\/a><\/li><li><strong>Stripe: <\/strong>\u00d6deme hizmetleri (\u00e7evrimi\u00e7i \u00f6deme y\u00f6ntemlerinin teknik ba\u011flant\u0131s\u0131); <strong>Hizmet sa\u011flay\u0131c\u0131<\/strong>: Stripe, Inc., 510 Townsend Street, San Francisco, CA 94103, ABD; <span class=\"\"><strong>Yasal dayanak:<\/strong> S\u00f6zle\u015fmenin yerine getirilmesi ve s\u00f6zle\u015fme \u00f6ncesi sorular (GDPR Madde 6 paragraf 1 c\u00fcmle 1 lit. b)); <\/span><strong>Web sitesi:<\/strong> <a href=\"https:\/\/stripe.com\" target=\"_blank\" rel=\"noopener\">https:\/\/stripe.com<\/a>; <strong>Gizlilik Politikas\u0131:<\/strong> <a href=\"https:\/\/stripe.com\/de\/privacy\" target=\"_blank\" rel=\"noopener\">https:\/\/stripe.com\/de\/privacy<\/a>. <strong>\u00dc\u00e7\u00fcnc\u00fc \u00fclke transferleri i\u00e7in dayanak:<\/strong> Veri Gizlili\u011fi \u00c7er\u00e7evesi (DPF).<\/li><li><strong>Visa: <\/strong>\u00d6deme hizmetleri (\u00e7evrimi\u00e7i \u00f6deme y\u00f6ntemlerinin teknik ba\u011flant\u0131s\u0131); <strong>Hizmet sa\u011flay\u0131c\u0131<\/strong>: Visa Europe Services Inc, Londra \u015eubesi, 1 Sheldon Square, Londra W2 6TT, Birle\u015fik Krall\u0131k; <span class=\"\"><strong>Yasal dayanak:<\/strong> S\u00f6zle\u015fmenin yerine getirilmesi ve s\u00f6zle\u015fme \u00f6ncesi sorular (GDPR Madde 6 paragraf 1 c\u00fcmle 1 lit. b)); <\/span><strong>Web sitesi:<\/strong> <a href=\"https:\/\/www.visa.de\" target=\"_blank\" rel=\"noopener\">https:\/\/www.visa.de<\/a> <span class=\"\">. <\/span> <strong>Gizlilik Politikas\u0131:<\/strong> <a href=\"https:\/\/www.visa.de\/nutzungsbedingungen\/visa-privacy-center.html\" target=\"_blank\" rel=\"noopener\">https:\/\/www.visa.de\/nutzungsbedingungen\/visa-privacy-center.html.<\/a><\/li><li><strong>iDEAL: <\/strong>\u00d6deme hizmetleri (\u00e7evrimi\u00e7i \u00f6deme y\u00f6ntemlerinin teknik ba\u011flant\u0131s\u0131); <strong>Hizmet sa\u011flay\u0131c\u0131<\/strong>: Currence Holding B.V., Beethovenstraat 300 Amsterdam, 1077, Hollanda; <span class=\"\"><strong>Yasal dayanak:<\/strong> S\u00f6zle\u015f <\/span>menin <span class=\"\">yerine getirilmesi ve s\u00f6zle\u015fme \u00f6ncesi sorular (Madde 6 paragraf 1 c\u00fcmle 1 lit. b) GDPR); <\/span><strong>Web sitesi:<\/strong> <a href=\"https:\/\/www.ideal.nl\/\" target=\"_blank\" rel=\"noopener\">https:\/\/www.ideal.nl\/<\/a>. <strong>Gizlilik Politikas\u0131:<\/strong> <a href=\"https:\/\/www.ideal.nl\/en\/disclaimer-privacy-statement\/\" target=\"_blank\" rel=\"noopener\">https:\/\/www.ideal.nl\/en\/disclaimer-privacy-statement\/.<\/a><\/li><li><strong>Microsoft Teams: <\/strong>\u00c7evrimi\u00e7i etkinlikler, konferanslar d\u00fczenlemek ve dahili ve harici kat\u0131l\u0131mc\u0131larla ileti\u015fim kurmak i\u00e7in kullan\u0131n. Ses iletimi, do\u011frudan mesajlar, grup ileti\u015fimi ve i\u015fbirli\u011fi i\u015flevleri kullan\u0131l\u0131r; ad, i\u015f ileti\u015fim bilgileri, i\u015f profili, kat\u0131l\u0131m ve i\u00e7erik (ses\/video, ses, sohbet, dosyalar, ses transkripsiyonu), verimlili\u011fi ve \u00fcretkenli\u011fi art\u0131rma, maliyet verimlili\u011fi, esneklik, mobilite, geli\u015fmi\u015f ileti\u015fim, BT g\u00fcvenli\u011fi, merkezi bir platform kullan\u0131m\u0131 ve Microsoft taraf\u0131ndan i\u015f i\u015fleme ama\u00e7lar\u0131 ve \u00e7\u0131karlar\u0131 do\u011frultusunda i\u015flenir. Kay\u0131t etkinle\u015ftirilmedi\u011fi s\u00fcrece ses sinyalleri genellikle saklanmaz. Toplant\u0131 ve konferans kay\u0131tlar\u0131, farkl\u0131 bir s\u00fcre belirtilmedi\u011fi s\u00fcrece varsay\u0131lan olarak 90 g\u00fcn boyunca saklan\u0131r. Sohbet ve dosya i\u00e7eri\u011fi, y\u00f6netici veya kullan\u0131c\u0131 taraf\u0131ndan belirtilen y\u00f6nergelere g\u00f6re kaydedilir; otomatik silme \u00f6nceden ayarlanmam\u0131\u015ft\u0131r. Kanallar her 180 g\u00fcnde bir yenilenmelidir, aksi takdirde i\u00e7erik silinir. Ek olarak, sistem taraf\u0131ndan olu\u015fturulan g\u00fcnl\u00fck, tan\u0131lama ve meta veriler i\u015flenir ve \u00fcr\u00fcn kararl\u0131l\u0131\u011f\u0131, g\u00fcvenli\u011fi ve iyile\u015ftirmesi i\u00e7in tan\u0131lama verileri toplan\u0131r; <strong>hizmet sa\u011flay\u0131c\u0131<\/strong>: Microsoft Ireland Operations Limited, One Microsoft Place, South County Business Park, Leopardstown, Dublin 18, D18 P521, \u0130rlanda; Microsoft Corporation, One Microsoft Way, Redmond, WA 98052-6399, ABD; <span class=\"\"><strong>Yasal dayanak:<\/strong> Me\u015fru menfaatler (GDPR Madde 6 paragraf 1 c\u00fcmle 1 lit. f)); <\/span><strong>Web sitesi:<\/strong> <a href=\"https:\/\/www.microsoft.com\/de-de\/microsoft-teams\/\" target=\"_blank\" rel=\"noopener\">https:\/\/www.microsoft.com\/de-de\/microsoft-teams\/;<\/a> <strong>Gizlilik Politikas\u0131:<\/strong> <a href=\"https:\/\/privacy.microsoft.com\/de-de\/privacystatement\" target=\"_blank\" rel=\"noopener\">https:\/\/privacy.microsoft.com\/de-de\/privacystatement<\/a>, G\u00fcvenlik bilgileri: <a href=\"https:\/\/www.microsoft.com\/de-de\/trustcenter\" target=\"_blank\" rel=\"noopener\">https:\/\/www.microsoft.com\/de-de\/trustcenter<\/a> <span class=\"\">. <\/span> <strong>\u00dc\u00e7\u00fcnc\u00fc \u00fclke transferleri i\u00e7in dayanak:<\/strong> Veri Gizlili\u011fi \u00c7er\u00e7evesi (DPF), Standart S\u00f6zle\u015fme Maddeleri<a href=\"https:\/\/www.microsoft.com\/licensing\/docs\/view\/Microsoft-Products-and-Services-Data-Protection-Addendum-DPA\" target=\"_blank\" rel=\"noopener\">(https:\/\/www.microsoft.com\/licensing\/docs\/view\/Microsoft-Products-and-Services-Data-Protection-Addendum-DPA<\/a>).      <\/li><li><strong>Microsoft Bookings: <\/strong>\u00c7evrimi\u00e7i randevu planlama ve randevu y\u00f6netimi; <strong>Hizmet sa\u011flay\u0131c\u0131<\/strong>: Microsoft Ireland Operations Limited, One Microsoft Place, South County Business Park, Leopardstown, Dublin 18, D18 P521, \u0130rlanda; <span class=\"\"><strong>Yasal dayanak:<\/strong> Me\u015fru menfaatler (GDPR Madde 6 paragraf 1 c\u00fcmle 1 lit. f); <\/span><strong>Web sitesi:<\/strong> <a href=\"https:\/\/www.microsoft.com\/de-de\/microsoft-365\/business\/scheduling-and-booking-app\" target=\"_blank\" rel=\"noopener\">https:\/\/www.microsoft.com\/de-de\/microsoft-365\/business\/scheduling-and-booking-app<\/a>; <strong>Gizlilik Politikas\u0131:<\/strong> <a href=\"https:\/\/privacy.microsoft.com\/de-de\/privacystatement\" target=\"_blank\" rel=\"noopener\">https:\/\/privacy.microsoft.com\/de-de\/privacystatement<\/a> <span class=\"\">. <\/span> <strong>Veri i\u015fleme s\u00f6zle\u015fmesi:<\/strong> <a href=\"https:\/\/www.microsoft.com\/licensing\/docs\/view\/Microsoft-Products-and-Services-Data-Protection-Addendum-DPA\" target=\"_blank\" rel=\"noopener\">https:\/\/www.microsoft.com\/licensing\/docs\/view\/Microsoft-Products-and-Services-Data-Protection-Addendum-DPA.<\/a><\/li><li><strong>SOFORT: <\/strong>\u00d6deme hizmetleri (\u00e7evrimi\u00e7i \u00f6deme y\u00f6ntemlerinin teknik ba\u011flant\u0131s\u0131); <strong>Hizmet sa\u011flay\u0131c\u0131<\/strong>: Sofort GmbH, Theresienh\u00f6he 12, 80339 M\u00fcnih, Almanya; <span class=\"\"><strong>Yasal dayanak:<\/strong> Me\u015fru menfaatler (Madde 6 paragraf 1 c\u00fcmle 1 lit. f) GDPR); <\/span><strong>Web sitesi:<\/strong> <a href=\"https:\/\/www.sofort.com\/de\/\" target=\"_blank\" rel=\"noopener\">https:\/\/www.sofort.com\/de\/<\/a> <span class=\"\">. <\/span> <strong>Gizlilik Politikas\u0131:<\/strong> <a href=\"https:\/\/www.sofort.com\/de\/datenschutzhinweise\/\" target=\"_blank\" rel=\"noopener\">https:\/\/www.sofort.com\/de\/datenschutzhinweise\/.<\/a><\/li><li><strong>SumUp \u00d6deme Hizmetleri: <\/strong>\u00d6deme hizmetleri (\u00f6deme ba\u011flant\u0131lar\u0131, kart terminalleri ve POS sistemleri, i\u015flem y\u00f6netimi); <strong>Hizmet sa\u011flay\u0131c\u0131<\/strong>: SumUp Limited, Blok 8, Harcourt Centre, Charlotte Way, Dublin 2, \u0130rlanda D02 K580; <span class=\"\"><strong>Yasal dayanak:<\/strong> Me\u015fru menfaatler (GDPR Madde 6 paragraf 1 c\u00fcmle 1 lit. f); <\/span><strong>Web sitesi:<\/strong> <a href=\"https:\/\/www.sumup.com\/de-de\/\" target=\"_blank\" rel=\"noopener\">https:\/\/www.sumup.com\/de-de\/<\/a> <span class=\"\">. <\/span> <strong>Gizlilik Politikas\u0131:<\/strong> <a href=\"https:\/\/sumup.de\/datenschutzbestimmungen\/\" target=\"_blank\" rel=\"noopener\">https:\/\/sumup.de\/datenschutzbestimmungen\/.<\/a><\/li><li><strong>Przelewy24: <\/strong>\u00d6deme hizmetleri (\u00e7evrimi\u00e7i \u00f6deme y\u00f6ntemlerinin teknik ba\u011flant\u0131s\u0131); <strong>Hizmet sa\u011flay\u0131c\u0131<\/strong>: PayPro SA, ul. Kanclerska 15, 60-327 Poznan, Polonya; <span class=\"\"><strong>Yasal dayanak:<\/strong> S\u00f6zle\u015fmenin yerine getirilmesi ve s\u00f6zle\u015fme \u00f6ncesi sorular (Madde 6 paragraf 1 c\u00fcmle 1 lit. b) GDPR); <\/span><strong>Web sitesi:<\/strong> <a href=\"https:\/\/www.przelewy24.pl\/en\" target=\"_blank\" rel=\"noopener\">https:\/\/www.przelewy24.pl\/en<\/a>. <strong>Gizlilik Politikas\u0131:<\/strong> <a href=\"https:\/\/www.przelewy24.pl\/en\/information-obligation-gdpr-payer\" target=\"_blank\" rel=\"noopener\">https:\/\/www.przelewy24.pl\/en\/information-obligation-gdpr-payer.<\/a> <\/li><\/ul><h2 id=\"m225\">\u00c7evrimi\u00e7i teklifin ve web bar\u0131nd\u0131rman\u0131n sa\u011flanmas\u0131<\/h2><p>Kullan\u0131c\u0131lar\u0131n verilerini, onlara \u00e7evrimi\u00e7i hizmetlerimizi sunmak i\u00e7in i\u015fliyoruz. Bu ama\u00e7la, \u00e7evrimi\u00e7i hizmetlerimizin i\u00e7eri\u011fini ve i\u015flevlerini kullan\u0131c\u0131n\u0131n taray\u0131c\u0131s\u0131na veya son cihaz\u0131na iletmek i\u00e7in gerekli olan kullan\u0131c\u0131n\u0131n IP adresini i\u015fliyoruz. <\/p><ul class=\"m-elements\"><li><strong>\u0130\u015flenen veri t\u00fcrleri:<\/strong> Kullan\u0131m verileri (\u00f6rne\u011fin sayfa g\u00f6r\u00fcnt\u00fclemeleri ve kalma s\u00fcreleri, t\u0131klama yollar\u0131, kullan\u0131m yo\u011funlu\u011fu ve s\u0131kl\u0131\u011f\u0131, kullan\u0131lan cihaz t\u00fcrleri ve i\u015fletim sistemleri, i\u00e7erik ve i\u015flevlerle etkile\u015fimler); meta veriler, ileti\u015fim verileri ve i\u015flem verileri (\u00f6rne\u011fin IP adresleri, zaman verileri, kimlik numaralar\u0131, ilgili ki\u015filer); g\u00fcnl\u00fck verileri (\u00f6rne\u011fin oturum a\u00e7ma veya verilerin al\u0131nmas\u0131 veya eri\u015fim s\u00fcreleriyle ilgili g\u00fcnl\u00fck dosyalar\u0131). \u0130\u00e7erik verileri (\u00f6rn. metin veya resim mesajlar\u0131 ve katk\u0131lar\u0131 ile yazarl\u0131k veya olu\u015fturma zaman\u0131 bilgileri gibi bunlarla ilgili bilgiler).<\/li><li><strong>Veri \u00f6zneleri:<\/strong> Kullan\u0131c\u0131lar (\u00f6rn. web sitesi ziyaret\u00e7ileri, \u00e7evrimi\u00e7i hizmetlerin kullan\u0131c\u0131lar\u0131).<\/li><li><strong>\u0130\u015fleme ama\u00e7lar\u0131:<\/strong> \u00c7evrimi\u00e7i hizmetlerimizin sa\u011flanmas\u0131 ve kullan\u0131c\u0131 dostu olmas\u0131; bilgi teknolojisi altyap\u0131s\u0131 (bilgi sistemlerinin ve teknik cihazlar\u0131n (bilgisayarlar, sunucular vb.) i\u015fletilmesi ve sa\u011flanmas\u0131); g\u00fcvenlik \u00f6nlemleri. S\u00f6zle\u015fmeye dayal\u0131 hizmetlerin sa\u011flanmas\u0131 ve s\u00f6zle\u015fmeden do\u011fan y\u00fck\u00fcml\u00fcl\u00fcklerin yerine getirilmesi.<\/li><li>Saklama<strong>ve silme:<\/strong> &#8220;Veri saklama ve silme hakk\u0131nda genel bilgiler&#8221; b\u00f6l\u00fcm\u00fcndeki bilgilere uygun olarak silme.<\/li><li class=\"\"><strong>Yasal dayanak:<\/strong> Me\u015fru menfaatler (GDPR Madde 6 paragraf 1 c\u00fcmle 1 lit. f)).<\/li><\/ul><p><strong>\u0130\u015fleme faaliyetleri, prosed\u00fcrleri ve hizmetleri hakk\u0131nda daha fazla bilgi:<\/strong><\/p><ul class=\"m-elements\"><li><strong>Kiralanan depolama alan\u0131nda \u00e7evrimi\u00e7i teklifin sa\u011flanmas\u0131: <\/strong>\u00c7evrimi\u00e7i teklifimizin sa\u011flanmas\u0131 i\u00e7in, ilgili bir sunucu sa\u011flay\u0131c\u0131s\u0131ndan (&#8220;web bar\u0131nd\u0131r\u0131c\u0131s\u0131&#8221; olarak da adland\u0131r\u0131l\u0131r) kiralad\u0131\u011f\u0131m\u0131z veya ba\u015fka bir \u015fekilde elde etti\u011fimiz depolama alan\u0131n\u0131, bilgi i\u015flem kapasitesini ve yaz\u0131l\u0131m\u0131 kullan\u0131yoruz; <span class=\"\"><strong>Yasal dayanak:<\/strong> Me\u015fru menfaatler (GDPR Madde 6 paragraf 1 c\u00fcmle 1 lit. f)).<\/span><\/li><li><strong>Eri\u015fim verilerinin ve g\u00fcnl\u00fck dosyalar\u0131n\u0131n toplanmas\u0131: <\/strong>\u00c7evrimi\u00e7i teklifimize eri\u015fim, &#8220;sunucu g\u00fcnl\u00fck dosyalar\u0131&#8221; olarak adland\u0131r\u0131lan bi\u00e7imde kaydedilir. Sunucu g\u00fcnl\u00fck dosyalar\u0131, eri\u015filen web sayfalar\u0131n\u0131n ve dosyalar\u0131n adresini ve ad\u0131n\u0131, eri\u015fim tarihini ve saatini, aktar\u0131lan veri hacimlerini, ba\u015far\u0131l\u0131 eri\u015fim bildirimini, taray\u0131c\u0131 t\u00fcr\u00fcn\u00fc ve s\u00fcr\u00fcm\u00fcn\u00fc, kullan\u0131c\u0131n\u0131n i\u015fletim sistemini, y\u00f6nlendiren URL&#8217;yi (daha \u00f6nce ziyaret edilen sayfa) ve kural olarak IP adreslerini ve talep eden sa\u011flay\u0131c\u0131y\u0131 i\u00e7erebilir. Sunucu g\u00fcnl\u00fck dosyalar\u0131, \u00f6rne\u011fin sunucular\u0131n a\u015f\u0131r\u0131 y\u00fcklenmesini \u00f6nlemek (\u00f6zellikle DDoS sald\u0131r\u0131lar\u0131 olarak adland\u0131r\u0131lan k\u00f6t\u00fc niyetli sald\u0131r\u0131lar durumunda) ve sunucular\u0131n kullan\u0131m\u0131n\u0131 ve istikrar\u0131n\u0131 sa\u011flamak i\u00e7in g\u00fcvenlik amac\u0131yla kullan\u0131labilir; <span class=\"\"><strong>yasal dayanak:<\/strong> Me\u015fru menfaatler (GDPR Madde 6 paragraf 1 c\u00fcmle 1 lit. f)). <\/span><strong>Verilerin silinmesi:<\/strong> G\u00fcnl\u00fck dosyas\u0131 bilgileri en fazla 30 g\u00fcn boyunca saklan\u0131r ve ard\u0131ndan silinir veya anonimle\u015ftirilir. Kan\u0131tlay\u0131c\u0131 ama\u00e7lar i\u00e7in daha fazla saklanmas\u0131 gereken veriler, ilgili olay nihai olarak a\u00e7\u0131kl\u0131\u011fa kavu\u015fturulana kadar silme i\u015fleminin d\u0131\u015f\u0131nda tutulur.   <\/li><li><strong>1&amp;1 IONOS: <\/strong>Bilgi teknolojisi altyap\u0131s\u0131 ve ilgili hizmetlerin (\u00f6rn. depolama alan\u0131 ve\/veya bilgi i\u015flem kapasiteleri) sa\u011flanmas\u0131 alan\u0131ndaki hizmetler; <strong>Hizmet sa\u011flay\u0131c\u0131<\/strong> <span class=\"\"><strong>:<\/strong> <\/span> 1&amp;1 IONOS SE, Elgendorfer Str. 57, 56410 Montabaur, Almanya; <span class=\"\"><strong>Yasal dayanak<\/strong>: Me\u015fru menfaatler (GDPR Madde 6 paragraf 1 c\u00fcmle 1 lit. f)); <\/span><strong>Web sitesi:<\/strong> <a href=\"https:\/\/www.ionos.de\" target=\"_blank\" rel=\"noopener\">https:\/\/www.ionos.de<\/a>; <strong>Gizlilik Politikas\u0131:<\/strong> <a href=\"https:\/\/www.ionos.de\/terms-gtc\/terms-privacy\" target=\"_blank\" rel=\"noopener\">https:\/\/www.ionos.de\/terms-gtc\/terms-privacy<\/a>. <strong>Veri i\u015fleme s\u00f6zle\u015fmesi:<\/strong> <a href=\"https:\/\/www.ionos.de\/hilfe\/datenschutz\/allgemeine-informationen-zur-datenschutz-grundverordnung-dsgvo\/vereinbarung-zur-auftragsverarbeitung-avv-mit-ionos-abschliessen\/\" target=\"_blank\" rel=\"noopener\">https:\/\/www.ionos.de\/hilfe\/datenschutz\/allgemeine-informationen-zur-datenschutz-grundverordnung-dsgvo\/vereinbarung-zur-auftragsverarbeitung-avv-mit-ionos-abschliessen\/.<\/a><\/li><li><strong>Plesk <\/strong>: Bilgi teknolojisi altyap\u0131s\u0131 ve ilgili hizmetlerin (\u00f6rn. depolama alan\u0131 ve\/veya bilgi i\u015flem kapasiteleri) sa\u011flanmas\u0131 alan\u0131ndaki hizmetler; <strong>Hizmet sa\u011flay\u0131c\u0131<\/strong>: Plesk International GmbH, Vordergasse 59, 8200 Schaffhausen, \u0130svi\u00e7re; <span class=\"\"><strong>Yasal dayanak:<\/strong> Me\u015fru menfaatler (Madde 6 paragraf 1 c\u00fcmle 1 lit. f) GDPR); <\/span><strong>Web sitesi:<\/strong> <a href=\"https:\/\/www.parallels.com\/\" target=\"_blank\" rel=\"noopener\">https:\/\/www.parallels.com\/;<\/a> <strong>Gizlilik politikas\u0131:<\/strong> <a href=\"https:\/\/www.plesk.com\/legal\/#privacy-policy\" target=\"_blank\" rel=\"noopener\">https:\/\/www.plesk.com\/legal\/#privacy-policy<\/a> <span class=\"\">. <\/span> <strong>Veri i\u015fleme s\u00f6zle\u015fmesi:<\/strong> Hizmet sa\u011flay\u0131c\u0131 taraf\u0131ndan sa\u011flan\u0131r.<\/li><\/ul><h2 id=\"m134\">\u00c7erezlerin kullan\u0131m\u0131<\/h2><p>&#8220;\u00c7erezler&#8221; terimi, kullan\u0131c\u0131lar\u0131n son cihazlar\u0131nda bilgi depolayan ve bunlar\u0131 okuyan i\u015flevleri ifade eder. \u00c7erezler, \u00f6rne\u011fin \u00e7evrimi\u00e7i tekliflerin i\u015flevselli\u011fini, g\u00fcvenli\u011fini ve rahatl\u0131\u011f\u0131n\u0131 sa\u011flamak ve ziyaret\u00e7i ak\u0131\u015flar\u0131n\u0131n analizlerini olu\u015fturmak gibi \u00e7e\u015fitli ama\u00e7lar i\u00e7in de kullan\u0131labilir. \u00c7erezleri yasal h\u00fck\u00fcmlere uygun olarak kullan\u0131r\u0131z. Gerekirse, \u00f6nceden kullan\u0131c\u0131n\u0131n onay\u0131n\u0131 al\u0131r\u0131z. Onay gerekmiyorsa, me\u015fru menfaatlerimize g\u00fcveniriz. Bu, a\u00e7\u0131k\u00e7a talep edilen i\u00e7erik ve i\u015flevleri sa\u011flayabilmek i\u00e7in bilgilerin saklanmas\u0131 ve okunmas\u0131n\u0131n gerekli olmas\u0131 durumunda ge\u00e7erlidir. Buna \u00f6rne\u011fin ayarlar\u0131n kaydedilmesi ve \u00e7evrimi\u00e7i teklifimizin i\u015flevselli\u011finin ve g\u00fcvenli\u011finin sa\u011flanmas\u0131 dahildir. Onay herhangi bir zamanda iptal edilebilir. Kapsam ve hangi \u00e7erezlerin kullan\u0131ld\u0131\u011f\u0131 hakk\u0131nda net bilgiler sunuyoruz.        <\/p><p><strong>Veri koruma kanunu kapsam\u0131ndaki yasal dayanaklar hakk\u0131nda bilgi: <\/strong>\u00c7erezleri kullanarak ki\u015fisel verileri i\u015fleyip i\u015flemedi\u011fimiz r\u0131zaya ba\u011fl\u0131d\u0131r. Onay verilmi\u015fse, bu yasal dayanak olarak hizmet eder. R\u0131za olmadan, yukar\u0131da bu b\u00f6l\u00fcmde ve ilgili hizmetler ve prosed\u00fcrler ba\u011flam\u0131nda a\u00e7\u0131klanan me\u015fru menfaatlerimize g\u00fcveniyoruz.  <\/p><p>Saklama <strong>s\u00fcresi: <\/strong>Saklama s\u00fcresine ili\u015fkin olarak, a\u015fa\u011f\u0131daki \u00e7erez t\u00fcrleri aras\u0131nda bir ayr\u0131m yap\u0131l\u0131r:<\/p><ul><li><strong>Ge\u00e7ici \u00e7erezler (ayr\u0131ca: oturum \u00e7erezleri):<\/strong> Ge\u00e7ici \u00e7erezler en ge\u00e7 bir kullan\u0131c\u0131 \u00e7evrimi\u00e7i bir hizmetten ayr\u0131ld\u0131ktan ve son cihaz\u0131n\u0131 (\u00f6rne\u011fin taray\u0131c\u0131 veya mobil uygulama) kapatt\u0131ktan sonra silinir.<\/li><li>Kal\u0131c\u0131 \u00e7erezler<strong>:<\/strong> Kal\u0131c\u0131 \u00e7erezler, son cihaz kapat\u0131ld\u0131ktan sonra bile saklanmaya devam eder. \u00d6rne\u011fin, oturum a\u00e7ma durumu kaydedilebilir ve kullan\u0131c\u0131 bir web sitesini tekrar ziyaret etti\u011finde favori i\u00e7erik do\u011frudan g\u00f6r\u00fcnt\u00fclenebilir. \u00c7erezler yard\u0131m\u0131yla toplanan kullan\u0131c\u0131 verileri, eri\u015fimi \u00f6l\u00e7mek i\u00e7in de kullan\u0131labilir. Kullan\u0131c\u0131lara \u00e7erezlerin t\u00fcr\u00fc ve saklama s\u00fcresi hakk\u0131nda a\u00e7\u0131k bilgi vermezsek (\u00f6rne\u011fin onay al\u0131rken), bunlar\u0131n kal\u0131c\u0131 oldu\u011funu ve saklama s\u00fcresinin iki y\u0131la kadar olabilece\u011fini varsaymal\u0131d\u0131rlar.<\/li><\/ul><p><strong>\u0130ptal ve itiraz (opt-out) hakk\u0131nda genel bilgiler: <\/strong>Kullan\u0131c\u0131lar, verdikleri onaylar\u0131 istedikleri zaman iptal edebilir ve ayr\u0131ca taray\u0131c\u0131lar\u0131n\u0131n gizlilik ayarlar\u0131 arac\u0131l\u0131\u011f\u0131yla yasal gerekliliklere uygun olarak i\u015flemeye itiraz edebilirler.<\/p><ul class=\"m-elements\"><li><strong>\u0130\u015flenen veri t\u00fcrleri:<\/strong> Meta, ileti\u015fim ve i\u015flem verileri (\u00f6rn. IP adresleri, zaman verileri, kimlik numaralar\u0131, ilgili ki\u015filer). Kullan\u0131m verileri (\u00f6rn. sayfa g\u00f6r\u00fcnt\u00fclemeleri ve bekleme s\u00fcresi, t\u0131klama yollar\u0131, kullan\u0131m yo\u011funlu\u011fu ve s\u0131kl\u0131\u011f\u0131, kullan\u0131lan cihaz t\u00fcrleri ve i\u015fletim sistemleri, i\u00e7erik ve i\u015flevlerle etkile\u015fimler).<\/li><li><strong>Veri \u00f6zneleri:<\/strong> Kullan\u0131c\u0131lar (\u00f6rn. web sitesi ziyaret\u00e7ileri, \u00e7evrimi\u00e7i hizmetlerin kullan\u0131c\u0131lar\u0131).<\/li><li><strong>\u0130\u015fleme ama\u00e7lar\u0131:<\/strong> \u00c7evrimi\u00e7i hizmetlerimizin sa\u011flanmas\u0131 ve kullan\u0131c\u0131 dostu olmas\u0131.<\/li><li class=\"\"><strong>Yasal dayanaklar:<\/strong> Me\u015fru menfaatler (Madde 6 paragraf 1 c\u00fcmle 1 lit. f) GDPR). R\u0131za (Madde 6 paragraf 1 c\u00fcmle 1 lit. a) GDPR).<\/li><\/ul><p><strong>\u0130\u015fleme faaliyetleri, prosed\u00fcrleri ve hizmetleri hakk\u0131nda daha fazla bilgi:<\/strong><\/p><ul class=\"m-elements\"><li><strong>\u00c7erez verilerinin r\u0131za temelinde i\u015flenmesi: <\/strong>\u00c7erezlerin kullan\u0131m\u0131 veya onay y\u00f6netimi \u00e7\u00f6z\u00fcm\u00fcnde belirtilen prosed\u00fcrler ve sa\u011flay\u0131c\u0131lar i\u00e7in kullan\u0131c\u0131 onay\u0131n\u0131n al\u0131nd\u0131\u011f\u0131 bir onay y\u00f6netimi \u00e7\u00f6z\u00fcm\u00fc kullan\u0131yoruz. Bu prosed\u00fcr, \u00f6zellikle \u00e7erezlerin ve kullan\u0131c\u0131lar\u0131n son cihazlar\u0131nda bilgi depolamak, okumak ve i\u015flemek i\u00e7in kullan\u0131lan benzer teknolojilerin kullan\u0131m\u0131yla ilgili olarak onay almak, kaydetmek, y\u00f6netmek ve iptal etmek i\u00e7in kullan\u0131l\u0131r. Bu prosed\u00fcr\u00fcn bir par\u00e7as\u0131 olarak, onay y\u00f6netimi prosed\u00fcr\u00fcnde belirtilen belirli i\u015fleme ve sa\u011flay\u0131c\u0131lar da dahil olmak \u00fczere, \u00e7erezlerin kullan\u0131m\u0131 ve ilgili bilgilerin i\u015flenmesi i\u00e7in kullan\u0131c\u0131 onay\u0131 al\u0131n\u0131r. Kullan\u0131c\u0131lar ayr\u0131ca onaylar\u0131n\u0131 y\u00f6netme ve iptal etme se\u00e7ene\u011fine de sahiptir. R\u0131za beyanlar\u0131, tekrarlanan taleplerden ka\u00e7\u0131nmak ve yasal gerekliliklere uygun olarak r\u0131zan\u0131n kan\u0131t\u0131n\u0131 sa\u011flayabilmek i\u00e7in saklan\u0131r. Depolama sunucu taraf\u0131nda ve\/veya bir \u00e7erezde (opt-in \u00e7erezi olarak adland\u0131r\u0131l\u0131r) veya r\u0131zay\u0131 belirli bir kullan\u0131c\u0131ya veya cihaz\u0131na atayabilmek i\u00e7in benzer teknolojiler arac\u0131l\u0131\u011f\u0131yla ger\u00e7ekle\u015fir. Onay y\u00f6netimi hizmetlerinin sa\u011flay\u0131c\u0131lar\u0131 hakk\u0131nda \u00f6zel bir bilgi mevcut de\u011filse, a\u015fa\u011f\u0131daki genel bilgiler ge\u00e7erlidir: Onay iki y\u0131la kadar saklan\u0131r. Onay zaman\u0131, onay\u0131n kapsam\u0131na ili\u015fkin bilgiler (\u00f6rn. ilgili \u00e7erez kategorileri ve\/veya hizmet sa\u011flay\u0131c\u0131lar) ve kullan\u0131lan taray\u0131c\u0131, sistem ve son cihaza ili\u015fkin bilgilerle birlikte saklanan bir takma ad kullan\u0131c\u0131 tan\u0131mlay\u0131c\u0131s\u0131 olu\u015fturulur; <span class=\"\"><strong>yasal dayanak:<\/strong> onay (GDPR Madde 6 paragraf 1 c\u00fcmle 1 lit. a)).<\/span>       <\/li><li>\u00c7erezleri <strong>devre d\u0131\u015f\u0131 b\u0131rakma: <\/strong>Web sitemizin altbilgisinde \u00e7erez ayarlar\u0131n\u0131z\u0131 de\u011fi\u015ftirmek ve onay\u0131n\u0131z\u0131 iptal etmek i\u00e7in kullanabilece\u011finiz bir ba\u011flant\u0131 bulacaks\u0131n\u0131z.<\/li><li><strong>Cookiebot: <\/strong>Onay y\u00f6netimi: \u00d6zellikle kullan\u0131c\u0131lar\u0131n son cihazlar\u0131ndaki bilgileri depolamak, okumak ve i\u015flemek i\u00e7in \u00e7erezlerin ve benzer teknolojilerin kullan\u0131m\u0131 ve bunlar\u0131n i\u015flenmesi i\u00e7in onay alma, kaydetme, y\u00f6netme ve iptal etme s\u00fcreci; <strong>Hizmet sa\u011flay\u0131c\u0131<\/strong>: Usercentrics A\/S, Havnegade 39, 1058 Kopenhag, Danimarka; <strong>Web sitesi:<\/strong> <a href=\"https:\/\/www.cookiebot.com\/de\" target=\"_blank\" rel=\"noopener\">https:\/\/www.cookiebot.com\/de<\/a>; <strong>Gizlilik Politikas\u0131:<\/strong> <a href=\"https:\/\/www.cookiebot.com\/de\/privacy-policy\/\" target=\"_blank\" rel=\"noopener\">https:\/\/www.cookiebot.com\/de\/privacy-policy\/<\/a>; <strong>Veri i\u015fleme s\u00f6zle\u015fmesi:<\/strong> Hizmet sa\u011flay\u0131c\u0131 taraf\u0131ndan sa\u011flan\u0131r; <strong>Ek bilgi:<\/strong> Saklanan veriler (hizmet sa\u011flay\u0131c\u0131n\u0131n sunucusunda): Anonimle\u015ftirilmi\u015f bi\u00e7imde kullan\u0131c\u0131n\u0131n IP numaras\u0131 (son \u00fc\u00e7 basamak 0 olarak ayarlanm\u0131\u015ft\u0131r), onay tarihi ve saati, taray\u0131c\u0131 ayr\u0131nt\u0131lar\u0131, onay\u0131n g\u00f6nderildi\u011fi URL, Anonim, rastgele ve \u015fifrelenmi\u015f bir anahtar de\u011feri. kullan\u0131c\u0131n\u0131n onay durumu. <\/li><\/ul><h2 id=\"m469\">Uygulama (app) kapsam\u0131nda verilerin i\u015flenmesi<\/h2><p>Uygulamam\u0131z\u0131n kullan\u0131c\u0131lar\u0131n\u0131n verilerini, kullan\u0131c\u0131lara uygulamay\u0131 ve i\u015flevlerini sa\u011flamak, g\u00fcvenli\u011fini izlemek ve daha da geli\u015ftirmek i\u00e7in gerekli oldu\u011fu \u00f6l\u00e7\u00fcde i\u015fliyoruz. Ayr\u0131ca, uygulaman\u0131n y\u00f6netilmesi veya kullan\u0131lmas\u0131 amac\u0131yla ileti\u015fimin gerekli olmas\u0131 halinde, yasal gerekliliklere uygun olarak kullan\u0131c\u0131larla ileti\u015fime ge\u00e7ebiliriz. Aksi takdirde, kullan\u0131c\u0131 verilerinin i\u015flenmesiyle ilgili olarak bu gizlilik politikas\u0131ndaki veri koruma bilgilerine ba\u015fvururuz.  <\/p><p><strong>Yasal dayanak: <\/strong>Uygulaman\u0131n i\u015flevlerini sa\u011flamak i\u00e7in gereken verilerin i\u015flenmesi, s\u00f6zle\u015fmeden do\u011fan y\u00fck\u00fcml\u00fcl\u00fcklerin yerine getirilmesine hizmet eder. Bu, i\u015flevlerin sa\u011flanmas\u0131 kullan\u0131c\u0131 yetkilendirmesi gerektiriyorsa da ge\u00e7erlidir (\u00f6rn. cihaz i\u015flevlerinin serbest b\u0131rak\u0131lmas\u0131). Verilerin i\u015flenmesi, uygulaman\u0131n i\u015flevlerinin sa\u011flanmas\u0131 i\u00e7in gerekli de\u011filse, ancak uygulaman\u0131n g\u00fcvenli\u011fine veya ticari \u00e7\u0131karlar\u0131m\u0131za hizmet ediyorsa (\u00f6rne\u011fin, uygulamay\u0131 optimize etmek veya g\u00fcvenlik amac\u0131yla verilerin toplanmas\u0131), me\u015fru \u00e7\u0131karlar\u0131m\u0131z temelinde ger\u00e7ekle\u015ftirilir. Kullan\u0131c\u0131lardan verilerinin i\u015flenmesine a\u00e7\u0131k\u00e7a r\u0131za g\u00f6stermeleri istenirse, r\u0131zan\u0131n kapsad\u0131\u011f\u0131 veriler r\u0131za temelinde i\u015flenir.   <\/p><ul class=\"m-elements\"><li><strong>\u0130\u015flenen veri t\u00fcrleri:<\/strong> envanter verileri (\u00f6rn. tam ad, ikamet adresi, ileti\u015fim bilgileri, m\u00fc\u015fteri numaras\u0131, vb.); kullan\u0131m verileri (\u00f6rn. sayfa g\u00f6r\u00fcnt\u00fclemeleri ve kalma s\u00fcresi, t\u0131klama yollar\u0131, kullan\u0131m yo\u011funlu\u011fu ve s\u0131kl\u0131\u011f\u0131, kullan\u0131lan cihaz t\u00fcrleri ve i\u015fletim sistemleri, i\u00e7erik ve i\u015flevlerle etkile\u015fimler); meta, ileti\u015fim ve i\u015flem verileri (\u00f6rn. IP adresleri, zaman verileri, kimlik numaralar\u0131, ilgili ki\u015filer); \u00f6deme verileri (\u00f6rn. banka bilgileri, faturalar, \u00f6deme ge\u00e7mi\u015fi). S\u00f6zle\u015fme verileri (\u00f6rn. s\u00f6zle\u015fmenin konusu, s\u00fcresi, m\u00fc\u015fteri kategorisi). <\/li><li><strong>Veri \u00f6zneleri:<\/strong> Kullan\u0131c\u0131lar (\u00f6r. web sitesi ziyaret\u00e7ileri, \u00e7evrimi\u00e7i hizmet kullan\u0131c\u0131lar\u0131).<\/li><li><strong>\u0130\u015fleme ama\u00e7lar\u0131:<\/strong> S\u00f6zle\u015fmeye dayal\u0131 hizmetlerin sa\u011flanmas\u0131 ve s\u00f6zle\u015fmeden do\u011fan y\u00fck\u00fcml\u00fcl\u00fcklerin yerine getirilmesi; g\u00fcvenlik \u00f6nlemleri. \u00c7evrimi\u00e7i hizmetlerimizin sa\u011flanmas\u0131 ve kullan\u0131c\u0131 dostu olmas\u0131. <\/li><li>Saklama <strong>ve silme:<\/strong> &#8220;Veri saklama ve silme hakk\u0131nda genel bilgiler&#8221; b\u00f6l\u00fcm\u00fcndeki bilgilere uygun olarak silme.<\/li><li class=\"\"><strong>Yasal dayanaklar:<\/strong> S\u00f6zle\u015fmenin yerine getirilmesi ve s\u00f6zle\u015fme \u00f6ncesi sorular (Madde 6 paragraf 1 c\u00fcmle 1 lit. b) GDPR). Me\u015fru menfaatler (GDPR Madde 6 Paragraf 1 C\u00fcmle 1 Bent f). <\/li><\/ul><p><strong>\u0130\u015fleme faaliyetleri, prosed\u00fcrleri ve hizmetleri hakk\u0131nda daha fazla bilgi:<\/strong><\/p><ul class=\"m-elements\"><li><strong>Ticari kullan\u0131m: <\/strong>Uygulamam\u0131z\u0131n kullan\u0131c\u0131lar\u0131n\u0131n, kay\u0131tl\u0131 kullan\u0131c\u0131lar\u0131n ve herhangi bir test kullan\u0131c\u0131s\u0131n\u0131n (bundan b\u00f6yle tek tip olarak &#8220;kullan\u0131c\u0131lar&#8221; olarak an\u0131lacakt\u0131r) verilerini, onlara s\u00f6zle\u015fmeye dayal\u0131 hizmetlerimizi sunabilmek i\u00e7in ve uygulamam\u0131z\u0131n g\u00fcvenli\u011fini sa\u011flamak ve daha da geli\u015ftirebilmek i\u00e7in me\u015fru menfaatler temelinde i\u015fliyoruz. Gerekli bilgiler, kullan\u0131m, sipari\u015f, sat\u0131n alma sipari\u015fi veya benzer bir s\u00f6zle\u015fmenin imzalanmas\u0131 ba\u011flam\u0131nda bu \u015fekilde tan\u0131mlan\u0131r ve hizmetlerin sa\u011flanmas\u0131 ve faturaland\u0131rma i\u00e7in gerekli bilgilerin yan\u0131 s\u0131ra herhangi bir isti\u015farede bulunabilmek i\u00e7in ileti\u015fim bilgilerini i\u00e7erebilir; <span class=\"\"><strong>yasal dayanak:<\/strong> s\u00f6zle\u015fmenin yerine getirilmesi ve s\u00f6zle\u015fme \u00f6ncesi sorular (GDPR Madde 6 paragraf 1 c\u00fcmle 1 lit. b)).<\/span> <\/li><li><strong>\u0130\u015flevlere ve verilere eri\u015fim i\u00e7in cihaz yetkilendirmeleri: <\/strong>Uygulamam\u0131z\u0131n veya i\u015flevlerinin kullan\u0131m\u0131, kullan\u0131lan cihazlar\u0131n belirli i\u015flevlerine veya cihazlarda depolanan veya cihazlar\u0131n yard\u0131m\u0131yla eri\u015filebilen verilere eri\u015fim i\u00e7in kullan\u0131c\u0131 yetkileri gerektirebilir. Varsay\u0131lan olarak, bu yetkiler kullan\u0131c\u0131lar taraf\u0131ndan verilmelidir ve ilgili cihazlar\u0131n ayarlar\u0131ndan herhangi bir zamanda iptal edilebilir. Uygulama yetkilerini kontrol etmeye y\u00f6nelik kesin prosed\u00fcr, kullan\u0131c\u0131n\u0131n cihaz\u0131na ve yaz\u0131l\u0131m\u0131na ba\u011fl\u0131 olabilir. Kullan\u0131c\u0131lar a\u00e7\u0131klama isterlerse bizimle ileti\u015fime ge\u00e7ebilirler. \u0130lgili yetkilerin reddedilmesi veya iptal edilmesinin uygulamam\u0131z\u0131n i\u015flevselli\u011fini etkileyebilece\u011fini belirtmek isteriz.    <\/li><li><strong>Konum ge\u00e7mi\u015fi ve hareket profili yok: <\/strong>Konum verileri yaln\u0131zca se\u00e7ici olarak kullan\u0131l\u0131r ve kullan\u0131lan cihazlar\u0131n veya kullan\u0131c\u0131lar\u0131n\u0131n konum ge\u00e7mi\u015fini veya hareket profilini olu\u015fturmak i\u00e7in i\u015flenmez.<\/li><\/ul><h2 id=\"m367\">Kay\u0131t, giri\u015f ve kullan\u0131c\u0131 hesab\u0131<\/h2><p>Kullan\u0131c\u0131lar bir kullan\u0131c\u0131 hesab\u0131 olu\u015fturabilir. Kay\u0131t s\u00fcrecinin bir par\u00e7as\u0131 olarak, kullan\u0131c\u0131lara gerekli zorunlu bilgiler sa\u011flan\u0131r ve y\u00fck\u00fcml\u00fcl\u00fcklerin s\u00f6zle\u015fmeye dayal\u0131 olarak yerine getirilmesi temelinde kullan\u0131c\u0131 hesab\u0131n\u0131n sa\u011flanmas\u0131 amac\u0131yla i\u015flenir. \u0130\u015flenen veriler \u00f6zellikle giri\u015f bilgilerini (kullan\u0131c\u0131 ad\u0131, \u015fifre ve bir e-posta adresi) i\u00e7erir.  <\/p><p>Kay\u0131t ve oturum a\u00e7ma i\u015flevlerimizin kullan\u0131m\u0131n\u0131n yan\u0131 s\u0131ra kullan\u0131c\u0131 hesab\u0131n\u0131n kullan\u0131m\u0131n\u0131n bir par\u00e7as\u0131 olarak, IP adresini ve ilgili kullan\u0131c\u0131 eyleminin zaman\u0131n\u0131 saklar\u0131z. Bu veriler, k\u00f6t\u00fcye kullan\u0131m ve di\u011fer yetkisiz kullan\u0131mlara kar\u015f\u0131 koruma konusundaki me\u015fru menfaatlerimiz ve kullan\u0131c\u0131n\u0131n menfaatleri temelinde saklan\u0131r. Bu veriler, taleplerimizi takip etmek i\u00e7in gerekli olmad\u0131k\u00e7a veya yasal bir zorunluluk olmad\u0131k\u00e7a \u00fc\u00e7\u00fcnc\u00fc taraflara aktar\u0131lmaz.  <\/p><p>Kullan\u0131c\u0131lar, teknik de\u011fi\u015fiklikler gibi kullan\u0131c\u0131 hesaplar\u0131yla ilgili s\u00fcre\u00e7ler hakk\u0131nda e-posta yoluyla bilgilendirilebilir.<\/p><ul class=\"m-elements\"><li><strong>\u0130\u015flenen veri t\u00fcrleri:<\/strong> envanter verileri (\u00f6rn. tam ad, ikamet adresi, ileti\u015fim bilgileri, m\u00fc\u015fteri numaras\u0131, vb.); ileti\u015fim verileri (\u00f6rn. posta ve e-posta adresleri veya telefon numaralar\u0131); i\u00e7erik verileri (\u00f6rn. metin veya resim mesajlar\u0131 ve katk\u0131lar\u0131n yan\u0131 s\u0131ra yazarl\u0131k veya olu\u015fturma zaman\u0131 bilgileri gibi bunlarla ilgili bilgiler); kullan\u0131m verileri (\u00f6rn. sayfa g\u00f6r\u00fcnt\u00fclemeleri ve kalma s\u00fcresi, t\u0131klama yollar\u0131, kullan\u0131m yo\u011funlu\u011fu ve s\u0131kl\u0131\u011f\u0131, kullan\u0131lan cihaz t\u00fcrleri ve i\u015fletim sistemleri, i\u00e7erik ve i\u015flevlerle etkile\u015fimler). G\u00fcnl\u00fck verileri (\u00f6rn. oturum a\u00e7ma veya verilerin al\u0131nmas\u0131 veya eri\u015fim s\u00fcreleri ile ilgili g\u00fcnl\u00fck dosyalar\u0131). <\/li><li><strong>Veri \u00f6zneleri:<\/strong> Kullan\u0131c\u0131lar (\u00f6r. web sitesi ziyaret\u00e7ileri, \u00e7evrimi\u00e7i hizmet kullan\u0131c\u0131lar\u0131).<\/li><li><strong>\u0130\u015fleme ama\u00e7lar\u0131:<\/strong> S\u00f6zle\u015fmeye dayal\u0131 hizmetlerin sa\u011flanmas\u0131 ve s\u00f6zle\u015fmeden do\u011fan y\u00fck\u00fcml\u00fcl\u00fcklerin yerine getirilmesi; g\u00fcvenlik \u00f6nlemleri; organizasyonel ve idari prosed\u00fcrler. \u00c7evrimi\u00e7i hizmetlerimizin sa\u011flanmas\u0131 ve kullan\u0131c\u0131 dostu olmas\u0131. <\/li><li>Saklama <strong>ve silme:<\/strong> &#8220;Veri saklama ve silme hakk\u0131nda genel bilgiler&#8221; b\u00f6l\u00fcm\u00fcndeki bilgilere uygun olarak silme. \u0130ptalden sonra silme. <\/li><li class=\"\"><strong>Yasal dayanaklar:<\/strong> S\u00f6zle\u015fmenin yerine getirilmesi ve s\u00f6zle\u015fme \u00f6ncesi sorular (Madde 6 paragraf 1 c\u00fcmle 1 lit. b) GDPR). Me\u015fru menfaatler (GDPR Madde 6 Paragraf 1 C\u00fcmle 1 Bent f). <\/li><\/ul><p><strong>\u0130\u015fleme faaliyetleri, prosed\u00fcrleri ve hizmetleri hakk\u0131nda daha fazla bilgi:<\/strong><\/p><ul class=\"m-elements\"><li><strong>Ger\u00e7ek isimlerle kay\u0131t: <\/strong>Toplulu\u011fumuzun do\u011fas\u0131 gere\u011fi, kullan\u0131c\u0131lardan hizmetlerimizi yaln\u0131zca ger\u00e7ek adlar\u0131n\u0131 kullanarak kullanmalar\u0131n\u0131 istiyoruz. Bu, takma adlar\u0131n kullan\u0131lmas\u0131na izin verilmedi\u011fi anlam\u0131na gelir; <span class=\"\"><strong>yasal dayanak:<\/strong> S\u00f6zle\u015fmenin yerine getirilmesi ve s\u00f6zle\u015fme \u00f6ncesi sorular (GDPR Madde 6 paragraf 1 c\u00fcmle 1 lit. b)).<\/span><\/li><li><strong>\u0130ptalden sonra verilerin silinmesi: <\/strong>Kullan\u0131c\u0131lar\u0131n kullan\u0131c\u0131 hesaplar\u0131n\u0131 iptal etmeleri halinde, yasal izin, y\u00fck\u00fcml\u00fcl\u00fck veya kullan\u0131c\u0131lar\u0131n r\u0131zas\u0131na tabi olarak kullan\u0131c\u0131 hesab\u0131yla ilgili verileri silinecektir; <span class=\"\"><strong>yasal dayanaklar:<\/strong> s\u00f6zle\u015fmenin yerine getirilmesi ve s\u00f6zle\u015fme \u00f6ncesi sorular (GDPR Madde 6 paragraf 1 c\u00fcmle 1 lit. b).<\/span><\/li><li><strong>Verileri saklama zorunlulu\u011fu yoktur: <\/strong>\u0130ptal durumunda s\u00f6zle\u015fmenin bitiminden \u00f6nce verilerini yedeklemek kullan\u0131c\u0131lar\u0131n sorumlulu\u011fundad\u0131r. S\u00f6zle\u015fme s\u00fcresi boyunca saklanan t\u00fcm kullan\u0131c\u0131 verilerini geri al\u0131namaz \u015fekilde silme hakk\u0131na sahibiz; <span class=\"\"><strong>yasal dayanak:<\/strong> s\u00f6zle\u015fmenin yerine getirilmesi ve s\u00f6zle\u015fme \u00f6ncesi sorular (GDPR Madde 6 paragraf 1 c\u00fcmle 1 lit. b)).<\/span><\/li><\/ul><h2 id=\"m432\">Topluluk fonksiyonlar\u0131<\/h2><p>Taraf\u0131m\u0131zdan sa\u011flanan topluluk i\u015flevleri, kullan\u0131c\u0131lar\u0131n birbirleriyle sohbet etmelerine veya ba\u015fka bir \u015fekilde bir al\u0131\u015fveri\u015fte bulunmalar\u0131na olanak tan\u0131r. Topluluk i\u015flevlerinin kullan\u0131m\u0131na yaln\u0131zca ge\u00e7erli yasal duruma, h\u00fck\u00fcm ve ko\u015fullar\u0131m\u0131za ve y\u00f6nergelerimize ve ayr\u0131ca di\u011fer kullan\u0131c\u0131lar\u0131n ve \u00fc\u00e7\u00fcnc\u00fc taraflar\u0131n haklar\u0131na uygun olarak izin verildi\u011fini l\u00fctfen unutmay\u0131n. <\/p><ul class=\"m-elements\"><li><strong>\u0130\u015flenen veri t\u00fcrleri:<\/strong> envanter verileri (\u00f6rn. tam ad, ikamet adresi, ileti\u015fim bilgileri, m\u00fc\u015fteri numaras\u0131, vb.); kullan\u0131m verileri (\u00f6rn. sayfa g\u00f6r\u00fcnt\u00fclemeleri ve kalma s\u00fcresi, t\u0131klama yollar\u0131, kullan\u0131m yo\u011funlu\u011fu ve s\u0131kl\u0131\u011f\u0131, kullan\u0131lan cihaz t\u00fcrleri ve i\u015fletim sistemleri, i\u00e7erik ve i\u015flevlerle etkile\u015fimler); i\u00e7erik verileri (\u00f6rn. metin veya resim mesajlar\u0131 ve katk\u0131lar\u0131n yan\u0131 s\u0131ra yazarl\u0131k veya olu\u015fturma zaman\u0131 bilgileri gibi bunlarla ilgili bilgiler). Meta, ileti\u015fim ve s\u00fcre\u00e7 verileri (\u00f6rne\u011fin IP adresleri, zaman verileri, kimlik numaralar\u0131, ilgili ki\u015filer). <\/li><li><strong>Veri \u00f6zneleri:<\/strong> Kullan\u0131c\u0131lar (\u00f6r. web sitesi ziyaret\u00e7ileri, \u00e7evrimi\u00e7i hizmet kullan\u0131c\u0131lar\u0131); i\u015f ve s\u00f6zle\u015fme ortaklar\u0131. \u00dc\u00e7\u00fcnc\u00fc taraflar. <\/li><li><strong>\u0130\u015fleme ama\u00e7lar\u0131:<\/strong> S\u00f6zle\u015fmeye dayal\u0131 hizmetlerin sa\u011flanmas\u0131 ve s\u00f6zle\u015fmeden do\u011fan y\u00fck\u00fcml\u00fcl\u00fcklerin yerine getirilmesi; g\u00fcvenlik \u00f6nlemleri; \u00e7evrimi\u00e7i hizmetlerimizin sa\u011flanmas\u0131 ve kullan\u0131c\u0131 dostu olmas\u0131; organizasyonel ve idari prosed\u00fcrler; bilgi teknolojisi altyap\u0131s\u0131 (bilgi sistemlerinin ve teknik ekipman\u0131n (bilgisayarlar, sunucular vb.) i\u015fletilmesi ve sa\u011flanmas\u0131). \u0130\u015f s\u00fcre\u00e7leri ve i\u015f y\u00f6netimi prosed\u00fcrleri. <\/li><li>Saklama <strong>ve silme:<\/strong> &#8220;Veri saklama ve silme hakk\u0131nda genel bilgiler&#8221; b\u00f6l\u00fcm\u00fcndeki bilgilere uygun olarak silme.<\/li><li class=\"\"><strong>Yasal dayanaklar:<\/strong> S\u00f6zle\u015fmenin yerine getirilmesi ve s\u00f6zle\u015fme \u00f6ncesi sorular (Madde 6 paragraf 1 c\u00fcmle 1 lit. b) GDPR). Me\u015fru menfaatler (GDPR Madde 6 Paragraf 1 C\u00fcmle 1 Bent f). <\/li><\/ul><p><strong>\u0130\u015fleme faaliyetleri, prosed\u00fcrleri ve hizmetleri hakk\u0131nda daha fazla bilgi:<\/strong><\/p><ul class=\"m-elements\"><li><strong>Ki\u015fisel verilerin korunmas\u0131: <\/strong>Kullan\u0131c\u0131lar, \u00e7evrimi\u00e7i teklifimizde kendileri hakk\u0131nda hangi verileri if\u015fa edeceklerine kendileri karar verir. \u00d6rne\u011fin, kullan\u0131c\u0131lar ki\u015fisel bilgilerini verdiklerinde veya konu\u015fmalara kat\u0131ld\u0131klar\u0131nda. Kullan\u0131c\u0131lardan verilerini korumalar\u0131n\u0131 ve ki\u015fisel verileri yaln\u0131zca dikkatli bir \u015fekilde ve yaln\u0131zca gerekli oldu\u011fu \u00f6l\u00e7\u00fcde yay\u0131nlamalar\u0131n\u0131 istiyoruz. \u00d6zellikle, kullan\u0131c\u0131lardan eri\u015fim verilerini korumak i\u00e7in \u00f6zel dikkat g\u00f6stermelerini ve g\u00fcvenli \u015fifreler kullanmalar\u0131n\u0131 istiyoruz (yani, \u00f6zellikle m\u00fcmk\u00fcn oldu\u011funca uzun ve rastgele karakter kombinasyonlar\u0131); <span class=\"\"><strong>yasal dayanak:<\/strong> s\u00f6zle\u015fmenin ve s\u00f6zle\u015fme \u00f6ncesi sorular\u0131n yerine getirilmesi (GDPR Madde 6 paragraf 1 c\u00fcmle 1 lit. b)).<\/span>   <\/li><li><strong>\u00c7evrimi\u00e7i kurslar ve \u00e7evrimi\u00e7i e\u011fitimler: <\/strong>\u00c7evrimi\u00e7i kurslar\u0131m\u0131z ve \u00e7evrimi\u00e7i e\u011fitim programlar\u0131m\u0131zdaki kat\u0131l\u0131mc\u0131lar\u0131n (genel olarak &#8220;kat\u0131l\u0131mc\u0131lar&#8221; olarak an\u0131lacakt\u0131r) verilerini, onlara kurs ve e\u011fitim hizmetlerimizi sunabilmek i\u00e7in i\u015flemekteyiz. Bu ba\u011flamda i\u015flenen veriler, i\u015flenmesinin t\u00fcr\u00fc, kapsam\u0131, amac\u0131 ve gereklili\u011fi, temel s\u00f6zle\u015fme ili\u015fkisi taraf\u0131ndan belirlenir. Veriler genel olarak kullan\u0131lan kurslar ve hizmetler hakk\u0131ndaki bilgileri ve hizmet yelpazemizin bir par\u00e7as\u0131ysa kat\u0131l\u0131mc\u0131lar\u0131n ki\u015fisel \u00f6zelliklerini ve sonu\u00e7lar\u0131n\u0131 i\u00e7erir. \u0130\u015fleme bi\u00e7imleri ayr\u0131ca hizmetlerimizin ve kurs ve e\u011fitim e\u011fitmenlerinin performans \u00f6l\u00e7\u00fcm\u00fc ve de\u011ferlendirmesini de i\u00e7erir. Buna ek olarak, ilgili kurslar\u0131n veya \u00f6\u011frenme i\u00e7eri\u011finin \u00f6zelliklerine ve yap\u0131s\u0131na ba\u011fl\u0131 olarak, kat\u0131l\u0131m\u0131 belgelemek i\u00e7in kat\u0131l\u0131m takibi, s\u0131nav ve test sonu\u00e7lar\u0131n\u0131 toplayarak \u00f6\u011frenme ilerlemesini \u00f6l\u00e7mek ve analiz etmek i\u00e7in ilerleme izleme ve forum g\u00f6nderileri ve g\u00f6rev g\u00f6nderimleri gibi \u00f6\u011frenme platformlar\u0131ndaki etkile\u015fimleri analiz etme gibi ba\u015fka i\u015fleme i\u015flemleri de uygulanabilir; <span class=\"\"><strong>yasal dayanak:<\/strong> s\u00f6zle\u015fmenin yerine getirilmesi ve s\u00f6zle\u015fme \u00f6ncesi sorular (GDPR Madde 6 paragraf 1 c\u00fcmle 1 lit. b)).<\/span>    <\/li><li><strong>Microsoft Teams: <\/strong>\u00c7evrimi\u00e7i etkinlikler, konferanslar d\u00fczenlemek ve dahili ve harici kat\u0131l\u0131mc\u0131larla ileti\u015fim kurmak i\u00e7in kullan\u0131n. Ses iletimi, do\u011frudan mesajlar, grup ileti\u015fimi ve i\u015fbirli\u011fi i\u015flevleri kullan\u0131l\u0131r; ad, i\u015f ileti\u015fim bilgileri, i\u015f profili, kat\u0131l\u0131m ve i\u00e7erik (ses\/video, ses, sohbet, dosyalar, ses transkripsiyonu), verimlili\u011fi ve \u00fcretkenli\u011fi art\u0131rma, maliyet verimlili\u011fi, esneklik, mobilite, geli\u015fmi\u015f ileti\u015fim, BT g\u00fcvenli\u011fi, merkezi bir platform kullan\u0131m\u0131 ve Microsoft taraf\u0131ndan i\u015f i\u015fleme ama\u00e7lar\u0131 ve \u00e7\u0131karlar\u0131 do\u011frultusunda i\u015flenir. Kay\u0131t etkinle\u015ftirilmedi\u011fi s\u00fcrece ses sinyalleri genellikle saklanmaz. Toplant\u0131 ve konferans kay\u0131tlar\u0131, farkl\u0131 bir s\u00fcre belirtilmedi\u011fi s\u00fcrece varsay\u0131lan olarak 90 g\u00fcn boyunca saklan\u0131r. Sohbet ve dosya i\u00e7eri\u011fi, y\u00f6netici veya kullan\u0131c\u0131 taraf\u0131ndan belirtilen y\u00f6nergelere g\u00f6re kaydedilir; otomatik silme \u00f6nceden ayarlanmam\u0131\u015ft\u0131r. Kanallar her 180 g\u00fcnde bir yenilenmelidir, aksi takdirde i\u00e7erik silinir. Ek olarak, sistem taraf\u0131ndan olu\u015fturulan g\u00fcnl\u00fck, tan\u0131lama ve meta veriler i\u015flenir ve \u00fcr\u00fcn kararl\u0131l\u0131\u011f\u0131, g\u00fcvenli\u011fi ve iyile\u015ftirmesi i\u00e7in tan\u0131lama verileri toplan\u0131r; <strong>hizmet sa\u011flay\u0131c\u0131<\/strong>: Microsoft Ireland Operations Limited, One Microsoft Place, South County Business Park, Leopardstown, Dublin 18, D18 P521, \u0130rlanda; Microsoft Corporation, One Microsoft Way, Redmond, WA 98052-6399, ABD; <span class=\"\"><strong>Yasal dayanak:<\/strong> Me\u015fru menfaatler (GDPR Madde 6 paragraf 1 c\u00fcmle 1 lit. f)); <\/span><strong>Web sitesi:<\/strong> <a href=\"https:\/\/www.microsoft.com\/de-de\/microsoft-teams\/\" target=\"_blank\" rel=\"noopener\">https:\/\/www.microsoft.com\/de-de\/microsoft-teams\/;<\/a> <strong>Gizlilik Politikas\u0131:<\/strong> <a href=\"https:\/\/privacy.microsoft.com\/de-de\/privacystatement\" target=\"_blank\" rel=\"noopener\">https:\/\/privacy.microsoft.com\/de-de\/privacystatement<\/a>, G\u00fcvenlik bilgileri: <a href=\"https:\/\/www.microsoft.com\/de-de\/trustcenter\" target=\"_blank\" rel=\"noopener\">https:\/\/www.microsoft.com\/de-de\/trustcenter<\/a> <span class=\"\">. <\/span> <strong>\u00dc\u00e7\u00fcnc\u00fc \u00fclke transferleri i\u00e7in dayanak:<\/strong> Veri Gizlili\u011fi \u00c7er\u00e7evesi (DPF), Standart S\u00f6zle\u015fme Maddeleri<a href=\"https:\/\/www.microsoft.com\/licensing\/docs\/view\/Microsoft-Products-and-Services-Data-Protection-Addendum-DPA\" target=\"_blank\" rel=\"noopener\">(https:\/\/www.microsoft.com\/licensing\/docs\/view\/Microsoft-Products-and-Services-Data-Protection-Addendum-DPA<\/a>).      <\/li><li><strong>Microsoft Sharepoint: <\/strong>Belgeler, elektronik tablolar, sunumlar vb. i\u00e7in depolama ve eri\u015fim y\u00f6netimi yoluyla i\u015fbirli\u011fi deste\u011fi \u0130\u00e7erik verileri (dosyalar) ve ileti\u015fim verileri (ad, e-posta adresi), verimlili\u011fi ve \u00fcretkenli\u011fi art\u0131rma, maliyet verimlili\u011fi, esneklik, mobilite, M365 ile entegrasyon ve geli\u015fmi\u015f i\u015fbirli\u011fi ama\u00e7lar\u0131 ve \u00e7\u0131karlar\u0131 do\u011frultusunda i\u015flenir. Saklama, i\u00e7eri\u011fin i\u015f i\u015flevine dayan\u0131r; SharePoint sayfalar\u0131 her 180 g\u00fcnde bir yenilenmelidir, aksi takdirde i\u00e7erik silinir. Ayr\u0131ca, \u00fcr\u00fcn istikrar\u0131 ve iyile\u015ftirmesi i\u00e7in tan\u0131lama verileri toplan\u0131r; <strong>hizmet sa\u011flay\u0131c\u0131<\/strong>: Microsoft Ireland Operations Limited, One Microsoft Place, South County Business Park, Leopardstown, Dublin 18, D18 P521, \u0130rlanda; Microsoft Corporation, One Microsoft Way, Redmond, WA 98052-6399, ABD; <span class=\"\"><strong>Yasal dayanak:<\/strong> Me\u015fru menfaatler (Madde 6 paragraf 1 c\u00fcmle 1 lit. f) GDPR) <\/span>;<strong>Web sitesi:<\/strong> <a href=\"https:\/\/microsoft.com\" target=\"_blank\" rel=\"noopener\">https:\/\/microsoft.com<\/a>; <strong>Gizlilik Politikas\u0131:<\/strong> <a href=\"https:\/\/privacy.microsoft.com\/de-de\/privacystatement\" target=\"_blank\" rel=\"noopener\">https:\/\/privacy.microsoft.com\/de-de\/privacystatement<\/a>, G\u00fcvenlik bilgileri: <a href=\"https:\/\/www.microsoft.com\/de-de\/trustcenter\" target=\"_blank\" rel=\"noopener\">https:\/\/www.microsoft.com\/de-de\/trustcenter<\/a>; <strong>Veri i\u015fleme s\u00f6zle\u015fmesi:<\/strong> <a href=\"https:\/\/www.microsoft.com\/licensing\/docs\/view\/Microsoft-Products-and-Services-Data-Protection-Addendum-DPA\" target=\"_blank\" rel=\"noopener\">https:\/\/www.microsoft.com\/licensing\/docs\/view\/Microsoft-Products-and-Services-Data-Protection-Addendum-DPA<\/a> <span class=\"\">. <\/span> <strong>\u00dc\u00e7\u00fcnc\u00fc \u00fclke transferleri i\u00e7in dayanak:<\/strong> Veri Gizlili\u011fi \u00c7er\u00e7evesi (DPF), Standart S\u00f6zle\u015fme Maddeleri<a href=\"https:\/\/www.microsoft.com\/licensing\/docs\/view\/Microsoft-Products-and-Services-Data-Protection-Addendum-DPA\" target=\"_blank\" rel=\"noopener\">(https:\/\/www.microsoft.com\/licensing\/docs\/view\/Microsoft-Products-and-Services-Data-Protection-Addendum-DPA<\/a>).  <\/li><\/ul><h2 id=\"m451\">Tek oturum a\u00e7ma giri\u015fi<\/h2><p>&#8220;\u00c7oklu oturum a\u00e7ma&#8221; veya &#8220;\u00e7oklu oturum a\u00e7ma kayd\u0131 veya kimlik do\u011frulamas\u0131&#8221;, kullan\u0131c\u0131lar\u0131n bir kullan\u0131c\u0131 hesab\u0131 yard\u0131m\u0131yla \u00e7evrimi\u00e7i teklifimiz de dahil olmak \u00fczere bir \u00e7oklu oturum a\u00e7ma prosed\u00fcr\u00fc sa\u011flay\u0131c\u0131s\u0131nda (\u00f6rne\u011fin bir sosyal a\u011f) oturum a\u00e7mas\u0131na olanak tan\u0131yan prosed\u00fcrleri ifade eder. \u00c7oklu oturum a\u00e7ma kimlik do\u011frulamas\u0131 i\u00e7in \u00f6n ko\u015ful, kullan\u0131c\u0131lar\u0131n ilgili \u00e7oklu oturum a\u00e7ma sa\u011flay\u0131c\u0131s\u0131na kay\u0131tl\u0131 olmas\u0131 ve bu ama\u00e7la sa\u011flanan \u00e7evrimi\u00e7i forma gerekli eri\u015fim verilerini girmesi veya \u00e7oklu oturum a\u00e7ma sa\u011flay\u0131c\u0131s\u0131na zaten kay\u0131tl\u0131 olmas\u0131 ve \u00e7oklu oturum a\u00e7ma kayd\u0131n\u0131 bir d\u00fc\u011fme arac\u0131l\u0131\u011f\u0131yla onaylamas\u0131d\u0131r. <\/p><p>Kimlik do\u011frulama do\u011frudan ilgili \u00e7oklu oturum a\u00e7ma sa\u011flay\u0131c\u0131s\u0131 ile ger\u00e7ekle\u015fir. Bu kimlik do\u011frulaman\u0131n bir par\u00e7as\u0131 olarak, kullan\u0131c\u0131n\u0131n bu kullan\u0131c\u0131 kimli\u011fi alt\u0131nda ilgili \u00e7oklu oturum a\u00e7ma sa\u011flay\u0131c\u0131s\u0131nda oturum a\u00e7t\u0131\u011f\u0131 bilgisini i\u00e7eren bir kullan\u0131c\u0131 kimli\u011fi ve taraf\u0131m\u0131zdan ba\u015fka ama\u00e7larla kullan\u0131lamayan bir kimlik (&#8220;kullan\u0131c\u0131 tan\u0131t\u0131c\u0131s\u0131&#8221; olarak adland\u0131r\u0131l\u0131r) al\u0131r\u0131z. Ek verilerin bize iletilip iletilmeyece\u011fi yaln\u0131zca kullan\u0131lan \u00e7oklu oturum a\u00e7ma prosed\u00fcr\u00fcne, kimlik do\u011frulaman\u0131n bir par\u00e7as\u0131 olarak se\u00e7ilen veri s\u00fcr\u00fcmlerine ve ayr\u0131ca kullan\u0131c\u0131lar\u0131n \u00e7oklu oturum a\u00e7ma sa\u011flay\u0131c\u0131s\u0131ndaki kullan\u0131c\u0131 hesab\u0131n\u0131n gizlilik veya di\u011fer ayarlar\u0131nda hangi verileri serbest b\u0131rakt\u0131klar\u0131na ba\u011fl\u0131d\u0131r. \u00c7oklu oturum a\u00e7ma sa\u011flay\u0131c\u0131s\u0131na ve kullan\u0131c\u0131n\u0131n se\u00e7imine ba\u011fl\u0131 olarak, genellikle e-posta adresi ve kullan\u0131c\u0131 ad\u0131 olmak \u00fczere farkl\u0131 veriler olabilir. \u00c7oklu oturum a\u00e7ma prosed\u00fcr\u00fcn\u00fcn bir par\u00e7as\u0131 olarak \u00e7oklu oturum a\u00e7ma sa\u011flay\u0131c\u0131s\u0131 ile girilen parola ne bizim taraf\u0131m\u0131zdan g\u00f6r\u00fclebilir ne de taraf\u0131m\u0131zdan saklan\u0131r.    <\/p><p>Kullan\u0131c\u0131lardan, bizde saklanan bilgilerinin \u00e7oklu oturum a\u00e7ma sa\u011flay\u0131c\u0131s\u0131ndaki kullan\u0131c\u0131 hesaplar\u0131yla otomatik olarak senkronize edilebilece\u011fini, ancak bunun her zaman m\u00fcmk\u00fcn olmad\u0131\u011f\u0131n\u0131 veya ger\u00e7ekten ger\u00e7ekle\u015fmedi\u011fini unutmamalar\u0131 istenir. \u00d6rne\u011fin, kullan\u0131c\u0131lar\u0131n e-posta adresleri de\u011fi\u015firse, bunlar\u0131 bizdeki kullan\u0131c\u0131 hesaplar\u0131nda manuel olarak de\u011fi\u015ftirmeleri gerekir. <\/p><p>Kullan\u0131c\u0131larla mutab\u0131k kal\u0131nmas\u0131 halinde, tek oturum a\u00e7ma kayd\u0131n\u0131 s\u00f6zle\u015fmenin yerine getirilmesinin bir par\u00e7as\u0131 olarak veya \u00f6ncesinde, kullan\u0131c\u0131lardan bunu yapmalar\u0131 istendi\u011fi \u00f6l\u00e7\u00fcde, r\u0131za i\u015flemenin bir par\u00e7as\u0131 olarak kullanabilir ve aksi takdirde me\u015fru menfaatlerimiz ve kullan\u0131c\u0131lar\u0131n etkili ve g\u00fcvenli bir kay\u0131t sistemindeki menfaatleri temelinde kullanabiliriz.<\/p><p>Kullan\u0131c\u0131lar, \u00e7oklu oturum a\u00e7ma prosed\u00fcr\u00fc i\u00e7in \u00e7oklu oturum a\u00e7ma sa\u011flay\u0131c\u0131s\u0131ndaki kullan\u0131c\u0131 hesaplar\u0131na olan ba\u011flant\u0131y\u0131 art\u0131k kullanmak istemediklerine karar verirlerse, \u00e7oklu oturum a\u00e7ma sa\u011flay\u0131c\u0131s\u0131ndaki kullan\u0131c\u0131 hesaplar\u0131ndaki bu ba\u011flant\u0131y\u0131 iptal etmelidirler. Kullan\u0131c\u0131lar bizimle olan verilerini silmek isterlerse, bizimle olan kay\u0131tlar\u0131n\u0131 iptal etmelidirler. <\/p><ul class=\"m-elements\"><li><strong>\u0130\u015flenen veri t\u00fcrleri:<\/strong> envanter verileri (\u00f6rn. tam ad, ikamet adresi, ileti\u015fim bilgileri, m\u00fc\u015fteri numaras\u0131 vb.); ileti\u015fim verileri (\u00f6rn. posta ve e-posta adresleri veya telefon numaralar\u0131); kullan\u0131m verileri (\u00f6rn. sayfa g\u00f6r\u00fcnt\u00fclemeleri ve kalma s\u00fcreleri, t\u0131klama yollar\u0131, kullan\u0131m yo\u011funlu\u011fu ve s\u0131kl\u0131\u011f\u0131, kullan\u0131lan cihaz t\u00fcrleri ve i\u015fletim sistemleri, i\u00e7erik ve i\u015flevlerle etkile\u015fimler); meta, ileti\u015fim ve i\u015flem verileri (\u00f6rn. IP adresleri, zaman verileri, kimlik numaralar\u0131, ilgili ki\u015filer). Olay verileri (Facebook) (&#8220;Olay verileri&#8221;, \u00f6rne\u011fin Meta pikselleri arac\u0131l\u0131\u011f\u0131yla (uygulamalar veya di\u011fer kanallar arac\u0131l\u0131\u011f\u0131yla) Meta sa\u011flay\u0131c\u0131s\u0131na g\u00f6nderilen ve ki\u015filerle veya eylemleriyle ilgili olan bilgilerdir. Bu veriler, \u00f6rne\u011fin, web sitesi ziyaretlerinin ayr\u0131nt\u0131lar\u0131n\u0131, i\u00e7erik ve i\u015flevlerle etkile\u015fimleri, uygulama y\u00fcklemelerini ve \u00fcr\u00fcn sat\u0131n al\u0131mlar\u0131n\u0131 i\u00e7erir. Etkinlik verileri, i\u00e7erik ve reklam mesajlar\u0131 i\u00e7in hedef gruplar (\u00f6zel kitleler) olu\u015fturmak amac\u0131yla i\u015flenir. Etkinlik verilerinin yaz\u0131lan yorumlar gibi ger\u00e7ek i\u00e7erikleri, giri\u015f bilgilerini veya isimler, e-posta adresleri veya telefon numaralar\u0131 gibi ileti\u015fim bilgilerini i\u00e7ermedi\u011fini unutmamak \u00f6nemlidir. &#8220;Etkinlik verileri&#8221; en fazla iki y\u0131l sonra Meta taraf\u0131ndan silinir ve Meta kullan\u0131c\u0131 hesaplar\u0131m\u0131z silindi\u011finde bu verilerden olu\u015fturulan hedef gruplar da kaybolur).<\/li><li><strong>Veri \u00f6zneleri:<\/strong> Kullan\u0131c\u0131lar (\u00f6r. web sitesi ziyaret\u00e7ileri, \u00e7evrimi\u00e7i hizmet kullan\u0131c\u0131lar\u0131). Hizmet al\u0131c\u0131lar\u0131 ve m\u00fc\u015fteriler.<\/li><li><strong>\u0130\u015fleme ama\u00e7lar\u0131:<\/strong> S\u00f6zle\u015fmeye dayal\u0131 hizmetlerin sa\u011flanmas\u0131 ve s\u00f6zle\u015fmeden do\u011fan y\u00fck\u00fcml\u00fcl\u00fcklerin yerine getirilmesi; g\u00fcvenlik \u00f6nlemleri; kay\u0131t prosed\u00fcrleri. \u00c7evrimi\u00e7i hizmetlerimizin sa\u011flanmas\u0131 ve kullan\u0131c\u0131 dostu olmas\u0131.<\/li><li>Saklama<strong>ve silme:<\/strong> &#8220;Veri saklama ve silme hakk\u0131nda genel bilgiler&#8221; b\u00f6l\u00fcm\u00fcndeki bilgilere uygun olarak silme. \u0130ptalden sonra silme.<\/li><li class=\"\"><strong>Yasal dayanak:<\/strong> S\u00f6zle\u015fmenin yerine getirilmesi ve s\u00f6zle\u015fme \u00f6ncesi sorular (Madde 6 paragraf 1 c\u00fcmle 1 lit. b) GDPR). Me\u015fru menfaatler (GDPR Madde 6 Paragraf 1 C\u00fcmle 1 Bent f).<\/li><\/ul><p><strong>\u0130\u015fleme faaliyetleri, prosed\u00fcrleri ve hizmetleri hakk\u0131nda daha fazla bilgi:<\/strong><\/p><ul class=\"m-elements\"><li><strong>Apple Single Sign-On: <\/strong>Kullan\u0131c\u0131 giri\u015fleri i\u00e7in kimlik do\u011frulama hizmetleri, \u00e7oklu oturum a\u00e7ma \u00f6zelliklerinin sa\u011flanmas\u0131, kimlik bilgilerinin y\u00f6netimi ve uygulama entegrasyonlar\u0131; <strong>Hizmet sa\u011flay\u0131c\u0131:<\/strong> Apple Inc, Infinite Loop, Cupertino, CA 95014, ABD; <span class=\"\"><strong>Yasal dayanak:<\/strong> Me\u015fru menfaatler (Madde 6 paragraf 1 c\u00fcmle 1 lit. f) GDPR); <\/span><strong>Web sitesi:<\/strong> <a href=\"https:\/\/www.apple.com\/de\/\" target=\"_blank\" rel=\"noopener\">https:\/\/www.apple.com\/de\/<\/a> <span class=\"\">. <\/span> <strong>Gizlilik Politikas\u0131:<\/strong> <a href=\"https:\/\/www.apple.com\/legal\/privacy\/de-ww\/\" target=\"_blank\" rel=\"noopener\">https:\/\/www.apple.com\/legal\/privacy\/de-ww\/.<\/a><\/li><li><strong>Facebook Single-Sign-On: Facebook <\/strong>platformunun kimlik do\u011frulama hizmeti; <strong>Hizmet sa\u011flay\u0131c\u0131:<\/strong> Meta Platforms Ireland Limited, Merrion Road, Dublin 4, D04 X2K5, \u0130rlanda; <span class=\"\"><strong>Yasal dayanak<\/strong>: Me\u015fru menfaatler (Madde 6 paragraf 1 c\u00fcmle 1 lit. f) GDPR) <\/span>;<strong>Web sitesi:<\/strong> <a href=\"https:\/\/www.facebook.com\" target=\"_blank\" rel=\"noopener\">https:\/\/www.facebook.com<\/a>; <strong>Gizlilik Politikas\u0131:<\/strong> <a href=\"https:\/\/www.facebook.com\/privacy\/policy\/\" target=\"_blank\" rel=\"noopener\">https:\/\/www.facebook.com\/privacy\/policy\/<\/a>; <strong>Veri i\u015fleme s\u00f6zle\u015fmesi:<\/strong> <a href=\"https:\/\/www.facebook.com\/legal\/terms\/dataprocessing\" target=\"_blank\" rel=\"noopener\">https:\/\/www.facebook.com\/legal\/terms\/dataprocessing<\/a> <span class=\"\">. <\/span> <strong>\u00dc\u00e7\u00fcnc\u00fc \u00fclke transferleri i\u00e7in dayanak:<\/strong> Veri Gizlili\u011fi \u00c7er\u00e7evesi (DPF), Standart S\u00f6zle\u015fme Maddeleri<a href=\"https:\/\/www.facebook.com\/legal\/EU_data_transfer_addendum\" target=\"_blank\" rel=\"noopener\">(https:\/\/www.facebook.com\/legal\/EU_data_transfer_addendum<\/a>).<\/li><li><strong>Google Single Sign-On: <\/strong>Kullan\u0131c\u0131 giri\u015fleri i\u00e7in kimlik do\u011frulama hizmetleri, \u00e7oklu oturum a\u00e7ma i\u015flevlerinin sa\u011flanmas\u0131, kimlik bilgilerinin y\u00f6netimi ve uygulama entegrasyonlar\u0131; <strong>Hizmet sa\u011flay\u0131c\u0131:<\/strong> Google Ireland Limited, Gordon House, Barrow Street, Dublin 4, \u0130rlanda; <span class=\"\"><strong>Yasal dayanak<\/strong>: Me\u015fru menfaatler (Madde 6 paragraf 1 c\u00fcmle 1 lit. f) GDPR <\/span>);<strong>Web sitesi: https:<\/strong> <a href=\"https:\/\/www.google.de\" target=\"_blank\" rel=\"noopener\">\/\/www.google.de<\/a>; <strong>Gizlilik Politikas\u0131: https:<\/strong> <a href=\"https:\/\/policies.google.com\/privacy\" target=\"_blank\" rel=\"noopener\">\/\/policies.google.com\/privacy;<\/a> <strong>\u00dc\u00e7\u00fcnc\u00fc \u00fclke transferleri i\u00e7in dayanak:<\/strong> Veri Gizlili\u011fi \u00c7er\u00e7evesi (DPF). <strong>\u0130tiraz olas\u0131l\u0131\u011f\u0131 (opt-out):<\/strong> Reklamlar\u0131n g\u00f6r\u00fcnt\u00fclenmesi i\u00e7in ayarlar: <a href=\"https:\/\/myadcenter.google.com\/\" target=\"_blank\" rel=\"noopener\">https:\/\/myadcenter.google.com\/.<\/a><\/li><li><strong>X Single Sign-On: <\/strong>Kullan\u0131c\u0131 giri\u015fleri i\u00e7in kimlik do\u011frulama hizmetleri, \u00e7oklu oturum a\u00e7ma i\u015flevlerinin sa\u011flanmas\u0131, kimlik bilgilerinin y\u00f6netimi ve uygulama entegrasyonlar\u0131; <strong>Hizmet sa\u011flay\u0131c\u0131:<\/strong> X Internet Unlimited Company, One Cumberland Place, Fenian Street, Dublin 2 D02 AX07, \u0130rlanda; <span class=\"\"><strong>Yasal dayanak<\/strong>: Me\u015fru menfaatler (GDPR Madde 6 paragraf 1 c\u00fcmle 1 lit. f); <\/span><strong>Web sitesi:<\/strong> <a href=\"https:\/\/x.com\" target=\"_blank\" rel=\"noopener\">https:\/\/x.com;<\/a> <strong>Gizlilik Politikas\u0131:<\/strong> <a href=\"https:\/\/x.com\/privacy\" target=\"_blank\" rel=\"noopener\">https:\/\/x.com\/privacy<\/a>, (Ayarlar: <a href=\"https:\/\/x.com\/personalization\" target=\"_blank\" rel=\"noopener\">https:\/\/x.com\/personalization)<\/a>; <strong>Veri i\u015fleme s\u00f6zle\u015fmesi:<\/strong> <a href=\"https:\/\/privacy.x.com\/en\/for-our-partners\/global-dpa\" target=\"_blank\" rel=\"noopener\">https:\/\/privacy.x.com\/en\/for-our-partners\/global-dpa<\/a> <span class=\"\">. <\/span> <strong>\u00dc\u00e7\u00fcnc\u00fc \u00fclke transferleri i\u00e7in dayanak:<\/strong> Standart S\u00f6zle\u015fme Maddeleri<a href=\"https:\/\/privacy.x.com\/en\/for-our-partners\/global-dpa\" target=\"_blank\" rel=\"noopener\">(https:\/\/privacy.x.com\/en\/for-our-partners\/global-dpa)<\/a>.<\/li><li><strong>Amazon Single Sign-On: <\/strong>Kullan\u0131c\u0131 giri\u015fleri i\u00e7in kimlik do\u011frulama hizmetleri, \u00e7oklu oturum a\u00e7ma i\u015flevlerinin sa\u011flanmas\u0131, kimlik bilgilerinin y\u00f6netimi ve uygulama entegrasyonlar\u0131; <strong>Hizmet sa\u011flay\u0131c\u0131:<\/strong> Amazon EU S.\u00e0 r.l. (Soci\u00e9t\u00e9 \u00e0 responsabilit\u00e9 limit\u00e9e), 38 avenue John F. Kennedy, L-1855 Luxembourg; <span class=\"\"><strong>Yasal dayanak:<\/strong> Me\u015fru menfaatler (GDPR Madde 6 paragraf 1 c\u00fcmle 1 lit. f); <\/span><strong>Web sitesi:<\/strong> <a href=\"https:\/\/www.amazon.de\/ab\/sso\/info\" target=\"_blank\" rel=\"noopener\">https:\/\/www.amazon.de\/ab\/sso\/info<\/a>; <strong>Gizlilik Politikas\u0131:<\/strong> <a href=\"https:\/\/aws.amazon.com\/de\/privacy\/\" target=\"_blank\" rel=\"noopener\">https:\/\/aws.amazon.com\/de\/privacy\/<\/a>. <strong>\u00dc\u00e7\u00fcnc\u00fc \u00fclke transferleri i\u00e7in dayanak:<\/strong> Veri Gizlili\u011fi \u00c7er\u00e7evesi (DPF).<\/li><\/ul><h2 id=\"m182\">\u0130leti\u015fim ve talep y\u00f6netimi<\/h2><p>Bizimle ileti\u015fime ge\u00e7ildi\u011finde (\u00f6rn. posta, ileti\u015fim formu, e-posta, telefon veya sosyal medya arac\u0131l\u0131\u011f\u0131yla) ve mevcut kullan\u0131c\u0131 ve i\u015f ili\u015fkileri ba\u011flam\u0131nda, talepte bulunan ki\u015filerin verileri, ileti\u015fim taleplerine ve talep edilen \u00f6nlemlere cevap vermek i\u00e7in gerekli oldu\u011fu \u00f6l\u00e7\u00fcde i\u015flenir.<\/p><ul class=\"m-elements\"><li><strong>\u0130\u015flenen veri t\u00fcrleri:<\/strong> Envanter verileri (\u00f6rn. tam ad, ikamet adresi, ileti\u015fim bilgileri, m\u00fc\u015fteri numaras\u0131 vb.); \u0130leti\u015fim verileri (\u00f6rn. posta ve e-posta adresleri veya telefon numaralar\u0131); \u0130\u00e7erik verileri (\u00f6rn. metin veya resim mesajlar\u0131 ve katk\u0131lar\u0131n yan\u0131 s\u0131ra yazarl\u0131k veya olu\u015fturma zaman\u0131 bilgileri gibi bunlarla ilgili bilgiler); Kullan\u0131m verileri (\u00f6rn. sayfa g\u00f6r\u00fcnt\u00fclemeleri ve kalma s\u00fcresi, t\u0131klama yollar\u0131, kullan\u0131m yo\u011funlu\u011fu ve s\u0131kl\u0131\u011f\u0131, kullan\u0131lan cihaz t\u00fcrleri ve i\u015fletim sistemleri, i\u00e7erik ve i\u015flevlerle etkile\u015fimler). Meta, ileti\u015fim ve s\u00fcre\u00e7 verileri (\u00f6rne\u011fin IP adresleri, zaman verileri, kimlik numaralar\u0131, ilgili ki\u015filer). <\/li><li><strong>Etkilenen ki\u015filer:<\/strong> \u0130leti\u015fim ortaklar\u0131. Kullan\u0131c\u0131lar (\u00f6rn. web sitesi ziyaret\u00e7ileri, \u00e7evrimi\u00e7i hizmet kullan\u0131c\u0131lar\u0131). <\/li><li><strong>\u0130\u015fleme ama\u00e7lar\u0131:<\/strong> \u0130leti\u015fim; organizasyonel ve idari prosed\u00fcrler; geri bildirim (\u00f6rn. \u00e7evrimi\u00e7i form arac\u0131l\u0131\u011f\u0131yla geri bildirim toplama); \u00e7evrimi\u00e7i hizmetlerimizin sa\u011flanmas\u0131 ve kullan\u0131c\u0131 dostu olmas\u0131. Bilgi teknolojisi altyap\u0131s\u0131 (bilgi sistemlerinin ve teknik cihazlar\u0131n (bilgisayarlar, sunucular vb.) i\u015fletilmesi ve sa\u011flanmas\u0131). <\/li><li>Saklama <strong>ve silme:<\/strong> &#8220;Veri saklama ve silme hakk\u0131nda genel bilgiler&#8221; b\u00f6l\u00fcm\u00fcndeki bilgilere uygun olarak silme.<\/li><li class=\"\"><strong>Yasal dayanaklar:<\/strong> Me\u015fru menfaatler (Madde 6 paragraf 1 c\u00fcmle 1 lit. f) GDPR). S\u00f6zle\u015fmenin yerine getirilmesi ve s\u00f6zle\u015fme \u00f6ncesi sorular (Madde 6 paragraf 1 c\u00fcmle 1 lit. b) GDPR). <\/li><\/ul><p><strong>\u0130\u015fleme faaliyetleri, prosed\u00fcrleri ve hizmetleri hakk\u0131nda daha fazla bilgi:<\/strong><\/p><ul class=\"m-elements\"><li><strong>\u0130leti\u015fim formu: <\/strong>\u0130leti\u015fim formumuz, e-posta veya di\u011fer ileti\u015fim kanallar\u0131 arac\u0131l\u0131\u011f\u0131yla bizimle ileti\u015fime ge\u00e7ti\u011finizde, ilgili talebi yan\u0131tlamak ve i\u015flemek i\u00e7in bize iletilen ki\u015fisel verileri i\u015fleriz. Bu genellikle isim, ileti\u015fim bilgileri ve bize sa\u011flanan ve uygun i\u015flem i\u00e7in gerekli olan di\u011fer bilgiler gibi ayr\u0131nt\u0131lar\u0131 i\u00e7erir. Bu verileri yaln\u0131zca belirtilen ileti\u015fim ve ileti\u015fim kurma amac\u0131 i\u00e7in kullan\u0131r\u0131z; <span class=\"\"><strong>yasal dayanak:<\/strong> s\u00f6zle\u015fmenin ve s\u00f6zle\u015fme \u00f6ncesi sorular\u0131n yerine getirilmesi (GDPR Madde 6 paragraf 1 c\u00fcmle 1 lit. b), me\u015fru menfaatler (GDPR Madde 6 paragraf 1 c\u00fcmle 1 lit. f)).<\/span>  <\/li><li><strong>WordPress.com: <\/strong>Web sitelerinin, bloglar\u0131n ve di\u011fer \u00e7evrimi\u00e7i tekliflerin olu\u015fturulmas\u0131, sa\u011flanmas\u0131 ve i\u015fletilmesi i\u00e7in bar\u0131nd\u0131rma ve yaz\u0131l\u0131m; <strong>Hizmet sa\u011flay\u0131c\u0131<\/strong>: Aut O&#8217;Mattic A8C Ireland Ltd, Grand Canal Dock, 25 Herbert Pl, Dublin, D02 AY86, \u0130rlanda; <span class=\"\"><strong>Yasal dayanak:<\/strong> Me\u015fru menfaatler (Madde 6 paragraf 1 c\u00fcmle 1 lit. f) GDPR); <\/span><strong>Web sitesi:<\/strong> <a href=\"https:\/\/wordpress.com\" target=\"_blank\" rel=\"noopener\">https:\/\/wordpress.com<\/a>; <strong>Gizlilik Politikas\u0131:<\/strong> <a href=\"https:\/\/automattic.com\/de\/privacy\/\" target=\"_blank\" rel=\"noopener\">https:\/\/automattic.com\/de\/privacy\/<\/a>; <strong>Veri \u0130\u015fleme S\u00f6zle\u015fmesi:<\/strong> <a href=\"https:\/\/wordpress.com\/support\/data-processing-agreements\/\" target=\"_blank\" rel=\"noopener\">https:\/\/wordpress.com\/support\/data-processing-agreements\/<\/a>. <strong>\u00dc\u00e7\u00fcnc\u00fc \u00fclke transferleri i\u00e7in dayanak:<\/strong> Veri Gizlili\u011fi \u00c7er\u00e7evesi (DPF), standart s\u00f6zle\u015fme maddeleri (hizmet sa\u011flay\u0131c\u0131 taraf\u0131ndan sa\u011flan\u0131r).<\/li><\/ul><h2 id=\"m391\">Messenger \u00fczerinden ileti\u015fim<\/h2><p>\u0130leti\u015fim amac\u0131yla mesajla\u015fma programlar\u0131n\u0131 kullan\u0131yoruz ve bu nedenle mesajla\u015fma programlar\u0131n\u0131n i\u015flevselli\u011fi, \u015fifreleme, ileti\u015fim meta verilerinin kullan\u0131m\u0131 ve itiraz se\u00e7enekleriniz hakk\u0131nda a\u015fa\u011f\u0131daki bilgileri dikkate alman\u0131z\u0131 rica ediyoruz.<\/p><p>Bizimle telefon veya e-posta gibi alternatif yollarla da ileti\u015fime ge\u00e7ebilirsiniz. L\u00fctfen size sa\u011flanan ileti\u015fim se\u00e7eneklerini veya \u00e7evrimi\u00e7i teklifimizde belirtilen ileti\u015fim se\u00e7eneklerini kullan\u0131n. <\/p><p>\u0130\u00e7eri\u011fin (yani mesaj\u0131n\u0131z\u0131n ve eklerinin i\u00e7eri\u011finin) u\u00e7tan uca \u015fifrelenmesi durumunda, ileti\u015fim i\u00e7eri\u011finin (yani mesaj\u0131n ve ekli g\u00f6r\u00fcnt\u00fclerin i\u00e7eri\u011finin) u\u00e7tan uca \u015fifrelendi\u011fini belirtmek isteriz. Bu, mesajlar\u0131n i\u00e7eri\u011finin mesajla\u015fma sa\u011flay\u0131c\u0131lar\u0131n\u0131n kendileri taraf\u0131ndan bile g\u00f6r\u00fcnt\u00fclenemeyece\u011fi anlam\u0131na gelir. Mesaj i\u00e7eri\u011finin \u015fifrelendi\u011finden emin olmak i\u00e7in her zaman \u015fifrelemenin etkin oldu\u011fu g\u00fcncel bir mesajla\u015fma program\u0131 s\u00fcr\u00fcm\u00fc kullanmal\u0131s\u0131n\u0131z.  <\/p><p>Bununla birlikte, ileti\u015fim ortaklar\u0131m\u0131za, mesajla\u015fma sa\u011flay\u0131c\u0131lar\u0131 i\u00e7eri\u011fi g\u00f6r\u00fcnt\u00fcleyemese de, ileti\u015fim ortaklar\u0131n\u0131n bizimle ne zaman ileti\u015fim kurdu\u011funu ve ileti\u015fim ortaklar\u0131 taraf\u0131ndan kullan\u0131lan cihazla ilgili teknik bilgilerin ve cihazlar\u0131n\u0131n ayarlar\u0131na ba\u011fl\u0131 olarak konum bilgilerinin (meta veriler olarak adland\u0131r\u0131l\u0131r) de i\u015flendi\u011fini \u00f6\u011frenebileceklerini belirtmek isteriz.<\/p><p><strong>Yasal dayanaklara ili\u015fkin notlar: <\/strong> Messenger arac\u0131l\u0131\u011f\u0131yla ileti\u015fim kurmadan \u00f6nce ileti\u015fim ortaklar\u0131m\u0131zdan izin istersek, verilerini i\u015flememizin yasal dayana\u011f\u0131 onlar\u0131n r\u0131zas\u0131d\u0131r. Aksi takdirde, izin istemezsek ve \u00f6rne\u011fin kendi inisiyatifinizle bizimle ileti\u015fime ge\u00e7erseniz, Messenger&#8217;\u0131 s\u00f6zle\u015fmeli ortaklar\u0131m\u0131zla ilgili olarak ve s\u00f6zle\u015fmeye ba\u011fl\u0131 bir \u00f6nlem olarak s\u00f6zle\u015fme ba\u015flatma ba\u011flam\u0131nda ve di\u011fer ilgili taraflar ve ileti\u015fim ortaklar\u0131 s\u00f6z konusu oldu\u011funda, h\u0131zl\u0131 ve verimli ileti\u015fim ve ileti\u015fim ortaklar\u0131m\u0131z\u0131n Messenger arac\u0131l\u0131\u011f\u0131yla ileti\u015fim ihtiya\u00e7lar\u0131n\u0131 kar\u015f\u0131lama konusundaki me\u015fru menfaatlerimize dayanarak kullan\u0131r\u0131z. Ayr\u0131ca, bize sa\u011flanan ileti\u015fim verilerini izniniz olmadan ilk kez Messenger&#8217;a iletmeyece\u011fimizi de belirtmek isteriz.  <\/p><p><strong>\u0130ptal, itiraz ve silme:<\/strong> Onay\u0131n\u0131z\u0131 istedi\u011finiz zaman iptal edebilir ve bizimle Messenger \u00fczerinden ileti\u015fim kurmaya istedi\u011finiz zaman <strong>itiraz<\/strong> edebilirsiniz. Messenger \u00fczerinden ileti\u015fim durumunda, mesajlar\u0131 genel silme y\u00f6nergelerimize uygun olarak (\u00f6rne\u011fin, yukar\u0131da a\u00e7\u0131kland\u0131\u011f\u0131 gibi, s\u00f6zle\u015fmeye dayal\u0131 ili\u015fkilerin sona ermesinden sonra, ar\u015fivleme gereklilikleri ba\u011flam\u0131nda, vb.) ve aksi takdirde, \u00f6nceki bir g\u00f6r\u00fc\u015fmeye at\u0131fta bulunulmas\u0131 beklenmiyorsa ve silme i\u015flemi herhangi bir yasal saklama y\u00fck\u00fcml\u00fcl\u00fc\u011f\u00fc ile \u00e7eli\u015fmiyorsa, ileti\u015fim ortaklar\u0131ndan gelen herhangi bir bilgiyi yan\u0131tlad\u0131\u011f\u0131m\u0131z\u0131 varsayabilece\u011fimiz anda sileriz. <\/p><p><strong>Di\u011fer ileti\u015fim kanallar\u0131na at\u0131fta bulunma rezervi:<\/strong> G\u00fcvenli\u011finizi sa\u011flamak i\u00e7in, belirli nedenlerle Messenger \u00fczerinden gelen sorular\u0131 yan\u0131tlayamayabilece\u011fimizi anlay\u0131\u015fla kar\u015f\u0131laman\u0131z\u0131 rica ediyoruz. Bu durum, \u00f6rne\u011fin s\u00f6zle\u015fme bilgilerinin \u00f6zel bir gizlilikle ele al\u0131nmas\u0131 gereken veya Messenger \u00fczerinden verilecek bir yan\u0131t\u0131n resmi gereklilikleri kar\u015f\u0131lamad\u0131\u011f\u0131 durumlar i\u00e7in ge\u00e7erlidir. Bu durumlarda, daha uygun ileti\u015fim kanallar\u0131n\u0131 kullanman\u0131z\u0131 tavsiye ederiz.  <\/p><ul class=\"m-elements\"><li><strong>\u0130\u015flenen veri t\u00fcrleri:<\/strong> \u0130leti\u015fim verileri (\u00f6rn. posta ve e-posta adresleri veya telefon numaralar\u0131); \u0130\u00e7erik verileri (\u00f6rn. metin veya resim mesajlar\u0131 ve katk\u0131lar\u0131n yan\u0131 s\u0131ra yazarl\u0131k veya olu\u015fturma zaman\u0131 bilgileri gibi bunlarla ilgili bilgiler); Kullan\u0131m verileri (\u00f6rn. sayfa g\u00f6r\u00fcnt\u00fclemeleri ve kalma s\u00fcresi, t\u0131klama yollar\u0131, kullan\u0131m yo\u011funlu\u011fu ve s\u0131kl\u0131\u011f\u0131, kullan\u0131lan cihaz t\u00fcrleri ve i\u015fletim sistemleri, i\u00e7erik ve i\u015flevlerle etkile\u015fimler). Meta, ileti\u015fim ve s\u00fcre\u00e7 verileri (\u00f6rne\u011fin IP adresleri, zaman verileri, kimlik numaralar\u0131, ilgili ki\u015filer). <\/li><li><strong>Etkilenen ki\u015filer:<\/strong> \u0130leti\u015fim orta\u011f\u0131.<\/li><li><strong>\u0130\u015fleme ama\u00e7lar\u0131:<\/strong> \u0130leti\u015fim. Do\u011frudan pazarlama (\u00f6rn. e-posta veya posta yoluyla). <\/li><li>Saklama <strong>ve silme:<\/strong> &#8220;Veri saklama ve silme hakk\u0131nda genel bilgiler&#8221; b\u00f6l\u00fcm\u00fcndeki bilgilere uygun olarak silme.<\/li><li class=\"\"><strong>Yasal dayanaklar:<\/strong> R\u0131za (Madde 6 paragraf 1 c\u00fcmle 1 lit. a) GDPR); s\u00f6zle\u015fmenin ve s\u00f6zle\u015fme \u00f6ncesi taleplerin yerine getirilmesi (Madde 6 paragraf 1 c\u00fcmle 1 lit. b) GDPR). Me\u015fru menfaatler (GDPR Madde 6 Paragraf 1 C\u00fcmle 1 Bent f).       <\/li><\/ul><p><strong>\u0130\u015fleme faaliyetleri, prosed\u00fcrleri ve hizmetleri hakk\u0131nda daha fazla bilgi:<\/strong><\/p><ul class=\"m-elements\"><li><strong>Apple iMessage: <\/strong>Metin mesajlar\u0131, sesli mesajlar ve g\u00f6r\u00fcnt\u00fcl\u00fc aramalar g\u00f6nderin ve al\u0131n. Grup konu\u015fmalar\u0131 yap\u0131n. Dosya, foto\u011fraf, video ve konum payla\u015f\u0131n. U\u00e7tan uca \u015fifreleme ile g\u00fcvenli ileti\u015fim. Mesajlar\u0131 birden fazla cihaz aras\u0131nda senkronize edin; <strong>servis sa\u011flay\u0131c\u0131:<\/strong> Apple Inc, Infinite Loop, Cupertino, CA 95014, ABD; <span class=\"\"><strong>Yasal dayanak:<\/strong> Me\u015fru menfaatler (Madde 6 Paragraf 1 S. 1 lit. f) GDPR); <\/span><strong>Web sitesi:<\/strong> <a href=\"https:\/\/www.apple.com\/de\/\" target=\"_blank\" rel=\"noopener\">https:\/\/www.apple.com\/de\/<\/a> <span class=\"\">. <\/span> <strong>Gizlilik Politikas\u0131:<\/strong> <a href=\"https:\/\/www.apple.com\/legal\/privacy\/de-ww\/\" target=\"_blank\" rel=\"noopener\">https:\/\/www.apple.com\/legal\/privacy\/de-ww\/.<\/a>    <\/li><li><strong>Instagram: <\/strong>Instagram sosyal a\u011f\u0131 \u00fczerinden mesaj g\u00f6nderme; <strong>Hizmet sa\u011flay\u0131c\u0131<\/strong>: Meta Platforms Ireland Limited, Merrion Road, Dublin 4, D04 X2K5, \u0130rlanda; <span class=\"\"><strong>Yasal dayanak:<\/strong> Me\u015fru menfaatler (Madde 6 paragraf 1 c\u00fcmle 1 lit. f) GDPR); <\/span><strong>Web sitesi:<\/strong> <a href=\"https:\/\/www.instagram.com\" target=\"_blank\" rel=\"noopener\">https:\/\/www.instagram.com<\/a> <span class=\"\">. <\/span> <strong>Gizlilik Politikas\u0131:<\/strong> <a href=\"https:\/\/privacycenter.instagram.com\/policy\/\" target=\"_blank\" rel=\"noopener\">https:\/\/privacycenter.instagram.com\/policy\/.<\/a><\/li><li><strong>Facebook Messenger: <\/strong>Metin mesajlar\u0131 g\u00f6nderme ve alma, sesli ve g\u00f6r\u00fcnt\u00fcl\u00fc arama yapma, grup sohbetleri olu\u015fturma, dosya ve medya payla\u015fma, konum bilgilerini iletme, ki\u015fileri senkronize etme, mesajlar\u0131 \u015fifreleme; <strong>Hizmet sa\u011flay\u0131c\u0131:<\/strong> Meta Platforms Ireland Limited, Merrion Road, Dublin 4, D04 X2K5, \u0130rlanda; <span class=\"\"><strong>Yasal dayanak<\/strong>: Me\u015fru menfaatler (Madde 6 paragraf 1 c\u00fcmle 1 lit. f) GDPR); <\/span><strong>Web sitesi:<\/strong> <a href=\"https:\/\/www.facebook.com\" target=\"_blank\" rel=\"noopener\">https:\/\/www.facebook.com<\/a>; <strong>Gizlilik Politikas\u0131:<\/strong> <a href=\"https:\/\/www.facebook.com\/privacy\/policy\/\" target=\"_blank\" rel=\"noopener\">https:\/\/www.facebook.com\/privacy\/policy\/<\/a>; <strong>Veri i\u015fleme s\u00f6zle\u015fmesi:<\/strong> <a href=\"https:\/\/www.facebook.com\/legal\/terms\/dataprocessing\" target=\"_blank\" rel=\"noopener\">https:\/\/www.facebook.com\/legal\/terms\/dataprocessing<\/a> <span class=\"\">. <\/span> <strong>\u00dc\u00e7\u00fcnc\u00fc \u00fclke transferleri i\u00e7in dayanak:<\/strong> Veri Gizlili\u011fi \u00c7er\u00e7evesi (DPF), Standart S\u00f6zle\u015fme Maddeleri<a href=\"https:\/\/www.facebook.com\/legal\/EU_data_transfer_addendum\" target=\"_blank\" rel=\"noopener\">(https:\/\/www.facebook.com\/legal\/EU_data_transfer_addendum<\/a>).<\/li><li><strong>Microsoft Teams: <\/strong>\u00c7evrimi\u00e7i etkinlikler, konferanslar d\u00fczenlemek ve dahili ve harici kat\u0131l\u0131mc\u0131larla ileti\u015fim kurmak i\u00e7in kullan\u0131n. Ses iletimi, do\u011frudan mesajlar, grup ileti\u015fimi ve i\u015fbirli\u011fi i\u015flevleri kullan\u0131l\u0131r; ad, i\u015f ileti\u015fim bilgileri, i\u015f profili, kat\u0131l\u0131m ve i\u00e7erik (ses\/video, ses, sohbet, dosyalar, ses transkripsiyonu), verimlili\u011fi ve \u00fcretkenli\u011fi art\u0131rma, maliyet verimlili\u011fi, esneklik, mobilite, geli\u015fmi\u015f ileti\u015fim, BT g\u00fcvenli\u011fi, merkezi bir platform kullan\u0131m\u0131 ve Microsoft taraf\u0131ndan i\u015f i\u015fleme ama\u00e7lar\u0131 ve \u00e7\u0131karlar\u0131 do\u011frultusunda i\u015flenir. Kay\u0131t etkinle\u015ftirilmedi\u011fi s\u00fcrece ses sinyalleri genellikle saklanmaz. Toplant\u0131 ve konferans kay\u0131tlar\u0131, farkl\u0131 bir s\u00fcre belirtilmedi\u011fi s\u00fcrece varsay\u0131lan olarak 90 g\u00fcn boyunca saklan\u0131r. Sohbet ve dosya i\u00e7eri\u011fi, y\u00f6netici veya kullan\u0131c\u0131 taraf\u0131ndan belirtilen y\u00f6nergelere g\u00f6re kaydedilir; otomatik silme \u00f6nceden ayarlanmam\u0131\u015ft\u0131r. Kanallar her 180 g\u00fcnde bir yenilenmelidir, aksi takdirde i\u00e7erik silinir. Ayr\u0131ca, sistem taraf\u0131ndan olu\u015fturulan g\u00fcnl\u00fck, tan\u0131lama ve meta veriler i\u015flenir ve \u00fcr\u00fcn kararl\u0131l\u0131\u011f\u0131, g\u00fcvenli\u011fi ve iyile\u015ftirmesi i\u00e7in tan\u0131lama verileri toplan\u0131r; <strong>hizmet sa\u011flay\u0131c\u0131<\/strong>: Microsoft Ireland Operations Limited, One Microsoft Place, South County Business Park, Leopardstown, Dublin 18, D18 P521, \u0130rlanda; Microsoft Corporation, One Microsoft Way, Redmond, WA 98052-6399, ABD; <span class=\"\"><strong>Yasal dayanak:<\/strong> Me\u015fru menfaatler (GDPR Madde 6 paragraf 1 c\u00fcmle 1 lit. f)); <\/span><strong>Web sitesi:<\/strong> <a href=\"https:\/\/www.microsoft.com\/de-de\/microsoft-365\" target=\"_blank\" rel=\"noopener\">https:\/\/www.microsoft.com\/de-de\/microsoft-365;<\/a> <strong>Gizlilik Politikas\u0131:<\/strong> <a href=\"https:\/\/privacy.microsoft.com\/de-de\/privacystatement\" target=\"_blank\" rel=\"noopener\">https:\/\/privacy.microsoft.com\/de-de\/privacystatement<\/a>, G\u00fcvenlik bilgileri: <a href=\"https:\/\/www.microsoft.com\/de-de\/trustcenter\" target=\"_blank\" rel=\"noopener\">https:\/\/www.microsoft.com\/de-de\/trustcenter<\/a> <span class=\"\">. <\/span> <strong>\u00dc\u00e7\u00fcnc\u00fc \u00fclke transferleri i\u00e7in dayanak:<\/strong> Veri Gizlili\u011fi \u00c7er\u00e7evesi (DPF), Standart S\u00f6zle\u015fme Maddeleri<a href=\"https:\/\/www.microsoft.com\/licensing\/docs\/view\/Microsoft-Products-and-Services-Data-Protection-Addendum-DPA\" target=\"_blank\" rel=\"noopener\">(https:\/\/www.microsoft.com\/licensing\/docs\/view\/Microsoft-Products-and-Services-Data-Protection-Addendum-DPA<\/a>).      <\/li><li><strong>Signal: <\/strong>U\u00e7tan uca \u015fifrelemeli Signal Messenger; <strong>Hizmet sa\u011flay\u0131c\u0131<\/strong>: Privacy Signal Messenger, LLC 650 Castro Street, Suite 120-223 Mountain View, CA 94041, ABD; <span class=\"\"><strong>Yasal dayanak:<\/strong> Me\u015fru menfaatler (GDPR Madde 6 paragraf 1 c\u00fcmle 1 lit. f); <\/span><strong>Web sitesi:<\/strong> <a href=\"https:\/\/signal.org\/de\/\" target=\"_blank\" rel=\"noopener\">https:\/\/signal.org\/de\/<\/a> <span class=\"\">. <\/span> <strong>Gizlilik Politikas\u0131:<\/strong> <a href=\"https:\/\/signal.org\/legal\/\" target=\"_blank\" rel=\"noopener\">https:\/\/signal.org\/legal\/.<\/a><\/li><li><strong>Snapchat: <\/strong>U\u00e7tan uca \u015fifrelemeli Snapchat Messenger; <strong>Hizmet sa\u011flay\u0131c\u0131<\/strong>: Snap Inc., 3000 31st Street, Santa Monica, California 90405 USA; <span class=\"\"><strong>Yasal dayanak<\/strong>: Me\u015fru menfaatler (GDPR Madde 6 paragraf 1 c\u00fcmle 1 lit. f); <\/span><strong>Web sitesi:<\/strong> <a href=\"https:\/\/www.snapchat.com\/l\/de-de\" target=\"_blank\" rel=\"noopener\">https:\/\/www.snapchat.com\/l\/de-de<\/a>; <strong>Gizlilik Politikas\u0131:<\/strong> <a href=\"https:\/\/www.snap.com\/de-DE\/privacy\/privacy-policy\" target=\"_blank\" rel=\"noopener\">https:\/\/www.snap.com\/de-DE\/privacy\/privacy-policy<\/a>; <strong>Veri i\u015fleme s\u00f6zle\u015fmesi:<\/strong> <a href=\"https:\/\/www.snap.com\/de-DE\/terms\/data-processing-agreement\" target=\"_blank\" rel=\"noopener\">https:\/\/www.snap.com\/de-DE\/terms\/data-processing-agreement<\/a>. <strong>\u00dc\u00e7\u00fcnc\u00fc \u00fclke transferleri i\u00e7in dayanak:<\/strong> Standart S\u00f6zle\u015fme Maddeleri<a href=\"https:\/\/www.snap.com\/de-DE\/terms\/data-processing-agreement\" target=\"_blank\" rel=\"noopener\">(https:\/\/www.snap.com\/de-DE\/terms\/data-processing-agreement)<\/a>.<\/li><li><strong>Telegram: <\/strong>Mesaj, sesli arama ve g\u00f6r\u00fcnt\u00fcl\u00fc arama g\u00f6nderme ve alma; Grup ve kanal olu\u015fturma; Dosya ve medya payla\u015fma; Otomasyon i\u00e7in bot kullanma; Gizli sohbetler i\u00e7in u\u00e7tan uca \u015fifreleme; Birden fazla cihaz aras\u0131nda senkronizasyon; <strong>Hizmet sa\u011flay\u0131c\u0131<\/strong>: Avrupa Birli\u011fi&#8217;ndeki temsilci: Avrupa Veri Koruma Ofisi (EDPO), Avenue Huart Hamoir 71, 1030 Br\u00fcksel, Bel\u00e7ika; <span class=\"\"><strong>Yasal dayanak<\/strong>: Me\u015fru menfaatler (GDPR Madde 6 paragraf 1 c\u00fcmle 1 lit. f)); <\/span><strong>Web sitesi:<\/strong> <a href=\"https:\/\/telegram.org\/\" target=\"_blank\" rel=\"noopener\">https:\/\/telegram.org\/<\/a> <span class=\"\">. <\/span> <strong>Gizlilik Politikas\u0131:<\/strong> <a href=\"https:\/\/telegram.org\/privacy\/de\" target=\"_blank\" rel=\"noopener\">https:\/\/telegram.org\/privacy\/de.<\/a><\/li><li><strong>WhatsApp: <\/strong>Metin mesajlar\u0131, sesli ve g\u00f6r\u00fcnt\u00fcl\u00fc aramalar, resim, video ve belge g\u00f6nderme, grup sohbeti i\u015flevi, daha fazla g\u00fcvenlik i\u00e7in u\u00e7tan uca \u015fifreleme; <strong>Hizmet sa\u011flay\u0131c\u0131<\/strong>: WhatsApp Ireland Limited, Merrion Road, Dublin 4, D04 X2K5, \u0130rlanda; <span class=\"\"><strong>Yasal dayanak<\/strong>: Me\u015fru menfaatler (Madde 6 paragraf 1 c\u00fcmle 1 lit. f) GDPR); <\/span><strong>Web sitesi:<\/strong> <a href=\"https:\/\/www.whatsapp.com\/\" target=\"_blank\" rel=\"noopener\">https:\/\/www.whatsapp.com\/;<\/a> <strong>Gizlilik Politikas\u0131:<\/strong> <a href=\"https:\/\/www.whatsapp.com\/legal\" target=\"_blank\" rel=\"noopener\">https:\/\/www.whatsapp.com\/legal<\/a> <span class=\"\">. <\/span> <strong>\u00dc\u00e7\u00fcnc\u00fc \u00fclke transferleri i\u00e7in dayanak:<\/strong> Veri Gizlili\u011fi \u00c7er\u00e7evesi (DPF).<\/li><li><strong>FaceTime: <\/strong>Messenger, g\u00f6r\u00fcnt\u00fcl\u00fc aramalar, sesli aramalar, grup aramalar\u0131, ekran payla\u015f\u0131m\u0131, arama planlama, ki\u015filer ve takvimlerle entegrasyon; <strong>servis sa\u011flay\u0131c\u0131<\/strong>: Apple Inc, Infinite Loop, Cupertino, CA 95014, ABD; <strong>Web sitesi:<\/strong> <a href=\"https:\/\/www.apple.com\/de\/\" target=\"_blank\" rel=\"noopener\">https:\/\/www.apple.com\/de\/<\/a>. <strong>Gizlilik politikas\u0131:<\/strong> <a href=\"https:\/\/www.apple.com\/legal\/privacy\/de-ww\/\" target=\"_blank\" rel=\"noopener\">https:\/\/www.apple.com\/legal\/privacy\/de-ww\/.<\/a><\/li><\/ul><h2 id=\"m406\">Sohbet robotlar\u0131 ve sohbet i\u015flevleri<\/h2><p>Bir ileti\u015fim arac\u0131 olarak \u00e7evrimi\u00e7i sohbetler ve sohbet robotu i\u015flevleri (topluca &#8220;sohbet hizmetleri&#8221; olarak an\u0131lacakt\u0131r) sunuyoruz. Sohbet, belirli bir zamanl\u0131l\u0131k derecesinde ger\u00e7ekle\u015ftirilen \u00e7evrimi\u00e7i bir g\u00f6r\u00fc\u015fmedir. Sohbet robotu, kullan\u0131c\u0131lar\u0131n sorular\u0131n\u0131 yan\u0131tlayan veya onlar\u0131 mesajlar hakk\u0131nda bilgilendiren bir yaz\u0131l\u0131md\u0131r. Sohbet i\u015flevlerimizi kullan\u0131rsan\u0131z, ki\u015fisel verilerinizi i\u015fleyebiliriz.   <\/p><p>Sohbet hizmetlerimizi \u00e7evrimi\u00e7i bir platformda kullan\u0131rsan\u0131z, kimlik numaran\u0131z da ilgili platformda saklanacakt\u0131r. Ayr\u0131ca hangi kullan\u0131c\u0131lar\u0131n ne zaman sohbet hizmetlerimizle etkile\u015fime ge\u00e7ti\u011fi hakk\u0131nda bilgi toplayabiliriz. Ayr\u0131ca, sohbet hizmetleri arac\u0131l\u0131\u011f\u0131yla yapt\u0131\u011f\u0131n\u0131z konu\u015fmalar\u0131n i\u00e7eri\u011fini ve yasal gerekliliklere uygun olarak bunlar\u0131 kan\u0131tlayabilmek i\u00e7in kay\u0131t ve onay s\u00fcre\u00e7lerini saklar\u0131z.  <\/p><p>Kullan\u0131c\u0131lara, ilgili platform sa\u011flay\u0131c\u0131s\u0131n\u0131n, kullan\u0131c\u0131lar\u0131n sohbet hizmetlerimizle ileti\u015fim kurdu\u011funu ve ne zaman ileti\u015fim kurdu\u011funu \u00f6\u011frenebilece\u011fini ve kullan\u0131c\u0131n\u0131n kulland\u0131\u011f\u0131 cihazla ilgili teknik bilgileri ve cihaz ayarlar\u0131na ba\u011fl\u0131 olarak, ilgili hizmetleri optimize etmek ve g\u00fcvenlik amac\u0131yla konum bilgilerini (meta veriler olarak adland\u0131r\u0131l\u0131r) toplayabilece\u011fini belirtmek isteriz. Sohbet hizmetleri arac\u0131l\u0131\u011f\u0131yla ileti\u015fimin meta verileri (\u00f6rne\u011fin, kimin kiminle ileti\u015fim kurdu\u011funa dair bilgiler), ilgili platform sa\u011flay\u0131c\u0131lar\u0131 taraf\u0131ndan pazarlama amac\u0131yla veya daha fazla bilgi i\u00e7in ba\u015fvurdu\u011fumuz h\u00fck\u00fcmlerine uygun olarak kullan\u0131c\u0131lara uyarlanm\u0131\u015f reklamlar\u0131 g\u00f6r\u00fcnt\u00fclemek i\u00e7in de kullan\u0131labilir. <\/p><p>Kullan\u0131c\u0131lar, d\u00fczenli mesajlarla bilgileri etkinle\u015ftirmek i\u00e7in bir sohbet botuna istekli olduklar\u0131n\u0131 beyan ederlerse, istedikleri zaman gelecek i\u00e7in bilgileri iptal etme se\u00e7ene\u011fine sahiptirler. Sohbet robotu, kullan\u0131c\u0131lar\u0131 mesaj aboneliklerinden nas\u0131l ve hangi ko\u015fullarla \u00e7\u0131kabilecekleri konusunda bilgilendirir. Sohbet robotu mesajlar\u0131 iptal edildi\u011finde, kullan\u0131c\u0131n\u0131n verileri mesaj al\u0131c\u0131lar\u0131 listesinden silinir.  <\/p><p>Yukar\u0131da belirtilen verileri sohbet hizmetlerimizi i\u015fletmek i\u00e7in kullan\u0131yoruz, \u00f6rne\u011fin kullan\u0131c\u0131lara ki\u015fisel olarak hitap etmek, sorular\u0131n\u0131 yan\u0131tlamak, talep edilen i\u00e7eri\u011fi iletmek ve ayr\u0131ca sohbet hizmetlerimizi geli\u015ftirmek i\u00e7in (\u00f6rne\u011fin sohbet robotlar\u0131na s\u0131k sorulan sorular\u0131n yan\u0131tlar\u0131n\u0131 &#8220;\u00f6\u011fretmek&#8221; veya yan\u0131tlanmam\u0131\u015f sorular\u0131 tan\u0131mak).<\/p><p><strong>Yasal dayanaklara ili\u015fkin notlar:<\/strong> Sohbet hizmetlerimizin bir par\u00e7as\u0131 olarak verilerini i\u015flemek i\u00e7in kullan\u0131c\u0131lardan \u00f6nceden izin alm\u0131\u015fsak, sohbet hizmetlerini r\u0131za temelinde kullan\u0131r\u0131z (bu, \u00f6rne\u011fin bir sohbet robotunun onlara d\u00fczenli mesajlar g\u00f6ndermesi i\u00e7in kullan\u0131c\u0131lardan onay istendi\u011fi durumlar i\u00e7in ge\u00e7erlidir). Kullan\u0131c\u0131lar\u0131n hizmetlerimiz veya \u015firketimiz hakk\u0131ndaki sorular\u0131n\u0131 yan\u0131tlamak i\u00e7in sohbet hizmetlerini kullan\u0131rsak, bu s\u00f6zle\u015fmeye dayal\u0131 ve s\u00f6zle\u015fme \u00f6ncesi ileti\u015fim i\u00e7in yap\u0131l\u0131r. Ayr\u0131ca sohbet hizmetlerini, sohbet hizmetlerini optimize etme, maliyet etkinli\u011fi ve olumlu kullan\u0131c\u0131 deneyimini geli\u015ftirme konusundaki me\u015fru menfaatlerimiz temelinde kullan\u0131r\u0131z.  <\/p><p><strong>\u0130ptal, itiraz ve silme: <\/strong>\u0130stedi\u011finiz zaman izninizi iptal edebilir veya sohbet hizmetlerimiz ba\u011flam\u0131nda verilerinizin i\u015flenmesine <strong>itiraz <\/strong>edebilirsiniz.<\/p><ul class=\"m-elements\"><li><strong>\u0130\u015flenen veri t\u00fcrleri:<\/strong> \u0130leti\u015fim verileri (\u00f6rn. posta ve e-posta adresleri veya telefon numaralar\u0131); \u0130\u00e7erik verileri (\u00f6rn. metin veya resim mesajlar\u0131 ve katk\u0131lar\u0131n yan\u0131 s\u0131ra yazarl\u0131k veya olu\u015fturma zaman\u0131 bilgileri gibi bunlarla ilgili bilgiler). Kullan\u0131m verileri (\u00f6rne\u011fin sayfa g\u00f6r\u00fcnt\u00fclemeleri ve bekleme s\u00fcresi, t\u0131klama yollar\u0131, kullan\u0131m yo\u011funlu\u011fu ve s\u0131kl\u0131\u011f\u0131, kullan\u0131lan cihaz t\u00fcrleri ve i\u015fletim sistemleri, i\u00e7erik ve i\u015flevlerle etkile\u015fimler).<\/li><li><strong>Etkilenen ki\u015filer:<\/strong> \u0130leti\u015fim ortaklar\u0131.<\/li><li><strong>\u0130\u015fleme ama\u00e7lar\u0131:<\/strong> \u0130leti\u015fim.<\/li><li>Saklama<strong>ve silme:<\/strong> &#8220;Veri saklama ve silme hakk\u0131nda genel bilgiler&#8221; b\u00f6l\u00fcm\u00fcndeki bilgilere uygun olarak silme.<\/li><li class=\"\"><strong>Yasal dayanak:<\/strong> R\u0131za (GDPR madde 6 paragraf 1 c\u00fcmle 1 lit. a); s\u00f6zle\u015fmenin ve s\u00f6zle\u015fme \u00f6ncesi taleplerin yerine getirilmesi (GDPR madde 6 paragraf 1 c\u00fcmle 1 lit. b)). Me\u015fru menfaatler (GDPR Madde 6 Paragraf 1 C\u00fcmle 1 Bent f).<\/li><\/ul><h2 id=\"m1643\">Push mesajlar\u0131<\/h2><p>Kullan\u0131c\u0131n\u0131n onay\u0131 ile kullan\u0131c\u0131lara &#8220;anl\u0131k bildirimler&#8221; g\u00f6nderebiliriz. Bunlar, \u00e7evrimi\u00e7i hizmetimiz o anda aktif olarak kullan\u0131lm\u0131yor olsa bile kullan\u0131c\u0131lar\u0131n ekranlar\u0131nda, son cihazlar\u0131nda veya taray\u0131c\u0131lar\u0131nda g\u00f6r\u00fcnt\u00fclenen mesajlard\u0131r. <\/p><p>Anl\u0131k mesajlara kaydolmak i\u00e7in kullan\u0131c\u0131lar\u0131n taray\u0131c\u0131lar\u0131ndan veya son cihazlar\u0131ndan anl\u0131k mesajlar\u0131 alma talebini onaylamalar\u0131 gerekir. Bu onay s\u00fcreci belgelenir ve kaydedilir. Bu kay\u0131t, kullan\u0131c\u0131lar\u0131n anl\u0131k mesajlar\u0131 almay\u0131 kabul edip etmediklerini anlamak ve onaylar\u0131n\u0131 kan\u0131tlayabilmek i\u00e7in gereklidir. Bu ama\u00e7lar do\u011frultusunda, taray\u0131c\u0131n\u0131n takma bir tan\u0131mlay\u0131c\u0131s\u0131 (&#8220;push token&#8221; olarak adland\u0131r\u0131l\u0131r) veya bir son cihaz\u0131n cihaz kimli\u011fi saklan\u0131r.   <\/p><p>Anl\u0131k bildirimler, s\u00f6zle\u015fmeden do\u011fan y\u00fck\u00fcml\u00fcl\u00fcklerin yerine getirilmesi i\u00e7in gerekli olabilir (\u00f6rne\u011fin, \u00e7evrimi\u00e7i teklifimizin kullan\u0131m\u0131yla ilgili teknik ve organizasyonel bilgiler) ve a\u015fa\u011f\u0131da \u00f6zellikle belirtilmedi\u011fi s\u00fcrece kullan\u0131c\u0131n\u0131n r\u0131zas\u0131na dayal\u0131 olarak g\u00f6nderilir. Kullan\u0131c\u0131lar, ilgili taray\u0131c\u0131lar\u0131n\u0131n veya son cihazlar\u0131n\u0131n bildirim ayarlar\u0131n\u0131 kullanarak push mesajlar\u0131n\u0131n al\u0131nmas\u0131n\u0131 istedikleri zaman de\u011fi\u015ftirebilirler. <\/p><ul class=\"m-elements\"><li><strong>\u0130\u015flenen veri t\u00fcrleri:<\/strong> Kullan\u0131m verileri (\u00f6rne\u011fin sayfa g\u00f6r\u00fcnt\u00fclemeleri ve bekleme s\u00fcresi, t\u0131klama yollar\u0131, kullan\u0131m yo\u011funlu\u011fu ve s\u0131kl\u0131\u011f\u0131, kullan\u0131lan cihaz t\u00fcrleri ve i\u015fletim sistemleri, i\u00e7erik ve i\u015flevlerle etkile\u015fimler); meta, ileti\u015fim ve i\u015flem verileri (\u00f6rne\u011fin IP adresleri, zaman verileri, kimlik numaralar\u0131, ilgili ki\u015filer). Konum verileri (bir cihaz\u0131n veya ki\u015finin co\u011frafi konumuna ili\u015fkin bilgiler).<\/li><li><strong>Veri \u00f6zneleri:<\/strong> \u0130leti\u015fim ortaklar\u0131.<\/li><li><strong>\u0130\u015fleme Ama\u00e7lar\u0131:<\/strong> \u0130leti\u015fim; \u00c7evrimi\u00e7i hizmetlerimizin ve kullan\u0131labilirli\u011fin sa\u011flanmas\u0131; Web Analiti\u011fi (\u00f6rn. eri\u015fim istatistikleri, geri d\u00f6nen ziyaret\u00e7ilerin tan\u0131nmas\u0131). Do\u011frudan pazarlama (\u00f6rn. e-posta veya posta yoluyla).<\/li><li>Saklama<strong>ve silme:<\/strong> &#8220;Veri saklama ve silme hakk\u0131nda genel bilgiler&#8221; b\u00f6l\u00fcm\u00fcndeki bilgilere uygun olarak silme. \u0130ptalden sonra silme.<\/li><li class=\"\"><strong>Yasal dayanak:<\/strong> R\u0131za (GDPR Madde 6 paragraf 1 c\u00fcmle 1 lit. a)). Me\u015fru menfaatler (GDPR Madde 6 Paragraf 1 C\u00fcmle 1 Bent f)).<\/li><\/ul><p><strong>\u0130\u015fleme faaliyetleri, prosed\u00fcrleri ve hizmetleri hakk\u0131nda daha fazla bilgi:<\/strong><\/p><ul class=\"m-elements\"><li><strong>Reklam i\u00e7erikli anl\u0131k bildirimler: <\/strong>G\u00f6nderdi\u011fimiz anl\u0131k bildirimler reklam bilgileri i\u00e7erebilir. Reklam i\u00e7erikli anl\u0131k iletiler kullan\u0131c\u0131n\u0131n r\u0131zas\u0131 temelinde i\u015flenir. Reklam anl\u0131k mesajlar\u0131n\u0131n i\u00e7eri\u011fi, bunlar\u0131 alma r\u0131zas\u0131 ba\u011flam\u0131nda \u00f6zel olarak a\u00e7\u0131klanm\u0131\u015fsa, a\u00e7\u0131klamalar kullan\u0131c\u0131n\u0131n r\u0131zas\u0131 i\u00e7in belirleyicidir. Aksi takdirde, haber b\u00fcltenlerimiz hizmetlerimiz ve bizimle ilgili bilgiler i\u00e7erir; <span class=\"\"><strong>yasal dayanak:<\/strong> R\u0131za (GDPR Madde 6 paragraf 1 c\u00fcmle 1 lit. a)).<\/span><\/li><li><strong>Anl\u0131k bildirimlerin konuma ba\u011fl\u0131 olarak g\u00f6nderilmesi: <\/strong>Taraf\u0131m\u0131zdan g\u00f6nderilen anl\u0131k bildirimler, kullan\u0131lan son cihaz taraf\u0131ndan iletilen konum verilerine dayal\u0131 olarak kullan\u0131c\u0131n\u0131n konumuna ba\u011fl\u0131 olarak g\u00f6r\u00fcnt\u00fclenebilir; <span class=\"\"><strong>yasal dayan<\/strong><\/span>ak <span class=\"\">: r\u0131za (GDPR Madde 6 paragraf 1 c\u00fcmle 1 lit. a)).<\/span><\/li><li><strong>Analiz ve performans \u00f6l\u00e7\u00fcm\u00fc: <\/strong>Anl\u0131k bildirimleri istatistiksel olarak analiz ediyoruz ve b\u00f6ylece anl\u0131k bildirimlerin g\u00f6r\u00fcnt\u00fclenip g\u00f6r\u00fcnt\u00fclenmedi\u011fini ve ne zaman t\u0131kland\u0131\u011f\u0131n\u0131 anlayabiliyoruz. Bu bilgiler, teknik verilere veya hedef gruplara ve bunlar\u0131n eri\u015fim davran\u0131\u015flar\u0131na veya eri\u015fim s\u00fcrelerine dayal\u0131 olarak anl\u0131k mesajlar\u0131m\u0131z\u0131n teknik olarak iyile\u015ftirilmesi i\u00e7in kullan\u0131l\u0131r. Bu analiz ayr\u0131ca anl\u0131k mesajlar\u0131n a\u00e7\u0131l\u0131p a\u00e7\u0131lmad\u0131\u011f\u0131n\u0131, ne zaman a\u00e7\u0131ld\u0131\u011f\u0131n\u0131 ve kullan\u0131c\u0131lar\u0131n i\u00e7erikleriyle veya d\u00fc\u011fmeleriyle etkile\u015fime girip girmedi\u011fini belirlemeyi de i\u00e7erir. Teknik nedenlerden dolay\u0131, bu bilgiler anl\u0131k mesaj al\u0131c\u0131lar\u0131na atanabilir. Ancak, tek tek kullan\u0131c\u0131lar\u0131 g\u00f6zlemlemek ne bizim ne de kullan\u0131l\u0131yorsa anl\u0131k mesaj hizmet sa\u011flay\u0131c\u0131s\u0131n\u0131n \u00e7abas\u0131d\u0131r. Analizler daha ziyade kullan\u0131c\u0131lar\u0131m\u0131z\u0131n kullan\u0131m al\u0131\u015fkanl\u0131klar\u0131n\u0131 tan\u0131mam\u0131za ve anl\u0131k mesajlar\u0131m\u0131z\u0131 onlara uyarlamam\u0131za veya kullan\u0131c\u0131lar\u0131m\u0131z\u0131n ilgi alanlar\u0131na g\u00f6re farkl\u0131 anl\u0131k mesajlar g\u00f6ndermemize yard\u0131mc\u0131 olur.<br><br>Anl\u0131k mesajlar, kullan\u0131c\u0131lar\u0131n anl\u0131k mesajlar\u0131 almay\u0131 kabul ettiklerinde verdikleri a\u00e7\u0131k onay temelinde analiz edilir ve ba\u015far\u0131lar\u0131 \u00f6l\u00e7\u00fcl\u00fcr. Kullan\u0131c\u0131lar anl\u0131k mesaj aboneliklerini iptal ederek analiz ve performans \u00f6l\u00e7\u00fcm\u00fcne itiraz edebilirler. Analiz ve performans \u00f6l\u00e7\u00fcm\u00fcn\u00fcn ayr\u0131 bir iptali maalesef m\u00fcmk\u00fcn de\u011fildir; <span class=\"\"><strong>yasal dayanak:<\/strong> R\u0131za (GDPR Madde 6 paragraf 1 c\u00fcmle 1 lit. a)).<\/span><\/li><\/ul><h2 id=\"m2555\">Yapay zeka (AI)<\/h2><p>Ki\u015fisel verilerin i\u015flendi\u011fi yapay zeka (AI) kullan\u0131yoruz. Yapay zekay\u0131 kullanmam\u0131zdaki \u00f6zel ama\u00e7lar ve \u00e7\u0131karlar\u0131m\u0131z a\u015fa\u011f\u0131da belirtilmi\u015ftir. YZ Y\u00f6netmeli\u011fi Madde 3 No. 1&#8217;deki &#8220;YZ sistemi&#8221; terimine uygun olarak, YZ&#8217;yi, de\u011fi\u015fen derecelerde otonom olarak \u00e7al\u0131\u015fmak \u00fczere tasarlanm\u0131\u015f, piyasaya s\u00fcr\u00fcld\u00fckten sonra uyarlanabilir ve al\u0131nan girdilerden fiziksel veya sanal ortamlar\u0131 etkileyebilecek tahminler, i\u00e7erik, \u00f6neriler veya kararlar gibi sonu\u00e7lar \u00fcreten makine tabanl\u0131 bir sistem olarak anl\u0131yoruz.  <\/p><p>Yapay zeka sistemlerimiz yasal gerekliliklere tam uyum i\u00e7inde kullan\u0131lmaktad\u0131r. Bunlar hem yapay zeka i\u00e7in \u00f6zel d\u00fczenlemeleri hem de veri koruma gereksinimlerini i\u00e7erir. \u00d6zellikle yasall\u0131k, \u015feffafl\u0131k, adalet, insan kontrol\u00fc, ama\u00e7 s\u0131n\u0131rlamas\u0131, veri minimizasyonu, b\u00fct\u00fcnl\u00fck ve gizlilik ilkelerine ba\u011fl\u0131y\u0131z. Ki\u015fisel verilerin i\u015flenmesinin her zaman yasal bir temelde ger\u00e7ekle\u015fmesini sa\u011fl\u0131yoruz. Bu, veri sahibinin r\u0131zas\u0131 veya yasal bir yetki olabilir.    <\/p><p>Harici AI sistemlerini kullan\u0131rken, sa\u011flay\u0131c\u0131lar\u0131n\u0131 (bundan b\u00f6yle &#8220;AI sa\u011flay\u0131c\u0131lar\u0131&#8221; olarak an\u0131lacakt\u0131r) dikkatle se\u00e7iyoruz. Yasal y\u00fck\u00fcml\u00fcl\u00fcklerimize uygun olarak, YZ sa\u011flay\u0131c\u0131lar\u0131n\u0131n ge\u00e7erli h\u00fck\u00fcmlere uymas\u0131n\u0131 sa\u011fl\u0131yoruz. Ayr\u0131ca, sat\u0131n al\u0131nan YZ hizmetlerini kullan\u0131rken veya i\u015fletirken \u00fczerimize d\u00fc\u015fen y\u00fck\u00fcml\u00fcl\u00fckleri de yerine getiriyoruz. Ki\u015fisel verilerin taraf\u0131m\u0131zca ve YZ sa\u011flay\u0131c\u0131lar\u0131 taraf\u0131ndan i\u015flenmesi, yaln\u0131zca r\u0131za veya yasal yetkilendirme temelinde ger\u00e7ekle\u015fir. \u015eeffafl\u0131\u011fa, adalete ve YZ destekli karar verme s\u00fcre\u00e7leri \u00fczerinde insan kontrol\u00fcn\u00fcn korunmas\u0131na \u00f6zel \u00f6nem veriyoruz.    <\/p><p>\u0130\u015flenen verileri korumak i\u00e7in uygun ve sa\u011flam teknik ve organizasyonel \u00f6nlemler uygulamaktay\u0131z. Bunlar, i\u015flenen verilerin b\u00fct\u00fcnl\u00fc\u011f\u00fcn\u00fc ve gizlili\u011fini sa\u011flar ve olas\u0131 riskleri en aza indirir. Yapay zeka sa\u011flay\u0131c\u0131lar\u0131n\u0131 ve hizmetlerini d\u00fczenli olarak g\u00f6zden ge\u00e7irerek mevcut yasal ve etik standartlara s\u00fcrekli uyumu sa\u011fl\u0131yoruz.  <\/p><ul class=\"m-elements\"><li><strong>\u0130\u015flenmi\u015f veri t\u00fcrleri:<\/strong> \u0130\u00e7erik verileri (\u00f6rn. metinsel veya g\u00f6rsel mesajlar ve katk\u0131lar\u0131n yan\u0131 s\u0131ra yazarl\u0131k veya olu\u015fturma zaman\u0131 bilgileri gibi bunlarla ilgili bilgiler). Kullan\u0131m verileri (\u00f6rne\u011fin sayfa g\u00f6r\u00fcnt\u00fclemeleri ve bekleme s\u00fcresi, t\u0131klama yollar\u0131, kullan\u0131m yo\u011funlu\u011fu ve s\u0131kl\u0131\u011f\u0131, kullan\u0131lan cihaz t\u00fcrleri ve i\u015fletim sistemleri, i\u00e7erik ve i\u015flevlerle etkile\u015fimler).<\/li><li><strong>Veri \u00f6zneleri:<\/strong> Kullan\u0131c\u0131lar (\u00f6rn. web sitesi ziyaret\u00e7ileri, \u00e7evrimi\u00e7i hizmetlerin kullan\u0131c\u0131lar\u0131). \u00dc\u00e7\u00fcnc\u00fc taraflar.<\/li><li><strong>\u0130\u015fleme ama\u00e7lar\u0131:<\/strong> Yapay zeka (AI).<\/li><li>Saklama<strong>ve silme:<\/strong> &#8220;Veri saklama ve silme hakk\u0131nda genel bilgiler&#8221; b\u00f6l\u00fcm\u00fcndeki bilgilere uygun olarak silme.<\/li><\/ul><h2 id=\"m735\">Video konferanslar, \u00e7evrimi\u00e7i toplant\u0131lar, web seminerleri ve ekran payla\u015f\u0131m\u0131<\/h2><p>G\u00f6r\u00fcnt\u00fcl\u00fc ve sesli konferanslar, web seminerleri ve di\u011fer g\u00f6r\u00fcnt\u00fcl\u00fc ve sesli toplant\u0131 t\u00fcrlerini (bundan b\u00f6yle toplu olarak &#8220;konferans&#8221; olarak an\u0131lacakt\u0131r) y\u00fcr\u00fctmek amac\u0131yla di\u011fer sa\u011flay\u0131c\u0131lar\u0131n platformlar\u0131n\u0131 ve uygulamalar\u0131n\u0131 (bundan b\u00f6yle &#8220;konferans platformlar\u0131&#8221; olarak an\u0131lacakt\u0131r) kullan\u0131yoruz. Konferans platformlar\u0131n\u0131 ve hizmetlerini se\u00e7erken yasal gereklilikleri g\u00f6zetiyoruz. <\/p><p><strong>Konferans platformlar\u0131 taraf\u0131ndan i\u015flenen veriler:<\/strong> Bir konferansa kat\u0131l\u0131m\u0131n bir par\u00e7as\u0131 olarak, konferans platformlar\u0131 kat\u0131l\u0131mc\u0131lar\u0131n a\u015fa\u011f\u0131da listelenen ki\u015fisel verilerini i\u015fler. \u0130\u015flemenin kapsam\u0131, belirli bir konferans ba\u011flam\u0131nda hangi verilerin gerekli oldu\u011funa (\u00f6rne\u011fin eri\u015fim verilerinin veya a\u00e7\u0131k adlar\u0131n belirtilmesi) ve kat\u0131l\u0131mc\u0131lar taraf\u0131ndan hangi iste\u011fe ba\u011fl\u0131 bilgilerin sa\u011fland\u0131\u011f\u0131na ba\u011fl\u0131d\u0131r. Konferans platformlar\u0131, konferans\u0131n d\u00fczenlenmesi amac\u0131yla i\u015flemeye ek olarak, kat\u0131l\u0131mc\u0131lar\u0131n verilerini g\u00fcvenlik veya hizmet optimizasyonu amac\u0131yla da i\u015fleyebilir. \u0130\u015flenen veriler aras\u0131nda ki\u015fisel veriler (ad, soyad), ileti\u015fim bilgileri (e-posta adresi, telefon numaras\u0131), eri\u015fim verileri (eri\u015fim kodlar\u0131 veya \u015fifreler), profil resimleri, mesleki pozisyon\/i\u015flev bilgileri, \u0130nternet eri\u015fiminin IP adresi, kat\u0131l\u0131mc\u0131lar\u0131n son cihazlar\u0131, i\u015fletim sistemleri, taray\u0131c\u0131 ve teknik ve dil ayarlar\u0131 hakk\u0131nda bilgiler, ileti\u015fim s\u00fcre\u00e7lerinin i\u00e7eri\u011fi hakk\u0131nda bilgiler, yani sohbetlerdeki giri\u015fler, ses ve video verileri ve mevcut di\u011fer i\u015flevlerin (\u00f6rne\u011fin anketler) kullan\u0131m\u0131 yer al\u0131r. \u0130leti\u015fimlerin i\u00e7eri\u011fi, konferans sa\u011flay\u0131c\u0131lar\u0131 taraf\u0131ndan teknik olarak sa\u011fland\u0131\u011f\u0131 \u00f6l\u00e7\u00fcde \u015fifrelenir. Kat\u0131l\u0131mc\u0131lar konferans platformlar\u0131na kullan\u0131c\u0131 olarak kay\u0131tl\u0131ysa, ilgili konferans sa\u011flay\u0131c\u0131s\u0131 ile yap\u0131lan anla\u015fmaya uygun olarak ba\u015fka veriler de i\u015flenebilir.     <\/p><p><strong>G\u00fcnl\u00fck kayd\u0131 ve kay\u0131tlar:<\/strong> Metin giri\u015fleri, kat\u0131l\u0131m sonu\u00e7lar\u0131 (\u00f6rne\u011fin anketlerden) ve video veya ses kay\u0131tlar\u0131 kaydedilirse, bu durum kat\u0131l\u0131mc\u0131lara \u00f6nceden \u015feffaf bir \u015fekilde bildirilecek ve &#8211; gerekirse &#8211; onaylar\u0131 istenecektir.<\/p><p><strong>Kat\u0131l\u0131mc\u0131lar i\u00e7in veri koruma \u00f6nlemleri:<\/strong> L\u00fctfen verilerinizin konferans platformlar\u0131 taraf\u0131ndan i\u015flenmesine ili\u015fkin ayr\u0131nt\u0131lar\u0131 veri koruma bildirimlerinde not edin ve konferans platformu ayarlar\u0131nda sizin i\u00e7in en uygun g\u00fcvenlik ve veri koruma ayarlar\u0131n\u0131 se\u00e7in. L\u00fctfen video konferans s\u00fcresince kayd\u0131n\u0131z\u0131n arka plan\u0131nda da veri ve gizlilik korumas\u0131n\u0131 sa\u011flay\u0131n (\u00f6rne\u011fin oda arkada\u015flar\u0131n\u0131z\u0131 bilgilendirerek, kap\u0131lar\u0131 kilitleyerek ve teknik olarak m\u00fcmk\u00fcnse arka plan\u0131 tan\u0131nmaz hale getirme i\u015flevini kullanarak). Konferans salonlar\u0131n\u0131n ba\u011flant\u0131lar\u0131 ve eri\u015fim verileri yetkisiz \u00fc\u00e7\u00fcnc\u00fc \u015fah\u0131slara verilmemelidir.  <\/p><p><strong>Yasal dayanaklara ili\u015fkin notlar:<\/strong> Konferans platformlar\u0131na ek olarak, kullan\u0131c\u0131lar\u0131n verilerini de i\u015fliyorsak ve kullan\u0131c\u0131lardan konferans platformlar\u0131n\u0131 veya belirli i\u015flevleri kullanmak i\u00e7in onaylar\u0131n\u0131 istiyorsak (\u00f6rne\u011fin, konferanslar\u0131n kaydedilmesine izin verilmesi), i\u015flemenin yasal dayana\u011f\u0131 bu onayd\u0131r. Ayr\u0131ca, s\u00f6zle\u015fmeden do\u011fan y\u00fck\u00fcml\u00fcl\u00fcklerimizi yerine getirmek i\u00e7in i\u015flememiz gerekli olabilir (\u00f6rne\u011fin kat\u0131l\u0131mc\u0131 listelerinde, tart\u0131\u015fmalar\u0131n sonu\u00e7lar\u0131n\u0131n i\u015flenmesi durumunda vb.) Aksi takdirde, kullan\u0131c\u0131 verileri, ileti\u015fim ortaklar\u0131m\u0131zla verimli ve g\u00fcvenli ileti\u015fim konusundaki me\u015fru menfaatlerimiz temelinde i\u015flenir.  <\/p><ul class=\"m-elements\"><li><strong>\u0130\u015flenen veri t\u00fcrleri:<\/strong> Envanter verileri (\u00f6rn. tam ad, ikamet adresi, ileti\u015fim bilgileri, m\u00fc\u015fteri numaras\u0131, vb.); \u0130leti\u015fim verileri (\u00f6rn. posta ve e-posta adresleri veya telefon numaralar\u0131); \u0130\u00e7erik verileri (\u00f6rn. metin veya resim mesajlar\u0131 ve katk\u0131lar\u0131n yan\u0131 s\u0131ra bunlarla ilgili bilgiler, \u00f6rn. yazarl\u0131k veya olu\u015fturma zaman\u0131 hakk\u0131nda bilgiler); kullan\u0131m verileri (\u00f6rn. sayfa g\u00f6r\u00fcnt\u00fclemeleri ve kalma s\u00fcreleri, t\u0131klama yollar\u0131, kullan\u0131m yo\u011funlu\u011fu ve s\u0131kl\u0131\u011f\u0131, kullan\u0131lan cihaz t\u00fcrleri ve i\u015fletim sistemleri, i\u00e7erik ve i\u015flevlerle etkile\u015fimler); g\u00f6r\u00fcnt\u00fc ve\/veya video kay\u0131tlar\u0131 (\u00f6rn. bir ki\u015finin foto\u011fraflar\u0131 veya video kay\u0131tlar\u0131); ses kay\u0131tlar\u0131. G\u00fcnl\u00fck verileri (\u00f6rn. oturum a\u00e7ma veya veri alma ya da eri\u015fim s\u00fcreleriyle ilgili g\u00fcnl\u00fck dosyalar\u0131). <\/li><li><strong>Veri \u00f6zneleri:<\/strong> \u0130leti\u015fim ortaklar\u0131; kullan\u0131c\u0131lar (\u00f6rn. web sitesi ziyaret\u00e7ileri, \u00e7evrimi\u00e7i hizmetlerin kullan\u0131c\u0131lar\u0131). Tasvir edilen ki\u015filer. <\/li><li><strong>\u0130\u015fleme ama\u00e7lar\u0131:<\/strong> S\u00f6zle\u015fmeye dayal\u0131 hizmetlerin sa\u011flanmas\u0131 ve s\u00f6zle\u015fmeden do\u011fan y\u00fck\u00fcml\u00fcl\u00fcklerin yerine getirilmesi; ileti\u015fim. Ofis ve organizasyon prosed\u00fcrleri. <\/li><li>Saklama <strong>ve silme:<\/strong> &#8220;Veri saklama ve silme hakk\u0131nda genel bilgiler&#8221; b\u00f6l\u00fcm\u00fcndeki bilgilere uygun olarak silme.<\/li><li class=\"\"><strong>Yasal dayanak:<\/strong> Me\u015fru menfaatler (GDPR Madde 6 paragraf 1 c\u00fcmle 1 lit. f)).<\/li><\/ul><p><strong>\u0130\u015fleme faaliyetleri, prosed\u00fcrleri ve hizmetleri hakk\u0131nda daha fazla bilgi:<\/strong><\/p><ul class=\"m-elements\"><li><strong>Google Hangouts \/ Meet: <\/strong>Konferans ve ileti\u015fim yaz\u0131l\u0131m\u0131; <strong>Hizmet sa\u011flay\u0131c\u0131<\/strong>: Google Ireland Limited, Gordon House, Barrow Street, Dublin 4, \u0130rlanda; <span class=\"\"><strong>Yasal dayanak:<\/strong> Me\u015fru menfaatler (Madde 6 paragraf 1 c\u00fcmle 1 lit. f) GDPR); <\/span><strong>Web sitesi:<\/strong> <a href=\"https:\/\/hangouts.google.com\/\" target=\"_blank\" rel=\"noopener\">https:\/\/hangouts.google.com\/<\/a>; <strong>Gizlilik Politikas\u0131:<\/strong> <a href=\"https:\/\/policies.google.com\/privacy\" target=\"_blank\" rel=\"noopener\">https:\/\/policies.google.com\/privacy<\/a>; <strong>Veri i\u015fleme s\u00f6zle\u015fmesi:<\/strong> <a href=\"https:\/\/cloud.google.com\/terms\/data-processing-addendum\" target=\"_blank\" rel=\"noopener\">https:\/\/cloud.google.com\/terms\/data-processing-addendum<\/a> <span class=\"\">. <\/span> <strong>\u00dc\u00e7\u00fcnc\u00fc \u00fclke transferleri i\u00e7in dayanak:<\/strong> Veri Gizlili\u011fi \u00c7er\u00e7evesi (DPF), Standart S\u00f6zle\u015fme Maddeleri<a href=\"https:\/\/cloud.google.com\/terms\/eu-model-contract-clause\" target=\"_blank\" rel=\"noopener\">(https:\/\/cloud.google.com\/terms\/eu-model-contract-clause<\/a>).<\/li><li><strong>GoToMeeting: <\/strong>Konferans ve ileti\u015fim yaz\u0131l\u0131m\u0131; <strong>Hizmet sa\u011flay\u0131c\u0131<\/strong>: LogMeIn Ireland Limited, Bloodstone Building Block C 70, Sir John Rogerson&#8217;s Quay Dublin 2, \u0130rlanda; <span class=\"\"><strong>Yasal dayanak:<\/strong> Me\u015fru menfaatler (Madde 6 paragraf 1 c\u00fcmle 1 lit. f) GDPR <\/span>);<strong>Web sitesi:<\/strong> <a href=\"https:\/\/www.gotomeeting.com\/de-de\" target=\"_blank\" rel=\"noopener\">https:\/\/www.gotomeeting.com\/de-de<\/a>; <strong>Gizlilik Politikas\u0131:<\/strong> <a href=\"https:\/\/www.logmein.com\/legal\/privacy\" target=\"_blank\" rel=\"noopener\">https:\/\/www.logmein.com\/legal\/privacy<\/a>; Veri <strong>i\u015fleme s\u00f6zle\u015fmesi:<\/strong> <a href=\"https:\/\/www.logmein.com\/de\/legal#other-agreements\" target=\"_blank\" rel=\"noopener\">https:\/\/www.logmein.com\/de\/legal#other-agreements<\/a> (Veri \u0130\u015fleme Eki). <strong>\u00dc\u00e7\u00fcnc\u00fc \u00fclke transferleri i\u00e7in dayanak:<\/strong> Veri Gizlili\u011fi \u00c7er\u00e7evesi (DPF), standart s\u00f6zle\u015fme maddeleri<a href=\"https:\/\/www.logmein.com\/de\/legal#other-agreements\" target=\"_blank\" rel=\"noopener\">(https:\/\/www.logmein.com\/de\/legal#other-agreements<\/a> (veri i\u015fleme eki)).<\/li><li><strong>Microsoft Teams: <\/strong>\u00c7evrimi\u00e7i etkinlikler, konferanslar d\u00fczenlemek ve dahili ve harici kat\u0131l\u0131mc\u0131larla ileti\u015fim kurmak i\u00e7in kullan\u0131n. Ses iletimi, do\u011frudan mesajlar, grup ileti\u015fimi ve i\u015fbirli\u011fi i\u015flevleri kullan\u0131l\u0131r; ad, i\u015f ileti\u015fim bilgileri, i\u015f profili, kat\u0131l\u0131m ve i\u00e7erik (ses\/video, ses, sohbet, dosyalar, ses transkripsiyonu), verimlili\u011fi ve \u00fcretkenli\u011fi art\u0131rma, maliyet verimlili\u011fi, esneklik, mobilite, geli\u015fmi\u015f ileti\u015fim, BT g\u00fcvenli\u011fi, merkezi bir platform kullan\u0131m\u0131 ve Microsoft taraf\u0131ndan i\u015f i\u015fleme ama\u00e7lar\u0131 ve \u00e7\u0131karlar\u0131 do\u011frultusunda i\u015flenir. Kay\u0131t etkinle\u015ftirilmedi\u011fi s\u00fcrece ses sinyalleri genellikle saklanmaz. Toplant\u0131 ve konferans kay\u0131tlar\u0131, farkl\u0131 bir s\u00fcre belirtilmedi\u011fi s\u00fcrece varsay\u0131lan olarak 90 g\u00fcn boyunca saklan\u0131r. Sohbet ve dosya i\u00e7eri\u011fi, y\u00f6netici veya kullan\u0131c\u0131 taraf\u0131ndan belirtilen y\u00f6nergelere g\u00f6re kaydedilir; otomatik silme \u00f6nceden ayarlanmam\u0131\u015ft\u0131r. Kanallar her 180 g\u00fcnde bir yenilenmelidir, aksi takdirde i\u00e7erik silinir. Ayr\u0131ca, sistem taraf\u0131ndan olu\u015fturulan g\u00fcnl\u00fck, tan\u0131lama ve meta veriler i\u015flenir ve \u00fcr\u00fcn kararl\u0131l\u0131\u011f\u0131, g\u00fcvenli\u011fi ve iyile\u015ftirmesi i\u00e7in tan\u0131lama verileri toplan\u0131r; <strong>hizmet sa\u011flay\u0131c\u0131<\/strong>: Microsoft Ireland Operations Limited, One Microsoft Place, South County Business Park, Leopardstown, Dublin 18, D18 P521, \u0130rlanda; Microsoft Corporation, One Microsoft Way, Redmond, WA 98052-6399, ABD; <span class=\"\"><strong>Yasal dayanak:<\/strong> Me\u015fru menfaatler (GDPR Madde 6 paragraf 1 c\u00fcmle 1 lit. f)); <\/span><strong>Web sitesi:<\/strong> <a href=\"https:\/\/www.microsoft.com\/de-de\/microsoft-teams\/\" target=\"_blank\" rel=\"noopener\">https:\/\/www.microsoft.com\/de-de\/microsoft-teams\/;<\/a> <strong>Gizlilik Politikas\u0131:<\/strong> <a href=\"https:\/\/privacy.microsoft.com\/de-de\/privacystatement\" target=\"_blank\" rel=\"noopener\">https:\/\/privacy.microsoft.com\/de-de\/privacystatement<\/a>, G\u00fcvenlik bilgileri: <a href=\"https:\/\/www.microsoft.com\/de-de\/trustcenter\" target=\"_blank\" rel=\"noopener\">https:\/\/www.microsoft.com\/de-de\/trustcenter<\/a> <span class=\"\">. <\/span> <strong>\u00dc\u00e7\u00fcnc\u00fc \u00fclke transferleri i\u00e7in dayanak:<\/strong> Veri Gizlili\u011fi \u00c7er\u00e7evesi (DPF), Standart S\u00f6zle\u015fme Maddeleri<a href=\"https:\/\/www.microsoft.com\/licensing\/docs\/view\/Microsoft-Products-and-Services-Data-Protection-Addendum-DPA\" target=\"_blank\" rel=\"noopener\">(https:\/\/www.microsoft.com\/licensing\/docs\/view\/Microsoft-Products-and-Services-Data-Protection-Addendum-DPA<\/a>).      <\/li><li><strong>Zoom: <\/strong>Video konferans, \u00e7evrimi\u00e7i toplant\u0131lar, web seminerleri, ekran payla\u015f\u0131m\u0131, iste\u011fe ba\u011fl\u0131 toplant\u0131 kayd\u0131, sohbet i\u015flevi, takvimler ve di\u011fer uygulamalarla entegrasyon; <strong>Hizmet sa\u011flay\u0131c\u0131:<\/strong> Zoom Video Communications, Inc, 55 Almaden Blvd, Suite 600, San Jose, CA 95113, ABD; <span class=\"\"><strong>Yasal dayanak<\/strong>: Me\u015fru menfaatler (GDPR Madde 6 paragraf 1 c\u00fcmle 1 lit. f); <\/span><strong>Web sitesi:<\/strong> <a href=\"https:\/\/zoom.us\" target=\"_blank\" rel=\"noopener\">https:\/\/zoom.us<\/a>; <strong>Gizlilik Politikas\u0131:<\/strong> <a href=\"https:\/\/explore.zoom.us\/de\/privacy\/\" target=\"_blank\" rel=\"noopener\">https:\/\/explore.zoom.us\/de\/privacy\/<\/a>; <strong>Veri i\u015fleme s\u00f6zle\u015fmesi:<\/strong> <a href=\"https:\/\/explore.zoom.us\/docs\/doc\/Zoom_GLOBAL_DPA.pdf\" target=\"_blank\" rel=\"noopener\">https:\/\/explore.zoom.us\/docs\/doc\/Zoom_GLOBAL_DPA.pdf<\/a> <span class=\"\">. <\/span> <strong>\u00dc\u00e7\u00fcnc\u00fc \u00fclke transferleri i\u00e7in dayanak:<\/strong> Veri Gizlili\u011fi \u00c7er\u00e7evesi (DPF), Standart S\u00f6zle\u015fme Maddeleri<a href=\"https:\/\/explore.zoom.us\/docs\/doc\/Zoom_GLOBAL_DPA.pdf\" target=\"_blank\" rel=\"noopener\">(https:\/\/explore.zoom.us\/docs\/doc\/Zoom_GLOBAL_DPA.pdf<\/a>).<\/li><\/ul><h2 id=\"m29\">Bulut hizmetleri<\/h2><p>\u0130\u00e7eri\u011fin depolanmas\u0131 ve y\u00f6netimi (\u00f6rne\u011fin belge depolama ve y\u00f6netimi, belirli al\u0131c\u0131larla belge, i\u00e7erik ve bilgi al\u0131\u015fveri\u015fi veya i\u00e7erik ve bilgilerin yay\u0131nlanmas\u0131) i\u00e7in internet \u00fczerinden eri\u015filebilen ve sa\u011flay\u0131c\u0131lar\u0131n\u0131n sunucular\u0131nda \u00e7al\u0131\u015fan yaz\u0131l\u0131m hizmetlerini (&#8220;bulut hizmetleri&#8221; olarak da adland\u0131r\u0131l\u0131r, &#8220;hizmet olarak yaz\u0131l\u0131m&#8221; olarak da adland\u0131r\u0131l\u0131r) kullan\u0131r\u0131z.<\/p><p>Bu ba\u011flamda, ki\u015fisel veriler, bizimle ileti\u015fim s\u00fcre\u00e7lerinin bir par\u00e7as\u0131ysa veya bu gizlilik politikas\u0131nda belirtildi\u011fi gibi taraf\u0131m\u0131zdan ba\u015fka bir \u015fekilde i\u015fleniyorsa, sa\u011flay\u0131c\u0131n\u0131n sunucular\u0131nda i\u015flenebilir ve saklanabilir. Bu veriler, \u00f6zellikle kullan\u0131c\u0131lar\u0131n ana verilerini ve ileti\u015fim verilerini, i\u015flemlere, s\u00f6zle\u015fmelere, di\u011fer s\u00fcre\u00e7lere ve bunlar\u0131n i\u00e7eri\u011fine ili\u015fkin verileri i\u00e7erebilir. Bulut hizmeti sa\u011flay\u0131c\u0131lar\u0131 ayr\u0131ca g\u00fcvenlik amac\u0131yla ve hizmetlerini optimize etmek i\u00e7in kulland\u0131klar\u0131 kullan\u0131m verilerini ve meta verileri de i\u015fler.  <\/p><p>Di\u011fer kullan\u0131c\u0131lara veya halka a\u00e7\u0131k web sitelerine formlar veya di\u011fer belgeler ve i\u00e7erik sa\u011flamak i\u00e7in bulut hizmetlerini kullan\u0131rsak, sa\u011flay\u0131c\u0131lar web analizi amac\u0131yla veya kullan\u0131c\u0131 ayarlar\u0131n\u0131 hat\u0131rlamak i\u00e7in (\u00f6rne\u011fin medya kontrol\u00fc durumunda) kullan\u0131c\u0131lar\u0131n cihazlar\u0131nda \u00e7erezler saklayabilir.<\/p><ul class=\"m-elements\"><li><strong>\u0130\u015flenen veri t\u00fcrleri:<\/strong> Envanter verileri (\u00f6rn. tam ad, ikamet adresi, ileti\u015fim bilgileri, m\u00fc\u015fteri numaras\u0131, vb.); \u0130leti\u015fim verileri (\u00f6rn. posta ve e-posta adresleri veya telefon numaralar\u0131); \u0130\u00e7erik verileri (\u00f6rn. metin veya resim mesajlar\u0131 ve katk\u0131lar\u0131n yan\u0131 s\u0131ra yazarl\u0131k veya olu\u015fturma zaman\u0131 bilgileri gibi bunlarla ilgili bilgiler). Kullan\u0131m verileri (\u00f6rne\u011fin sayfa g\u00f6r\u00fcnt\u00fclemeleri ve bekleme s\u00fcresi, t\u0131klama yollar\u0131, kullan\u0131m yo\u011funlu\u011fu ve s\u0131kl\u0131\u011f\u0131, kullan\u0131lan cihaz t\u00fcrleri ve i\u015fletim sistemleri, i\u00e7erik ve i\u015flevlerle etkile\u015fimler).<\/li><li><strong>Veri \u00f6zneleri:<\/strong> \u0130lgili taraflar; ileti\u015fim ortaklar\u0131. \u0130\u015f ve s\u00f6zle\u015fme ortaklar\u0131.<\/li><li><strong>\u0130\u015fleme ama\u00e7lar\u0131:<\/strong> Ofis ve organizasyonel prosed\u00fcrler. Bilgi teknolojisi altyap\u0131s\u0131 (bilgi sistemlerinin ve teknik cihazlar\u0131n (bilgisayarlar, sunucular vb.) i\u015fletilmesi ve sa\u011flanmas\u0131).<\/li><li>Saklama<strong>ve silme:<\/strong> &#8220;Veri saklama ve silme hakk\u0131nda genel bilgiler&#8221; b\u00f6l\u00fcm\u00fcndeki bilgilere uygun olarak silme.<\/li><li class=\"\"><strong>Yasal dayanak:<\/strong> Me\u015fru menfaatler (GDPR madde 6 paragraf 1 c\u00fcmle 1 lit. f)).<\/li><\/ul><p><strong>\u0130\u015fleme faaliyetleri, prosed\u00fcrleri ve hizmetleri hakk\u0131nda daha fazla bilgi:<\/strong><\/p><ul class=\"m-elements\"><li><strong>Microsoft 365 ve Microsoft bulut hizmetleri: <\/strong>Uygulamalar\u0131n sa\u011flanmas\u0131, verilerin ve BT sistemlerinin korunmas\u0131 ve Microsoft taraf\u0131ndan s\u00f6zle\u015fmenin yerine getirilmesi i\u00e7in sistem taraf\u0131ndan olu\u015fturulan g\u00fcnl\u00fck, tan\u0131lama ve meta verilerin kullan\u0131lmas\u0131. \u0130leti\u015fim verileri (ad, e-posta adresi), i\u00e7erik verileri (dosyalar, yorumlar, profiller), yaz\u0131l\u0131m kurulumu ve envanter verileri, cihaz ba\u011flant\u0131s\u0131 ve yap\u0131land\u0131rma verileri, i\u015f etkile\u015fimleri (rozet kayd\u0131rma) ve g\u00fcnl\u00fck ve meta veriler i\u015flenir. \u0130\u015fleme, verimlili\u011fi ve \u00fcretkenli\u011fi, maliyet verimlili\u011fini, esnekli\u011fi, mobiliteyi, geli\u015fmi\u015f ileti\u015fimi, Microsoft hizmetlerinin entegrasyonunu, BT g\u00fcvenli\u011fini ve Microsoft i\u015f i\u015flemlerini art\u0131rmak amac\u0131yla ger\u00e7ekle\u015ftirilir. Verilerin saklanmas\u0131, ilgili belgelere ve \u015firket y\u00f6nergelerine dayan\u0131r; Defender (veri ve BT sistemlerinin korunmas\u0131) i\u00e7in 12 aya kadar ve bask\u0131 y\u00f6netimi i\u00e7in 10 g\u00fcne kadar. Buna ek olarak, \u00fcr\u00fcn istikrar\u0131 ve iyile\u015ftirme i\u00e7in tan\u0131lama verileri toplan\u0131r; <strong>hizmet sa\u011flay\u0131c\u0131<\/strong>: Microsoft Ireland Operations Limited, One Microsoft Place, South County Business Park, Leopardstown, Dublin 18, D18 P521, \u0130rlanda; Microsoft Corporation, One Microsoft Way, Redmond, WA 98052-6399, ABD; <span class=\"\"><strong>Yasal dayanak:<\/strong> Me\u015fru menfaatler (GDPR Madde 6 paragraf 1 c\u00fcmle 1 lit. f)); <\/span><strong>Web sitesi:<\/strong> <a href=\"https:\/\/microsoft.com\/de-de\" target=\"_blank\" rel=\"noopener\">https:\/\/microsoft.com\/de-de<\/a>; <strong>Gizlilik Politikas\u0131:<\/strong> <a href=\"https:\/\/privacy.microsoft.com\/de-de\/privacystatement\" target=\"_blank\" rel=\"noopener\">https:\/\/privacy.microsoft.com\/de-de\/privacystatement<\/a>, G\u00fcvenlik bilgileri: <a href=\"https:\/\/www.microsoft.com\/de-de\/trustcenter\" target=\"_blank\" rel=\"noopener\">https:\/\/www.microsoft.com\/de-de\/trustcenter<\/a>; <strong>Veri i\u015fleme s\u00f6zle\u015fmesi:<\/strong> <a href=\"https:\/\/www.microsoft.com\/licensing\/docs\/view\/Microsoft-Products-and-Services-Data-Protection-Addendum-DPA\" target=\"_blank\" rel=\"noopener\">https:\/\/www.microsoft.com\/licensing\/docs\/view\/Microsoft-Products-and-Services-Data-Protection-Addendum-DPA<\/a> <span class=\"\">. <\/span> <strong>\u00dc\u00e7\u00fcnc\u00fc \u00fclke transferleri i\u00e7in dayanak:<\/strong> Veri Gizlili\u011fi \u00c7er\u00e7evesi (DPF), Standart S\u00f6zle\u015fme Maddeleri<a href=\"https:\/\/www.microsoft.com\/licensing\/docs\/view\/Microsoft-Products-and-Services-Data-Protection-Addendum-DPA\" target=\"_blank\" rel=\"noopener\">(https:\/\/www.microsoft.com\/licensing\/docs\/view\/Microsoft-Products-and-Services-Data-Protection-Addendum-DPA<\/a>).    <\/li><\/ul><h2 id=\"m17\">B\u00fclten ve elektronik bildirimler<\/h2><p>Haber b\u00fcltenlerini, e-postalar\u0131 ve di\u011fer elektronik bildirimleri (bundan b\u00f6yle &#8220;haber b\u00fclteni&#8221; olarak an\u0131lacakt\u0131r) yaln\u0131zca al\u0131c\u0131n\u0131n r\u0131zas\u0131yla veya yasal bir temele dayanarak g\u00f6nderiyoruz. Haber b\u00fclteni i\u00e7eri\u011finin haber b\u00fcltenine kay\u0131t ba\u011flam\u0131nda belirtilmesi halinde, bu i\u00e7erikler kullan\u0131c\u0131lar\u0131n r\u0131zas\u0131 i\u00e7in belirleyicidir. Haber b\u00fcltenimize abone olmak i\u00e7in normalde e-posta adresinizi vermeniz yeterlidir. Ancak, size ki\u015fiselle\u015ftirilmi\u015f bir hizmet sunabilmek i\u00e7in, b\u00fcltende size ki\u015fisel olarak hitap edebilmemiz i\u00e7in ad\u0131n\u0131z\u0131 vermenizi veya b\u00fcltenin amac\u0131 i\u00e7in gerekli olmas\u0131 halinde daha fazla bilgi vermenizi isteyebiliriz.   <\/p><p>Silme ve i\u015flemenin k\u0131s\u0131tlanmas\u0131: Abonelikten \u00e7\u0131kar\u0131lan e-posta adreslerini, daha \u00f6nce onay verildi\u011fini kan\u0131tlayabilmek i\u00e7in silmeden \u00f6nce me\u015fru menfaatlerimiz temelinde \u00fc\u00e7 y\u0131la kadar saklayabiliriz. Bu verilerin i\u015flenmesi, hak taleplerine kar\u015f\u0131 olas\u0131 bir savunma amac\u0131yla s\u0131n\u0131rl\u0131d\u0131r. Bireysel bir silme talebi, r\u0131zan\u0131n eski varl\u0131\u011f\u0131n\u0131n ayn\u0131 anda teyit edilmesi ko\u015fuluyla her zaman m\u00fcmk\u00fcnd\u00fcr. \u0130tirazlar\u0131 kal\u0131c\u0131 olarak g\u00f6zlemleme y\u00fck\u00fcml\u00fcl\u00fc\u011f\u00fc durumunda, e-posta adresini yaln\u0131zca bu ama\u00e7 i\u00e7in bir blok listesinde saklama hakk\u0131m\u0131z\u0131 sakl\u0131 tutar\u0131z.   <\/p><p>Kay\u0131t i\u015flemi, d\u00fczg\u00fcn bir \u015fekilde y\u00fcr\u00fct\u00fcld\u00fc\u011f\u00fcn\u00fc do\u011frulamak amac\u0131yla me\u015fru menfaatlerimiz temelinde kaydedilir. E-posta g\u00f6ndermek i\u00e7in bir hizmet sa\u011flay\u0131c\u0131s\u0131n\u0131 g\u00f6revlendirirsek, bu, verimli ve g\u00fcvenli bir g\u00f6nderim sistemindeki me\u015fru menfaatlerimiz temelinde yap\u0131l\u0131r. <\/p><p><strong>\u0130\u00e7indekiler:<\/strong><\/p><p>Hakk\u0131m\u0131zda, hizmetlerimiz, promosyonlar\u0131m\u0131z ve tekliflerimiz hakk\u0131nda bilgiler.<\/p><ul class=\"m-elements\"><li><strong>\u0130\u015flenen veri t\u00fcrleri:<\/strong> envanter verileri (\u00f6rn. tam ad, ikamet adresi, ileti\u015fim bilgileri, m\u00fc\u015fteri numaras\u0131, vb.); ileti\u015fim verileri (\u00f6rn. posta ve e-posta adresleri veya telefon numaralar\u0131). Meta, ileti\u015fim ve i\u015flem verileri (\u00f6rn. IP adresleri, zaman verileri, kimlik numaralar\u0131, ilgili ki\u015filer).<\/li><li><strong>Veri sahipleri:<\/strong> \u0130leti\u015fim ortaklar\u0131.<\/li><li><strong>\u0130\u015fleme ama\u00e7lar\u0131:<\/strong> Do\u011frudan pazarlama (\u00f6rn. e-posta veya posta yoluyla).<\/li><li class=\"\"><strong>Yasal dayanak:<\/strong> R\u0131za (GDPR Madde 6 paragraf 1 c\u00fcmle 1 lit. a)).<\/li><li><strong>\u0130tiraz olas\u0131l\u0131\u011f\u0131 (vazge\u00e7me): <\/strong>Haber b\u00fcltenimizin al\u0131nmas\u0131n\u0131 istedi\u011finiz zaman iptal edebilirsiniz, yani onay\u0131n\u0131z\u0131 iptal edebilir veya daha fazla al\u0131nmas\u0131na itiraz edebilirsiniz. B\u00fclteni iptal etmek i\u00e7in her b\u00fcltenin sonunda bir ba\u011flant\u0131 bulacaks\u0131n\u0131z veya yukar\u0131da listelenen ileti\u015fim se\u00e7eneklerinden birini, tercihen e-postay\u0131 kullanabilirsiniz.<\/li><\/ul><h2 id=\"m638\">E-posta, posta, faks veya telefon yoluyla reklam ileti\u015fimi<\/h2><p>Ki\u015fisel verileri, yasal gerekliliklere uygun olarak e-posta, telefon, posta veya faks gibi \u00e7e\u015fitli kanallar arac\u0131l\u0131\u011f\u0131yla ger\u00e7ekle\u015febilecek reklam ileti\u015fimi amac\u0131yla i\u015fliyoruz.<\/p><p>Al\u0131c\u0131lar, istedikleri zaman onaylar\u0131n\u0131 geri \u00e7ekme veya istedikleri zaman reklam ileti\u015fimine itiraz etme hakk\u0131na sahiptir.<\/p><p>\u0130ptal veya itirazdan sonra, me\u015fru menfaatlerimize dayanarak iptal veya itiraz y\u0131l\u0131n\u0131n bitiminden sonra \u00fc\u00e7 y\u0131la kadar ileti\u015fim kurmak veya g\u00f6ndermek i\u00e7in \u00f6nceki yetkiyi kan\u0131tlamak i\u00e7in gereken verileri saklar\u0131z. Bu verilerin i\u015flenmesi, taleplere kar\u015f\u0131 olas\u0131 bir savunma amac\u0131yla s\u0131n\u0131rl\u0131d\u0131r. Kullan\u0131c\u0131n\u0131n iptalini veya itiraz\u0131n\u0131 kal\u0131c\u0131 olarak g\u00f6zlemlemedeki me\u015fru menfaat temelinde, yenilenen temas\u0131 \u00f6nlemek i\u00e7in gerekli verileri de saklar\u0131z (\u00f6rne\u011fin ileti\u015fim kanal\u0131na ba\u011fl\u0131 olarak, e-posta adresi, telefon numaras\u0131, isim).  <\/p><ul class=\"m-elements\"><li><strong>\u0130\u015flenen veri t\u00fcrleri:<\/strong> Envanter verileri (\u00f6rn. tam ad, ikamet adresi, ileti\u015fim bilgileri, m\u00fc\u015fteri numaras\u0131 vb.); \u0130leti\u015fim verileri (\u00f6rn. posta ve e-posta adresleri veya telefon numaralar\u0131); \u0130\u00e7erik verileri (\u00f6rn. metin veya resim mesajlar\u0131 ve katk\u0131lar\u0131n yan\u0131 s\u0131ra yazarl\u0131k veya olu\u015fturma zaman\u0131 bilgileri gibi bunlarla ilgili bilgiler); Kullan\u0131m verileri (\u00f6rn. sayfa g\u00f6r\u00fcnt\u00fclemeleri ve kalma s\u00fcresi, t\u0131klama yollar\u0131, kullan\u0131m yo\u011funlu\u011fu ve s\u0131kl\u0131\u011f\u0131, kullan\u0131lan cihaz t\u00fcrleri ve i\u015fletim sistemleri, i\u00e7erik ve i\u015flevlerle etkile\u015fimler). Meta, ileti\u015fim ve s\u00fcre\u00e7 verileri (\u00f6rne\u011fin IP adresleri, zaman verileri, kimlik numaralar\u0131, ilgili ki\u015filer). <\/li><li><strong>Veri \u00f6zneleri:<\/strong> \u0130leti\u015fim ortaklar\u0131; kullan\u0131c\u0131lar (\u00f6r. web sitesi ziyaret\u00e7ileri, \u00e7evrimi\u00e7i hizmetlerin kullan\u0131c\u0131lar\u0131); i\u015f ve s\u00f6zle\u015fme ortaklar\u0131. \u00dc\u00e7\u00fcnc\u00fc taraflar. <\/li><li><strong>\u0130\u015fleme ama\u00e7lar\u0131:<\/strong> do\u011frudan pazarlama (\u00f6rn. e-posta veya posta yoluyla); pazarlama; sat\u0131\u015f promosyonu; s\u00f6zle\u015fmeye dayal\u0131 hizmetlerin sa\u011flanmas\u0131 ve s\u00f6zle\u015fmeden do\u011fan y\u00fck\u00fcml\u00fcl\u00fcklerin yerine getirilmesi; organizasyonel ve idari prosed\u00fcrler; bilgi teknolojisi altyap\u0131s\u0131 (bilgi sistemlerinin ve teknik ekipman\u0131n (bilgisayarlar, sunucular vb.) i\u015fletilmesi ve sa\u011flanmas\u0131). \u0130\u015f s\u00fcre\u00e7leri ve i\u015f y\u00f6netimi prosed\u00fcrleri. <\/li><li>Saklama <strong>ve silme:<\/strong> &#8220;Veri saklama ve silme hakk\u0131nda genel bilgiler&#8221; b\u00f6l\u00fcm\u00fcndeki bilgilere uygun olarak silme.<\/li><li class=\"\"><strong>Yasal dayanak:<\/strong> R\u0131za (Madde 6 paragraf 1 c\u00fcmle 1 lit. a) GDPR). Me\u015fru menfaatler (GDPR Madde 6 paragraf 1 c\u00fcmle 1 lit. f)). <\/li><\/ul><p><strong>\u0130\u015fleme faaliyetleri, prosed\u00fcrleri ve hizmetleri hakk\u0131nda daha fazla bilgi:<\/strong><\/p><ul class=\"m-elements\"><li><strong>Microsoft 365 Outlook: <\/strong>\u0130leti\u015fim ve toplant\u0131 organizasyonu i\u00e7in e-posta ve takvim i\u015flevlerinin kullan\u0131m\u0131. \u0130leti\u015fim verileri (ad, e-posta adresi), i\u00e7erik verileri (iletiler, ekler, toplant\u0131 i\u00e7eri\u011fi) ve meta veriler, verimlili\u011fi ve \u00fcretkenli\u011fi art\u0131rma, maliyet verimlili\u011fi, esneklik, mobilite, geli\u015fmi\u015f ileti\u015fim ve M365 ile entegrasyon ama\u00e7lar\u0131 ve \u00e7\u0131karlar\u0131 do\u011frultusunda i\u015flenir. E-postalar\u0131n ve takvim giri\u015flerinin saklanmas\u0131, y\u00f6netici veya kullan\u0131c\u0131 taraf\u0131ndan tan\u0131mlanan y\u00f6nergelere dayan\u0131r; varsay\u0131lan olarak otomatik silme yoktur. Posta kutular\u0131 ve takvimler genellikle ayr\u0131ld\u0131ktan 30 g\u00fcn sonra kald\u0131r\u0131l\u0131r. Ayr\u0131ca, \u00fcr\u00fcn kararl\u0131l\u0131\u011f\u0131 ve iyile\u015ftirmesi i\u00e7in tan\u0131lama verileri toplan\u0131r; <strong>hizmet sa\u011flay\u0131c\u0131<\/strong>: Microsoft Ireland Operations Limited, One Microsoft Place, South County Business Park, Leopardstown, Dublin 18, D18 P521, \u0130rlanda; Microsoft Corporation, One Microsoft Way, Redmond, WA 98052-6399, ABD; <span class=\"\"><strong>Yasal dayanak:<\/strong> Me\u015fru menfaatler (GDPR Madde 6 paragraf 1 c\u00fcmle 1 lit. f)); <\/span><strong>Web sitesi:<\/strong> <a href=\"https:\/\/microsoft.com\" target=\"_blank\" rel=\"noopener\">https:\/\/microsoft.com<\/a>; <strong>Gizlilik Politikas\u0131:<\/strong> <a href=\"https:\/\/privacy.microsoft.com\/de-de\/privacystatement\" target=\"_blank\" rel=\"noopener\">https:\/\/privacy.microsoft.com\/de-de\/privacystatement<\/a>, G\u00fcvenlik bilgileri: <a href=\"https:\/\/www.microsoft.com\/de-de\/trustcenter\" target=\"_blank\" rel=\"noopener\">https:\/\/www.microsoft.com\/de-de\/trustcenter<\/a>; <strong>Veri i\u015fleme s\u00f6zle\u015fmesi:<\/strong> <a href=\"https:\/\/www.microsoft.com\/licensing\/docs\/view\/Microsoft-Products-and-Services-Data-Protection-Addendum-DPA\" target=\"_blank\" rel=\"noopener\">https:\/\/www.microsoft.com\/licensing\/docs\/view\/Microsoft-Products-and-Services-Data-Protection-Addendum-DPA<\/a> <span class=\"\">. <\/span> <strong>\u00dc\u00e7\u00fcnc\u00fc \u00fclke transferleri i\u00e7in dayanak:<\/strong> Veri Gizlili\u011fi \u00c7er\u00e7evesi (DPF), Standart S\u00f6zle\u015fme Maddeleri<a href=\"https:\/\/www.microsoft.com\/licensing\/docs\/view\/Microsoft-Products-and-Services-Data-Protection-Addendum-DPA\" target=\"_blank\" rel=\"noopener\">(https:\/\/www.microsoft.com\/licensing\/docs\/view\/Microsoft-Products-and-Services-Data-Protection-Addendum-DPA<\/a>).    <\/li><\/ul><h2 id=\"m237\">\u00d6d\u00fcl \u00e7ekili\u015fleri ve yar\u0131\u015fmalar<\/h2><p>Yar\u0131\u015fmalara ve \u00e7ekili\u015flere kat\u0131lanlar\u0131n ki\u015fisel verilerini yaln\u0131zca ilgili veri koruma d\u00fczenlemelerine uygun olarak, i\u015flemenin yar\u0131\u015fman\u0131n sa\u011flanmas\u0131, uygulanmas\u0131 ve idaresi i\u00e7in s\u00f6zle\u015fmeye ba\u011fl\u0131 olarak gerekli olmas\u0131, kat\u0131l\u0131mc\u0131lar\u0131n i\u015flemeye r\u0131za g\u00f6stermesi veya i\u015flemenin me\u015fru menfaatlerimize hizmet etmesi (\u00f6rne\u011fin, yar\u0131\u015fman\u0131n g\u00fcvenli\u011fi veya yar\u0131\u015fma giri\u015flerini g\u00f6nderirken IP adreslerinin olas\u0131 toplanmas\u0131 yoluyla k\u00f6t\u00fcye kullan\u0131ma kar\u015f\u0131 menfaatlerimizin korunmas\u0131) durumunda i\u015fleriz.<\/p><p>Kat\u0131l\u0131mc\u0131lar\u0131n katk\u0131lar\u0131 yar\u0131\u015fmalar\u0131n bir par\u00e7as\u0131 olarak yay\u0131nlan\u0131rsa (\u00f6rne\u011fin, bir oylaman\u0131n veya yar\u0131\u015fma giri\u015flerinin veya kazananlar\u0131n\u0131n sunumunun veya yar\u0131\u015fmayla ilgili raporlaman\u0131n bir par\u00e7as\u0131 olarak), kat\u0131l\u0131mc\u0131lar\u0131n isimlerinin de bu ba\u011flamda yay\u0131nlanabilece\u011fini belirtmek isteriz. Kat\u0131l\u0131mc\u0131lar istedikleri zaman buna itiraz edebilirler. <\/p><p>Yar\u0131\u015fman\u0131n \u00e7evrimi\u00e7i bir platformda veya sosyal a\u011fda (\u00f6rne\u011fin Facebook veya Instagram, bundan b\u00f6yle &#8220;\u00e7evrimi\u00e7i platform&#8221; olarak an\u0131lacakt\u0131r) ger\u00e7ekle\u015ftirilmesi halinde, ilgili platformlar\u0131n kullan\u0131m ko\u015fullar\u0131 ve veri koruma h\u00fck\u00fcmleri de ge\u00e7erlidir. Bu durumlarda, yar\u0131\u015fman\u0131n bir par\u00e7as\u0131 olarak kat\u0131l\u0131mc\u0131lar taraf\u0131ndan sa\u011flanan bilgilerden sorumlu oldu\u011fumuzu ve yar\u0131\u015fmaya ili\u015fkin sorular\u0131n bize y\u00f6neltilmesi gerekti\u011fini belirtmek isteriz. <\/p><p>Kat\u0131l\u0131mc\u0131lar\u0131n verileri, yar\u0131\u015fma veya \u00e7ekili\u015f sona erdi\u011finde ve veriler art\u0131k kazananlar\u0131 bilgilendirmek i\u00e7in gerekli olmad\u0131\u011f\u0131nda veya yar\u0131\u015fmayla ilgili ba\u015fka bir sorgu beklenmedi\u011finden silinecektir. Prensip olarak, kat\u0131l\u0131mc\u0131lar\u0131n verileri yar\u0131\u015fman\u0131n bitiminden en ge\u00e7 6 ay sonra silinecektir. Kazananlar\u0131n verileri, \u00f6rne\u011fin \u00f6d\u00fcllerle ilgili sorular\u0131 yan\u0131tlamak veya \u00f6d\u00fcl\u00fc yerine getirmek i\u00e7in daha uzun s\u00fcre saklanabilir; bu durumda, saklama s\u00fcresi \u00f6d\u00fcl\u00fcn t\u00fcr\u00fcne ba\u011fl\u0131d\u0131r ve \u00f6rne\u011fin garanti taleplerini i\u015fleme koymak i\u00e7in \u00fcr\u00fcnler veya hizmetler i\u00e7in \u00fc\u00e7 y\u0131la kadard\u0131r. Ayr\u0131ca, kat\u0131l\u0131mc\u0131lar\u0131n verileri, \u00f6rne\u011fin \u00e7evrimi\u00e7i ve \u00e7evrimd\u0131\u015f\u0131 medyada yar\u0131\u015fma hakk\u0131nda raporlama \u015feklinde daha uzun s\u00fcre saklanabilir.   <\/p><p>Veriler yar\u0131\u015fman\u0131n bir par\u00e7as\u0131 olarak ba\u015fka ama\u00e7lar i\u00e7in de toplanm\u0131\u015fsa, i\u015flenmesi ve saklama s\u00fcresi bu kullan\u0131m i\u00e7in veri koruma bilgilerine dayan\u0131r (\u00f6rne\u011fin, bir yar\u0131\u015fman\u0131n par\u00e7as\u0131 olarak haber b\u00fcltenine kay\u0131t durumunda).<\/p><ul class=\"m-elements\"><li><strong>\u0130\u015flenen veri t\u00fcrleri:<\/strong> envanter verileri (\u00f6rn. tam ad, ikamet adresi, ileti\u015fim bilgileri, m\u00fc\u015fteri numaras\u0131, vb.); ileti\u015fim verileri (\u00f6rn. posta ve e-posta adresleri veya telefon numaralar\u0131). \u0130\u00e7erik verileri (\u00f6rn. metinsel veya g\u00f6rsel mesajlar ve katk\u0131lar\u0131n yan\u0131 s\u0131ra yazarl\u0131k veya olu\u015fturma zaman\u0131 bilgileri gibi bunlarla ilgili bilgiler).<\/li><li><strong>Veri \u00f6zneleri:<\/strong> Yar\u0131\u015fma ve yar\u0131\u015fma kat\u0131l\u0131mc\u0131lar\u0131.<\/li><li><strong>\u0130\u015fleme ama\u00e7lar\u0131:<\/strong> Yar\u0131\u015fmalar\u0131n ve yar\u0131\u015fmalar\u0131n d\u00fczenlenmesi.<\/li><li>Saklama<strong>ve silme:<\/strong> &#8220;Veri saklama ve silme hakk\u0131nda genel bilgiler&#8221; b\u00f6l\u00fcm\u00fcndeki bilgilere uygun olarak silme.<\/li><li class=\"\"><strong>Yasal dayanak:<\/strong> S\u00f6zle\u015fmenin yerine getirilmesi ve s\u00f6zle\u015fme \u00f6ncesi sorular (Madde 6 paragraf 1 c\u00fcmle 1 lit. b) GDPR). Me\u015fru menfaatler (GDPR Madde 6 Paragraf 1 C\u00fcmle 1 Bent f).<\/li><\/ul><h2 id=\"m408\">Anketler ve g\u00f6r\u00fc\u015fmeler<\/h2><p>Anket ve m\u00fclakatlar\u0131, anket veya m\u00fclakat\u0131n iletilen amac\u0131na y\u00f6nelik bilgi toplamak i\u00e7in ger\u00e7ekle\u015ftiriyoruz. Ger\u00e7ekle\u015ftirdi\u011fimiz anketler ve m\u00fclakatlar (bundan b\u00f6yle &#8220;anketler&#8221; olarak an\u0131lacakt\u0131r) anonim olarak analiz edilmektedir. Ki\u015fisel veriler yaln\u0131zca anketlerin sa\u011flanmas\u0131 ve teknik uygulamas\u0131 i\u00e7in gerekli oldu\u011fu \u00f6l\u00e7\u00fcde i\u015flenir (\u00f6rne\u011fin, anketi kullan\u0131c\u0131n\u0131n taray\u0131c\u0131s\u0131nda g\u00f6r\u00fcnt\u00fclemek veya anketin bir \u00e7erez yard\u0131m\u0131yla devam ettirilmesini sa\u011flamak i\u00e7in IP adresinin i\u015flenmesi).  <\/p><ul class=\"m-elements\"><li><strong>\u0130\u015flenen veri t\u00fcrleri:<\/strong> Envanter verileri (\u00f6rn. tam ad, ikamet adresi, ileti\u015fim bilgileri, m\u00fc\u015fteri numaras\u0131 vb.); \u0130leti\u015fim verileri (\u00f6rn. posta ve e-posta adresleri veya telefon numaralar\u0131); \u0130\u00e7erik verileri (\u00f6rn. metin veya resim mesajlar\u0131 ve katk\u0131lar\u0131n yan\u0131 s\u0131ra yazarl\u0131k veya olu\u015fturma zaman\u0131 bilgileri gibi bunlarla ilgili bilgiler); Kullan\u0131m verileri (\u00f6rn. sayfa g\u00f6r\u00fcnt\u00fclemeleri ve kalma s\u00fcresi, t\u0131klama yollar\u0131, kullan\u0131m yo\u011funlu\u011fu ve s\u0131kl\u0131\u011f\u0131, kullan\u0131lan cihaz t\u00fcrleri ve i\u015fletim sistemleri, i\u00e7erik ve i\u015flevlerle etkile\u015fimler). Meta, ileti\u015fim ve s\u00fcre\u00e7 verileri (\u00f6rne\u011fin IP adresleri, zaman verileri, kimlik numaralar\u0131, ilgili ki\u015filer). <\/li><li><strong>\u0130lgili ki\u015filer:<\/strong> Kat\u0131l\u0131mc\u0131lar. Kullan\u0131c\u0131lar (\u00f6rn. web sitesi ziyaret\u00e7ileri, \u00e7evrimi\u00e7i hizmet kullan\u0131c\u0131lar\u0131). <\/li><li><strong>\u0130\u015fleme ama\u00e7lar\u0131:<\/strong> Geri bildirim (\u00f6rn. \u00e7evrimi\u00e7i form arac\u0131l\u0131\u011f\u0131yla geri bildirim toplama). Anketler ve soru formlar\u0131 (\u00f6rn. giri\u015f se\u00e7enekli anketler, \u00e7oktan se\u00e7meli sorular). <\/li><li>Saklama <strong>ve silme:<\/strong> &#8220;Veri saklama ve silme hakk\u0131nda genel bilgiler&#8221; b\u00f6l\u00fcm\u00fcndeki bilgilere uygun olarak silme.<\/li><li class=\"\"><strong>Yasal dayanak:<\/strong> Me\u015fru menfaatler (GDPR Madde 6 paragraf 1 c\u00fcmle 1 lit. f)).<\/li><\/ul><p><strong>\u0130\u015fleme faaliyetleri, prosed\u00fcrleri ve hizmetleri hakk\u0131nda daha fazla bilgi:<\/strong><\/p><ul class=\"m-elements\"><li><strong>Microsoft Forms: <\/strong>\u00c7evrimi\u00e7i <strong>formlar\u0131n <\/strong>olu\u015fturulmas\u0131, yan\u0131tlar\u0131n ger\u00e7ek zamanl\u0131 olarak toplanmas\u0131, entegre diyagramlarla sonu\u00e7lar\u0131n analizi. Daha fazla veri i\u015fleme i\u00e7in di\u011fer Office uygulamalar\u0131na entegrasyon. Farkl\u0131 soru tipleri ve cevap se\u00e7enekleri ile \u00f6zelle\u015ftirilebilir formlar ve verilerin d\u0131\u015fa aktar\u0131m\u0131; <strong>hizmet sa\u011flay\u0131c\u0131<\/strong>: Microsoft Ireland Operations Limited, One Microsoft Place, South County Business Park, Leopardstown, Dublin 18, D18 P521, \u0130rlanda; <span class=\"\"><strong>Yasal dayanak:<\/strong> Me\u015fru menfaatler (Madde 6 paragraf 1 c\u00fcmle 1 lit. f) GDPR); <\/span><strong>Web sitesi:<\/strong> <a href=\"https:\/\/forms.office.com\/\" target=\"_blank\" rel=\"noopener\">https:\/\/forms.office.com\/<\/a>; <strong>Gizlilik Politikas\u0131:<\/strong> <a href=\"https:\/\/privacy.microsoft.com\/de-de\/privacystatement\" target=\"_blank\" rel=\"noopener\">https:\/\/privacy.microsoft.com\/de-de\/privacystatement<\/a>; <strong>Veri i\u015fleme s\u00f6zle\u015fmesi:<\/strong> <a href=\"https:\/\/www.microsoft.com\/licensing\/docs\/view\/Microsoft-Products-and-Services-Data-Protection-Addendum-DPA\" target=\"_blank\" rel=\"noopener\">https:\/\/www.microsoft.com\/licensing\/docs\/view\/Microsoft-Products-and-Services-Data-Protection-Addendum-DPA<\/a> <span class=\"\">. <\/span> <strong>\u00dc\u00e7\u00fcnc\u00fc \u00fclke transferleri i\u00e7in dayanak:<\/strong> Veri Gizlili\u011fi \u00c7er\u00e7evesi (DPF), Standart S\u00f6zle\u015fme Maddeleri<a href=\"https:\/\/www.microsoft.com\/licensing\/docs\/view\/Microsoft-Products-and-Services-Data-Protection-Addendum-DPA\" target=\"_blank\" rel=\"noopener\">(https:\/\/www.microsoft.com\/licensing\/docs\/view\/Microsoft-Products-and-Services-Data-Protection-Addendum-DPA<\/a>).  <\/li><\/ul><h2 id=\"m263\">Web analizi, izleme ve optimizasyon<\/h2><p>Web analizi (&#8220;eri\u015fim \u00f6l\u00e7\u00fcm\u00fc&#8221; olarak da adland\u0131r\u0131l\u0131r) \u00e7evrimi\u00e7i teklifimize ziyaret\u00e7i ak\u0131\u015f\u0131n\u0131 de\u011ferlendirmek i\u00e7in kullan\u0131l\u0131r ve ziyaret\u00e7iler hakk\u0131nda davran\u0131\u015f, ilgi alanlar\u0131 veya ya\u015f veya cinsiyet gibi demografik bilgileri takma ad de\u011ferleri olarak i\u00e7erebilir. Eri\u015fim analizinin yard\u0131m\u0131yla, \u00f6rne\u011fin, \u00e7evrimi\u00e7i teklifimizin veya i\u015flevlerinin veya i\u00e7eri\u011finin en s\u0131k ne zaman kullan\u0131ld\u0131\u011f\u0131n\u0131 tespit edebilir veya ziyaret\u00e7ileri bunlar\u0131 yeniden kullanmaya davet edebiliriz. Ayr\u0131ca hangi alanlar\u0131n optimizasyon gerektirdi\u011fini anlamam\u0131z\u0131 sa\u011flar.  <\/p><p>Web analizine ek olarak, \u00f6rne\u011fin \u00e7evrimi\u00e7i teklifimizin veya bile\u015fenlerinin farkl\u0131 s\u00fcr\u00fcmlerini test etmek ve optimize etmek i\u00e7in test prosed\u00fcrlerini de kullanabiliriz.<\/p><p>A\u015fa\u011f\u0131da aksi belirtilmedik\u00e7e, profiller, yani bir kullan\u0131m s\u00fcreci i\u00e7in \u00f6zetlenen veriler, bu ama\u00e7lar i\u00e7in olu\u015fturulabilir ve bilgiler bir taray\u0131c\u0131da veya son cihazda saklanabilir ve daha sonra okunabilir. Toplanan bilgiler \u00f6zellikle ziyaret edilen web siteleri ve burada kullan\u0131lan unsurlar\u0131n yan\u0131 s\u0131ra kullan\u0131lan taray\u0131c\u0131, kullan\u0131lan bilgisayar sistemi ve kullan\u0131m s\u00fcrelerine ili\u015fkin bilgiler gibi teknik bilgileri i\u00e7erir. Kullan\u0131c\u0131lar konum verilerinin bizden veya kulland\u0131\u011f\u0131m\u0131z hizmetlerin sa\u011flay\u0131c\u0131lar\u0131ndan toplanmas\u0131na izin vermi\u015flerse, konum verilerinin i\u015flenmesi de m\u00fcmk\u00fcnd\u00fcr.  <\/p><p>Ayr\u0131ca, kullan\u0131c\u0131lar\u0131n IP adresleri de saklanmaktad\u0131r. Ancak, kullan\u0131c\u0131lar\u0131 korumak i\u00e7in bir IP maskeleme prosed\u00fcr\u00fc (yani IP adresini k\u0131saltarak takma adland\u0131rma) kullan\u0131yoruz. Genel olarak, web analizi, A\/B testi ve optimizasyon ba\u011flam\u0131nda a\u00e7\u0131k kullan\u0131c\u0131 verileri (e-posta adresleri veya isimler gibi) de\u011fil, takma adlar saklan\u0131r. Bu, ne bizim ne de kullan\u0131lan yaz\u0131l\u0131m\u0131n sa\u011flay\u0131c\u0131lar\u0131n\u0131n kullan\u0131c\u0131lar\u0131n ger\u00e7ek kimli\u011fini bilmedi\u011fi, yaln\u0131zca ilgili i\u015flemin amac\u0131 i\u00e7in profillerinde saklanan bilgileri bildi\u011fi anlam\u0131na gelir.   <\/p><p>Yasal dayanaklara ili\u015fkin notlar: Kullan\u0131c\u0131lardan \u00fc\u00e7\u00fcnc\u00fc taraf sa\u011flay\u0131c\u0131lar\u0131n kullan\u0131m\u0131 i\u00e7in onay istersek, veri i\u015flemenin yasal dayana\u011f\u0131 onayd\u0131r. Aksi takdirde, kullan\u0131c\u0131 verileri me\u015fru menfaatlerimiz (yani verimli, ekonomik ve al\u0131c\u0131 dostu hizmetlere olan ilgi) temelinde i\u015flenir. Bu ba\u011flamda, bu gizlilik politikas\u0131nda \u00e7erezlerin kullan\u0131m\u0131na ili\u015fkin bilgilere de dikkatinizi \u00e7ekmek isteriz.  <\/p><ul class=\"m-elements\"><li><strong>\u0130\u015flenen veri t\u00fcrleri:<\/strong> Kullan\u0131m verileri (\u00f6rn. sayfa g\u00f6r\u00fcnt\u00fclemeleri ve bekleme s\u00fcresi, t\u0131klama yollar\u0131, kullan\u0131m yo\u011funlu\u011fu ve s\u0131kl\u0131\u011f\u0131, kullan\u0131lan cihaz t\u00fcrleri ve i\u015fletim sistemleri, i\u00e7erik ve i\u015flevlerle etkile\u015fimler). Meta, ileti\u015fim ve i\u015flem verileri (\u00f6rn. IP adresleri, zaman verileri, kimlik numaralar\u0131, ilgili ki\u015filer).<\/li><li><strong>Veri \u00f6zneleri:<\/strong> Kullan\u0131c\u0131lar (\u00f6rn. web sitesi ziyaret\u00e7ileri, \u00e7evrimi\u00e7i hizmetlerin kullan\u0131c\u0131lar\u0131).<\/li><li><strong>\u0130\u015fleme Ama\u00e7lar\u0131:<\/strong> Web Analiti\u011fi (\u00f6rn. eri\u015fim istatistikleri, geri d\u00f6nen ziyaret\u00e7ilerin tan\u0131nmas\u0131); Kullan\u0131c\u0131 ile ilgili bilgileri i\u00e7eren profiller (Kullan\u0131c\u0131 profilleri olu\u015fturma); \u0130zleme (\u00f6rn. ilgi alanlar\u0131na ve davran\u0131\u015flara dayal\u0131 profil olu\u015fturma, \u00e7erez kullan\u0131m\u0131); D\u00f6n\u00fc\u015f\u00fcm izleme (Pazarlama faaliyetlerinin etkinli\u011finin \u00f6l\u00e7\u00fclmesi); \u00d6zel Kitleler; Pazarlama. \u00c7evrimi\u00e7i hizmetlerimizin sa\u011flanmas\u0131 ve kullan\u0131c\u0131 dostu olmas\u0131.<\/li><li>Saklama<strong>ve silme:<\/strong> &#8220;Veri saklama ve silme hakk\u0131nda genel bilgiler&#8221; b\u00f6l\u00fcm\u00fcndeki bilgilere uygun olarak silme. \u00c7erezlerin 2 y\u0131la kadar saklanmas\u0131 (Aksi belirtilmedik\u00e7e, \u00e7erezler ve benzeri saklama y\u00f6ntemleri kullan\u0131c\u0131lar\u0131n cihazlar\u0131nda iki y\u0131l s\u00fcreyle saklanabilir).<\/li><li><strong>G\u00fcvenlik \u00f6nlemleri:<\/strong> IP maskeleme (IP adresinin anonimle\u015ftirilmesi).<\/li><li class=\"\"><strong>Yasal dayanak:<\/strong> R\u0131za (GDPR Madde 6 paragraf 1 c\u00fcmle 1 lit. a)). Me\u015fru menfaatler (GDPR Madde 6 paragraf 1 c\u00fcmle 1 lit. f)).<\/li><\/ul><p><strong>\u0130\u015fleme faaliyetleri, prosed\u00fcrleri ve hizmetleri hakk\u0131nda daha fazla bilgi:<\/strong><\/p><ul class=\"m-elements\"><li><strong>1&amp;1 IONOS WebAnalytics: <\/strong>Eri\u015fim \u00f6l\u00e7\u00fcm\u00fc ve web analizi; <strong>Hizmet sa\u011flay\u0131c\u0131<\/strong> <span class=\"\"><strong>:<\/strong> <\/span> 1&amp;1 IONOS SE, Elgendorfer Str. 57, 56410 Montabaur, Almanya; <span class=\"\"><strong>Yasal dayanak<\/strong>: R\u0131za (GDPR Madde 6 paragraf 1 c\u00fcmle 1 lit. a); <\/span> Web<strong>sitesi:<\/strong> <a href=\"https:\/\/www.ionos.de\" target=\"_blank\" rel=\"noopener\">https:\/\/www.ionos.de<\/a>; <strong>Gizlilik Politikas\u0131:<\/strong> <a href=\"https:\/\/www.ionos.de\/terms-gtc\/datenschutzerklaerung\/\" target=\"_blank\" rel=\"noopener\">https:\/\/www.ionos.de\/terms-gtc\/datenschutzerklaerung\/<\/a>; <strong>Veri i\u015fleme s\u00f6zle\u015fmesi:<\/strong> <a href=\"https:\/\/www.ionos.de\/hilfe\/datenschutz\/allgemeine-informationen-zur-datenschutz-grundverordnung-dsgvo\/vereinbarung-zur-auftragsverarbeitung-avv-mit-ionos-abschliessen\/\" target=\"_blank\" rel=\"noopener\">https:\/\/www.ionos.de\/hilfe\/datenschutz\/allgemeine-informationen-zur-datenschutz-grundverordnung-dsgvo\/vereinbarung-zur-auftragsverarbeitung-avv-mit-ionos-abschliessen\/<\/a>; <strong>Daha fazla bilgi:<\/strong> Veriler, \u00e7erez kullan\u0131lmadan bir piksel veya bir g\u00fcnl\u00fck dosyas\u0131 ile toplan\u0131r; ziyaret\u00e7ilerin IP adresi, bir sayfa iste\u011fi g\u00f6nderildi\u011finde iletilir, iletimden hemen sonra anonimle\u015ftirilir ve ki\u015fisel referans olmadan daha fazla i\u015flenir. veriler bir sipari\u015f i\u015fleme s\u00f6zle\u015fmesi temelinde i\u015flenir. <\/li><li><strong>Google Analytics: <\/strong>\u00c7evrimi\u00e7i teklifimizin kullan\u0131m\u0131n\u0131 \u00f6l\u00e7mek ve analiz etmek i\u00e7in takma bir kullan\u0131c\u0131 kimlik numaras\u0131 temelinde Google Analytics kullan\u0131yoruz. Bu kimlik numaras\u0131, isimler veya e-posta adresleri gibi herhangi bir benzersiz veri i\u00e7ermez. Kullan\u0131c\u0131lar\u0131n bir veya daha fazla kullan\u0131m s\u00fcrecinde hangi i\u00e7eri\u011fi arad\u0131klar\u0131n\u0131, hangi arama terimlerini kulland\u0131klar\u0131n\u0131, hangilerini tekrar arad\u0131klar\u0131n\u0131 veya \u00e7evrimi\u00e7i teklifimizle hangi etkile\u015fimde bulunduklar\u0131n\u0131 tan\u0131mak i\u00e7in bir son cihaza analiz bilgileri atamak i\u00e7in kullan\u0131l\u0131r. Kullan\u0131m zaman\u0131 ve s\u00fcresinin yan\u0131 s\u0131ra \u00e7evrimi\u00e7i teklifimize ba\u015fvuran kullan\u0131c\u0131lar\u0131n kaynaklar\u0131 ve son cihazlar\u0131n\u0131n ve taray\u0131c\u0131lar\u0131n\u0131n teknik \u00f6zellikleri de saklan\u0131r.<br>\u00c7erezlerin kullan\u0131labildi\u011fi \u00e7e\u015fitli cihazlar\u0131n kullan\u0131m\u0131ndan elde edilen bilgilerle kullan\u0131c\u0131lar\u0131n takma ad profilleri olu\u015fturulur. Google Analytics, AB kullan\u0131c\u0131lar\u0131 i\u00e7in bireysel IP adreslerini kaydetmez veya saklamaz. Ancak Analytics, IP adreslerinden a\u015fa\u011f\u0131daki meta verileri t\u00fcreterek kaba co\u011frafi konum verileri sa\u011flar: \u015eehir (ve \u015fehrin \u00e7\u0131kar\u0131lan enlem ve boylam\u0131), K\u0131ta, \u00dclke, B\u00f6lge, Alt K\u0131ta (ve kimlik tabanl\u0131 kar\u015f\u0131l\u0131klar\u0131). AB trafi\u011fi i\u00e7in IP adresi verileri, derhal silinmeden \u00f6nce yaln\u0131zca bu co\u011frafi konumland\u0131rma verilerinin t\u00fcretilmesi i\u00e7in kullan\u0131l\u0131r. Kaydedilmez, eri\u015filemez ve ba\u015fka ama\u00e7lar i\u00e7in kullan\u0131lmaz. Google Analytics \u00f6l\u00e7\u00fcm verilerini toplad\u0131\u011f\u0131nda, trafik i\u015flenmek \u00fczere Analytics sunucular\u0131na iletilmeden \u00f6nce t\u00fcm IP sorgular\u0131 AB merkezli sunucularda ger\u00e7ekle\u015ftirilir; <strong>hizmet sa\u011flay\u0131c\u0131:<\/strong> Google Ireland Limited, Gordon House, Barrow Street, Dublin 4, \u0130rlanda;           <span class=\"\"><strong>Yasal dayanak:<\/strong> R\u0131za (Madde 6 paragraf 1 c\u00fcmle 1 lit. a) GDPR);  <\/span><strong>Web sitesi:<\/strong> <a href=\"https:\/\/marketingplatform.google.com\/intl\/de\/about\/analytics\/\" target=\"_blank\" rel=\"noopener\">https:\/\/marketingplatform.google.com\/intl\/de\/about\/analytics\/;<\/a> <strong>G\u00fcvenlik \u00f6nlemleri:<\/strong> IP maskeleme (IP adresinin anonimle\u015ftirilmesi); <strong>Gizlilik Politikas\u0131:<\/strong> <a href=\"https:\/\/policies.google.com\/privacy\" target=\"_blank\" rel=\"noopener\">https:\/\/policies.google.com\/privacy<\/a>; Veri <strong>i\u015fleme<\/strong> s\u00f6zle\u015fmesi: <a href=\"https:\/\/business.safety.google\/adsprocessorterms\/\" target=\"_blank\" rel=\"noopener\">https:\/\/business.safety.google\/adsprocessorterms\/<\/a>; <strong>\u00dc\u00e7\u00fcnc\u00fc \u00fclke aktar\u0131mlar\u0131 i\u00e7in dayanak:<\/strong> Veri Gizlili\u011fi \u00c7er\u00e7evesi (DPF), Standart S\u00f6zle\u015fme Maddeleri<a href=\"https:\/\/business.safety.google\/adsprocessorterms\" target=\"_blank\" rel=\"noopener\">(https:\/\/business.safety.google\/adsprocessorterms<\/a>); <strong>Opt-Out<\/strong>: Opt-out eklentisi: <a href=\"https:\/\/tools.google.com\/dlpage\/gaoptout?hl=de\" target=\"_blank\" rel=\"noopener\">https:\/\/tools.google.com\/dlpage\/gaoptout?hl=de,<\/a> Reklamlar\u0131n g\u00f6r\u00fcnt\u00fclenmesi i\u00e7in ayarlar: <a href=\"https:\/\/myadcenter.google.com\/personalizationoff\" target=\"_blank\" rel=\"noopener\">https:\/\/myadcenter.google.com\/personalizationoff.<\/a> <strong>Daha fazla bilgi:<\/strong> <a href=\"https:\/\/business.safety.google\/adsservices\/\" target=\"_blank\" rel=\"noopener\">https:\/\/business.safety.google\/adsservices\/<\/a> (i\u015fleme t\u00fcrleri ve i\u015flenen veriler).     <\/li><\/ul><h2 id=\"m264\">\u00c7evrimi\u00e7i pazarlama<\/h2><p>Ki\u015fisel verileri, \u00f6zellikle reklam alan\u0131n\u0131n pazarlanmas\u0131n\u0131 veya kullan\u0131c\u0131lar\u0131n potansiyel ilgi alanlar\u0131na ve etkinli\u011finin \u00f6l\u00e7\u00fclmesine dayal\u0131 olarak reklam ve di\u011fer i\u00e7eriklerin (topluca &#8220;i\u00e7erik&#8221; olarak an\u0131lacakt\u0131r) sunulmas\u0131n\u0131 i\u00e7erebilecek \u00e7evrimi\u00e7i pazarlama amac\u0131yla i\u015fliyoruz.<\/p><p>Bu ama\u00e7lar do\u011frultusunda, kullan\u0131c\u0131 profilleri olu\u015fturulur ve bir dosyada saklan\u0131r (&#8220;\u00e7erez&#8221; olarak adland\u0131r\u0131l\u0131r) veya benzer prosed\u00fcrler kullan\u0131l\u0131r, bu sayede kullan\u0131c\u0131 hakk\u0131nda yukar\u0131da belirtilen i\u00e7eri\u011fin sunumuyla ilgili bilgiler saklan\u0131r. Bu, \u00f6rne\u011fin, g\u00f6r\u00fcnt\u00fclenen i\u00e7eri\u011fi, ziyaret edilen web sitelerini, kullan\u0131lan \u00e7evrimi\u00e7i a\u011flar\u0131 ve ayn\u0131 zamanda ileti\u015fim ortaklar\u0131n\u0131 ve kullan\u0131lan taray\u0131c\u0131, kullan\u0131lan bilgisayar sistemi ve kullan\u0131m s\u00fcreleri ve kullan\u0131lan i\u015flevler hakk\u0131ndaki bilgiler gibi teknik bilgileri i\u00e7erebilir. Kullan\u0131c\u0131lar konum verilerinin toplanmas\u0131na izin vermi\u015flerse, bu da i\u015flenebilir.  <\/p><p>Kullan\u0131c\u0131lar\u0131n IP adresleri de saklanmaktad\u0131r. Ancak, kullan\u0131c\u0131 korumas\u0131 i\u00e7in mevcut IP maskeleme prosed\u00fcrlerini (yani IP adresini k\u0131saltarak takma adland\u0131rma) kullan\u0131yoruz. Genel olarak, \u00e7evrimi\u00e7i pazarlama s\u00fcrecinin bir par\u00e7as\u0131 olarak a\u00e7\u0131k kullan\u0131c\u0131 verileri (e-posta adresleri veya isimler gibi) de\u011fil, takma adlar saklan\u0131r. Bu, ne bizim ne de \u00e7evrimi\u00e7i pazarlama s\u00fcre\u00e7lerinin sa\u011flay\u0131c\u0131lar\u0131n\u0131n kullan\u0131c\u0131lar\u0131n ger\u00e7ek kimli\u011fini bilmedi\u011fi, yaln\u0131zca profillerinde saklanan bilgileri bildi\u011fi anlam\u0131na gelir.   <\/p><p>Profillerdeki ifadeler genellikle \u00e7erezlerde veya benzer prosed\u00fcrler arac\u0131l\u0131\u011f\u0131yla saklan\u0131r. Bu \u00e7erezler genellikle daha sonra ayn\u0131 \u00e7evrimi\u00e7i pazarlama s\u00fcrecini kullanan di\u011fer web sitelerinde de okunabilir ve i\u00e7eri\u011fin g\u00f6r\u00fcnt\u00fclenmesi amac\u0131yla analiz edilebilir ve ba\u015fka verilerle desteklenebilir ve \u00e7evrimi\u00e7i pazarlama s\u00fcreci sa\u011flay\u0131c\u0131s\u0131n\u0131n sunucusunda saklanabilir. <\/p><p>\u0130stisnai durumlarda, profillere a\u00e7\u0131k veriler atamak m\u00fcmk\u00fcnd\u00fcr, \u00f6zellikle de \u00f6rne\u011fin kullan\u0131c\u0131lar \u00e7evrimi\u00e7i pazarlama s\u00fcre\u00e7lerini kulland\u0131\u011f\u0131m\u0131z bir sosyal a\u011f\u0131n \u00fcyesiyse ve a\u011f kullan\u0131c\u0131 profillerini yukar\u0131da belirtilen verilerle ili\u015fkilendiriyorsa. Kullan\u0131c\u0131lar\u0131n, \u00f6rne\u011fin kay\u0131t s\u0131ras\u0131nda onay vererek sa\u011flay\u0131c\u0131larla ek anla\u015fmalar yapabilece\u011fini l\u00fctfen unutmay\u0131n. <\/p><p>Prensip olarak, reklamlar\u0131m\u0131z\u0131n ba\u015far\u0131s\u0131 hakk\u0131nda yaln\u0131zca \u00f6zetlenmi\u015f bilgilere eri\u015febiliriz. Ancak, d\u00f6n\u00fc\u015f\u00fcm \u00f6l\u00e7\u00fcmlerinin bir par\u00e7as\u0131 olarak, \u00e7evrimi\u00e7i pazarlama prosed\u00fcrlerimizden hangilerinin s\u00f6zde bir d\u00f6n\u00fc\u015f\u00fcme, yani \u00f6rne\u011fin bizimle bir s\u00f6zle\u015fme imzalanmas\u0131na yol a\u00e7t\u0131\u011f\u0131n\u0131 kontrol edebiliriz. D\u00f6n\u00fc\u015f\u00fcm \u00f6l\u00e7\u00fcm\u00fc yaln\u0131zca pazarlama \u00f6nlemlerimizin ba\u015far\u0131s\u0131n\u0131 analiz etmek i\u00e7in kullan\u0131l\u0131r.  <\/p><p>Aksi belirtilmedik\u00e7e, kullan\u0131lan \u00e7erezlerin iki y\u0131ll\u0131k bir s\u00fcre boyunca sakland\u0131\u011f\u0131n\u0131 varsayman\u0131z\u0131 rica ederiz.<\/p><p><strong>Yasal dayanaklara ili\u015fkin notlar:<\/strong> Kullan\u0131c\u0131lardan \u00fc\u00e7\u00fcnc\u00fc taraf sa\u011flay\u0131c\u0131lar\u0131n kullan\u0131m\u0131 i\u00e7in onaylar\u0131n\u0131 istersek, veri i\u015flemenin yasal dayana\u011f\u0131 izindir. Aksi takdirde, kullan\u0131c\u0131 verileri me\u015fru menfaatlerimiz (yani verimli, ekonomik ve al\u0131c\u0131 dostu hizmetlere olan ilgi) temelinde i\u015flenir. Bu ba\u011flamda, bu gizlilik politikas\u0131nda \u00e7erezlerin kullan\u0131m\u0131na ili\u015fkin bilgilere de dikkatinizi \u00e7ekmek isteriz.  <\/p><p><strong>\u0130ptal ve itiraza ili\u015fkin bilgiler:<\/strong><\/p><p>\u0130lgili sa\u011flay\u0131c\u0131lar\u0131n veri koruma bildirimlerine ve sa\u011flay\u0131c\u0131lar taraf\u0131ndan sa\u011flanan devre d\u0131\u015f\u0131 b\u0131rakma se\u00e7eneklerine at\u0131fta bulunuyoruz. A\u00e7\u0131k bir devre d\u0131\u015f\u0131 b\u0131rakma se\u00e7ene\u011fi belirtilmemi\u015fse, taray\u0131c\u0131 ayarlar\u0131n\u0131zdan \u00e7erezleri kapatma se\u00e7ene\u011finiz vard\u0131r. Ancak bu, \u00e7evrimi\u00e7i teklifimizin i\u015flevlerini k\u0131s\u0131tlayabilir. Bu nedenle, her alan i\u00e7in \u00f6zetlenen a\u015fa\u011f\u0131daki ek devre d\u0131\u015f\u0131 b\u0131rakma se\u00e7eneklerini \u00f6neriyoruz:   <\/p><p>a) Avrupa: <a href=\"https:\/\/www.youronlinechoices.eu\" target=\"_blank\" rel=\"noopener\">https:\/\/www.youronlinechoices.eu.<\/a><\/p><p>b) Kanada: <a href=\"https:\/\/www.youradchoices.ca\/choices\" target=\"_blank\" rel=\"noopener\">https:\/\/www.youradchoices.ca\/choices.<\/a><\/p><p>c) ABD: <a href=\"https:\/\/www.aboutads.info\/choices\" target=\"_blank\" rel=\"noopener\">https:\/\/www.aboutads.info\/choices.<\/a><\/p><p>d) B\u00f6lgeler aras\u0131: <a href=\"https:\/\/optout.aboutads.info\" target=\"_blank\" rel=\"noopener\">https:\/\/optout.aboutads.info<\/a>.<\/p><ul class=\"m-elements\"><li><strong>\u0130\u015flenen veri t\u00fcrleri:<\/strong> Kullan\u0131m verileri (\u00f6rn. sayfa g\u00f6r\u00fcnt\u00fclemeleri ve bekleme s\u00fcresi, t\u0131klama yollar\u0131, kullan\u0131m yo\u011funlu\u011fu ve s\u0131kl\u0131\u011f\u0131, kullan\u0131lan cihaz t\u00fcrleri ve i\u015fletim sistemleri, i\u00e7erik ve i\u015flevlerle etkile\u015fimler). Meta, ileti\u015fim ve i\u015flem verileri (\u00f6rn. IP adresleri, zaman verileri, kimlik numaralar\u0131, ilgili ki\u015filer).<\/li><li><strong>Veri \u00f6zneleri:<\/strong> Kullan\u0131c\u0131lar (\u00f6rn. web sitesi ziyaret\u00e7ileri, \u00e7evrimi\u00e7i hizmetlerin kullan\u0131c\u0131lar\u0131).<\/li><li><strong>\u0130\u015fleme Ama\u00e7lar\u0131:<\/strong> Web Analiti\u011fi (\u00f6rn. eri\u015fim istatistikleri, geri d\u00f6nen ziyaret\u00e7ilerin tan\u0131nmas\u0131); Hedefleme (\u00f6rn. ilgi alanlar\u0131na ve davran\u0131\u015fa dayal\u0131 profil olu\u015fturma, \u00e7erez kullan\u0131m\u0131); \u00d6zel Kitleler; Pazarlama; Kullan\u0131c\u0131 ile ilgili bilgileri i\u00e7eren profiller (Kullan\u0131c\u0131 profilleri olu\u015fturma); D\u00f6n\u00fc\u015f\u00fcm izleme (Pazarlama faaliyetlerinin etkinli\u011finin \u00f6l\u00e7\u00fclmesi); Yeniden Pazarlama. \u00c7evrimi\u00e7i hizmetlerimizin sa\u011flanmas\u0131 ve kullan\u0131c\u0131 dostu olmas\u0131.<\/li><li>Saklama<strong>ve silme:<\/strong> &#8220;Veri saklama ve silme hakk\u0131nda genel bilgiler&#8221; b\u00f6l\u00fcm\u00fcndeki bilgilere uygun olarak silme. \u00c7erezlerin 2 y\u0131la kadar saklanmas\u0131 (Aksi belirtilmedik\u00e7e, \u00e7erezler ve benzeri saklama y\u00f6ntemleri kullan\u0131c\u0131lar\u0131n cihazlar\u0131nda iki y\u0131l s\u00fcreyle saklanabilir).<\/li><li><strong>G\u00fcvenlik \u00f6nlemleri:<\/strong> IP maskeleme (IP adresinin anonimle\u015ftirilmesi).<\/li><li class=\"\"><strong>Yasal dayanak:<\/strong> R\u0131za (GDPR Madde 6 paragraf 1 c\u00fcmle 1 lit. a)). Me\u015fru menfaatler (GDPR Madde 6 paragraf 1 c\u00fcmle 1 lit. f)).<\/li><\/ul><p><strong>\u0130\u015fleme faaliyetleri, prosed\u00fcrleri ve hizmetleri hakk\u0131nda daha fazla bilgi:<\/strong><\/p><ul class=\"m-elements\"><li><strong>AdMob: <\/strong>Mobil uygulamalarda reklam i\u00e7eri\u011finin g\u00f6r\u00fcnt\u00fclenmesi i\u00e7in platform; <strong>Hizmet sa\u011flay\u0131c\u0131:<\/strong> Google Ireland Limited, Gordon House, Barrow Street, Dublin 4, \u0130rlanda; <span class=\"\"><strong>Yasal dayanak<\/strong>: R\u0131za (Madde 6 paragraf 1 c\u00fcmle 1 lit. a) GDPR <\/span>);<strong>Web sitesi:<\/strong> <a href=\"https:\/\/admob.google.com\/home\/\" target=\"_blank\" rel=\"noopener\">https:\/\/admob.google.com\/home\/<\/a>; <strong>Gizlilik Politikas\u0131:<\/strong> <a href=\"https:\/\/policies.google.com\/privacy\" target=\"_blank\" rel=\"noopener\">https:\/\/policies.google.com\/privacy<\/a>; <strong>\u00dc\u00e7\u00fcnc\u00fc \u00fclke aktar\u0131mlar\u0131 i\u00e7in dayanak:<\/strong> Veri Gizlili\u011fi \u00c7er\u00e7evesi (DPF), Standart S\u00f6zle\u015fme Maddeleri<a href=\"https:\/\/business.safety.google\/adscontrollerterms\/\" target=\"_blank\" rel=\"noopener\">(https:\/\/business.safety.google\/adscontrollerterms\/<\/a>). <strong>Daha fazla bilgi:<\/strong> Google taraf\u0131ndan kontrol\u00f6r olarak i\u015fleme: <a href=\"https:\/\/business.safety.google\/adscontrollerterms\/\" target=\"_blank\" rel=\"noopener\">https:\/\/business.safety.google\/adscontrollerterms\/<\/a>.<\/li><li><strong>Google Ads ve d\u00f6n\u00fc\u015f\u00fcm \u00f6l\u00e7\u00fcm\u00fc: <\/strong>Hizmet sa\u011flay\u0131c\u0131n\u0131n reklam a\u011f\u0131na (\u00f6rne\u011fin arama sonu\u00e7lar\u0131nda, videolarda, web sitelerinde vb.) i\u00e7erik ve reklam yerle\u015ftirmek amac\u0131yla \u00e7evrimi\u00e7i pazarlama s\u00fcreci, b\u00f6ylece reklamlarla ilgilendi\u011fi varsay\u0131lan kullan\u0131c\u0131lara g\u00f6sterilir. Ayr\u0131ca, reklamlar\u0131n d\u00f6n\u00fc\u015f\u00fcm\u00fcn\u00fc, yani kullan\u0131c\u0131lar\u0131n bunlar\u0131 reklamlarla etkile\u015fim kurma ve reklam\u0131 yap\u0131lan teklifleri kullanma f\u0131rsat\u0131 olarak de\u011ferlendirip de\u011ferlendirmedi\u011fini (d\u00f6n\u00fc\u015f\u00fcmler olarak adland\u0131r\u0131l\u0131r) \u00f6l\u00e7\u00fcyoruz. Ancak, yaln\u0131zca anonim bilgiler al\u0131r\u0131z ve bireysel kullan\u0131c\u0131lar hakk\u0131nda ki\u015fisel bilgiler almay\u0131z; <strong>hizmet sa\u011flay\u0131c\u0131<\/strong>: Google Ireland Limited, Gordon House, Barrow Street, Dublin 4, \u0130rlanda; <span class=\"\"><strong>Yasal dayanak<\/strong>: R\u0131za (Madde 6 paragraf 1 c\u00fcmle 1 lit. a) GDPR), Me\u015fru menfaatler (Madde 6 paragraf 1 c\u00fcmle 1 lit. f) GDPR <\/span>);<strong>Web sitesi: https:<\/strong> <a href=\"https:\/\/marketingplatform.google.com\" target=\"_blank\" rel=\"noopener\">\/\/marketingplatform.google.com<\/a>; <strong>Gizlilik Politikas\u0131: https:<\/strong> <a href=\"https:\/\/policies.google.com\/privacy\" target=\"_blank\" rel=\"noopener\">\/\/policies.google.com\/privacy<\/a>; <strong>\u00dc\u00e7\u00fcnc\u00fc \u00fclke transferleri i\u00e7in dayanak:<\/strong> Veri Gizlili\u011fi \u00c7er\u00e7evesi (DPF); <strong>Daha fazla bilgi:<\/strong> \u0130\u015fleme t\u00fcrleri ve i\u015flenen veriler: <a href=\"https:\/\/business.safety.google\/adsservices\/\" target=\"_blank\" rel=\"noopener\">https:\/\/business.safety.google\/adsservices\/<\/a>. Kontrol\u00f6rler aras\u0131ndaki veri i\u015fleme ko\u015fullar\u0131 ve \u00fc\u00e7\u00fcnc\u00fc \u00fclke veri aktar\u0131mlar\u0131 i\u00e7in standart s\u00f6zle\u015fme maddeleri: <a href=\"https:\/\/business.safety.google\/adscontrollerterms\" target=\"_blank\" rel=\"noopener\">https:\/\/business.safety.google\/adscontrollerterms<\/a>.   <\/li><li><strong>Google Ads Remarketing: <\/strong>Yeniden hedefleme olarak da bilinen Google Remarketing, \u00e7evrimi\u00e7i bir hizmeti kullanan kullan\u0131c\u0131lar\u0131n takma adl\u0131 bir yeniden pazarlama listesine eklenmesine olanak tan\u0131yan bir teknolojidir, b\u00f6ylece kullan\u0131c\u0131lara \u00e7evrimi\u00e7i hizmeti ziyaretlerine dayal\u0131 olarak di\u011fer \u00e7evrimi\u00e7i tekliflerde reklamlar g\u00f6sterilebilir; <strong>Hizmet sa\u011flay\u0131c\u0131<\/strong>: Google Ireland Limited, Gordon House, Barrow Street, Dublin 4, \u0130rlanda; <span class=\"\"><strong>Yasal dayanak<\/strong>: R\u0131za (Madde 6 paragraf 1 c\u00fcmle 1 lit. a) GDPR <\/span>);<strong>Web sitesi:<\/strong> <a href=\"https:\/\/marketingplatform.google.com\" target=\"_blank\" rel=\"noopener\">https:\/\/marketingplatform.google.com<\/a>; <strong>Gizlilik Politikas\u0131:<\/strong> <a href=\"https:\/\/policies.google.com\/privacy\" target=\"_blank\" rel=\"noopener\">https:\/\/policies.google.com\/privacy<\/a>; <strong>\u00dc\u00e7\u00fcnc\u00fc \u00fclke transferleri i\u00e7in dayanak:<\/strong> Veri Gizlili\u011fi \u00c7er\u00e7evesi (DPF); <strong>Daha fazla bilgi:<\/strong> \u0130\u015fleme t\u00fcrleri ve i\u015flenen veriler: <a href=\"https:\/\/business.safety.google\/adsservices\/\" target=\"_blank\" rel=\"noopener\">https:\/\/business.safety.google\/adsservices\/<\/a>. Kontrol\u00f6rler aras\u0131ndaki veri i\u015fleme ko\u015fullar\u0131 ve \u00fc\u00e7\u00fcnc\u00fc \u00fclke veri aktar\u0131mlar\u0131 i\u00e7in standart s\u00f6zle\u015fme maddeleri: <a href=\"https:\/\/business.safety.google\/adscontrollerterms\" target=\"_blank\" rel=\"noopener\">https:\/\/business.safety.google\/adscontrollerterms<\/a>. <\/li><\/ul><h2 id=\"m135\">Sat\u0131\u015f ortakl\u0131\u011f\u0131 programlar\u0131 ve sat\u0131\u015f ortakl\u0131\u011f\u0131 ba\u011flant\u0131lar\u0131<\/h2><p>\u00c7evrimi\u00e7i teklifimizde \u00fc\u00e7\u00fcnc\u00fc taraf sa\u011flay\u0131c\u0131lar\u0131n teklif ve hizmetlerine (topluca &#8220;ba\u011fl\u0131 kurulu\u015f ba\u011flant\u0131lar\u0131&#8221; olarak an\u0131lacakt\u0131r) ba\u011fl\u0131 kurulu\u015f ba\u011flant\u0131lar\u0131 veya di\u011fer referanslar (\u00f6rne\u011fin arama maskeleri, widget&#8217;lar veya indirim kodlar\u0131 i\u00e7erebilir) ekliyoruz. Kullan\u0131c\u0131lar ba\u011fl\u0131 kurulu\u015f ba\u011flant\u0131lar\u0131n\u0131 takip ederse veya daha sonra tekliflerden yararlan\u0131rsa, bu \u00fc\u00e7\u00fcnc\u00fc taraf sa\u011flay\u0131c\u0131lardan bir komisyon veya ba\u015fka faydalar alabiliriz (topluca &#8220;komisyon&#8221; olarak an\u0131lacakt\u0131r). <\/p><p>Kullan\u0131c\u0131lar\u0131n bizim taraf\u0131m\u0131zdan kullan\u0131lan bir ortakl\u0131k ba\u011flant\u0131s\u0131n\u0131n tekliflerini al\u0131p almad\u0131klar\u0131n\u0131 takip edebilmek i\u00e7in, ilgili \u00fc\u00e7\u00fcnc\u00fc taraf sa\u011flay\u0131c\u0131lar\u0131n, kullan\u0131c\u0131lar\u0131n \u00e7evrimi\u00e7i teklifimizde kullan\u0131lan bir ortakl\u0131k ba\u011flant\u0131s\u0131n\u0131 izlediklerini \u00f6\u011frenmeleri gerekir. Sat\u0131\u015f orta\u011f\u0131 ba\u011flant\u0131lar\u0131n\u0131n ilgili ticari i\u015flemlere veya di\u011fer eylemlere (\u00f6rne\u011fin sat\u0131n almalar) atanmas\u0131, yaln\u0131zca komisyon \u00f6demesi amac\u0131na hizmet eder ve bu ama\u00e7 i\u00e7in art\u0131k gerekli olmad\u0131\u011f\u0131 anda iptal edilir. <\/p><p>Yukar\u0131da belirtilen sat\u0131\u015f orta\u011f\u0131 ba\u011flant\u0131lar\u0131n\u0131n atanmas\u0131 amac\u0131yla, sat\u0131\u015f orta\u011f\u0131 ba\u011flant\u0131lar\u0131, ba\u011flant\u0131n\u0131n bir par\u00e7as\u0131 olan veya ba\u015fka bir yerde, \u00f6rne\u011fin bir \u00e7erezde saklanabilen belirli de\u011ferlerle desteklenebilir. Bu de\u011ferler \u00f6zellikle kaynak web sitesini (y\u00f6nlendiren), zaman\u0131, sat\u0131\u015f ortakl\u0131\u011f\u0131 ba\u011flant\u0131s\u0131n\u0131n bulundu\u011fu web sitesinin operat\u00f6r\u00fcn\u00fcn \u00e7evrimi\u00e7i tan\u0131mlay\u0131c\u0131s\u0131n\u0131, ilgili teklifin \u00e7evrimi\u00e7i tan\u0131mlay\u0131c\u0131s\u0131n\u0131, kullan\u0131lan ba\u011flant\u0131 t\u00fcr\u00fcn\u00fc, teklif t\u00fcr\u00fcn\u00fc ve kullan\u0131c\u0131n\u0131n \u00e7evrimi\u00e7i tan\u0131mlay\u0131c\u0131s\u0131n\u0131 i\u00e7erebilir. <\/p><p><strong>Yasal dayanaklara ili\u015fkin notlar:<\/strong> Kullan\u0131c\u0131lardan \u00fc\u00e7\u00fcnc\u00fc taraf sa\u011flay\u0131c\u0131lar\u0131n kullan\u0131m\u0131 i\u00e7in onay istersek, verilerin i\u015flenmesi i\u00e7in yasal dayanak onayd\u0131r. Aksi takdirde, kullan\u0131c\u0131 verileri me\u015fru menfaatlerimiz (yani verimli, ekonomik ve al\u0131c\u0131 dostu hizmetlere olan ilgi) temelinde i\u015flenir. Bu ba\u011flamda, bu gizlilik politikas\u0131nda \u00e7erezlerin kullan\u0131m\u0131na ili\u015fkin bilgilere de dikkatinizi \u00e7ekmek isteriz.  <\/p><ul class=\"m-elements\"><li><strong>\u0130\u015flenen veri t\u00fcrleri:<\/strong> S\u00f6zle\u015fme verileri (\u00f6rn. s\u00f6zle\u015fmenin konusu, s\u00fcresi, m\u00fc\u015fteri kategorisi); kullan\u0131m verileri (\u00f6rn. sayfa g\u00f6r\u00fcnt\u00fclemeleri ve kalma s\u00fcresi, t\u0131klama yollar\u0131, kullan\u0131m yo\u011funlu\u011fu ve s\u0131kl\u0131\u011f\u0131, kullan\u0131lan cihaz t\u00fcrleri ve i\u015fletim sistemleri, i\u00e7erik ve i\u015flevlerle etkile\u015fimler). Meta, ileti\u015fim ve i\u015flem verileri (\u00f6rn. IP adresleri, zaman verileri, kimlik numaralar\u0131, ilgili ki\u015filer).<\/li><li><strong>Veri sahipleri:<\/strong> \u0130lgili taraflar. Kullan\u0131c\u0131lar (\u00f6rn. web sitesi ziyaret\u00e7ileri, \u00e7evrimi\u00e7i hizmetlerin kullan\u0131c\u0131lar\u0131).<\/li><li><strong>\u0130\u015fleme ama\u00e7lar\u0131:<\/strong> Ortakl\u0131k takibi.<\/li><li>Saklama<strong>ve silme:<\/strong> &#8220;Veri saklama ve silme hakk\u0131nda genel bilgiler&#8221; b\u00f6l\u00fcm\u00fcndeki bilgilere uygun olarak silme.<\/li><li class=\"\"><strong>Yasal dayanak:<\/strong> R\u0131za (GDPR Madde 6 paragraf 1 c\u00fcmle 1 lit. a)). Me\u015fru menfaatler (GDPR Madde 6 Paragraf 1 C\u00fcmle 1 Bent f)).<\/li><\/ul><h2 id=\"m627\">Ortakl\u0131k program\u0131 teklifi<\/h2><p>Tekliflerimize ve hizmetlerimize y\u00f6nlendiren kullan\u0131c\u0131lar (&#8220;ba\u011fl\u0131 kurulu\u015flar&#8221; olarak an\u0131lacakt\u0131r) i\u00e7in komisyonlar veya di\u011fer avantajlar (topluca &#8220;komisyon&#8221; olarak an\u0131lacakt\u0131r) gibi bir ortakl\u0131k program\u0131 sunuyoruz. Y\u00f6nlendirme, ilgili Ba\u011fl\u0131 Kurulu\u015fa atanan bir ba\u011flant\u0131 veya hizmetlerimizin kullan\u0131m\u0131n\u0131n y\u00f6nlendirmeye dayand\u0131\u011f\u0131n\u0131 kabul etmemize olanak tan\u0131yan di\u011fer y\u00f6ntemler (\u00f6rne\u011fin indirim kodlar\u0131) arac\u0131l\u0131\u011f\u0131yla yap\u0131l\u0131r (topluca &#8220;Ba\u011fl\u0131 Kurulu\u015f Ba\u011flant\u0131lar\u0131&#8221; olarak an\u0131lacakt\u0131r).<\/p><p>Kullan\u0131c\u0131lar\u0131n, ba\u011fl\u0131 kurulu\u015flar taraf\u0131ndan kullan\u0131lan ba\u011fl\u0131 kurulu\u015f ba\u011flant\u0131lar\u0131na dayal\u0131 olarak hizmetlerimizden yararlan\u0131p yararlanmad\u0131\u011f\u0131n\u0131 takip edebilmemiz i\u00e7in, kullan\u0131c\u0131lar\u0131n bir ba\u011fl\u0131 kurulu\u015f ba\u011flant\u0131s\u0131n\u0131 izledi\u011fini bilmemiz gerekir. Sat\u0131\u015f orta\u011f\u0131 ba\u011flant\u0131lar\u0131n\u0131n ilgili ticari i\u015flemlere veya hizmetlerimizin di\u011fer kullan\u0131mlar\u0131na atanmas\u0131, yaln\u0131zca komisyon \u00f6demesi amac\u0131na hizmet eder ve bu ama\u00e7 i\u00e7in art\u0131k gerekli olmad\u0131\u011f\u0131 anda iptal edilir. <\/p><p>Yukar\u0131da belirtilen sat\u0131\u015f orta\u011f\u0131 ba\u011flant\u0131lar\u0131n\u0131n atanmas\u0131 amac\u0131yla, sat\u0131\u015f orta\u011f\u0131 ba\u011flant\u0131lar\u0131, ba\u011flant\u0131n\u0131n bir par\u00e7as\u0131 olan veya ba\u015fka bir yerde, \u00f6rne\u011fin bir \u00e7erezde saklanabilen belirli de\u011ferlerle desteklenebilir. Bu de\u011ferler \u00f6zellikle kaynak web sitesini (y\u00f6nlendiren), zaman\u0131, sat\u0131\u015f ortakl\u0131\u011f\u0131 ba\u011flant\u0131s\u0131n\u0131n bulundu\u011fu web sitesinin operat\u00f6r\u00fcn\u00fcn \u00e7evrimi\u00e7i tan\u0131mlay\u0131c\u0131s\u0131n\u0131, ilgili teklifin \u00e7evrimi\u00e7i tan\u0131mlay\u0131c\u0131s\u0131n\u0131, kullan\u0131lan ba\u011flant\u0131 t\u00fcr\u00fcn\u00fc, teklif t\u00fcr\u00fcn\u00fc ve kullan\u0131c\u0131n\u0131n \u00e7evrimi\u00e7i tan\u0131mlay\u0131c\u0131s\u0131n\u0131 i\u00e7erebilir. <\/p><p><strong>Yasal dayanaklara ili\u015fkin notlar:<\/strong> Ortaklar\u0131m\u0131z\u0131n verilerinin i\u015flenmesi, (s\u00f6zle\u015fme \u00f6ncesi) hizmetlerimizin sa\u011flanmas\u0131 i\u00e7in ger\u00e7ekle\u015ftirilir. Kullan\u0131c\u0131lar\u0131n verileri, r\u0131zalar\u0131 temelinde i\u015flenir. <\/p><ul class=\"m-elements\"><li><strong>\u0130\u015flenen veri t\u00fcrleri:<\/strong> S\u00f6zle\u015fme verileri (\u00f6rn. s\u00f6zle\u015fmenin konusu, s\u00fcresi, m\u00fc\u015fteri kategorisi); kullan\u0131m verileri (\u00f6rn. sayfa g\u00f6r\u00fcnt\u00fclemeleri ve kalma s\u00fcresi, t\u0131klama yollar\u0131, kullan\u0131m yo\u011funlu\u011fu ve s\u0131kl\u0131\u011f\u0131, kullan\u0131lan cihaz t\u00fcrleri ve i\u015fletim sistemleri, i\u00e7erik ve i\u015flevlerle etkile\u015fimler). G\u00fcnl\u00fck verileri (\u00f6rn. oturum a\u00e7ma veya verilerin al\u0131nmas\u0131 veya eri\u015fim s\u00fcreleri ile ilgili g\u00fcnl\u00fck dosyalar\u0131).<\/li><li><strong>Veri \u00f6zneleri:<\/strong> Kullan\u0131c\u0131lar (\u00f6rn. web sitesi ziyaret\u00e7ileri, \u00e7evrimi\u00e7i hizmetlerin kullan\u0131c\u0131lar\u0131). \u0130\u015f ve s\u00f6zle\u015fme ortaklar\u0131.<\/li><li><strong>\u0130\u015fleme ama\u00e7lar\u0131:<\/strong> S\u00f6zle\u015fmeye dayal\u0131 hizmetlerin sa\u011flanmas\u0131 ve s\u00f6zle\u015fmeden do\u011fan y\u00fck\u00fcml\u00fcl\u00fcklerin yerine getirilmesi. Ortakl\u0131k takibi.<\/li><li>Saklama<strong>ve silme:<\/strong> &#8220;Veri saklama ve silme hakk\u0131nda genel bilgiler&#8221; b\u00f6l\u00fcm\u00fcndeki bilgilere uygun olarak silme.<\/li><li class=\"\"><strong>Yasal dayanak:<\/strong> Me\u015fru menfaatler (GDPR Madde 6 paragraf 1 c\u00fcmle 1 lit. f)).<\/li><\/ul><h2 id=\"m299\">M\u00fc\u015fteri incelemeleri ve de\u011ferlendirme s\u00fcreci<\/h2><p>Hizmetlerimizi de\u011ferlendirmek, optimize etmek ve reklam\u0131n\u0131 yapmak i\u00e7in inceleme ve derecelendirme prosed\u00fcrlerine kat\u0131l\u0131yoruz. Kullan\u0131c\u0131lar bizi de\u011ferlendirir veya kat\u0131lan inceleme platformlar\u0131 veya prosed\u00fcrleri arac\u0131l\u0131\u011f\u0131yla ba\u015fka bir \u015fekilde geri bildirim sa\u011flarsa, genel h\u00fck\u00fcm ve ko\u015fullar veya kullan\u0131m ko\u015fullar\u0131 ve sa\u011flay\u0131c\u0131lar\u0131n veri koruma bildirimleri de ge\u00e7erlidir. Kural olarak, de\u011ferlendirme ayr\u0131ca ilgili sa\u011flay\u0131c\u0131lara kay\u0131t olmay\u0131 gerektirir.  <\/p><p>\u0130nceleyenlerin hizmetlerimizi ger\u00e7ekten kulland\u0131\u011f\u0131ndan emin olmak i\u00e7in, m\u00fc\u015fteri ve kullan\u0131lan hizmetle ilgili gerekli verileri (ad, e-posta adresi ve sipari\u015f numaras\u0131 veya \u00fcr\u00fcn numaras\u0131 dahil) m\u00fc\u015fterinin onay\u0131 ile ilgili inceleme platformuna iletiriz. Bu veriler yaln\u0131zca kullan\u0131c\u0131n\u0131n ger\u00e7ekli\u011fini do\u011frulamak i\u00e7in kullan\u0131l\u0131r. <\/p><ul class=\"m-elements\"><li><strong>\u0130\u015flenen veri t\u00fcrleri:<\/strong> S\u00f6zle\u015fme verileri (\u00f6rne\u011fin s\u00f6zle\u015fmenin konusu, s\u00fcresi, m\u00fc\u015fteri kategorisi); kullan\u0131m verileri (\u00f6rne\u011fin sayfa g\u00f6r\u00fcnt\u00fclemeleri ve kalma s\u00fcresi, t\u0131klama yollar\u0131, kullan\u0131m yo\u011funlu\u011fu ve s\u0131kl\u0131\u011f\u0131, kullan\u0131lan cihaz t\u00fcrleri ve i\u015fletim sistemleri, i\u00e7erik ve i\u015flevlerle etkile\u015fimler); meta, ileti\u015fim ve i\u015flem verileri (\u00f6rne\u011fin IP adresleri, zaman verileri, kimlik numaralar\u0131, ilgili ki\u015filer). \u0130\u00e7erik verileri (\u00f6rn. metinsel veya g\u00f6rsel mesajlar ve katk\u0131lar\u0131n yan\u0131 s\u0131ra yazarl\u0131k veya olu\u015fturma zaman\u0131 bilgileri gibi bunlarla ilgili bilgiler).<\/li><li><strong>Veri \u00f6zneleri:<\/strong> Hizmet al\u0131c\u0131lar\u0131 ve m\u00fc\u015fteriler; kullan\u0131c\u0131lar (\u00f6rn. web sitesi ziyaret\u00e7ileri, \u00e7evrimi\u00e7i hizmetlerin kullan\u0131c\u0131lar\u0131). \u0130\u015f ve s\u00f6zle\u015fme ortaklar\u0131.<\/li><li><strong>\u0130\u015fleme ama\u00e7lar\u0131:<\/strong> Geri bildirim (\u00f6rn. \u00e7evrimi\u00e7i form arac\u0131l\u0131\u011f\u0131yla geri bildirim toplama). Pazarlama.<\/li><li>Saklama<strong>ve silme:<\/strong> &#8220;Veri saklama ve silme hakk\u0131nda genel bilgiler&#8221; b\u00f6l\u00fcm\u00fcndeki bilgilere uygun olarak silme.<\/li><li class=\"\"><strong>Yasal dayanak:<\/strong> Me\u015fru menfaatler (GDPR Madde 6 paragraf 1 c\u00fcmle 1 lit. f)).<\/li><\/ul><p><strong>\u0130\u015fleme faaliyetleri, prosed\u00fcrleri ve hizmetleri hakk\u0131nda daha fazla bilgi:<\/strong><\/p><ul class=\"m-elements\"><li>Derecelendirme widget&#8217;\u0131<strong>: <\/strong>\u00c7evrimi\u00e7i teklifimize &#8220;derecelendirme widget&#8217;lar\u0131&#8221; olarak adland\u0131r\u0131lan ara\u00e7lar\u0131 entegre ediyoruz. Bir widget, \u00e7evrimi\u00e7i teklifimize entegre edilen ve de\u011fi\u015fken bilgileri g\u00f6r\u00fcnt\u00fcleyen i\u015flevsel ve i\u00e7eriksel bir unsurdur. \u00d6rne\u011fin, bazen &#8220;rozet&#8221; olarak da adland\u0131r\u0131lan bir m\u00fch\u00fcr veya benzer bir unsur \u015feklinde g\u00f6r\u00fcnt\u00fclenebilir. Widget&#8217;\u0131n ilgili i\u00e7eri\u011fi \u00e7evrimi\u00e7i teklifimizde g\u00f6r\u00fcnt\u00fclenmesine ra\u011fmen, o anda ilgili widget sa\u011flay\u0131c\u0131s\u0131n\u0131n sunucular\u0131ndan al\u0131n\u0131r. Ancak bu \u015fekilde her zaman g\u00fcncel i\u00e7erik, \u00f6zellikle de g\u00fcncel derecelendirme g\u00f6sterilebilir. Bu ama\u00e7la, \u00e7evrimi\u00e7i teklifimiz dahilinde eri\u015filen web sitesinden widget sa\u011flay\u0131c\u0131s\u0131n\u0131n sunucusuna bir veri ba\u011flant\u0131s\u0131 kurulmal\u0131d\u0131r ve widget sa\u011flay\u0131c\u0131s\u0131, widget i\u00e7eri\u011finin kullan\u0131c\u0131n\u0131n taray\u0131c\u0131s\u0131na iletilmesi i\u00e7in gerekli olan belirli teknik verileri (IP adresi dahil eri\u015fim verileri) al\u0131r. Ayr\u0131ca, widget sa\u011flay\u0131c\u0131s\u0131 kullan\u0131c\u0131lar\u0131n web sitemizi ziyaret etti\u011fine dair bilgi al\u0131r. Bu bilgiler bir \u00e7erezde saklanabilir ve widget sa\u011flay\u0131c\u0131s\u0131 taraf\u0131ndan de\u011ferlendirme s\u00fcrecine kat\u0131lan hangi \u00e7evrimi\u00e7i tekliflerin kullan\u0131c\u0131 taraf\u0131ndan ziyaret edildi\u011fini tan\u0131mak i\u00e7in kullan\u0131labilir. Bilgiler bir kullan\u0131c\u0131 profilinde saklanabilir ve reklam veya pazar ara\u015ft\u0131rmas\u0131 amac\u0131yla kullan\u0131labilir; <span class=\"\"><strong>yasal dayanak:<\/strong> Me\u015fru menfaatler (Madde 6 paragraf 1 c\u00fcmle 1 lit. f) GDPR).<\/span>        <\/li><li><strong>Google M\u00fc\u015fteri Yorumlar\u0131: <\/strong>M\u00fc\u015fteri memnuniyeti ve m\u00fc\u015fteri g\u00f6r\u00fc\u015flerini elde etme ve\/veya sunma hizmeti; <strong>Hizmet sa\u011flay\u0131c\u0131<\/strong>: Google Ireland Limited, Gordon House, Barrow Street, Dublin 4, \u0130rlanda;   <span class=\"\"><strong>Yasal dayanak:<\/strong> Me\u015fru menfaatler (GDPR Madde 6 paragraf 1 c\u00fcmle 1 lit. f));  <\/span><strong>Web sitesi:<\/strong> <a href=\"https:\/\/www.google.com\/\" target=\"_blank\" rel=\"noopener\">https:\/\/www.google.com\/;<\/a> <strong>Gizlilik Politikas\u0131:<\/strong> <a href=\"https:\/\/policies.google.com\/privacy\" target=\"_blank\" rel=\"noopener\">https:\/\/policies.google.com\/privacy<\/a>; <strong>\u00dc\u00e7\u00fcnc\u00fc \u00fclke transferleri i\u00e7in dayanak:<\/strong> Veri Gizlili\u011fi \u00c7er\u00e7evesi (DPF); <strong>Ek bilgi:<\/strong> M\u00fc\u015fteri yorumlar\u0131n\u0131n toplanmas\u0131n\u0131n bir par\u00e7as\u0131 olarak, de\u011ferlendirilecek ticari i\u015flem i\u00e7in bir kimlik numaras\u0131 ve zaman, do\u011frudan m\u00fc\u015fterilere g\u00f6nderilen inceleme talepleri durumunda, m\u00fc\u015fterinin e-posta adresi ve ikamet etti\u011fi \u00fclkenin yan\u0131 s\u0131ra inceleme ayr\u0131nt\u0131lar\u0131 da i\u015flenir; \u0130\u015fleme t\u00fcrleri ve i\u015flenen veriler hakk\u0131nda daha fazla bilgi: <a href=\"https:\/\/business.safety.google\/adsservices\/\" target=\"_blank\" rel=\"noopener\">https:\/\/business.safety.google\/adsservices\/<\/a>. Google reklam \u00fcr\u00fcnleri i\u00e7in veri i\u015fleme ko\u015fullar\u0131: Hizmetler hakk\u0131nda bilgi Kontrol\u00f6rler aras\u0131ndaki veri i\u015fleme \u015fartlar\u0131 ve verilerin \u00fc\u00e7\u00fcnc\u00fc \u00fclkelere aktar\u0131m\u0131 i\u00e7in standart s\u00f6zle\u015fme maddeleri: <a href=\"https:\/\/business.safety.google\/adscontrollerterms\" target=\"_blank\" rel=\"noopener\">https:\/\/business.safety.google\/adscontrollerterms<\/a>.  <\/li><li><strong>ProvenExpert: <\/strong>Derecelendirme platformu; <strong>Hizmet sa\u011flay\u0131c\u0131:<\/strong> Expert Systems AG, Quedlinburger Strasse 1, 10589 Berlin, Almanya; <span class=\"\"><strong>Yasal dayanak:<\/strong> Me\u015fru menfaatler (Madde 6 paragraf 1 c\u00fcmle 1 lit. f) GDPR); <\/span><strong>Web sitesi: https:<\/strong> <a href=\"https:\/\/www.provenexpert.com\/de-de\/\" target=\"_blank\" rel=\"noopener\">\/\/www.provenexpert.com\/de-de\/<\/a> <span class=\"\">. <\/span> <strong>Gizlilik Politikas\u0131:<\/strong> <a href=\"https:\/\/www.provenexpert.com\/de-de\/datenschutzbestimmungen\/\" target=\"_blank\" rel=\"noopener\">https:\/\/www.provenexpert.com\/de-de\/datenschutzbestimmungen\/.<\/a><\/li><li><strong>Trustpilot: <\/strong>Derecelendirme platformu; <strong>Hizmet sa\u011flay\u0131c\u0131:<\/strong> Trustpilot A\/S, Pilestr\u00e6de 58, 5, 1112 Kopenhag, Danimarka; <span class=\"\"><strong>Yasal dayanak:<\/strong> Me\u015fru menfaatler (Madde 6 paragraf 1 c\u00fcmle 1 lit. f) GDPR); <\/span><strong>Web sitesi:<\/strong> <a href=\"https:\/\/de.trustpilot.com\" target=\"_blank\" rel=\"noopener\">https:\/\/de.trustpilot.com;<\/a> <strong>Gizlilik Politikas\u0131:<\/strong> <a href=\"https:\/\/de.legal.trustpilot.com\/for-reviewers\/end-user-privacy-terms\" target=\"_blank\" rel=\"noopener\">https:\/\/de.legal.trustpilot.com\/for-reviewers\/end-user-privacy-terms<\/a> <span class=\"\">. <\/span> <strong>Veri i\u015fleme s\u00f6zle\u015fmesi:<\/strong> <a href=\"https:\/\/de.legal.trustpilot.com\/for-businesses\/data-processing-agreement\" target=\"_blank\" rel=\"noopener\">https:\/\/de.legal.trustpilot.com\/for-businesses\/data-processing-agreement.<\/a><\/li><\/ul><h2 id=\"m136\">Sosyal a\u011flarda varl\u0131k (sosyal medya)<\/h2><p>Sosyal a\u011flarda \u00e7evrimi\u00e7i varl\u0131\u011f\u0131m\u0131z\u0131 s\u00fcrd\u00fcr\u00fcyoruz ve orada aktif olan kullan\u0131c\u0131larla ileti\u015fim kurmak veya hakk\u0131m\u0131zda bilgi sunmak i\u00e7in kullan\u0131c\u0131 verilerini bu ba\u011flamda i\u015fliyoruz.<\/p><p>Kullan\u0131c\u0131 verilerinin Avrupa Birli\u011fi d\u0131\u015f\u0131nda i\u015flenebilece\u011fini belirtmek isteriz. Bu durum, \u00f6rne\u011fin kullan\u0131c\u0131 haklar\u0131n\u0131n uygulanmas\u0131n\u0131 daha zor hale getirebilece\u011finden, kullan\u0131c\u0131lar i\u00e7in risklere neden olabilir. <\/p><p>Ayr\u0131ca, sosyal a\u011flardaki kullan\u0131c\u0131 verileri genellikle pazar ara\u015ft\u0131rmas\u0131 ve reklam ama\u00e7l\u0131 olarak i\u015flenmektedir. \u00d6rne\u011fin, kullan\u0131c\u0131 davran\u0131\u015flar\u0131na ve kullan\u0131c\u0131lar\u0131n ilgi alanlar\u0131na dayal\u0131 olarak kullan\u0131c\u0131 profilleri olu\u015fturulabilir. Bu profiller, \u00f6rne\u011fin, a\u011flar\u0131n i\u00e7inde ve d\u0131\u015f\u0131nda kullan\u0131c\u0131lar\u0131n ilgi alanlar\u0131na kar\u015f\u0131l\u0131k geldi\u011fi d\u00fc\u015f\u00fcn\u00fclen reklamlar yerle\u015ftirmek i\u00e7in kullan\u0131labilir. Bu nedenle \u00e7erezler genellikle kullan\u0131c\u0131lar\u0131n bilgisayarlar\u0131nda saklan\u0131r ve kullan\u0131c\u0131 davran\u0131\u015flar\u0131 ile kullan\u0131c\u0131lar\u0131n ilgi alanlar\u0131 burada depolan\u0131r. Buna ek olarak, veriler kullan\u0131c\u0131lar taraf\u0131ndan kullan\u0131lan cihazlardan ba\u011f\u0131ms\u0131z olarak kullan\u0131c\u0131 profillerinde de saklanabilir (\u00f6zellikle ilgili platformlara \u00fcye iseler ve orada oturum a\u00e7m\u0131\u015flarsa).    <\/p><p>\u0130lgili i\u015fleme bi\u00e7imlerinin ve vazge\u00e7me se\u00e7eneklerinin ayr\u0131nt\u0131l\u0131 bir a\u00e7\u0131klamas\u0131 i\u00e7in l\u00fctfen ilgili a\u011flar\u0131n operat\u00f6rleri taraf\u0131ndan sa\u011flanan veri koruma beyanlar\u0131na ve bilgilerine bak\u0131n.<\/p><p>Bilgi talepleri ve veri sahibi haklar\u0131n\u0131n ileri s\u00fcr\u00fclmesi s\u00f6z konusu oldu\u011funda, bunlar\u0131n en etkili \u015fekilde sa\u011flay\u0131c\u0131lar nezdinde ileri s\u00fcr\u00fclebilece\u011fini de belirtmek isteriz. Yaln\u0131zca sa\u011flay\u0131c\u0131lar kullan\u0131c\u0131 verilerine eri\u015febilir ve uygun \u00f6nlemleri alabilir ve do\u011frudan bilgi sa\u011flayabilir. Hala yard\u0131ma ihtiyac\u0131n\u0131z varsa, bizimle ileti\u015fime ge\u00e7ebilirsiniz.  <\/p><ul class=\"m-elements\"><li><strong>\u0130\u015flenen veri t\u00fcrleri:<\/strong> ileti\u015fim verileri (\u00f6rn. posta ve e-posta adresleri veya telefon numaralar\u0131); i\u00e7erik verileri (\u00f6rn. metin veya resim mesajlar\u0131 ve katk\u0131lar\u0131n yan\u0131 s\u0131ra yazarl\u0131k veya olu\u015fturma zaman\u0131 bilgileri gibi bunlarla ilgili bilgiler); kullan\u0131m verileri (\u00f6rn. sayfa g\u00f6r\u00fcnt\u00fclemeleri ve kalma s\u00fcresi, t\u0131klama yollar\u0131, kullan\u0131m yo\u011funlu\u011fu ve s\u0131kl\u0131\u011f\u0131, kullan\u0131lan cihaz t\u00fcrleri ve i\u015fletim sistemleri, i\u00e7erik ve i\u015flevlerle etkile\u015fimler); meta, ileti\u015fim ve i\u015flem verileri (\u00f6rn. IP adresleri, zaman verileri, kimlik numaralar\u0131, ilgili ki\u015filer). Envanter verileri (\u00f6rn. tam ad, ikamet adresi, ileti\u015fim bilgileri, m\u00fc\u015fteri numaras\u0131, vb.) <\/li><li><strong>Veri \u00f6zneleri:<\/strong> Kullan\u0131c\u0131lar (\u00f6r. web sitesi ziyaret\u00e7ileri, \u00e7evrimi\u00e7i hizmet kullan\u0131c\u0131lar\u0131). \u00dcyeler. <\/li><li><strong>\u0130\u015fleme Ama\u00e7lar\u0131:<\/strong> \u0130leti\u015fim; Geri bildirim (\u00f6rn. \u00e7evrimi\u00e7i form arac\u0131l\u0131\u011f\u0131yla geri bildirim toplama); Halkla ili\u015fkiler; \u00c7evrimi\u00e7i hizmetlerimizin sa\u011flanmas\u0131 ve kullan\u0131labilirlik; Bilgi teknolojisi altyap\u0131s\u0131 (bilgi sistemlerinin ve teknik ekipman\u0131n (bilgisayarlar, sunucular vb.) i\u015fletilmesi ve sa\u011flanmas\u0131). Pazarlama. <\/li><li>Saklama <strong>ve silme:<\/strong> &#8220;Veri saklama ve silme hakk\u0131nda genel bilgiler&#8221; b\u00f6l\u00fcm\u00fcndeki bilgilere uygun olarak silme.<\/li><li class=\"\"><strong>Yasal dayanaklar:<\/strong> Me\u015fru menfaatler (Madde 6 paragraf 1 c\u00fcmle 1 lit. f) GDPR). R\u0131za (Madde 6 paragraf 1 c\u00fcmle 1 lit. a) GDPR). <\/li><\/ul><p><strong>\u0130\u015fleme faaliyetleri, prosed\u00fcrleri ve hizmetleri hakk\u0131nda daha fazla bilgi:<\/strong><\/p><ul class=\"m-elements\"><li><strong>Instagram: <\/strong>Foto\u011fraf ve video payla\u015fman\u0131za, g\u00f6nderilere yorum yapman\u0131za ve favorilere eklemenize, mesaj g\u00f6ndermenize, profillere ve sayfalara abone olman\u0131za olanak tan\u0131yan sosyal a\u011f; <strong>Hizmet sa\u011flay\u0131c\u0131<\/strong>: Meta Platforms Ireland Limited, Merrion Road, Dublin 4, D04 X2K5, \u0130rlanda; <span class=\"\"><strong>Yasal dayanak:<\/strong> Me\u015fru menfaatler (Madde 6 paragraf 1 c\u00fcmle 1 lit. f) GDPR); <\/span><strong>Web sitesi:<\/strong> <a href=\"https:\/\/www.instagram.com\" target=\"_blank\" rel=\"noopener\">https:\/\/www.instagram.com;<\/a> <strong>Gizlilik Politikas\u0131:<\/strong> <a href=\"https:\/\/privacycenter.instagram.com\/policy\/\" target=\"_blank\" rel=\"noopener\">https:\/\/privacycenter.instagram.com\/policy\/<\/a> <span class=\"\">. <\/span> <strong>\u00dc\u00e7\u00fcnc\u00fc \u00fclke transferleri i\u00e7in dayanak:<\/strong> Veri Gizlili\u011fi \u00c7er\u00e7evesi (DPF).<\/li><li><strong>Facebook sayfalar\u0131: <\/strong>Facebook sosyal a\u011f\u0131ndaki profiller &#8211; Kontrol\u00f6r, Meta Platforms Ireland Limited ile birlikte, Facebook sayfam\u0131za (&#8220;hayran sayfas\u0131&#8221;) gelen ziyaret\u00e7ilerden veri toplanmas\u0131 ve aktar\u0131lmas\u0131ndan sorumludur. Bu, \u00f6zellikle kullan\u0131c\u0131 davran\u0131\u015f\u0131 (\u00f6r. g\u00f6r\u00fcnt\u00fclenen veya etkile\u015fime girilen i\u00e7erik, ger\u00e7ekle\u015ftirilen eylemler) ve cihaz bilgileri (\u00f6r. IP adresi, i\u015fletim sistemi, taray\u0131c\u0131 t\u00fcr\u00fc, dil ayarlar\u0131, \u00e7erez verileri) hakk\u0131ndaki bilgileri i\u00e7erir. Bu konuda daha fazla bilgiyi Facebook veri politikas\u0131nda bulabilirsiniz: <a href=\"https:\/\/www.facebook.com\/privacy\/policy\/\" target=\"_blank\" rel=\"noopener\">https:\/\/www.facebook.com\/privacy\/policy\/<\/a>. Facebook ayr\u0131ca bu verileri, &#8220;Page Insights&#8221; hizmeti arac\u0131l\u0131\u011f\u0131yla bize istatistiksel analizler sa\u011flamak i\u00e7in kullan\u0131r; bu analizler, insanlar\u0131n sitemizle ve i\u00e7eri\u011fiyle nas\u0131l etkile\u015fime girdi\u011fi hakk\u0131nda bilgi sa\u011flar. Bunun temeli, Facebook ile yap\u0131lan ve di\u011fer \u015feylerin yan\u0131 s\u0131ra g\u00fcvenlik \u00f6nlemlerinin ve veri sahibi haklar\u0131n\u0131n kullan\u0131lmas\u0131n\u0131n d\u00fczenlendi\u011fi bir anla\u015fmad\u0131r (&#8220;Sayfa Analizleri Hakk\u0131nda Bilgi&#8221;: <a href=\"https:\/\/www.facebook.com\/legal\/terms\/page_controller_addendum\" target=\"_blank\" rel=\"noopener\">https:\/\/www.facebook.com\/legal\/terms\/page_controller_addendum)<\/a>. Daha fazla bilgi burada bulunabilir: <a href=\"https:\/\/www.facebook.com\/legal\/terms\/information_about_page_insights_data\" target=\"_blank\" rel=\"noopener\">https:\/\/www.facebook.com\/legal\/terms\/information_about_page_insights_data.<\/a> Kullan\u0131c\u0131lar bu nedenle bilgi veya silme taleplerini do\u011frudan Facebook&#8217;a g\u00f6nderebilirler. Kullan\u0131c\u0131lar\u0131n haklar\u0131 (\u00f6zellikle bilgi, silme, itiraz, bir denetim makam\u0131na \u015fikayet) bundan etkilenmez. Ortak sorumluluk, yaln\u0131zca Meta Platforms Ireland Limited (AB) taraf\u0131ndan veri toplanmas\u0131yla s\u0131n\u0131rl\u0131d\u0131r. Meta Platforms Ireland Limited, ABD&#8217;deki Meta Platforms Inc. \u015firketine olas\u0131 aktar\u0131m da dahil olmak \u00fczere daha sonraki i\u015flemlerden tek ba\u015f\u0131na sorumludur; <strong>hizmet sa\u011flay\u0131c\u0131<\/strong>: Meta Platforms Ireland Limited, Merrion Road, Dublin 4, D04 X2K5, \u0130rlanda; <span class=\"\"><strong>Yasal dayanak:<\/strong> Me\u015fru menfaatler (Madde 6 paragraf 1 c\u00fcmle 1 lit. f) GDPR); <\/span><strong>Web sitesi:<\/strong> <a href=\"https:\/\/www.facebook.com\" target=\"_blank\" rel=\"noopener\">https:\/\/www.facebook.com;<\/a> <strong>Gizlilik Politikas\u0131:<\/strong> <a href=\"https:\/\/www.facebook.com\/privacy\/policy\/\" target=\"_blank\" rel=\"noopener\">https:\/\/www.facebook.com\/privacy\/policy\/<\/a> <span class=\"\">. <\/span> <strong>\u00dc\u00e7\u00fcnc\u00fc \u00fclke transferleri i\u00e7in dayanak:<\/strong> Veri Gizlili\u011fi \u00c7er\u00e7evesi (DPF), Standart S\u00f6zle\u015fme Maddeleri<a href=\"https:\/\/www.facebook.com\/legal\/EU_data_transfer_addendum\" target=\"_blank\" rel=\"noopener\">(https:\/\/www.facebook.com\/legal\/EU_data_transfer_addendum<\/a>).        <\/li><li><strong>Facebook gruplar\u0131: <\/strong>Facebook platformunun &#8220;Gruplar&#8221; i\u015flevini, Facebook kullan\u0131c\u0131lar\u0131n\u0131n birbirleriyle veya bizimle ileti\u015fime ge\u00e7ebilecekleri ve bilgi al\u0131\u015fveri\u015finde bulunabilecekleri ilgi gruplar\u0131 olu\u015fturmak i\u00e7in kullan\u0131yoruz. Bunu yaparken, gruplar\u0131m\u0131z\u0131n kullan\u0131c\u0131lar\u0131n\u0131n ki\u015fisel verilerini grup kullan\u0131m\u0131 ve moderasyonu amac\u0131yla gerekli oldu\u011fu \u00f6l\u00e7\u00fcde i\u015fleriz. Gruplardaki y\u00f6nergelerimiz, ilgili grubun kullan\u0131m\u0131na ili\u015fkin daha fazla \u00f6zellik ve bilgi i\u00e7erebilir. Bu veriler, ad ve soyad bilgilerinin yan\u0131 s\u0131ra yay\u0131nlanan veya \u00f6zel olarak payla\u015f\u0131lan i\u00e7eriklerin yan\u0131 s\u0131ra grup \u00fcyeli\u011finin durumu veya gruba kat\u0131lma veya ayr\u0131lma gibi grupla ilgili faaliyetlere ili\u015fkin de\u011ferleri ve yukar\u0131da belirtilen verilerin zaman ayr\u0131nt\u0131lar\u0131n\u0131 i\u00e7erir. Ayr\u0131ca kullan\u0131c\u0131 verilerinin Facebook&#8217;un kendisi taraf\u0131ndan i\u015flenmesine de at\u0131fta bulunuyoruz. Bu veriler, kullan\u0131c\u0131lar\u0131n g\u00f6r\u00fcnt\u00fcledikleri veya etkile\u015fimde bulunduklar\u0131 i\u00e7erik t\u00fcrleri veya ger\u00e7ekle\u015ftirdikleri eylemler hakk\u0131ndaki bilgileri (Facebook Veri Politikas\u0131&#8217;ndaki &#8220;Sizin ve ba\u015fkalar\u0131n\u0131n yapt\u0131\u011f\u0131 ve sa\u011flad\u0131\u011f\u0131 \u015feyler&#8221; b\u00f6l\u00fcm\u00fcne bak\u0131n\u0131z: <a href=\"https:\/\/www.facebook.com\/privacy\/policy\/\" target=\"_blank\" rel=\"noopener\">https:\/\/www.facebook.com\/privacy\/policy\/)<\/a> ve kullan\u0131c\u0131lar taraf\u0131ndan kullan\u0131lan cihazlar hakk\u0131ndaki bilgileri (\u00f6rne\u011fin IP adresleri, i\u015fletim sistemi, taray\u0131c\u0131 t\u00fcr\u00fc, dil ayarlar\u0131, \u00e7erez verileri; Facebook Veri Politikas\u0131&#8217;ndaki &#8220;Cihaz bilgileri&#8221; b\u00f6l\u00fcm\u00fcne bak\u0131n\u0131z: <a href=\"https:\/\/www.facebook.com\/privacy\/policy\/\" target=\"_blank\" rel=\"noopener\">https:\/\/www.facebook.com\/privacy\/policy\/)<\/a> i\u00e7erir. Facebook Veri Politikas\u0131&#8217;nda &#8220;Bu bilgileri nas\u0131l kullan\u0131yoruz?&#8221; ba\u015fl\u0131\u011f\u0131 alt\u0131nda a\u00e7\u0131kland\u0131\u011f\u0131 \u00fczere, Facebook ayr\u0131ca grup operat\u00f6rlerine &#8220;Insights&#8221; olarak bilinen analitik hizmetleri sa\u011flamak ve insanlar\u0131n gruplar\u0131yla ve gruplar\u0131yla ili\u015fkili i\u00e7eriklerle nas\u0131l etkile\u015fime girdi\u011fine dair i\u00e7g\u00f6r\u00fcler sunmak i\u00e7in bilgi toplar ve kullan\u0131r; <strong>hizmet sa\u011flay\u0131c\u0131<\/strong>: Meta Platforms Ireland Limited, Merrion Road, Dublin 4, D04 X2K5, \u0130rlanda; <span class=\"\"><strong>Yasal dayanak:<\/strong> Me\u015fru menfaatler (GDPR Madde 6 paragraf 1 c\u00fcmle 1 lit. f); <\/span><strong>Web sitesi:<\/strong> <a href=\"https:\/\/www.facebook.com\" target=\"_blank\" rel=\"noopener\">https:\/\/www.facebook.com;<\/a> <strong>Gizlilik Politikas\u0131:<\/strong> <a href=\"https:\/\/www.facebook.com\/privacy\/policy\/\" target=\"_blank\" rel=\"noopener\">https:\/\/www.facebook.com\/privacy\/policy\/<\/a> <span class=\"\">. <\/span> <strong>\u00dc\u00e7\u00fcnc\u00fc \u00fclke transferleri i\u00e7in dayanak:<\/strong> Veri Gizlili\u011fi \u00c7er\u00e7evesi (DPF).       <\/li><li><strong>Facebook etkinlikleri: <\/strong>Facebook sosyal a\u011f\u0131ndaki etkinlik profilleri &#8211; Etkinliklere ve tarihlere dikkat \u00e7ekmek ve kullan\u0131c\u0131larla (kat\u0131l\u0131mc\u0131lar ve ilgili taraflar) ileti\u015fime ge\u00e7mek ve bilgi al\u0131\u015fveri\u015finde bulunmak i\u00e7in Facebook platformunun &#8220;Etkinlikler&#8221; i\u015flevini kullan\u0131yoruz. Bunu yaparken, etkinlik sayfalar\u0131m\u0131z\u0131n kullan\u0131c\u0131lar\u0131n\u0131n ki\u015fisel verilerini, etkinlik sayfas\u0131n\u0131n amac\u0131 ve moderasyonu i\u00e7in gerekli oldu\u011fu \u00f6l\u00e7\u00fcde i\u015fliyoruz. Bu veriler, ad ve soyadlar\u0131n yan\u0131 s\u0131ra yay\u0131nlanan veya \u00f6zel olarak payla\u015f\u0131lan i\u00e7eri\u011fin yan\u0131 s\u0131ra kat\u0131l\u0131m durumuna ili\u015fkin de\u011ferleri ve s\u00f6z konusu veriler i\u00e7in zaman ayr\u0131nt\u0131lar\u0131n\u0131 i\u00e7erir. Ayr\u0131ca kullan\u0131c\u0131 verilerinin Facebook&#8217;un kendisi taraf\u0131ndan i\u015flenmesine de at\u0131fta bulunuyoruz. Bu veriler, kullan\u0131c\u0131lar\u0131n g\u00f6r\u00fcnt\u00fcledikleri veya etkile\u015fimde bulunduklar\u0131 i\u00e7erik t\u00fcrleri veya ger\u00e7ekle\u015ftirdikleri eylemler hakk\u0131ndaki bilgileri (Facebook Veri Politikas\u0131ndaki &#8220;Sizin ve ba\u015fkalar\u0131n\u0131n yapt\u0131\u011f\u0131 ve sa\u011flad\u0131\u011f\u0131 \u015feyler&#8221; b\u00f6l\u00fcm\u00fcne bak\u0131n\u0131z: <a href=\"https:\/\/www.facebook.com\/privacy\/policy\/\" target=\"_blank\" rel=\"noopener\">https:\/\/www.facebook.com\/privacy\/policy\/<\/a>) ve ayr\u0131ca kullan\u0131c\u0131lar taraf\u0131ndan kullan\u0131lan cihazlar hakk\u0131ndaki bilgileri (\u00f6rne\u011fin IP adresleri, i\u015fletim sistemi, taray\u0131c\u0131 t\u00fcr\u00fc, dil ayarlar\u0131, \u00e7erez verileri; Facebook Veri Politikas\u0131ndaki &#8220;Cihaz bilgileri&#8221; b\u00f6l\u00fcm\u00fcne bak\u0131n\u0131z: <a href=\"https:\/\/www.facebook.com\/privacy\/policy\/\" target=\"_blank\" rel=\"noopener\">https:\/\/www.facebook.com\/privacy\/policy\/)<\/a> i\u00e7erir. Facebook Veri Politikas\u0131&#8217;nda &#8220;Bu bilgileri nas\u0131l kullan\u0131yoruz?&#8221; ba\u015fl\u0131\u011f\u0131 alt\u0131nda a\u00e7\u0131kland\u0131\u011f\u0131 \u00fczere, Facebook ayr\u0131ca etkinlik sa\u011flay\u0131c\u0131lar\u0131na &#8220;Insights&#8221; olarak bilinen analitik hizmetleri sa\u011flamak i\u00e7in bilgi toplar ve kullan\u0131r, b\u00f6ylece insanlar\u0131n etkinlik sayfalar\u0131yla ve bunlarla ili\u015fkili i\u00e7erikle nas\u0131l etkile\u015fimde bulunduklar\u0131na dair i\u00e7g\u00f6r\u00fcler elde edebilirler; <strong>hizmet<\/strong> sa\u011flay\u0131c\u0131lar: Meta Platforms Ireland Limited, Merrion Road, Dublin 4, D04 X2K5, \u0130rlanda; <span class=\"\"><strong>Yasal dayanak:<\/strong> Me\u015fru menfaatler (GDPR Madde 6 paragraf 1 c\u00fcmle 1 lit. f); <\/span><strong>Web sitesi:<\/strong> <a href=\"https:\/\/www.facebook.com\" target=\"_blank\" rel=\"noopener\">https:\/\/www.facebook.com;<\/a> <strong>Gizlilik Politikas\u0131:<\/strong> <a href=\"https:\/\/www.facebook.com\/privacy\/policy\/\" target=\"_blank\" rel=\"noopener\">https:\/\/www.facebook.com\/privacy\/policy\/<\/a> <span class=\"\">. <\/span> <strong>\u00dc\u00e7\u00fcnc\u00fc \u00fclke transferleri i\u00e7in dayanak:<\/strong> Veri Gizlili\u011fi \u00c7er\u00e7evesi (DPF).      <\/li><li><strong>LinkedIn: <\/strong>Sosyal a\u011f &#8211; LinkedIn profillerimizin &#8220;sayfa i\u00e7g\u00f6r\u00fclerini&#8221; (istatistiklerini) olu\u015fturmak i\u00e7in kullan\u0131lan ziyaret\u00e7i verilerinin toplanmas\u0131ndan (ancak daha fazla i\u015flenmesinden de\u011fil) LinkedIn Ireland Unlimited Company ile birlikte sorumluyuz. Bu veriler, kullan\u0131c\u0131lar\u0131n g\u00f6r\u00fcnt\u00fcledikleri veya etkile\u015fimde bulunduklar\u0131 i\u00e7erik t\u00fcrleri ve ger\u00e7ekle\u015ftirdikleri eylemler hakk\u0131nda bilgiler i\u00e7erir. IP adresleri, i\u015fletim sistemi, taray\u0131c\u0131 t\u00fcr\u00fc, dil ayarlar\u0131 ve \u00e7erez verileri gibi kullan\u0131lan cihazlarla ilgili ayr\u0131nt\u0131lar\u0131n yan\u0131 s\u0131ra i\u015f fonksiyonu, \u00fclke, sekt\u00f6r, hiyerar\u015fi seviyesi, \u015firket b\u00fcy\u00fckl\u00fc\u011f\u00fc ve istihdam durumu gibi kullan\u0131c\u0131 profillerinden bilgiler de toplan\u0131r. Kullan\u0131c\u0131 verilerinin LinkedIn taraf\u0131ndan i\u015flenmesine ili\u015fkin veri koruma bilgileri LinkedIn&#8217;in veri koruma bilgilerinde bulunabilir: <a href=\"https:\/\/www.linkedin.com\/legal\/privacy-policy\" target=\"_blank\" rel=\"noopener\">https:\/\/www.linkedin.com\/legal\/privacy-policy<\/a>.<br>LinkedIn Ireland ile \u00f6zel bir anla\u015fma imzalad\u0131k (&#8220;Page Insights Joint Controller Addendum&#8221;, <a href=\"https:\/\/legal.linkedin.com\/pages-joint-controller-addendum\" target=\"_blank\" rel=\"noopener\">https:\/\/legal.linkedin.com\/pages-joint-controller-addendum)<\/a>, bu anla\u015fma \u00f6zellikle LinkedIn&#8217;in hangi g\u00fcvenlik \u00f6nlemlerine uymas\u0131 gerekti\u011fini ve LinkedIn&#8217;in veri sahiplerinin haklar\u0131n\u0131 yerine getirmeyi kabul etti\u011fini d\u00fczenlemektedir (\u00f6rne\u011fin, kullan\u0131c\u0131lar bilgi veya silme taleplerini do\u011frudan LinkedIn&#8217;e g\u00f6nderebilir).    Kullan\u0131c\u0131lar\u0131n haklar\u0131 (\u00f6zellikle bilgi edinme, silme, itiraz etme ve yetkili denetim makam\u0131na \u015fikayette bulunma hakk\u0131) LinkedIn ile yap\u0131lan anla\u015fmalarla k\u0131s\u0131tlanmaz. Ortak sorumluluk, verilerin toplanmas\u0131 ve AB merkezli bir \u015firket olan LinkedIn Ireland Unlimited Company&#8217;ye aktar\u0131lmas\u0131yla s\u0131n\u0131rl\u0131d\u0131r. Verilerin daha fazla i\u015flenmesi, \u00f6zellikle verilerin ABD&#8217;deki ana \u015firket LinkedIn Corporation&#8217;a aktar\u0131lmas\u0131yla ilgili olarak LinkedIn Ireland Unlimited Company&#8217;nin sorumlulu\u011fundad\u0131r; <strong>hizmet sa\u011flay\u0131c\u0131<\/strong>: LinkedIn Ireland Unlimited Company, Wilton Place, Dublin 2, \u0130rlanda; <span class=\"\"><strong>Yasal dayanak<\/strong>: Me\u015fru menfaatler (Madde 6 paragraf 1 c\u00fcmle 1 lit. f) GDPR <\/span>);<strong>Web sitesi:<\/strong> <a href=\"https:\/\/www.linkedin.com\" target=\"_blank\" rel=\"noopener\">https:\/\/www.linkedin.com<\/a>; <strong>Gizlilik Politikas\u0131:<\/strong> <a href=\"https:\/\/www.linkedin.com\/legal\/privacy-policy\" target=\"_blank\" rel=\"noopener\">https:\/\/www.linkedin.com\/legal\/privacy-policy<\/a>; <strong>\u00dc\u00e7\u00fcnc\u00fc \u00fclke transferleri i\u00e7in dayanak:<\/strong> Veri Gizlili\u011fi \u00c7er\u00e7evesi (DPF), Standart S\u00f6zle\u015fme Maddeleri<a href=\"https:\/\/legal.linkedin.com\/dpa\" target=\"_blank\" rel=\"noopener\">(https:\/\/legal.linkedin.com\/dpa<\/a>). <strong>\u0130tiraz etme se\u00e7ene\u011fi (opt-out):<\/strong> <a href=\"https:\/\/www.linkedin.com\/psettings\/guest-controls\/retargeting-opt-out\" target=\"_blank\" rel=\"noopener\">https:\/\/www.linkedin.com\/psettings\/guest-controls\/retargeting-opt-out.<\/a>  <\/li><li><strong>Pinterest: <\/strong>Kullan\u0131c\u0131lar\u0131n foto\u011fraf payla\u015fmas\u0131na, yorum yapmas\u0131na, g\u00f6nderileri favorilere eklemesine, mesaj g\u00f6ndermesine ve profillere abone olmas\u0131na olanak tan\u0131yan sosyal a\u011f; <strong>Hizmet sa\u011flay\u0131c\u0131<\/strong>: Pinterest Europe Limited, 2. Kat, Palmerston House, Fenian Street, Dublin 2, \u0130rlanda; <span class=\"\"><strong>Yasal dayanak:<\/strong> Me\u015fru menfaatler (GDPR Madde 6 paragraf 1 c\u00fcmle 1 lit. f); <\/span><strong>Web sitesi:<\/strong> <a href=\"https:\/\/www.pinterest.com\" target=\"_blank\" rel=\"noopener\">https:\/\/www.pinterest.com<\/a> <span class=\"\">. <\/span> <strong>Gizlilik Politikas\u0131:<\/strong> <a href=\"https:\/\/policy.pinterest.com\/de\/privacy-policy\" target=\"_blank\" rel=\"noopener\">https:\/\/policy.pinterest.com\/de\/privacy-policy.<\/a><\/li><li><strong>Snapchat: <\/strong>Kullan\u0131c\u0131lar\u0131n foto\u011fraf ve video payla\u015fmas\u0131na, g\u00f6nderilere yorum yapmas\u0131na ve bunlar\u0131 favorilerine eklemesine, mesaj g\u00f6ndermesine, profillere ve sayfalara abone olmas\u0131na olanak tan\u0131yan sosyal a\u011f; <strong>Hizmet sa\u011flay\u0131c\u0131<\/strong>: Snap Inc., 3000 31st Street, Santa Monica, California 90405 USA; <span class=\"\"><strong>Yasal dayanak<\/strong>: Me\u015fru menfaatler (GDPR Madde 6 paragraf 1 c\u00fcmle 1 lit. f)); <\/span><strong>Web sitesi:<\/strong> <a href=\"https:\/\/www.snapchat.com\/\" target=\"_blank\" rel=\"noopener\">https:\/\/www.snapchat.com\/;<\/a> <strong>Gizlilik Politikas\u0131:<\/strong> <a href=\"https:\/\/www.snap.com\/de-DE\/privacy\/privacy-policy\" target=\"_blank\" rel=\"noopener\">https:\/\/www.snap.com\/de-DE\/privacy\/privacy-policy<\/a>. <strong>\u00dc\u00e7\u00fcnc\u00fc \u00fclke transferleri i\u00e7in dayanak:<\/strong> Standart S\u00f6zle\u015fme Maddeleri<a href=\"https:\/\/www.snap.com\/en-US\/terms\/standard-contractual-clauses\" target=\"_blank\" rel=\"noopener\">(https:\/\/www.snap.com\/en-US\/terms\/standard-contractual-clauses<\/a>).<\/li><li><strong>Telegram gruplar\u0131: <\/strong>Telegram platformunu, Telegram kullan\u0131c\u0131lar\u0131n\u0131n birbirleriyle veya bizimle ileti\u015fime ge\u00e7ebilecekleri ve bilgi al\u0131\u015fveri\u015finde bulunabilecekleri ilgi gruplar\u0131 olu\u015fturmak i\u00e7in kullan\u0131yoruz; <strong>Hizmet sa\u011flay\u0131c\u0131<\/strong>: Avrupa Birli\u011fi&#8217;ndeki temsilci: Avrupa Veri Koruma Ofisi (EDPO), Avenue Huart Hamoir 71, 1030 Br\u00fcksel, Bel\u00e7ika; <strong>Web sitesi:<\/strong> https: <a href=\"https:\/\/telegram.org\/\" target=\"_blank\" rel=\"noopener\">\/\/telegram.org\/;<\/a> <strong>Gizlilik Politikas\u0131:<\/strong> https: <a href=\"https:\/\/telegram.org\/privacy\" target=\"_blank\" rel=\"noopener\">\/\/telegram.org\/privacy<\/a>; <strong>Daha fazla bilgi:<\/strong> Grup \u00fcyelerinin ki\u015fisel verilerini yaln\u0131zca grup \u00fcyelerini y\u00f6netebildi\u011fimiz \u00f6l\u00e7\u00fcde i\u015fliyoruz, yani grup ekleme, silme, grubun kullan\u0131m\u0131n\u0131 k\u0131s\u0131tlama ve i\u00e7eri\u011fi denetleme. Bunun \u00f6tesinde, yani \u00f6zellikle teknik i\u015flevlerin sa\u011flanmas\u0131, grup operat\u00f6rleri i\u00e7in anonim g\u00f6nderim istatistiklerinin de\u011ferlendirilmesi ve sa\u011flanmas\u0131 ve kullan\u0131c\u0131lar\u0131n y\u00f6netimi i\u00e7in Telegram sorumludur.  <\/li><li><strong>Telegram kanallar\u0131: <\/strong>Telegram kanal\u0131m\u0131z\u0131n abonelerine mesaj g\u00f6ndermek i\u00e7in Telegram platformunu kullan\u0131yoruz; <strong>Hizmet sa\u011flay\u0131c\u0131<\/strong>: Avrupa Birli\u011fi Temsilcisi: Avrupa Veri Koruma Ofisi (EDPO), Avenue Huart Hamoir 71, 1030 Br\u00fcksel, Bel\u00e7ika; <strong>Web sitesi:<\/strong> https: <a href=\"https:\/\/telegram.org\/\" target=\"_blank\" rel=\"noopener\">\/\/telegram.org\/;<\/a> <strong>Gizlilik Politikas\u0131:<\/strong> https: <a href=\"https:\/\/telegram.org\/privacy\/de\" target=\"_blank\" rel=\"noopener\">\/\/telegram.org\/privacy\/de<\/a>; <strong>Daha fazla bilgi:<\/strong> Abonelerin ki\u015fisel verilerini yaln\u0131zca aboneleri kanal\u0131n al\u0131c\u0131lar\u0131 olarak g\u00f6r\u00fcnt\u00fcleyebildi\u011fimiz ve silebildi\u011fimiz \u00f6l\u00e7\u00fcde i\u015fliyoruz. Bunun \u00f6tesinde, yani \u00f6zellikle mesajlar\u0131n g\u00f6nderilmesi, kanal operat\u00f6rleri i\u00e7in anonim g\u00f6nderme istatistiklerinin de\u011ferlendirilmesi ve sa\u011flanmas\u0131 ve abonelerin y\u00f6netimi i\u00e7in, Telegram veri koruma yasas\u0131 kapsam\u0131nda sorumludur.<\/li><li><strong>Konular: <\/strong>Sosyal a\u011f; <strong>Hizmet sa\u011flay\u0131c\u0131:<\/strong> Meta Platforms Ireland Limited, Merrion Road, Dublin 4, D04 X2K5, \u0130rlanda; <span class=\"\"><strong>Yasal dayanak:<\/strong> Me\u015fru menfaatler (Madde 6 paragraf 1 c\u00fcmle 1 lit. f) GDPR); <\/span><strong>Web sitesi:<\/strong> <a href=\"https:\/\/www.threads.net\/\" target=\"_blank\" rel=\"noopener\">https:\/\/www.threads.net\/<\/a> <span class=\"\">. <\/span> <strong>Gizlilik Politikas\u0131:<\/strong> <a href=\"https:\/\/help.instagram.com\/515230437301944\" target=\"_blank\" rel=\"noopener\">https:\/\/help.instagram.com\/515230437301944.<\/a><\/li><li><strong>TikTok: <\/strong>Sosyal a\u011f, foto\u011fraf ve videolar\u0131n payla\u015f\u0131lmas\u0131n\u0131, g\u00f6nderilere yorum yap\u0131lmas\u0131n\u0131 ve favorilere eklenmesini, mesaj g\u00f6nderilmesini, hesaplara abone olunmas\u0131n\u0131 sa\u011flar; <strong>hizmet sa\u011flay\u0131c\u0131<\/strong>: TikTok Technology Limited, 10 Earlsfort Terrace, Dublin, D02 T380, \u0130rlanda ve TikTok Information Technologies UK Limited, Kaleidoscope, 4 Lindsey Street, Londra, Birle\u015fik Krall\u0131k, EC1A 9HP; <span class=\"\"><strong>Yasal dayanak<\/strong>: R\u0131za (Madde 6 paragraf 1 c\u00fcmle 1 lit. a) GDPR); <\/span><strong>Web sitesi:<\/strong> <a href=\"https:\/\/www.tiktok.com\" target=\"_blank\" rel=\"noopener\">https:\/\/www.tiktok.com;<\/a> <strong>Gizlilik Politikas\u0131:<\/strong> <a href=\"https:\/\/www.tiktok.com\/de\/privacy-policy\" target=\"_blank\" rel=\"noopener\">https:\/\/www.tiktok.com\/de\/privacy-policy<\/a> <span class=\"\">. <\/span> <strong>\u00dc\u00e7\u00fcnc\u00fc \u00fclke transferleri i\u00e7in dayanak:<\/strong> Standart S\u00f6zle\u015fme Maddeleri<a href=\"https:\/\/ads.tiktok.com\/i18n\/official\/policy\/jurisdiction-specific-terms\" target=\"_blank\" rel=\"noopener\">(https:\/\/ads.tiktok.com\/i18n\/official\/policy\/jurisdiction-specific-terms)<\/a>.<\/li><li><strong>TikTok Business: <\/strong>Sosyal a\u011f, foto\u011fraf ve video payla\u015fmaya, g\u00f6nderilere yorum yapmaya ve favorilere eklemeye, mesajla\u015fmaya, hesaplara abone olmaya izin verir &#8211; Biz ve TikTok, etkinlik verilerinin toplanmas\u0131 ve iletilmesinden ve profil sahipleri i\u00e7in i\u00e7g\u00f6r\u00fc raporlar\u0131n\u0131n (istatistikler) \u00f6l\u00e7\u00fclmesinden ve olu\u015fturulmas\u0131ndan m\u00fc\u015ftereken sorumluyuz. Bu olay verileri, kullan\u0131c\u0131lar\u0131n g\u00f6r\u00fcnt\u00fcledi\u011fi veya etkile\u015fimde bulundu\u011fu i\u00e7erik t\u00fcrleri veya ger\u00e7ekle\u015ftirdikleri eylemler hakk\u0131nda bilgilerin yan\u0131 s\u0131ra kullan\u0131c\u0131lar taraf\u0131ndan kullan\u0131lan cihazlar (\u00f6rne\u011fin IP adresleri, i\u015fletim sistemi, taray\u0131c\u0131 t\u00fcr\u00fc, dil ayarlar\u0131, \u00e7erez verileri) ve kullan\u0131c\u0131lar\u0131n profillerinden gelen bilgileri i\u00e7erir. \u00fclke veya konum gibi. Kullan\u0131c\u0131 verilerinin TikTok taraf\u0131ndan i\u015flenmesine ili\u015fkin veri koruma bilgileri TikTok&#8217;un veri koruma bilgilerinde bulunabilir: <a href=\"https:\/\/www.tiktok.com\/legal\/page\/eea\/privacy-policy\/de\" target=\"_blank\" rel=\"noopener\">https:\/\/www.tiktok.com\/legal\/page\/eea\/privacy-policy\/de<\/a>. TikTok ile, \u00f6zellikle TikTok&#8217;un hangi g\u00fcvenlik \u00f6nlemlerine uymas\u0131 gerekti\u011fini d\u00fczenleyen ve TikTok&#8217;un veri sahiplerinin haklar\u0131n\u0131 yerine getirmeyi kabul etti\u011fi (yani, kullan\u0131c\u0131lar \u00f6rne\u011fin do\u011frudan TikTok&#8217;a bilgi veya silme talepleri g\u00f6nderebilir) ortak sorumluluk konusunda \u00f6zel bir anla\u015fma imzalad\u0131k. Kullan\u0131c\u0131lar\u0131n haklar\u0131 (\u00f6zellikle bilgi, silme, itiraz ve yetkili denetim makam\u0131na \u015fikayette bulunma) TikTok ile yap\u0131lan anla\u015fmalarla k\u0131s\u0131tlanmamaktad\u0131r. Ortak sorumluluk anla\u015fmas\u0131 TikTok&#8217;un &#8220;Yarg\u0131 Alan\u0131na \u00d6zel \u015eartlar&#8221; b\u00f6l\u00fcm\u00fcnde bulunabilir: <a href=\"https:\/\/ads.tiktok.com\/i18n\/official\/policy\/jurisdiction-specific-terms\" target=\"_blank\" rel=\"noopener\">https:\/\/ads.tiktok.com\/i18n\/official\/policy\/jurisdiction-specific-terms.;<\/a> <strong>Servis sa\u011flay\u0131c\u0131<\/strong>: TikTok Technology Limited, 10 Earlsfort Terrace, Dublin, D02 T380, \u0130rlanda ve TikTok Information Technologies UK Limited, Kaleidoscope, 4 Lindsey Street, Londra, Birle\u015fik Krall\u0131k, EC1A 9HP; <span class=\"\"><strong>Yasal dayanak<\/strong>: R\u0131za (Madde 6 paragraf 1 c\u00fcmle 1 lit. a) GDPR) <\/span>;<strong>Web sitesi:<\/strong> <a href=\"https:\/\/www.tiktok.com\" target=\"_blank\" rel=\"noopener\">https:\/\/www.tiktok.com<\/a>; <strong>Gizlilik Politikas\u0131:<\/strong> <a href=\"https:\/\/www.tiktok.com\/legal\/page\/eea\/privacy-policy\/de\" target=\"_blank\" rel=\"noopener\">https:\/\/www.tiktok.com\/legal\/page\/eea\/privacy-policy\/de<\/a> <span class=\"\">. <\/span> <strong>\u00dc\u00e7\u00fcnc\u00fc \u00fclke transferleri i\u00e7in dayanak:<\/strong> Standart S\u00f6zle\u015fme Maddeleri<a href=\"https:\/\/ads.tiktok.com\/i18n\/official\/policy\/jurisdiction-specific-terms\" target=\"_blank\" rel=\"noopener\">(https:\/\/ads.tiktok.com\/i18n\/official\/policy\/jurisdiction-specific-terms)<\/a>.    <\/li><li><strong>X: <\/strong>Sosyal a\u011f; <strong>Hizmet sa\u011flay\u0131c\u0131:<\/strong> X Internet Unlimited Company, One Cumberland Place, Fenian Street, Dublin 2 D02 AX07, \u0130rlanda; <span class=\"\"><strong>Yasal dayanak:<\/strong> Me\u015fru menfaatler (Madde 6 paragraf 1 c\u00fcmle 1 lit. f) GDPR); <\/span><strong>Web sitesi:<\/strong> <a href=\"https:\/\/x.com\" target=\"_blank\" rel=\"noopener\">https:\/\/x.com<\/a> <span class=\"\">. <\/span> <strong>Gizlilik Politikas\u0131:<\/strong> <a href=\"https:\/\/x.com\/de\/privacy\" target=\"_blank\" rel=\"noopener\">https:\/\/x.com\/de\/privacy.<\/a><\/li><li><strong>Vimeo: <\/strong>Sosyal a\u011f ve video platformu; <strong>Hizmet sa\u011flay\u0131c\u0131:<\/strong> Vimeo Inc, Attention: Legal Department, 555 West 18th Street New York, New York 10011, USA; <span class=\"\"><strong>Yasal dayanak<\/strong>: Me\u015fru menfaatler (GDPR Madde 6 paragraf 1 c\u00fcmle 1 lit. f); <\/span><strong>Web sitesi<\/strong>: <a href=\"https:\/\/vimeo.com\" target=\"_blank\" rel=\"noopener\">https:\/\/vimeo.com<\/a> <span class=\"\">. <\/span> <strong>Gizlilik Politikas\u0131:<\/strong> <a href=\"https:\/\/vimeo.com\/privacy\" target=\"_blank\" rel=\"noopener\">https:\/\/vimeo.com\/privacy.<\/a><\/li><li><strong>YouTube: <\/strong>Sosyal a\u011f ve video platformu; <strong>Hizmet sa\u011flay\u0131c\u0131<\/strong>: Google Ireland Limited, Gordon House, Barrow Street, Dublin 4, \u0130rlanda; <span class=\"\"><strong>Yasal dayanak<\/strong>: Me\u015fru menfaatler (Madde 6 paragraf 1 c\u00fcmle 1 lit. f) GDPR <\/span>);<strong>Gizlilik Politikas\u0131:<\/strong> <a href=\"https:\/\/policies.google.com\/privacy\" target=\"_blank\" rel=\"noopener\">https:\/\/policies.google.com\/privacy;<\/a> <strong>\u00dc\u00e7\u00fcnc\u00fc \u00fclke transferleri i\u00e7in dayanak:<\/strong> Veri Gizlili\u011fi \u00c7er\u00e7evesi (DPF). <strong>\u0130tiraz etme se\u00e7ene\u011fi (opt-out):<\/strong> <a href=\"https:\/\/myadcenter.google.com\/personalizationoff\" target=\"_blank\" rel=\"noopener\">https:\/\/myadcenter.google.com\/personalizationoff.<\/a><\/li><li><strong>Xing: <\/strong>Sosyal a\u011f; <strong>Hizmet sa\u011flay\u0131c\u0131:<\/strong> New Work SE, Am Strandkai 1, 20457 Hamburg, Almanya; <span class=\"\"><strong>Yasal dayanak:<\/strong> Me\u015fru menfaatler (Madde 6 paragraf 1 c\u00fcmle 1 lit. f) GDPR); <\/span><strong>Web sitesi:<\/strong> <a href=\"https:\/\/www.xing.com\/\" target=\"_blank\" rel=\"noopener\">https:\/\/www.xing.com\/<\/a> <span class=\"\">. <\/span> <strong>Gizlilik Politikas\u0131:<\/strong> <a href=\"https:\/\/privacy.xing.com\/de\/datenschutzerklaerung\" target=\"_blank\" rel=\"noopener\">https:\/\/privacy.xing.com\/de\/datenschutzerklaerung.<\/a><\/li><li>Sosyal medya duvar\u0131 <strong>\/ sosyal medya haber odas\u0131: <\/strong>Bir &#8220;sosyal medya duvar\u0131&#8221; veya &#8220;sosyal medya haber odas\u0131&#8221;, ad\u0131m\u0131z\u0131n ge\u00e7ti\u011fi veya ad\u0131m\u0131zla veya bir kampanyan\u0131n ad\u0131yla bir hashtag i\u00e7eren \u00e7e\u015fitli sosyal a\u011flardaki g\u00f6nderilerin bir derlemesidir. Bu, sosyal a\u011flarda yay\u0131nlad\u0131\u011f\u0131m\u0131z g\u00f6nderilerin yan\u0131 s\u0131ra kullan\u0131c\u0131lar taraf\u0131ndan yay\u0131nlanan g\u00f6nderilerden bahsetmeyi de i\u00e7erir. G\u00f6nderilerin i\u00e7eri\u011fi, yazarlar\u0131n \u015fartlar\u0131na ve yetkilerine uygun olarak ilgili sosyal a\u011flardan otomatik olarak elde edilir ve kullan\u0131c\u0131lar istedikleri zaman g\u00f6sterime itiraz edebilirler. G\u00f6nderilerin i\u00e7eri\u011finden her zaman yazarlar sorumludur. \u0130lgili sosyal a\u011flar\u0131n sa\u011flay\u0131c\u0131lar\u0131, g\u00f6nderilerin ve i\u00e7eriklerinin g\u00f6r\u00fcnt\u00fclenmesiyle ba\u011flant\u0131l\u0131 olarak verilerin i\u015flenmesinden sorumludur. Bu gizlilik politikas\u0131 ba\u011flam\u0131nda ilgili sosyal a\u011flardaki bilgilere at\u0131fta bulunuyoruz. \u0130lgili kullan\u0131c\u0131lar\u0131n haklar\u0131na halel getirmeksizin, taraf\u0131m\u0131zdan yap\u0131lmayan katk\u0131larla ilgili bilgi talepleri ve \u015fikayetler durumunda, katk\u0131lar\u0131 kayna\u011f\u0131nda kald\u0131rmak veya veri koruma haklar\u0131n\u0131 ileri s\u00fcrmek i\u00e7in kullan\u0131c\u0131lar\u0131n (ayr\u0131ca) ilgili yazarlarla veya ilgili sosyal a\u011flar\u0131n sa\u011flay\u0131c\u0131lar\u0131yla ileti\u015fime ge\u00e7melerini \u00f6neririz; <span class=\"\"><strong>yasal dayanak:<\/strong> Me\u015fru menfaatler (GDPR Madde 6 paragraf 1 c\u00fcmle 1 lit. f)).<\/span>      <\/li><\/ul><h2 id=\"m328\">Eklentiler ve g\u00f6m\u00fcl\u00fc i\u015flevler ve i\u00e7erik<\/h2><p>\u00c7evrimi\u00e7i teklifimize, ilgili sa\u011flay\u0131c\u0131lar\u0131n sunucular\u0131ndan (bundan b\u00f6yle &#8220;\u00fc\u00e7\u00fcnc\u00fc taraf sa\u011flay\u0131c\u0131lar&#8221; olarak an\u0131lacakt\u0131r) elde edilen i\u015flevsel ve i\u00e7erik unsurlar\u0131n\u0131 dahil ediyoruz. Bunlar \u00f6rne\u011fin grafikler, videolar veya \u015fehir haritalar\u0131 olabilir (bundan b\u00f6yle tek tip olarak &#8220;i\u00e7erik&#8221; olarak an\u0131lacakt\u0131r). <\/p><p>Entegrasyon her zaman bu i\u00e7eri\u011fin \u00fc\u00e7\u00fcnc\u00fc taraf sa\u011flay\u0131c\u0131lar\u0131n\u0131n kullan\u0131c\u0131n\u0131n IP adresini i\u015flemesini gerektirir, \u00e7\u00fcnk\u00fc IP adresi olmadan i\u00e7eri\u011fi taray\u0131c\u0131lar\u0131na g\u00f6nderemezler. Bu nedenle IP adresi, bu i\u00e7eri\u011fi veya i\u015flevi g\u00f6r\u00fcnt\u00fclemek i\u00e7in gereklidir. Yaln\u0131zca ilgili sa\u011flay\u0131c\u0131lar\u0131n i\u00e7eri\u011fi sunmak i\u00e7in IP adresini kulland\u0131\u011f\u0131 i\u00e7erikleri kullanmaya gayret ediyoruz. \u00dc\u00e7\u00fcnc\u00fc taraf sa\u011flay\u0131c\u0131lar da istatistiksel veya pazarlama ama\u00e7l\u0131 olarak piksel etiketleri (&#8220;web i\u015faret\u00e7ileri&#8221; olarak da bilinen g\u00f6r\u00fcnmez grafikler) kullanabilir. Piksel etiketleri, bu web sitesinin sayfalar\u0131ndaki ziyaret\u00e7i trafi\u011fi gibi bilgileri analiz etmek i\u00e7in kullan\u0131labilir. Takma ad bilgileri ayr\u0131ca kullan\u0131c\u0131n\u0131n cihaz\u0131ndaki \u00e7erezlerde saklanabilir ve di\u011fer \u015feylerin yan\u0131 s\u0131ra taray\u0131c\u0131 ve i\u015fletim sistemi hakk\u0131nda teknik bilgiler, y\u00f6nlendiren web siteleri, ziyaret s\u00fcresi ve \u00e7evrimi\u00e7i teklifimizin kullan\u0131m\u0131yla ilgili di\u011fer bilgileri i\u00e7erebilir, ancak di\u011fer kaynaklardan gelen bu t\u00fcr bilgilerle de ba\u011flant\u0131l\u0131 olabilir.     <\/p><p><strong>Yasal dayanaklara ili\u015fkin notlar:<\/strong> Kullan\u0131c\u0131lardan \u00fc\u00e7\u00fcnc\u00fc taraf sa\u011flay\u0131c\u0131lar\u0131n kullan\u0131m\u0131 i\u00e7in onaylar\u0131n\u0131 istersek, veri i\u015flemenin yasal dayana\u011f\u0131 izindir. Aksi takdirde, kullan\u0131c\u0131 verileri me\u015fru menfaatlerimiz (yani verimli, ekonomik ve al\u0131c\u0131 dostu hizmetlere olan ilgi) temelinde i\u015flenir. Bu ba\u011flamda, bu gizlilik politikas\u0131nda \u00e7erezlerin kullan\u0131m\u0131na ili\u015fkin bilgilere de dikkatinizi \u00e7ekmek isteriz.  <\/p><ul class=\"m-elements\"><li><strong>\u0130\u015flenen veri t\u00fcrleri:<\/strong> Kullan\u0131m verileri (\u00f6rne\u011fin sayfa g\u00f6r\u00fcnt\u00fclemeleri ve kalma s\u00fcreleri, t\u0131klama yollar\u0131, kullan\u0131m yo\u011funlu\u011fu ve s\u0131kl\u0131\u011f\u0131, kullan\u0131lan cihaz t\u00fcrleri ve i\u015fletim sistemleri, i\u00e7erik ve i\u015flevlerle etkile\u015fimler); meta, ileti\u015fim ve i\u015flem verileri (\u00f6rne\u011fin IP adresleri, zaman verileri, kimlik numaralar\u0131, ilgili ki\u015filer); konum verileri (bir cihaz\u0131n veya ki\u015finin co\u011frafi konumuna ili\u015fkin bilgiler). \u0130\u00e7erik verileri (\u00f6rn. metinsel veya g\u00f6rsel mesajlar ve katk\u0131lar\u0131n yan\u0131 s\u0131ra yazarl\u0131k veya olu\u015fturma zaman\u0131 bilgileri gibi bunlarla ilgili bilgiler).<\/li><li><strong>Veri \u00f6zneleri:<\/strong> Kullan\u0131c\u0131lar (\u00f6rne\u011fin web sitesi ziyaret\u00e7ileri, \u00e7evrimi\u00e7i hizmetlerin kullan\u0131c\u0131lar\u0131).<\/li><li><strong>\u0130\u015fleme Ama\u00e7lar\u0131:<\/strong> \u00c7evrimi\u00e7i hizmetlerimizin ve kullan\u0131labilirli\u011fin sa\u011flanmas\u0131; Web Analiti\u011fi (\u00f6rn. eri\u015fim istatistikleri, geri d\u00f6nen ziyaret\u00e7ilerin tan\u0131nmas\u0131); Hedefleme (\u00f6rn. ilgi alanlar\u0131na ve davran\u0131\u015flara dayal\u0131 profil olu\u015fturma, \u00e7erez kullan\u0131m\u0131); \u00d6zel Hedef Kitleler; Pazarlama; S\u00f6zle\u015fmeye dayal\u0131 hizmetlerin sa\u011flanmas\u0131 ve s\u00f6zle\u015fmeden do\u011fan y\u00fck\u00fcml\u00fcl\u00fcklerin yerine getirilmesi; Kullan\u0131c\u0131 ile ilgili bilgileri i\u00e7eren profiller (Kullan\u0131c\u0131 profilleri olu\u015fturma). Bilgi teknolojisi altyap\u0131s\u0131 (bilgi sistemlerinin ve teknik cihazlar\u0131n (bilgisayarlar, sunucular vb.) i\u015fletilmesi ve sa\u011flanmas\u0131).<\/li><li>Saklama<strong>ve silme:<\/strong> &#8220;Veri saklama ve silme hakk\u0131nda genel bilgiler&#8221; b\u00f6l\u00fcm\u00fcndeki bilgilere uygun olarak silme. \u00c7erezlerin 2 y\u0131la kadar saklanmas\u0131 (Aksi belirtilmedik\u00e7e \u00e7erezler ve benzeri saklama y\u00f6ntemleri kullan\u0131c\u0131lar\u0131n cihazlar\u0131nda iki y\u0131l s\u00fcreyle saklanabilir).<\/li><li class=\"\"><strong>Yasal dayanak:<\/strong> R\u0131za (Madde 6 paragraf 1 c\u00fcmle 1 lit. a) GDPR). Me\u015fru menfaatler (GDPR Madde 6 paragraf 1 c\u00fcmle 1 lit. f)).<\/li><\/ul><p><strong>\u0130\u015fleme faaliyetleri, prosed\u00fcrleri ve hizmetleri hakk\u0131nda daha fazla bilgi:<\/strong><\/p><ul class=\"m-elements\"><li><strong>\u00dc\u00e7\u00fcnc\u00fc taraf yaz\u0131l\u0131mlar\u0131n, komut dosyalar\u0131n\u0131n veya \u00e7er\u00e7evelerin entegrasyonu (\u00f6rn. jQuery): <\/strong>Di\u011fer sa\u011flay\u0131c\u0131lar\u0131n sunucular\u0131ndan ald\u0131\u011f\u0131m\u0131z yaz\u0131l\u0131mlar\u0131 \u00e7evrimi\u00e7i teklifimize entegre ediyoruz (\u00f6rne\u011fin, \u00e7evrimi\u00e7i teklifimizin g\u00f6r\u00fcnt\u00fclenmesi veya kullan\u0131c\u0131 dostu olmas\u0131 amac\u0131yla kulland\u0131\u011f\u0131m\u0131z i\u015flev k\u00fct\u00fcphaneleri). \u0130lgili sa\u011flay\u0131c\u0131lar, kullan\u0131c\u0131lar\u0131n IP adresini toplar ve bunu, yaz\u0131l\u0131m\u0131 kullan\u0131c\u0131n\u0131n taray\u0131c\u0131s\u0131na iletmek ve g\u00fcvenlik ama\u00e7lar\u0131n\u0131n yan\u0131 s\u0131ra tekliflerinin de\u011ferlendirilmesi ve optimizasyonu amac\u0131yla i\u015fleyebilir. &#8211; Di\u011fer sa\u011flay\u0131c\u0131lar\u0131n sunucular\u0131ndan ald\u0131\u011f\u0131m\u0131z yaz\u0131l\u0131mlar\u0131 \u00e7evrimi\u00e7i teklifimize entegre ediyoruz (\u00f6rne\u011fin, \u00e7evrimi\u00e7i teklifimizin g\u00f6r\u00fcnt\u00fclenmesi veya kullan\u0131c\u0131 dostu olmas\u0131 amac\u0131yla kulland\u0131\u011f\u0131m\u0131z i\u015flev k\u00fct\u00fcphaneleri). \u0130lgili sa\u011flay\u0131c\u0131lar, kullan\u0131c\u0131lar\u0131n IP adresini toplar ve yaz\u0131l\u0131m\u0131 kullan\u0131c\u0131n\u0131n taray\u0131c\u0131s\u0131na iletmek ve g\u00fcvenlik ama\u00e7lar\u0131n\u0131n yan\u0131 s\u0131ra tekliflerinin de\u011ferlendirilmesi ve optimizasyonu amac\u0131yla i\u015fleyebilir; <span class=\"\"><strong>yasal dayanak:<\/strong> Me\u015fru menfaatler (GDPR Madde 6 paragraf 1 c\u00fcmle 1 lit. f)).<\/span>   <\/li><li><strong>Google Fonts (kendi sunucusunda sa\u011flama): <\/strong>\u00c7evrimi\u00e7i teklifimizin kullan\u0131c\u0131 dostu bir \u015fekilde sunulmas\u0131 amac\u0131yla yaz\u0131 tipi dosyalar\u0131n\u0131n sa\u011flanmas\u0131; <strong>Hizmet sa\u011flay\u0131c\u0131<\/strong>: Google Yaz\u0131 Tipleri sunucumuzda bar\u0131nd\u0131r\u0131l\u0131r, Google&#8217;a hi\u00e7bir veri aktar\u0131lmaz; <span class=\"\"><strong>Yasal dayanak:<\/strong> Me\u015fru menfaatler (Madde 6 paragraf 1 c\u00fcmle 1 lit. f) GDPR)<\/span>.<\/li><li><strong>Google Yaz\u0131 Tipleri (Google sunucusundan elde edilir): <\/strong>Yaz\u0131 tiplerinin (ve sembollerin), g\u00fcncelli\u011fi ve y\u00fckleme s\u00fcreleri, tek tip sunumlar\u0131 ve olas\u0131 lisans k\u0131s\u0131tlamalar\u0131n\u0131n dikkate al\u0131nmas\u0131 a\u00e7\u0131s\u0131ndan yaz\u0131 tiplerinin ve sembollerin teknik olarak g\u00fcvenli, bak\u0131m gerektirmeyen ve verimli bir \u015fekilde kullan\u0131lmas\u0131 amac\u0131yla elde edilmesi. Yaz\u0131 tiplerinin sa\u011flay\u0131c\u0131s\u0131, yaz\u0131 tiplerinin kullan\u0131c\u0131n\u0131n taray\u0131c\u0131s\u0131nda kullan\u0131labilir hale getirilebilmesi i\u00e7in kullan\u0131c\u0131n\u0131n IP adresinden haberdar edilir. Buna ek olarak, kullan\u0131lan cihazlara ve teknik ortama ba\u011fl\u0131 olarak yaz\u0131 tiplerinin sa\u011flanmas\u0131 i\u00e7in gerekli olan teknik veriler (dil ayarlar\u0131, ekran \u00e7\u00f6z\u00fcn\u00fcrl\u00fc\u011f\u00fc, i\u015fletim sistemi, kullan\u0131lan donan\u0131m) iletilir. Bu veriler, yaz\u0131 tipi sa\u011flay\u0131c\u0131s\u0131n\u0131n ABD&#8217;deki bir sunucusunda i\u015flenebilir &#8211; \u00c7evrimi\u00e7i teklifimizi ziyaret ederken, kullan\u0131c\u0131lar\u0131n taray\u0131c\u0131lar\u0131 HTTP isteklerini Google Fonts Web API&#8217;sine (yani yaz\u0131 tiplerini almak i\u00e7in bir yaz\u0131l\u0131m aray\u00fcz\u00fc) g\u00f6nderir. Google Fonts Web API, kullan\u0131c\u0131lara Google Fonts Basamakl\u0131 Stil Sayfalar\u0131n\u0131 (CSS) ve ard\u0131ndan CCS&#8217;de belirtilen yaz\u0131 tiplerini sa\u011flar. Bu HTTP istekleri (1) ilgili kullan\u0131c\u0131 taraf\u0131ndan internete eri\u015fmek i\u00e7in kullan\u0131lan IP adresini, (2) Google sunucusunda istenen URL&#8217;yi ve (3) web sitesi ziyaret\u00e7ilerinin taray\u0131c\u0131 ve i\u015fletim sistemi s\u00fcr\u00fcmlerini tan\u0131mlayan kullan\u0131c\u0131 arac\u0131s\u0131 ve y\u00f6nlendirme URL&#8217;si (yani Google yaz\u0131 tipinin g\u00f6r\u00fcnt\u00fclenece\u011fi web sayfas\u0131) dahil olmak \u00fczere HTTP ba\u015fl\u0131klar\u0131n\u0131 i\u00e7erir. IP adresleri Google sunucular\u0131nda kaydedilmez veya saklanmaz ve analiz edilmez. Google Fonts Web API, HTTP isteklerinin ayr\u0131nt\u0131lar\u0131n\u0131 (istenen URL, kullan\u0131c\u0131 arac\u0131s\u0131 ve y\u00f6nlendiren URL) g\u00fcnl\u00fc\u011fe kaydeder. Bu verilere eri\u015fim k\u0131s\u0131tl\u0131d\u0131r ve s\u0131k\u0131 bir \u015fekilde kontrol edilir. \u0130stenen URL, kullan\u0131c\u0131n\u0131n yaz\u0131 tiplerini y\u00fcklemek istedi\u011fi yaz\u0131 tipi ailelerini tan\u0131mlar. Bu veriler, Google&#8217;\u0131n belirli bir yaz\u0131 tipi ailesinin ne s\u0131kl\u0131kla talep edildi\u011fini belirleyebilmesi i\u00e7in kaydedilir. Google Fonts Web API ile kullan\u0131c\u0131 arac\u0131s\u0131, ilgili taray\u0131c\u0131 t\u00fcr\u00fc i\u00e7in olu\u015fturulan yaz\u0131 tipini uyarlamal\u0131d\u0131r. Kullan\u0131c\u0131 arac\u0131s\u0131 \u00f6ncelikle hata ay\u0131klama i\u00e7in kaydedilir ve yaz\u0131 tipi ailelerinin pop\u00fclerli\u011fini \u00f6l\u00e7mek i\u00e7in toplu kullan\u0131m istatistikleri olu\u015fturmak i\u00e7in kullan\u0131l\u0131r. Bu \u00f6zetlenmi\u015f kullan\u0131m istatistikleri Google Fonts&#8217;un &#8220;Analizler&#8221; sayfas\u0131nda yay\u0131nlan\u0131r. Son olarak, verilerin \u00fcretim bak\u0131m\u0131 i\u00e7in kullan\u0131labilmesi ve yaz\u0131 tipi isteklerinin say\u0131s\u0131na g\u00f6re en iyi entegrasyonlar hakk\u0131nda toplu bir rapor olu\u015fturmak i\u00e7in y\u00f6nlendirme URL&#8217;si g\u00fcnl\u00fc\u011fe kaydedilir. Kendi bilgilerine g\u00f6re Google, Google Fonts taraf\u0131ndan toplanan bilgilerin hi\u00e7birini son kullan\u0131c\u0131lar\u0131n profillerini olu\u015fturmak veya hedefli reklamlar yerle\u015ftirmek i\u00e7in kullanmaz; <strong>hizmet sa\u011flay\u0131c\u0131<\/strong>: Google Ireland Limited, Gordon House, Barrow Street, Dublin 4, \u0130rlanda; <span class=\"\"><strong>Yasal dayanak<\/strong>: Me\u015fru menfaatler (Madde 6 paragraf 1 c\u00fcmle 1 lit. f) GDPR <\/span>);<strong>Web sitesi:<\/strong> <a href=\"https:\/\/fonts.google.com\/\" target=\"_blank\" rel=\"noopener\">https:\/\/fonts.google.com\/<\/a>; <strong>Gizlilik Politikas\u0131:<\/strong> <a href=\"https:\/\/policies.google.com\/privacy\" target=\"_blank\" rel=\"noopener\">https:\/\/policies.google.com\/privacy<\/a>; <strong>\u00dc\u00e7\u00fcnc\u00fc \u00fclke transferleri i\u00e7in dayanak:<\/strong> Veri Gizlili\u011fi \u00c7er\u00e7evesi (DPF). <strong>Daha fazla bilgi:<\/strong> <a href=\"https:\/\/developers.google.com\/fonts\/faq\/privacy?hl=de\" target=\"_blank\" rel=\"noopener\">https:\/\/developers.google.com\/fonts\/faq\/privacy?hl=de.<\/a>               <\/li><li><strong>Font Awesome (kendi sunucusunda sa\u011flama): <\/strong>Yaz\u0131 tiplerinin ve simgelerin g\u00f6r\u00fcnt\u00fclenmesi; <strong>Hizmet sa\u011flay\u0131c\u0131:<\/strong> Font Awesome simgeleri sunucumuzda bar\u0131nd\u0131r\u0131l\u0131r, Font Awesome sa\u011flay\u0131c\u0131s\u0131na hi\u00e7bir veri iletilmez; <span class=\"\"><strong>Yasal dayanak:<\/strong> Me\u015fru menfaatler (GDPR Madde 6 paragraf 1 c\u00fcmle 1 lit. f)).<\/span><\/li><li><strong>Google Haritalar: <\/strong>Google taraf\u0131ndan sa\u011flanan &#8220;Google Haritalar&#8221; hizmetinin haritalar\u0131n\u0131 entegre ediyoruz. \u0130\u015flenen veriler \u00f6zellikle IP adreslerini ve kullan\u0131c\u0131 konum verilerini i\u00e7erebilir; <strong>Hizmet sa\u011flay\u0131c\u0131<\/strong>: Google Cloud EMEA Limited, 70 Sir John Rogerson&#8217;s Quay, Dublin 2, \u0130rlanda; <span class=\"\"><strong>Yasal dayanak<\/strong>: R\u0131za (Madde 6 paragraf 1 c\u00fcmle 1 lit. a) GDPR); <\/span><strong>Web sitesi:<\/strong> <a href=\"https:\/\/mapsplatform.google.com\/\" target=\"_blank\" rel=\"noopener\">https:\/\/mapsplatform.google.com\/;<\/a> <strong>Gizlilik Politikas\u0131:<\/strong> <a href=\"https:\/\/policies.google.com\/privacy\" target=\"_blank\" rel=\"noopener\">https:\/\/policies.google.com\/privacy<\/a> <span class=\"\">. <\/span> <strong>\u00dc\u00e7\u00fcnc\u00fc \u00fclke transferleri i\u00e7in dayanak:<\/strong> Veri Gizlili\u011fi \u00c7er\u00e7evesi (DPF). <\/li><li><strong>Instagram eklentileri ve i\u00e7eri\u011fi: <\/strong>Instagram eklentileri ve i\u00e7eri\u011fi &#8211; Bu, \u00f6rne\u011fin, resimler, videolar veya metinler gibi i\u00e7erikleri ve kullan\u0131c\u0131lar\u0131n Instagram&#8217;da bu \u00e7evrimi\u00e7i tekliften i\u00e7erik payla\u015fabilecekleri d\u00fc\u011fmeleri i\u00e7erebilir. &#8211; Facebook&#8217;un \u00e7evrimi\u00e7i teklifimizde y\u00fcr\u00fct\u00fclen Instagram i\u015flevlerini (\u00f6rn. i\u00e7erik i\u00e7in g\u00f6mme i\u015flevleri) kullanarak toplad\u0131\u011f\u0131 veya a\u015fa\u011f\u0131daki ama\u00e7larla bir iletim ba\u011flam\u0131nda ald\u0131\u011f\u0131 &#8220;olay verilerinin&#8221; toplanmas\u0131ndan veya bir iletim ba\u011flam\u0131nda al\u0131nmas\u0131ndan (ancak daha fazla i\u015flenmesinden de\u011fil) Meta Platforms Ireland Limited ile birlikte sorumluyuz: a) Kullan\u0131c\u0131lar\u0131n varsay\u0131lan ilgi alanlar\u0131na kar\u015f\u0131l\u0131k gelen i\u00e7erik ve reklam bilgilerinin g\u00f6r\u00fcnt\u00fclenmesi; b) Ticari ve i\u015flemle ilgili mesajlar\u0131n iletilmesi (\u00f6rn. kullan\u0131c\u0131lara Instagram \u00fczerinden hitap edilmesi). (\u00f6rn. Facebook Messenger \u00fczerinden kullan\u0131c\u0131lara hitap etmek); c) reklamlar\u0131n sunulmas\u0131n\u0131 ve i\u015flevlerin ve i\u00e7eri\u011fin ki\u015fiselle\u015ftirilmesini iyile\u015ftirmek (\u00f6rn. hangi i\u00e7eri\u011fin veya reklam bilgilerinin muhtemelen kullan\u0131c\u0131lar\u0131n ilgi alanlar\u0131na kar\u015f\u0131l\u0131k geldi\u011finin tan\u0131nmas\u0131n\u0131 iyile\u015ftirmek). Facebook ile, \u00f6zellikle Facebook&#8217;un hangi g\u00fcvenlik \u00f6nlemlerine uymas\u0131 gerekti\u011fini d\u00fczenleyen<a href=\"https:\/\/www.facebook.com\/legal\/terms\/data_security_terms\" target=\"_blank\" rel=\"noopener\">(https:\/\/www.facebook.com\/legal\/terms\/data_security_terms) ve Facebook&#8217;un veri sahiplerinin haklar\u0131n\u0131 yerine getirmeyi kabul etti\u011fi (\u00f6rne\u011fin, kullan\u0131c\u0131lar bilgi veya silme taleplerini do\u011frudan Facebook&#8217;a g\u00f6nderebilir) \u00f6zel bir anla\u015fma (&#8220;Veri Sorumlular\u0131 i\u00e7in Ek&#8221;,https:\/\/www.facebook.com\/legal\/controller_addendum<\/a>) imzalad\u0131k. Not: Facebook&#8217;un bize \u00f6l\u00e7\u00fclen de\u011ferler, analizler ve raporlar sa\u011flamas\u0131 durumunda (bunlar toplu halde bulunur, yani bireysel kullan\u0131c\u0131lar hakk\u0131nda herhangi bir bilgi i\u00e7ermez ve bizim i\u00e7in anonimdir), bu i\u015fleme ortak sorumluluk \u00e7er\u00e7evesinde de\u011fil, bir veri i\u015fleme s\u00f6zle\u015fmesi temelinde ger\u00e7ekle\u015ftirilir (&#8220;Veri \u0130\u015fleme Ko\u015fullar\u0131&#8221;, <a href=\"https:\/\/www.facebook.com\/legal\/terms\/dataprocessing\" target=\"_blank\" rel=\"noopener\">https:\/\/www.facebook.com\/legal\/terms\/dataprocessing)<\/a>&#8220;Veri G\u00fcvenli\u011fi \u015eartlar\u0131&#8221;<a href=\"https:\/\/www.facebook.com\/legal\/terms\/data_security_terms\" target=\"_blank\" rel=\"noopener\">(https:\/\/www.facebook.com\/legal\/terms\/data_security_terms)<\/a> ve ABD&#8217;de i\u015fleme ile ilgili olarak standart s\u00f6zle\u015fme maddeleri temelinde (&#8220;Facebook-AB Veri Aktar\u0131m\u0131 Eki, <a href=\"https:\/\/www.facebook.com\/legal\/EU_data_transfer_addendum\" target=\"_blank\" rel=\"noopener\">https:\/\/www.facebook.com\/legal\/EU_data_transfer_addendum)<\/a>. Kullan\u0131c\u0131lar\u0131n haklar\u0131 (\u00f6zellikle bilgi edinme, silme, itiraz ve yetkili denetim makam\u0131na \u015fikayette bulunma) Facebook ile yap\u0131lan anla\u015fmalarla k\u0131s\u0131tlanmam\u0131\u015ft\u0131r; <strong>hizmet sa\u011flay\u0131c\u0131<\/strong>: Meta Platforms Ireland Limited, Merrion Road, Dublin 4, D04 X2K5, \u0130rlanda; <span class=\"\"><strong>Yasal dayanak:<\/strong> Me\u015fru menfaatler (GDPR Madde 6 paragraf 1 c\u00fcmle 1 lit. f)); <\/span><strong>Web sitesi:<\/strong> <a href=\"https:\/\/www.instagram.com\" target=\"_blank\" rel=\"noopener\">https:\/\/www.instagram.com<\/a> <span class=\"\">. <\/span> <strong>Gizlilik Politikas\u0131:<\/strong> <a href=\"https:\/\/privacycenter.instagram.com\/policy\/\" target=\"_blank\" rel=\"noopener\">https:\/\/privacycenter.instagram.com\/policy\/.<\/a>       <\/li><li><strong>LinkedIn eklentileri ve i\u00e7eri\u011fi: <\/strong>LinkedIn eklentileri ve i\u00e7eri\u011fi &#8211; Bu, \u00f6rne\u011fin, resimler, videolar veya metinler gibi i\u00e7erikleri ve kullan\u0131c\u0131lar\u0131n LinkedIn&#8217;deki bu \u00e7evrimi\u00e7i tekliften i\u00e7erik payla\u015fabilecekleri d\u00fc\u011fmeleri i\u00e7erebilir; <strong>Hizmet sa\u011flay\u0131c\u0131<\/strong>: LinkedIn Ireland Unlimited Company, Wilton Place, Dublin 2, \u0130rlanda; <span class=\"\"><strong>Yasal dayanak<\/strong>: Me\u015fru menfaatler (Madde 6 paragraf 1 c\u00fcmle 1 lit. f) GDPR <\/span>);<strong>Web sitesi:<\/strong> <a href=\"https:\/\/www.linkedin.com\" target=\"_blank\" rel=\"noopener\">https:\/\/www.linkedin.com<\/a>; <strong>Gizlilik Politikas\u0131:<\/strong> <a href=\"https:\/\/www.linkedin.com\/legal\/privacy-policy\" target=\"_blank\" rel=\"noopener\">https:\/\/www.linkedin.com\/legal\/privacy-policy<\/a>; Veri <strong>i\u015fleme<\/strong> s\u00f6zle\u015fmesi: <a href=\"https:\/\/legal.linkedin.com\/dpa\" target=\"_blank\" rel=\"noopener\">https:\/\/legal.linkedin.com\/dpa<\/a>; <strong>\u00dc\u00e7\u00fcnc\u00fc \u00fclke transferleri i\u00e7in dayanak:<\/strong> Veri Gizlili\u011fi \u00c7er\u00e7evesi (DPF), Standart S\u00f6zle\u015fme Maddeleri<a href=\"https:\/\/www.linkedin.com\/legal\/l\/dpa\" target=\"_blank\" rel=\"noopener\">(https:\/\/www.linkedin.com\/legal\/l\/dpa<\/a>). <strong>\u0130tiraz etme se\u00e7ene\u011fi (opt-out):<\/strong> <a href=\"https:\/\/www.linkedin.com\/psettings\/guest-controls\/retargeting-opt-out\" target=\"_blank\" rel=\"noopener\">https:\/\/www.linkedin.com\/psettings\/guest-controls\/retargeting-opt-out.<\/a><\/li><li><strong>OpenStreetMap: <\/strong>OpenStreetMap Vakf\u0131 (OSMF) taraf\u0131ndan Open Data Commons Open Database Licence (ODbL) temelinde sunulan &#8220;OpenStreetMap&#8221; hizmetinin haritalar\u0131n\u0131 entegre ediyoruz. Kullan\u0131c\u0131 verileri, OpenStreetMap taraf\u0131ndan yaln\u0131zca harita i\u015flevlerini g\u00f6r\u00fcnt\u00fclemek ve se\u00e7ilen ayarlar\u0131 \u00f6nbelle\u011fe almak amac\u0131yla kullan\u0131l\u0131r. Bu veriler, \u00f6zellikle kullan\u0131c\u0131lar\u0131n IP adreslerini ve konum verilerini i\u00e7erebilir, ancak bunlar r\u0131zalar\u0131 olmadan toplanmaz (genellikle son cihazlar\u0131n\u0131n veya taray\u0131c\u0131lar\u0131n\u0131n ayarlar\u0131n\u0131n bir par\u00e7as\u0131 olarak); <strong>servis sa\u011flay\u0131c\u0131<\/strong>: OpenStreetMap Foundation (OSMF); <span class=\"\"><strong>Yasal dayanak:<\/strong> Me\u015fru menfaatler (Madde 6 paragraf 1 c\u00fcmle 1 lit. f) GDPR); <\/span><strong>Web sitesi:<\/strong> <a href=\"https:\/\/www.openstreetmap.de\" target=\"_blank\" rel=\"noopener\">https:\/\/www.openstreetmap.de<\/a> <span class=\"\">. <\/span> <strong>Gizlilik Politikas\u0131:<\/strong> <a href=\"https:\/\/osmfoundation.org\/wiki\/Privacy_Policy\" target=\"_blank\" rel=\"noopener\">https:\/\/osmfoundation.org\/wiki\/Privacy_Policy.<\/a>  <\/li><li><strong>Pinterest eklentileri ve i\u00e7eri\u011fi: <\/strong>Pinterest eklentileri ve i\u00e7eri\u011fi &#8211; Bu, \u00f6rne\u011fin resimler, videolar veya metinler gibi i\u00e7erikleri ve kullan\u0131c\u0131lar\u0131n Pinterest&#8217;te bu \u00e7evrimi\u00e7i hizmetten i\u00e7erik payla\u015fabilecekleri d\u00fc\u011fmeleri i\u00e7erebilir; <strong>Hizmet sa\u011flay\u0131c\u0131<\/strong>: Pinterest Inc, 635 High Street, Palo Alto, CA, 94301, ABD; <span class=\"\"><strong>Yasal dayanak:<\/strong> Me\u015fru menfaatler (GDPR Madde 6 paragraf 1 c\u00fcmle 1 lit. f)); <\/span><strong>Web sitesi:<\/strong> <a href=\"https:\/\/www.pinterest.com\" target=\"_blank\" rel=\"noopener\">https:\/\/www.pinterest.com<\/a> <span class=\"\">. <\/span> <strong>Gizlilik Politikas\u0131:<\/strong> <a href=\"https:\/\/policy.pinterest.com\/de\/privacy-policy\" target=\"_blank\" rel=\"noopener\">https:\/\/policy.pinterest.com\/de\/privacy-policy.<\/a><\/li><li><strong>reCAPTCHA: <\/strong>Giri\u015flerin (\u00f6rne\u011fin \u00e7evrimi\u00e7i formlarda) otomatik olarak hareket eden makineler (&#8220;botlar&#8221; olarak adland\u0131r\u0131l\u0131r) taraf\u0131ndan de\u011fil, insanlar taraf\u0131ndan yap\u0131l\u0131p yap\u0131lmad\u0131\u011f\u0131n\u0131 anlayabilmek i\u00e7in &#8220;reCAPTCHA&#8221; i\u015flevini entegre ediyoruz. \u0130\u015flenen veriler aras\u0131nda IP adresleri, i\u015fletim sistemleri, kullan\u0131lan cihazlar veya taray\u0131c\u0131lar hakk\u0131nda bilgiler, dil ayarlar\u0131, konum, fare hareketleri, klavye vuru\u015flar\u0131, web sitelerinde ge\u00e7irilen s\u00fcre, daha \u00f6nce ziyaret edilen web siteleri, di\u011fer web sitelerinde ReCaptcha ile etkile\u015fimler, muhtemelen \u00e7erezler ve manuel tan\u0131ma i\u015flemlerinin sonu\u00e7lar\u0131 (\u00f6rn. sorulan sorular\u0131 yan\u0131tlama veya resimlerdeki nesneleri se\u00e7me) yer alabilir. Veri i\u015fleme, \u00e7evrimi\u00e7i teklifimizi k\u00f6t\u00fc niyetli otomatik tarama ve spam&#8217;den korumaya y\u00f6nelik me\u015fru menfaatimize dayanmaktad\u0131r; <strong>hizmet sa\u011flay\u0131c\u0131<\/strong>: Google Ireland Limited, Gordon House, Barrow Street, Dublin 4, \u0130rlanda; <span class=\"\"><strong>Yasal dayanak<\/strong>: Me\u015fru menfaatler (Madde 6 paragraf 1 c\u00fcmle 1 lit. f) GDPR <\/span>);<strong>Web sitesi:<\/strong> <a href=\"https:\/\/www.google.com\/recaptcha\/\" target=\"_blank\" rel=\"noopener\">https:\/\/www.google.com\/recaptcha\/<\/a>; <strong>Gizlilik Politikas\u0131:<\/strong> <a href=\"https:\/\/policies.google.com\/privacy\" target=\"_blank\" rel=\"noopener\">https:\/\/policies.google.com\/privacy;<\/a> <strong>\u00dc\u00e7\u00fcnc\u00fc \u00fclke transferleri i\u00e7in dayanak:<\/strong> Veri Gizlili\u011fi \u00c7er\u00e7evesi (DPF). <strong>\u0130tiraz olas\u0131l\u0131\u011f\u0131 (opt-out):<\/strong> Opt-out eklentisi: <a href=\"https:\/\/tools.google.com\/dlpage\/gaoptout?hl=de\" target=\"_blank\" rel=\"noopener\">https:\/\/tools.google.com\/dlpage\/gaoptout?hl=de;<\/a> Reklamlar\u0131n g\u00f6r\u00fcnt\u00fclenmesi i\u00e7in ayarlar: <a href=\"https:\/\/myadcenter.google.com\/personalizationoff\" target=\"_blank\" rel=\"noopener\">https:\/\/myadcenter.google.com\/personalizationoff.<\/a>  <\/li><li><strong>YouTube videolar\u0131: <\/strong>Video i\u00e7eri\u011fi; <strong>Hizmet sa\u011flay\u0131c\u0131:<\/strong> Google Ireland Limited, Gordon House, Barrow Street, Dublin 4, \u0130rlanda; <span class=\"\"><strong>Yasal dayanak<\/strong>: R\u0131za (Madde 6 paragraf 1 c\u00fcmle 1 lit. a) GDPR); <\/span><strong>Web sitesi: https:<\/strong> <a href=\"https:\/\/www.youtube.com\" target=\"_blank\" rel=\"noopener\">\/\/www.youtube.com<\/a>; <strong>Gizlilik Politikas\u0131: https:<\/strong> <a href=\"https:\/\/policies.google.com\/privacy\" target=\"_blank\" rel=\"noopener\">\/\/policies.google.com\/privacy<\/a>; <strong>\u00dc\u00e7\u00fcnc\u00fc \u00fclke transferleri i\u00e7in dayanak:<\/strong> Veri Gizlili\u011fi \u00c7er\u00e7evesi (DPF). <strong>\u0130tiraz olas\u0131l\u0131\u011f\u0131 (opt-out):<\/strong> Opt-out eklentisi: <a href=\"https:\/\/tools.google.com\/dlpage\/gaoptout?hl=de\" target=\"_blank\" rel=\"noopener\">https:\/\/tools.google.com\/dlpage\/gaoptout?hl=de;<\/a> Reklamlar\u0131n g\u00f6r\u00fcnt\u00fclenmesi i\u00e7in ayarlar: <a href=\"https:\/\/myadcenter.google.com\/personalizationoff\" target=\"_blank\" rel=\"noopener\">https:\/\/myadcenter.google.com\/personalizationoff.<\/a><\/li><li><strong>YouTube videolar\u0131: <\/strong>YouTube&#8217;da depolanan videolar \u00e7evrimi\u00e7i teklifimizin i\u00e7ine yerle\u015ftirilir. Bu YouTube videolar\u0131, &#8220;geni\u015fletilmi\u015f veri koruma modu&#8221; olarak adland\u0131r\u0131lan &#8220;youtube-nocookie&#8221; bile\u015feni kullan\u0131larak \u00f6zel bir alan ad\u0131 \u00fczerinden entegre edilir. &#8220;Geni\u015fletilmi\u015f veri koruma modunda&#8221;, video ba\u015flat\u0131lana kadar, yaln\u0131zca IP adresiniz ve taray\u0131c\u0131n\u0131z\u0131n ve son cihaz\u0131n\u0131z\u0131n ayr\u0131nt\u0131lar\u0131 dahil olmak \u00fczere bilgiler, YouTube&#8217;un video g\u00f6r\u00fcnt\u00fcs\u00fcn\u00fcn \u00e7\u0131k\u0131\u015f\u0131, kontrol\u00fc ve optimizasyonu i\u00e7in ihtiya\u00e7 duydu\u011fu \u00e7erezlerde veya benzer prosed\u00fcrler arac\u0131l\u0131\u011f\u0131yla son cihaz\u0131n\u0131zda saklanabilir. Videolar\u0131 oynatt\u0131\u011f\u0131n\u0131z anda, kullan\u0131m davran\u0131\u015f\u0131n\u0131 analiz etmek ve kullan\u0131c\u0131 profilinde saklamak ve i\u00e7eri\u011fi ve reklamlar\u0131 ki\u015fiselle\u015ftirmek i\u00e7in YouTube taraf\u0131ndan ek bilgiler i\u015flenebilir. \u00c7erezler i\u00e7in saklama s\u00fcresi iki y\u0131la kadar olabilir; <strong>hizmet sa\u011flay\u0131c\u0131<\/strong>: Google Ireland Limited, Gordon House, Barrow Street, Dublin 4, \u0130rlanda; <span class=\"\"><strong>Yasal dayanak<\/strong>: R\u0131za (Madde 6 paragraf 1 c\u00fcmle 1 lit. a) GDPR <\/span>);<strong>Web sitesi: https:<\/strong> <a href=\"https:\/\/www.youtube.com\" target=\"_blank\" rel=\"noopener\">\/\/www.youtube.com<\/a>; <strong>Gizlilik Politikas\u0131: https:<\/strong> <a href=\"https:\/\/policies.google.com\/privacy\" target=\"_blank\" rel=\"noopener\">\/\/policies.google.com\/privacy<\/a>; <strong>\u00dc\u00e7\u00fcnc\u00fc \u00fclke transferleri i\u00e7in dayanak:<\/strong> Veri Gizlili\u011fi \u00c7er\u00e7evesi (DPF). <strong>Daha fazla bilgi:<\/strong> <a href=\"https:\/\/support.google.com\/youtube\/answer\/171780?hl=de-DE#zippy=%2Cturn-on-privacy-enhanced-mode%2Cerweiterten-datenschutzmodus-aktivieren\" target=\"_blank\" rel=\"noopener\">https:\/\/support.google.com\/youtube\/answer\/171780?hl=de-DE#zippy=%2Cturn-on-privacy-enhanced-mode%2Cerweiterten-datenschutzmodus-aktivieren.<\/a>    <\/li><li><strong>Xing eklentileri ve d\u00fc\u011fmeleri: <\/strong>Xing eklentileri ve d\u00fc\u011fmeleri &#8211; Bu, \u00f6rne\u011fin resimler, videolar veya metinler gibi i\u00e7erikleri ve kullan\u0131c\u0131lar\u0131n Xing&#8217;de bu \u00e7evrimi\u00e7i tekliften i\u00e7erik payla\u015fabilecekleri d\u00fc\u011fmeleri i\u00e7erebilir; <strong>Hizmet sa\u011flay\u0131c\u0131<\/strong>: New Work SE, Am Strandkai 1, 20457 Hamburg, Almanya; <span class=\"\"><strong>Yasal dayanak:<\/strong> Me\u015fru menfaatler (Madde 6 paragraf 1 c\u00fcmle 1 lit. f) GDPR); <\/span><strong>Web sitesi:<\/strong> <a href=\"https:\/\/www.xing.com\" target=\"_blank\" rel=\"noopener\">https:\/\/www.xing.com<\/a> <span class=\"\">. <\/span> <strong>Gizlilik Politikas\u0131:<\/strong> <a href=\"https:\/\/privacy.xing.com\/de\/datenschutzerklaerung\" target=\"_blank\" rel=\"noopener\">https:\/\/privacy.xing.com\/de\/datenschutzerklaerung.<\/a><\/li><li><strong>WordPress.com: <\/strong>Web sitelerinin, bloglar\u0131n ve di\u011fer \u00e7evrimi\u00e7i tekliflerin olu\u015fturulmas\u0131, sa\u011flanmas\u0131 ve i\u015fletilmesi i\u00e7in bar\u0131nd\u0131rma ve yaz\u0131l\u0131m; <strong>Hizmet sa\u011flay\u0131c\u0131<\/strong>: Aut O&#8217;Mattic A8C Ireland Ltd, Grand Canal Dock, 25 Herbert Pl, Dublin, D02 AY86, \u0130rlanda; <span class=\"\"><strong>Yasal dayanak:<\/strong> Me\u015fru menfaatler (Madde 6 paragraf 1 c\u00fcmle 1 lit. f) GDPR); <\/span><strong>Web sitesi:<\/strong> <a href=\"https:\/\/wordpress.com\" target=\"_blank\" rel=\"noopener\">https:\/\/wordpress.com<\/a>; <strong>Gizlilik Politikas\u0131:<\/strong> <a href=\"https:\/\/automattic.com\/de\/privacy\/\" target=\"_blank\" rel=\"noopener\">https:\/\/automattic.com\/de\/privacy\/<\/a>; <strong>Veri \u0130\u015fleme S\u00f6zle\u015fmesi:<\/strong> <a href=\"https:\/\/wordpress.com\/support\/data-processing-agreements\/\" target=\"_blank\" rel=\"noopener\">https:\/\/wordpress.com\/support\/data-processing-agreements\/<\/a>. <strong>\u00dc\u00e7\u00fcnc\u00fc \u00fclke transferleri i\u00e7in dayanak:<\/strong> Veri Gizlili\u011fi \u00c7er\u00e7evesi (DPF), standart s\u00f6zle\u015fme maddeleri (hizmet sa\u011flay\u0131c\u0131 taraf\u0131ndan sa\u011flan\u0131r).<\/li><\/ul><h2 id=\"m1360\">\u0130stihdam ili\u015fkileri ba\u011flam\u0131nda verilerin i\u015flenmesi<\/h2><p>\u0130stihdam ili\u015fkileri ba\u011flam\u0131nda ki\u015fisel veriler, bu ili\u015fkilerin kurulmas\u0131, y\u00fcr\u00fct\u00fclmesi ve sona erdirilmesinin etkin bir \u015fekilde organize edilmesi amac\u0131yla i\u015flenmektedir. Bu veri i\u015fleme, \u00e7al\u0131\u015fan ili\u015fkilerinin y\u00f6netimi i\u00e7in gerekli olan \u00e7e\u015fitli operasyonel ve idari i\u015flevleri desteklemektedir. <\/p><p>Veri i\u015fleme, s\u00f6zle\u015fmenin ba\u015flat\u0131lmas\u0131ndan s\u00f6zle\u015fmenin iptaline kadar \u00e7e\u015fitli hususlar\u0131 kapsar. Buna g\u00fcnl\u00fck \u00e7al\u0131\u015fma saatlerinin d\u00fczenlenmesi ve idaresi, eri\u015fim haklar\u0131n\u0131n ve yetkilerinin idaresinin yan\u0131 s\u0131ra personel geli\u015fim \u00f6nlemlerinin ve \u00e7al\u0131\u015fan de\u011ferlendirmelerinin ele al\u0131nmas\u0131 da dahildir. \u0130\u015fleme ayr\u0131ca bordro muhasebesi ve s\u00f6zle\u015fmenin yerine getirilmesinin kritik y\u00f6nleri olan maa\u015f ve \u00fccret \u00f6demelerinin idaresi i\u00e7in de kullan\u0131l\u0131r.  <\/p><p>Veri i\u015fleme, i\u015fyerinde g\u00fcvenli\u011fin sa\u011flanmas\u0131 veya operasyonel s\u00fcre\u00e7lerin de\u011ferlendirilmesi ve optimize edilmesi i\u00e7in performans verilerinin toplanmas\u0131 gibi sorumlu i\u015fverenin me\u015fru menfaatlerini de dikkate al\u0131r. Veri i\u015fleme, operasyonel veya yasal ama\u00e7lar i\u00e7in gerekli oldu\u011fu durumlarda, \u00e7al\u0131\u015fan verilerinin harici ileti\u015fim ve yay\u0131n s\u00fcre\u00e7lerinin bir par\u00e7as\u0131 olarak if\u015fa edilmesini de i\u00e7erir. <\/p><p>Bu veriler her zaman y\u00fcr\u00fcrl\u00fckteki yasal \u00e7er\u00e7eveye uygun olarak i\u015flenir ve ama\u00e7 her zaman adil ve verimli bir \u00e7al\u0131\u015fma ortam\u0131 yaratmak ve s\u00fcrd\u00fcrmektir. Bu ayn\u0131 zamanda ilgili \u00e7al\u0131\u015fanlar\u0131n veri korumas\u0131n\u0131n dikkate al\u0131nmas\u0131n\u0131, i\u015fleme amac\u0131 yerine getirildikten sonra veya yasal saklama s\u00fcrelerine uygun olarak verilerin anonimle\u015ftirilmesini veya silinmesini de i\u00e7erir. <\/p><ul class=\"m-elements\"><li><strong>\u0130\u015flenen veri t\u00fcrleri:<\/strong> \u00c7al\u0131\u015fan verileri (\u00e7al\u0131\u015fanlar ve istihdam ili\u015fkisindeki di\u011fer ki\u015filer hakk\u0131ndaki bilgiler); \u00f6deme verileri (\u00f6rn. banka bilgileri, faturalar, \u00f6deme ge\u00e7mi\u015fi); s\u00f6zle\u015fme verileri (\u00f6rn. s\u00f6zle\u015fmenin konusu, s\u00fcresi, m\u00fc\u015fteri kategorisi); envanter verileri (\u00f6rn. tam ad, ikamet adresi, ileti\u015fim bilgileri, m\u00fc\u015fteri numaras\u0131, vb.); ileti\u015fim verileri (\u00f6rn. posta ve e-posta adresleri veya telefon numaralar\u0131); i\u00e7erik verileri (\u00f6rn. metin veya resim mesajlar\u0131 ve katk\u0131lar\u0131 ve bunlarla ilgili bilgiler, \u00f6rne\u011fin yazar veya olu\u015fturma zaman\u0131 hakk\u0131nda bilgiler); sosyal veriler (sosyal gizlili\u011fe tabi veriler, \u00f6rne\u011fin sosyal g\u00fcvenlik kurulu\u015flar\u0131ndan al\u0131nan veriler). i\u00e7erik verileri (\u00f6rn. metinsel veya resimsel mesajlar ve katk\u0131lar ve bunlarla ilgili yazarl\u0131k veya olu\u015fturma zaman\u0131 gibi bilgiler); sosyal veriler (sosyal gizlili\u011fe tabi olan ve \u00f6rne\u011fin sosyal sigorta sa\u011flay\u0131c\u0131lar\u0131, sosyal yard\u0131m sa\u011flay\u0131c\u0131lar\u0131 veya emeklilik makamlar\u0131 taraf\u0131ndan i\u015flenen veriler); g\u00fcnl\u00fck verileri (\u00f6rn. oturum a\u00e7ma veya verilerin al\u0131nmas\u0131 veya eri\u015fim s\u00fcreleriyle ilgili g\u00fcnl\u00fck dosyalar\u0131); performans ve davran\u0131\u015f verileri (\u00f6rn. performans ve davran\u0131\u015f y\u00f6nleri). performans de\u011ferlendirmeleri, \u00fcstlerden al\u0131nan geri bildirimler, e\u011fitimlere kat\u0131l\u0131m, \u015firket y\u00f6nergelerine uyum, \u00f6z de\u011ferlendirmeler ve davran\u0131\u015fsal de\u011ferlendirmeler gibi performans ve davran\u0131\u015fsal hususlar); \u00e7al\u0131\u015fma s\u00fcresi verileri (\u00f6rne\u011fin \u00e7al\u0131\u015fma saatlerinin ba\u015flang\u0131c\u0131, \u00e7al\u0131\u015fma saatlerinin sonu, fiili \u00e7al\u0131\u015fma saatleri, hedef \u00e7al\u0131\u015fma saatleri, mola s\u00fcreleri, fazla mesai, tatiller, \u00f6zel izin g\u00fcnleri, hastal\u0131k g\u00fcnleri, devams\u0131zl\u0131klar, ev ofis g\u00fcnleri, i\u015f seyahatleri); maa\u015f verileri (\u00f6rne\u011fin temel maa\u015f, prim \u00f6demeleri, ikramiyeler, primler). temel maa\u015f, ikramiye \u00f6demeleri, primler, vergi s\u0131n\u0131f\u0131 bilgileri, gece \u00e7al\u0131\u015fmas\u0131\/fazla mesai i\u00e7in ek \u00f6demeler, vergi kesintileri, sosyal g\u00fcvenlik katk\u0131lar\u0131, \u00f6denen net tutar); g\u00f6r\u00fcnt\u00fc ve\/veya video kay\u0131tlar\u0131 (\u00f6rne\u011fin bir ki\u015finin foto\u011fraflar\u0131 veya video kay\u0131tlar\u0131); kullan\u0131m verileri (\u00f6rne\u011fin sayfa g\u00f6r\u00fcnt\u00fclemeleri ve kalma s\u00fcreleri, t\u0131klama yollar\u0131, kullan\u0131m yo\u011funlu\u011fu ve s\u0131kl\u0131\u011f\u0131, kullan\u0131lan cihaz t\u00fcrleri ve i\u015fletim sistemleri, i\u00e7erik ve i\u015flevlerle etkile\u015fimler). Meta, ileti\u015fim ve i\u015flem verileri (\u00f6rne\u011fin IP adresleri, zaman verileri, kimlik numaralar\u0131, ilgili ki\u015filer).<\/li><li><strong>\u00d6zel ki\u015fisel veri kategorileri:<\/strong> Sa\u011fl\u0131k verileri; Dini veya felsefi inan\u00e7lar. Sendika \u00fcyeli\u011fi.<\/li><li><strong>Veri \u00f6zneleri:<\/strong> \u00c7al\u0131\u015fanlar (\u00f6rne\u011fin maa\u015fl\u0131 \u00e7al\u0131\u015fanlar, i\u015f ba\u015fvurusunda bulunanlar, ge\u00e7ici personel ve di\u011fer \u00e7al\u0131\u015fanlar).<\/li><li><strong>\u0130\u015fleme ama\u00e7lar\u0131:<\/strong> \u0130stihdam ili\u015fkilerinin kurulmas\u0131 ve y\u00fcr\u00fct\u00fclmesi (istihdam ili\u015fkilerinin kurulmas\u0131 ve y\u00fcr\u00fct\u00fclmesi ba\u011flam\u0131nda \u00e7al\u0131\u015fan verilerinin i\u015flenmesi); i\u015f s\u00fcre\u00e7leri ve i\u015f y\u00f6netimi prosed\u00fcrleri; s\u00f6zle\u015fmeye dayal\u0131 hizmetlerin sa\u011flanmas\u0131 ve s\u00f6zle\u015fmeden do\u011fan y\u00fck\u00fcml\u00fcl\u00fcklerin yerine getirilmesi; halkla ili\u015fkiler; g\u00fcvenlik \u00f6nlemleri. Ofis ve organizasyon prosed\u00fcrleri.<\/li><li class=\"\"><strong>Yasal dayanaklar:<\/strong> S\u00f6zle\u015fmenin yerine getirilmesi ve s\u00f6zle\u015fme \u00f6ncesi sorular (GDPR Madde 6 paragraf 1 c\u00fcmle 1 lit. b); Yasal zorunluluk (GDPR Madde 6 paragraf 1 c\u00fcmle 1 lit. c); Me\u015fru menfaatler (GDPR Madde 6 paragraf 1 c\u00fcmle 1 lit. f)). Sa\u011fl\u0131k, i\u015f ve sosyal g\u00fcvenlikle ilgili \u00f6zel kategorilerdeki ki\u015fisel verilerin i\u015flenmesi (GDPR Madde 9 paragraf 2 lit. h).<\/li><\/ul><p><strong>\u0130\u015fleme faaliyetleri, prosed\u00fcrleri ve hizmetleri hakk\u0131nda daha fazla bilgi:<\/strong><\/p><ul class=\"m-elements\"><li><strong>\u00c7al\u0131\u015fma s\u00fcresi kayd\u0131: <\/strong>\u00c7al\u0131\u015fanlar\u0131n \u00e7al\u0131\u015fma saatlerinin kaydedilmesine y\u00f6nelik prosed\u00fcrler, zaman saatleri, zaman kay\u0131t yaz\u0131l\u0131m\u0131 veya mobil uygulamalar\u0131n kullan\u0131m\u0131 gibi hem manuel hem de otomatik y\u00f6ntemleri i\u00e7erir. Bu, mesaiye giri\u015f ve mesaiden \u00e7\u0131k\u0131\u015f saatlerinin, mola s\u00fcrelerinin, fazla mesailerin ve devams\u0131zl\u0131klar\u0131n girilmesi gibi faaliyetleri i\u00e7erir. Kaydedilen \u00e7al\u0131\u015fma s\u00fcrelerinin kontrol edilmesi ve do\u011frulanmas\u0131, vardiya \u00e7izelgeleriyle kar\u015f\u0131la\u015ft\u0131r\u0131lmas\u0131n\u0131, devams\u0131zl\u0131klar\u0131n kontrol edilmesini ve amirler taraf\u0131ndan fazla mesaiye izin verilmesini i\u00e7erir. Y\u00f6netim ve \u0130K departman\u0131 i\u00e7in zaman \u00e7izelgeleri, fazla mesai raporlar\u0131 ve devams\u0131zl\u0131k istatistikleri sa\u011flamak amac\u0131yla kaydedilen \u00e7al\u0131\u015fma saatleri temelinde raporlar ve analizler olu\u015fturulur; <span class=\"\"><strong>yasal dayanak:<\/strong> s\u00f6zle\u015fmenin ve s\u00f6zle\u015fme \u00f6ncesi taleplerin yerine getirilmesi (GDPR Madde 6 paragraf 1 c\u00fcmle 1 lit. b), me\u015fru menfaatler (GDPR Madde 6 paragraf 1 c\u00fcmle 1 lit. f)).<\/span>   <\/li><li><strong>Yetkilendirme y\u00f6netimi: <\/strong>Bir sistem veya kurulu\u015f i\u00e7indeki eri\u015fim haklar\u0131n\u0131 ve kullan\u0131c\u0131 rollerini tan\u0131mlamak, y\u00f6netmek ve kontrol etmek i\u00e7in gereken prosed\u00fcrler (\u00f6rne\u011fin, yetkilendirme profillerinin olu\u015fturulmas\u0131, rol ve eri\u015fim tabanl\u0131 kontrol, eri\u015fim taleplerinin incelenmesi ve onaylanmas\u0131, eri\u015fim haklar\u0131n\u0131n d\u00fczenli olarak g\u00f6zden ge\u00e7irilmesi, kullan\u0131c\u0131 faaliyetlerinin izlenmesi ve denetlenmesi, g\u00fcvenlik politikalar\u0131n\u0131n ve prosed\u00fcrlerinin olu\u015fturulmas\u0131);  <span class=\"\"><strong>Yasal dayanaklar:<\/strong> S\u00f6zle\u015fmenin yerine getirilmesi ve s\u00f6zle\u015fme \u00f6ncesi sorular (GDPR Madde 6 paragraf 1 c\u00fcmle 1 lit. b), Yasal y\u00fck\u00fcml\u00fcl\u00fck (GDPR Madde 6 paragraf 1 c\u00fcmle 1 lit. c), Me\u015fru menfaatler (GDPR Madde 6 paragraf 1 c\u00fcmle 1 lit. f)).      <\/span><\/li><li><strong>\u00d6zel ki\u015fisel veri kategorileri: <\/strong>\u00d6zel kategorilerdeki ki\u015fisel veriler, istihdam ili\u015fkisi ba\u011flam\u0131nda veya yasal y\u00fck\u00fcml\u00fcl\u00fcklerin yerine getirilmesi amac\u0131yla i\u015flenir. \u0130\u015flenen \u00f6zel ki\u015fisel veri kategorileri aras\u0131nda \u00e7al\u0131\u015fanlar\u0131n sa\u011fl\u0131k durumlar\u0131, sendika \u00fcyelikleri veya dini aidiyetleri ile ilgili veriler yer almaktad\u0131r. Bu veriler, \u00f6rne\u011fin sa\u011fl\u0131k sigortas\u0131 \u015firketlerine aktar\u0131labilir veya \u00e7al\u0131\u015fanlar\u0131n \u00e7al\u0131\u015fma kabiliyetini de\u011ferlendirmek veya i\u015f sa\u011fl\u0131\u011f\u0131 y\u00f6netimi i\u00e7in veya vergi dairesine bilgi sa\u011flamak i\u00e7in i\u015flenebilir;    <span class=\"\"><strong>Yasal dayanaklar:<\/strong> S\u00f6zle\u015fmenin yerine getirilmesi ve s\u00f6zle\u015fme \u00f6ncesi sorular (GDPR Madde 6 paragraf 1 c\u00fcmle 1 lit. b), Yasal y\u00fck\u00fcml\u00fcl\u00fck (GDPR Madde 6 paragraf 1 c\u00fcmle 1 lit. c), Me\u015fru menfaatler (GDPR Madde 6 paragraf 1 c\u00fcmle 1 lit. f)).      <\/span><\/li><li><strong>\u0130\u015flenen verilerin kaynaklar\u0131: <\/strong>\u00c7al\u0131\u015fan\u0131n ba\u015fvurusu ve\/veya i\u015f ili\u015fkisinin bir par\u00e7as\u0131 olarak elde edilen ki\u015fisel veriler i\u015flenmektedir. Ayr\u0131ca, yasalar\u0131n gerektirmesi halinde, ki\u015fisel veriler ba\u015fka kaynaklardan da toplan\u0131r. Bunlar, vergiyle ilgili bilgiler i\u00e7in vergi daireleri, i\u015f g\u00f6remezlikle ilgili bilgiler i\u00e7in ilgili sa\u011fl\u0131k sigortas\u0131 \u015firketi, i\u015f bulma kurumlar\u0131 gibi \u00fc\u00e7\u00fcnc\u00fc taraflar veya ba\u015fvuru prosed\u00fcrleri ba\u011flam\u0131nda profesyonel sosyal a\u011flar gibi halka a\u00e7\u0131k kaynaklar olabilir; <span class=\"\"><strong>yasal dayanaklar: Yasal<\/strong> zorunluluk (GDPR Madde 6 paragraf 1 c\u00fcmle 1 lit. c), me\u015fru menfaatler (GDPR Madde 6 paragraf 1 c\u00fcmle 1 lit. f)).<\/span>  <\/li><li><strong>Veri i\u015fleme ama\u00e7lar\u0131: <\/strong>\u00c7al\u0131\u015fanlar\u0131n ki\u015fisel verileri \u00f6ncelikle i\u015f ili\u015fkisinin kurulmas\u0131, uygulanmas\u0131 ve sona erdirilmesi i\u00e7in i\u015flenir. Ayr\u0131ca, bu verilerin i\u015flenmesi vergi ve sosyal g\u00fcvenlik hukuku alan\u0131ndaki yasal y\u00fck\u00fcml\u00fcl\u00fcklerin yerine getirilmesi i\u00e7in gereklidir. Bu birincil ama\u00e7lara ek olarak, \u00e7al\u0131\u015fan verileri d\u00fczenleyici ve denetleyici gereklilikleri yerine getirmek, elektronik veri i\u015fleme s\u00fcre\u00e7lerini optimize etmek ve muhtemelen istatistiksel veriler de dahil olmak \u00fczere \u015firket i\u00e7i veya \u015firketler aras\u0131 verileri derlemek i\u00e7in de kullan\u0131l\u0131r. Ayr\u0131ca, \u00e7al\u0131\u015fan verileri yasal taleplerin ileri s\u00fcr\u00fclmesi ve yasal ihtilaflarda savunma i\u00e7in i\u015flenebilir;     <span class=\"\"><strong>Yasal dayanaklar:<\/strong> S\u00f6zle\u015fmenin yerine getirilmesi ve s\u00f6zle\u015fme \u00f6ncesi sorular (GDPR Madde 6 paragraf 1 c\u00fcmle 1 lit. b), Yasal y\u00fck\u00fcml\u00fcl\u00fck (GDPR Madde 6 paragraf 1 c\u00fcmle 1 lit. c), Me\u015fru menfaatler (GDPR Madde 6 paragraf 1 c\u00fcmle 1 lit. f)).      <\/span><\/li><li><strong>\u00c7al\u0131\u015fan verilerinin aktar\u0131m\u0131: <\/strong>\u00c7al\u0131\u015fan verileri yaln\u0131zca operasyonel, s\u00f6zle\u015fmeye dayal\u0131 ve yasal y\u00fck\u00fcml\u00fcl\u00fckleri yerine getirmek i\u00e7in ihtiya\u00e7 duyan departmanlar taraf\u0131ndan dahili olarak i\u015flenir.<br>Veriler yaln\u0131zca yasalar gerektiriyorsa veya ilgili \u00e7al\u0131\u015fanlar onay vermi\u015fse harici al\u0131c\u0131lara aktar\u0131l\u0131r. Bunun i\u00e7in olas\u0131 senaryolar, yetkililerden gelen bilgi talepleri veya sermaye olu\u015fumu yard\u0131mlar\u0131 olabilir. Ayr\u0131ca, i\u015fveren olarak s\u00f6zle\u015fmeden do\u011fan ve yasal y\u00fck\u00fcml\u00fcl\u00fcklerini yerine getirmek i\u00e7in gerekli olmas\u0131 halinde, kontrol\u00f6r ki\u015fisel verileri di\u011fer al\u0131c\u0131lara iletebilir. Bu al\u0131c\u0131lar a\u015fa\u011f\u0131dakileri i\u00e7erebilir: a) Bankalar b) Sa\u011fl\u0131k sigortas\u0131 fonlar\u0131, emeklilik sigortas\u0131 sa\u011flay\u0131c\u0131lar\u0131, emeklilik planlar\u0131 ve di\u011fer sosyal sigorta sa\u011flay\u0131c\u0131lar\u0131 c) Yetkililer, mahkemeler (\u00f6rne\u011fin vergi makamlar\u0131, i\u015f mahkemeleri, di\u011fer makamlar, mahkemeler (\u00f6rne\u011fin vergi makamlar\u0131, i\u015f mahkemeleri, raporlama ve bilgilendirme y\u00fck\u00fcml\u00fcl\u00fcklerinin yerine getirilmesinin bir par\u00e7as\u0131 olarak di\u011fer denetleyici makamlar) d) Vergi ve hukuk dan\u0131\u015fmanlar\u0131 e) \u00dccret ve maa\u015f haczi durumunda \u00fc\u00e7\u00fcnc\u00fc taraf bor\u00e7lular f) Yasal olarak ba\u011flay\u0131c\u0131 beyanlar\u0131n yap\u0131lmas\u0131 gereken di\u011fer kurumlar.<br>Ayr\u0131ca, i\u015f ortaklar\u0131, tedarik\u00e7iler veya di\u011fer hizmet sa\u011flay\u0131c\u0131larla ileti\u015fim i\u00e7in gerekli olmas\u0131 halinde veriler \u00fc\u00e7\u00fcnc\u00fc taraflara aktar\u0131labilir. Bunun \u00f6rnekleri aras\u0131nda e-postalar\u0131n veya antetli ka\u011f\u0131tlar\u0131n g\u00f6nderen alan\u0131ndaki bilgiler ve harici platformlarda profillerin olu\u015fturulmas\u0131 yer al\u0131r; <span class=\"\"><strong>yasal dayanak:<\/strong> s\u00f6zle\u015fmenin ve s\u00f6zle\u015fme \u00f6ncesi taleplerin yerine getirilmesi (GDPR Madde 6 paragraf 1 c\u00fcmle 1 lit. b), me\u015fru menfaatler (GDPR Madde 6 paragraf 1 c\u00fcmle 1 lit. f)).<\/span>          <\/li><li><strong>\u00c7al\u0131\u015fan verilerinin \u00fc\u00e7\u00fcnc\u00fc \u00fclkelere aktar\u0131lmas\u0131: <\/strong>\u00c7al\u0131\u015fan verilerinin \u00fc\u00e7\u00fcnc\u00fc \u00fclkelere, yani Avrupa Birli\u011fi (AB) ve Avrupa Ekonomik Alan\u0131 (AEA) d\u0131\u015f\u0131ndaki \u00fclkelere aktar\u0131lmas\u0131, yaln\u0131zca istihdam ili\u015fkisinin yerine getirilmesi i\u00e7in gerekli olmas\u0131, yasalar\u0131n gerektirmesi veya \u00e7al\u0131\u015fanlar\u0131n onay vermesi durumunda ger\u00e7ekle\u015fir. \u00c7al\u0131\u015fanlar, yasalar\u0131n gerektirmesi halinde ayr\u0131nt\u0131lar hakk\u0131nda ayr\u0131ca bilgilendirilecektir; <span class=\"\"><strong>yasal dayanak:<\/strong> Me\u015fru menfaatler (GDPR Madde 6 paragraf 1 c\u00fcmle 1 lit. f)).<\/span> <\/li><li><strong>\u0130\u015f seyahatleri ve seyahat masraflar\u0131n\u0131n muhasebele\u015ftirilmesi: <\/strong>\u0130\u015f seyahatlerinin planlanmas\u0131, y\u00fcr\u00fct\u00fclmesi ve muhasebele\u015ftirilmesi i\u00e7in gerekli prosed\u00fcrler (\u00f6rn. seyahatlerin rezervasyonu, konaklama ve ula\u015f\u0131m ara\u00e7lar\u0131n\u0131n organizasyonu, seyahat masraf avanslar\u0131n\u0131n y\u00f6netimi, seyahat masraf raporlar\u0131n\u0131n sunulmas\u0131 ve do\u011frulanmas\u0131, yap\u0131lan masraflar\u0131n kontrol\u00fc ve <span class=\"\">muhasebele\u015ftirilmesi<\/span>, seyahat y\u00f6nergelerine uyum, seyahat masraf y\u00f6netiminin ele al\u0131nmas\u0131); <span class=\"\"><strong>Yasal dayanak:<\/strong> S\u00f6zle\u015fmenin yerine getirilmesi ve s\u00f6zle\u015fme \u00f6ncesi sorular (<\/span>GDPR Md. <span class=\"\">6 para. 1 c\u00fcmle 1 lit. b) GDPR), Yasal y\u00fck\u00fcml\u00fcl\u00fck (Madde 6 para. 1 c\u00fcmle 1 lit. c) GDPR), Me\u015fru menfaatler (Madde 6 para. 1 c\u00fcmle 1 lit. f) GDPR).<\/span><\/li><li><strong>Bordro muhasebesi ve bordro muhasebesi: <\/strong>\u00dccretlerin, maa\u015flar\u0131n ve \u00e7al\u0131\u015fanlar\u0131n di\u011fer \u00fccretlerinin hesaplanmas\u0131, \u00f6denmesi ve belgelenmesi i\u00e7in gerekli prosed\u00fcrler (\u00f6rne\u011fin, \u00e7al\u0131\u015fma saatlerinin kaydedilmesi, kesintilerin ve ikramiyelerin hesaplanmas\u0131, vergilerin ve sosyal g\u00fcvenlik katk\u0131lar\u0131n\u0131n \u00f6denmesi, maa\u015f bordrolar\u0131n\u0131n haz\u0131rlanmas\u0131, bordro hesaplar\u0131n\u0131n y\u00f6netilmesi, vergi dairesine ve sosyal g\u00fcvenlik kurumlar\u0131na raporlama yap\u0131lmas\u0131);  <span class=\"\"><strong>Yasal dayanak:<\/strong> S\u00f6zle\u015fmenin yerine getirilmesi ve s\u00f6zle\u015fme \u00f6ncesi sorular (GDPR Madde 6 paragraf 1 c\u00fcmle 1 lit. b), Yasal y\u00fck\u00fcml\u00fcl\u00fck (GDPR Madde 6 paragraf 1 c\u00fcmle 1 lit. c)).      <\/span><\/li><li><strong>\u00c7al\u0131\u015fan verilerinin silinmesi: <\/strong>\u00c7al\u0131\u015fan verileri, yasal y\u00fck\u00fcml\u00fcl\u00fckler veya i\u015fverenin \u00e7\u0131karlar\u0131 nedeniyle saklanmas\u0131 veya ar\u015fivlenmesi gerekmedi\u011fi s\u00fcrece, toplanma amac\u0131 i\u00e7in gerekli olmad\u0131\u011f\u0131nda Alman yasalar\u0131na uygun olarak silinir. A\u015fa\u011f\u0131daki saklama ve ar\u015fivleme y\u00fck\u00fcml\u00fcl\u00fcklerine uyulur: <ul><li>Genel personel belgeleri &#8211; Genel personel belgeleri (i\u015f s\u00f6zle\u015fmesi, referans mektubu, ek s\u00f6zle\u015fmeler gibi) i\u015f ili\u015fkisinin sona ermesinden sonra \u00fc\u00e7 y\u0131la kadar saklan\u0131r (\u00a7 195 BGB).<br>Vergi ile ilgili belgeler &#8211; Personel dosyas\u0131ndaki vergi ile ilgili belgeler alt\u0131 y\u0131l s\u00fcreyle saklan\u0131r (\u00a7 147 AO, \u00a7 257 HGB).<br>\u00dccretler ve \u00e7al\u0131\u015fma saatleri ile ilgili bilgiler &#8211; \u00dccret belgesi olan (kaza) sigortal\u0131lar\u0131 i\u00e7in \u00fccretler ve \u00e7al\u0131\u015fma saatleri ile ilgili bilgiler be\u015f y\u0131l s\u00fcreyle saklan\u0131r (\u00a7 165 I 1, IV 2 SGB VII).<\/li><li>\u00d6zel \u00f6deme listeleri de dahil olmak \u00fczere maa\u015f listeleri &#8211; \u00d6zel \u00f6deme listeleri de dahil olmak \u00fczere maa\u015f listeleri, e\u011fer bir muhasebe belgesi mevcutsa, on y\u0131l s\u00fcreyle saklan\u0131r (\u00a7 147 AO, \u00a7 257 HGB).<\/li><li>Ara, son ve \u00f6zel \u00f6demeler i\u00e7in bordro listeleri &#8211; Ara, son ve \u00f6zel \u00f6demeler i\u00e7in bordro listeleri alt\u0131 y\u0131l s\u00fcreyle saklan\u0131r (\u00a7 147 AO, \u00a7 257 HGB).<\/li><li>\u00c7al\u0131\u015fan sigorta belgeleri &#8211; \u00c7al\u0131\u015fan sigorta belgeleri, muhasebe kay\u0131tlar\u0131 mevcutsa, on y\u0131l s\u00fcreyle saklan\u0131r (\u00a7 147 AO, \u00a7 257 HGB).<\/li><li>Sosyal sigorta kurumlar\u0131na katk\u0131 beyanlar\u0131 &#8211; Sosyal sigorta kurumlar\u0131na katk\u0131 beyanlar\u0131 on y\u0131l s\u00fcreyle saklan\u0131r (\u00a7 165 SGB VII).<br>Bordro hesaplar\u0131 &#8211; Bordro hesaplar\u0131 alt\u0131 y\u0131l s\u00fcreyle saklan\u0131r (\u00a7 41 I 9 EStG).<\/li><li>Ba\u015fvuru sahibi verileri &#8211; Red cevab\u0131n\u0131n al\u0131nmas\u0131ndan itibaren en fazla alt\u0131 ay s\u00fcreyle saklan\u0131r.<\/li><li>\u00c7al\u0131\u015fma s\u00fcresi kay\u0131tlar\u0131 (i\u015f g\u00fcnlerinde 8 saatten fazla) &#8211; \u0130ki y\u0131l boyunca saklan\u0131r (Madde 16 II \u00c7al\u0131\u015fma Saatleri Yasas\u0131 (ArbZG)).<\/li><li>Ba\u015fvuru belgeleri (\u00e7evrimi\u00e7i i\u015f ilan\u0131ndan sonra) &#8211; Ret cevab\u0131n\u0131n al\u0131nmas\u0131ndan sonra \u00fc\u00e7 ila en fazla alt\u0131 ay s\u00fcreyle saklan\u0131r (\u00a7 26<\/li><li>Federal Veri Koruma Yasas\u0131 (BDSG) yeni versiyonu, \u00a7 15 IV Genel E\u015fit Muamele Yasas\u0131 (AGG)).<\/li><li>\u0130\u015f g\u00f6remezlik belgeleri (AU) &#8211; Be\u015f y\u0131la kadar saklan\u0131r (Giderlerin Denkle\u015ftirilmesi Yasas\u0131 (AAG) Madde 6 I).<\/li><li>\u015eirket emeklilik plan\u0131 belgeleri &#8211; 30 y\u0131l boyunca saklan\u0131r (\u015eirket Emeklilik Planlar\u0131n\u0131n \u0130yile\u015ftirilmesi Yasas\u0131 (BetrAVG) B\u00f6l\u00fcm 18a).<\/li><li>\u00c7al\u0131\u015fanlar\u0131n hastal\u0131k verileri &#8211; Bir y\u0131l i\u00e7inde alt\u0131 haftay\u0131 a\u015fmayan devams\u0131zl\u0131klar i\u00e7in hastal\u0131k ba\u015flang\u0131c\u0131ndan itibaren on iki ay s\u00fcreyle saklan\u0131r.<\/li><li>Annelik koruma belgeleri &#8211; \u0130ki y\u0131l s\u00fcreyle saklan\u0131r (MuSchG \u00a7 27 paragraf 5).<\/li><\/ul><p><span class=\"\"><strong>Yasal dayanaklar:<\/strong> S\u00f6zle\u015fmenin yerine getirilmesi ve s\u00f6zle\u015fme \u00f6ncesi sorular (GDPR Madde 6 paragraf 1 c\u00fcmle 1 lit. b), Yasal y\u00fck\u00fcml\u00fcl\u00fck (GDPR Madde 6 paragraf 1 c\u00fcmle 1 lit. c), Me\u015fru menfaatler (GDPR Madde 6 paragraf 1 c\u00fcmle 1 lit. f), Sa\u011fl\u0131k, i\u015f ve sosyal g\u00fcvenlikle ilgili \u00f6zel kategorilerdeki ki\u015fisel verilerin i\u015flenmesi (GDPR Madde 9 paragraf 2 lit. h).      <\/span><\/p><\/li><li><strong>Personel dosyas\u0131 y\u00f6netimi: <\/strong>\u00c7al\u0131\u015fan verilerinin ve belgelerinin d\u00fczenlenmesi, g\u00fcncellenmesi ve y\u00f6netimi i\u00e7in gerekli prosed\u00fcrler (\u00f6rne\u011fin, personel ana verilerinin kaydedilmesi, i\u015f s\u00f6zle\u015fmelerinin, referanslar\u0131n ve sertifikalar\u0131n saklanmas\u0131, de\u011fi\u015fiklik durumunda verilerin g\u00fcncellenmesi, \u00e7al\u0131\u015fan de\u011ferlendirmeleri i\u00e7in belgelerin derlenmesi, personel dosyalar\u0131n\u0131n ar\u015fivlenmesi, veri koruma d\u00fczenlemelerine uyum); <span class=\"\"><strong>Yasal dayanak:<\/strong> S\u00f6zle\u015fmenin yerine getirilmesi ve s\u00f6zle\u015fme \u00f6ncesi sorular (<\/span>GDPR Md <span class=\"\">. GDPR 6. madde 1. f\u0131kra 1. c\u00fcmle b), Yasal y\u00fck\u00fcml\u00fcl\u00fck (GDPR 6. madde 1. f\u0131kra 1. c\u00fcmle c), Me\u015fru menfaatler (GDPR 6. madde 1. f\u0131kra 1. c\u00fcmle f), Sa\u011fl\u0131k, i\u015f ve sosyal g\u00fcvenlikle ilgili \u00f6zel kategorilerdeki ki\u015fisel verilerin i\u015flenmesi (GDPR 9. madde 2. f\u0131kra h).<\/span><\/li><li><strong>Personel geli\u015fimi, performans de\u011ferlendirmesi ve \u00e7al\u0131\u015fan de\u011ferlendirmeleri: <\/strong>\u00c7al\u0131\u015fanlar\u0131n terfi ettirilmesi ve geli\u015ftirilmesi, performanslar\u0131n\u0131n de\u011ferlendirilmesi ve \u00e7al\u0131\u015fan de\u011ferlendirmeleri ba\u011flam\u0131nda gerekli prosed\u00fcrler (\u00f6rne\u011fin, ileri e\u011fitim i\u00e7in ihtiya\u00e7 analizi, e\u011fitim \u00f6nlemlerinin planlanmas\u0131 ve uygulanmas\u0131, performans de\u011ferlendirmelerinin haz\u0131rlanmas\u0131, hedef anla\u015fmas\u0131n\u0131n uygulanmas\u0131 ve geri bildirim g\u00f6r\u00fc\u015fmeleri, kariyer planlamas\u0131 ve yetenek y\u00f6netimi, yedekleme planlamas\u0131);  <span class=\"\"><strong>Yasal dayanaklar:<\/strong> S\u00f6zle\u015fmenin yerine getirilmesi ve s\u00f6zle\u015fme \u00f6ncesi sorular (GDPR Madde 6 paragraf 1 c\u00fcmle 1 lit. b), Yasal y\u00fck\u00fcml\u00fcl\u00fck (GDPR Madde 6 paragraf 1 c\u00fcmle 1 lit. c), Me\u015fru menfaatler (GDPR Madde 6 paragraf 1 c\u00fcmle 1 lit. f), Sa\u011fl\u0131k, i\u015f ve sosyal g\u00fcvenlikle ilgili \u00f6zel kategorilerdeki ki\u015fisel verilerin i\u015flenmesi (GDPR Madde 9 paragraf 2 lit. h).      <\/span><\/li><li><strong>Veri sa\u011flama y\u00fck\u00fcml\u00fcl\u00fc\u011f\u00fc: <\/strong>Veri sorumlusu \u00e7al\u0131\u015fanlar\u0131 verilerinin sa\u011flanmas\u0131n\u0131n gerekli oldu\u011fu konusunda bilgilendirmelidir. Bu durum genellikle verilerin i\u015f ili\u015fkisinin kurulmas\u0131 ve y\u00fcr\u00fct\u00fclmesi i\u00e7in gerekli olmas\u0131 veya toplanmas\u0131n\u0131n kanunen zorunlu olmas\u0131 halinde s\u00f6z konusudur. \u00c7al\u0131\u015fanlar\u0131n hak talebinde bulunmas\u0131 veya \u00e7al\u0131\u015fanlar\u0131n hak talebinde bulunma hakk\u0131na sahip olmas\u0131 durumunda da verilerin sa\u011flanmas\u0131 gerekli olabilir. Bu \u00f6nlemlerin uygulanmas\u0131 veya menfaatlerin yerine getirilmesi bu verilerin sa\u011flanmas\u0131na ba\u011fl\u0131d\u0131r (\u00f6rne\u011fin, \u00fccret almak amac\u0131yla verilerin sa\u011flanmas\u0131);     <span class=\"\"><strong>Yasal dayanaklar:<\/strong> S\u00f6zle\u015fmenin yerine getirilmesi ve s\u00f6zle\u015fme \u00f6ncesi sorular (GDPR Madde 6 paragraf 1 c\u00fcmle 1 lit. b), Yasal y\u00fck\u00fcml\u00fcl\u00fck (GDPR Madde 6 paragraf 1 c\u00fcmle 1 lit. c), Me\u015fru menfaatler (GDPR Madde 6 paragraf 1 c\u00fcmle 1 lit. f)).      <\/span><\/li><li><strong>\u00c7al\u0131\u015fan verilerinin yay\u0131nlanmas\u0131 ve if\u015fa edilmesi: <\/strong>\u00c7al\u0131\u015fan verileri yaln\u0131zca i\u015f s\u00f6zle\u015fmesine uygun olarak i\u015f g\u00f6revlerinin yerine getirilmesi i\u00e7in gerekli olmas\u0131 halinde yay\u0131nlan\u0131r veya \u00fc\u00e7\u00fcnc\u00fc taraflara if\u015fa edilir. Bu, \u00f6rne\u011fin \u00e7al\u0131\u015fanlar\u0131n yaz\u0131\u015fmalarda, web sitesinde veya kamuya a\u00e7\u0131k kay\u0131tlarda isti\u015fare veya mutab\u0131k kal\u0131nan bir i\u015f tan\u0131m\u0131n\u0131n ard\u0131ndan irtibat ki\u015fisi olarak adland\u0131r\u0131lmas\u0131 veya sorumluluk alan\u0131n\u0131n temsilci i\u015flevlerini i\u00e7ermesi durumunda ge\u00e7erlidir. Bu durum, halkla ili\u015fkiler \u00e7al\u0131\u015fmalar\u0131n\u0131n bir par\u00e7as\u0131 olarak \u00e7ekilen foto\u011fraflar gibi g\u00f6revlerin yerine getirilmesinin bir par\u00e7as\u0131 olarak kamuyla bir sunum veya ileti\u015fimin ger\u00e7ekle\u015fmesi durumunda da ge\u00e7erli olabilir. Aksi takdirde, \u00e7al\u0131\u015fanlar\u0131n verileri yaln\u0131zca r\u0131zalar\u0131yla veya i\u015fverenin me\u015fru menfaatleri temelinde, \u00f6rne\u011fin halka a\u00e7\u0131k bir etkinli\u011fin par\u00e7as\u0131 olarak \u00e7ekilen sahne veya grup foto\u011fraflar\u0131 durumunda yay\u0131nlanacakt\u0131r; <span class=\"\"><strong>yasal dayanak:<\/strong> s\u00f6zle\u015fmenin yerine getirilmesi ve s\u00f6zle\u015fme \u00f6ncesi sorular (GDPR Madde 6 paragraf 1 c\u00fcmle 1 lit. b), me\u015fru menfaatler (GDPR Madde 6 paragraf 1 c\u00fcmle 1 lit. f)).<\/span>   <\/li><\/ul><h2 id=\"m210\">Ba\u015fvuru prosed\u00fcr\u00fc<\/h2><p>Ba\u015fvuru s\u00fcreci, ba\u015fvuru sahiplerinin de\u011ferlendirilmeleri ve se\u00e7ilmeleri i\u00e7in gerekli verileri bize sa\u011flamalar\u0131n\u0131 gerektirir. Gerekli bilgiler i\u015f tan\u0131m\u0131nda veya \u00e7evrimi\u00e7i formlar s\u00f6z konusu oldu\u011funda burada sa\u011flanan ayr\u0131nt\u0131larda bulunabilir. <\/p><p>Prensip olarak, gerekli bilgiler isim, adres, ileti\u015fim bilgileri ve pozisyon i\u00e7in gerekli niteliklerin kan\u0131t\u0131 gibi ki\u015fisel bilgileri i\u00e7erir. Talep \u00fczerine, hangi ayr\u0131nt\u0131lar\u0131n gerekli oldu\u011fu konusunda ek bilgi vermekten memnuniyet duyar\u0131z. <\/p><p>Varsa, ba\u015fvuru sahipleri ba\u015fvurular\u0131n\u0131 en son teknoloji kullan\u0131larak \u015fifrelenmi\u015f \u00e7evrimi\u00e7i formumuz arac\u0131l\u0131\u011f\u0131yla g\u00f6nderebilirler. Alternatif olarak, ba\u015fvurular\u0131 bize e-posta ile g\u00f6ndermek de m\u00fcmk\u00fcnd\u00fcr. Ancak, internet \u00fczerinden g\u00f6nderilen e-postalar\u0131n genellikle \u015fifrelenmedi\u011fini belirtmek isteriz. E-postalar genellikle aktar\u0131m s\u0131ras\u0131nda \u015fifrelenmesine ra\u011fmen, bu i\u015flem e-postalar\u0131n g\u00f6nderildi\u011fi ve al\u0131nd\u0131\u011f\u0131 sunucularda ger\u00e7ekle\u015fmez. Bu nedenle, g\u00f6nderici ile sunucumuz aras\u0131ndaki iletim yolunda uygulaman\u0131n g\u00fcvenli\u011fi i\u00e7in herhangi bir sorumluluk kabul edemeyiz.    <\/p><p>Ba\u015fvuru sahiplerini aramak, ba\u015fvurular\u0131 g\u00f6ndermek ve ba\u015fvuru sahiplerini se\u00e7mek amac\u0131yla, yasal gerekliliklere uygun olarak \u00fc\u00e7\u00fcnc\u00fc taraf sa\u011flay\u0131c\u0131lar\u0131n ba\u015fvuru sahibi y\u00f6netimi veya i\u015fe al\u0131m yaz\u0131l\u0131mlar\u0131n\u0131, platformlar\u0131n\u0131 ve hizmetlerini kullanabiliriz.<\/p><p>Ba\u015fvuru sahipleri, ba\u015fvurular\u0131n\u0131 nas\u0131l g\u00f6nderecekleri konusunda bizimle ileti\u015fime ge\u00e7ebilir veya ba\u015fvurular\u0131n\u0131 posta yoluyla bize g\u00f6nderebilirler.<\/p><p><strong>\u00d6zel veri kategorilerinin i\u015flenmesi:<\/strong> Ba\u015fvuru sahiplerinden \u00f6zel ki\u015fisel veri kategorileri (GDPR Madde 9 paragraf 1, \u00f6rne\u011fin a\u011f\u0131r engelli durumu veya etnik k\u00f6ken gibi sa\u011fl\u0131k verileri) talep edildi\u011fi veya ba\u015fvuru prosed\u00fcr\u00fcn\u00fcn bir par\u00e7as\u0131 olarak onlar taraf\u0131ndan iletildi\u011fi \u00f6l\u00e7\u00fcde, bunlar\u0131n i\u015flenmesi, kontrol\u00f6r\u00fcn veya veri sahibinin i\u015f hukukundan ve sosyal g\u00fcvenlik ve sosyal koruma hukukundan kaynaklanan haklar\u0131n\u0131 kullanabilmesi ve bu konudaki y\u00fck\u00fcml\u00fcl\u00fcklerini yerine getirebilmesi i\u00e7in ger\u00e7ekle\u015ftirilir. Ba\u015fvuru sahiplerinin veya di\u011fer ki\u015filerin hayati \u00e7\u0131karlar\u0131n\u0131n korunmas\u0131 veya \u00f6nleyici sa\u011fl\u0131k hizmetleri veya i\u015f hekimli\u011fi ama\u00e7lar\u0131 do\u011frultusunda, \u00e7al\u0131\u015fan\u0131n i\u015fe uygunlu\u011funun de\u011ferlendirilmesi, t\u0131bbi te\u015fhis, sa\u011fl\u0131k veya sosyal bak\u0131m veya tedavi sa\u011flanmas\u0131 veya sa\u011fl\u0131k veya sosyal bak\u0131m sistemlerinin ve hizmetlerinin y\u00f6netimi i\u00e7in.<\/p><p><strong>Verilerin silinmesi:<\/strong> Ba\u015fvuru sahipleri taraf\u0131ndan sa\u011flanan veriler, ba\u015far\u0131l\u0131 bir ba\u015fvuru durumunda istihdam ili\u015fkisinin ama\u00e7lar\u0131 do\u011frultusunda taraf\u0131m\u0131zca daha fazla i\u015flenebilir. Aksi takdirde, bir i\u015f teklifi ba\u015fvurusu ba\u015far\u0131s\u0131z olursa, ba\u015fvuru sahibinin verileri silinecektir. Ba\u015fvuru sahiplerinin verileri, ba\u015fvurunun geri \u00e7ekilmesi halinde de silinecektir; ba\u015fvuru sahipleri bunu istedikleri zaman yapma hakk\u0131na sahiptir. Ba\u015fvuru sahibi taraf\u0131ndan gerek\u00e7eli bir iptale tabi olarak, silme i\u015flemi en ge\u00e7 alt\u0131 ayl\u0131k bir s\u00fcrenin ard\u0131ndan ger\u00e7ekle\u015ftirilecektir, b\u00f6ylece ba\u015fvuru ile ilgili takip sorular\u0131n\u0131 yan\u0131tlayabilir ve ba\u015fvuru sahiplerine e\u015fit muameleye ili\u015fkin d\u00fczenlemeler kapsam\u0131nda kan\u0131t sa\u011flama y\u00fck\u00fcml\u00fcl\u00fcklerimizi yerine getirebiliriz. Seyahat masraflar\u0131n\u0131n geri \u00f6denmesine ili\u015fkin faturalar vergi d\u00fczenlemelerine uygun olarak ar\u015fivlenecektir.    <\/p><p>Bir ba\u015fvuru havuzuna dahil edilme<strong>:<\/strong> Bir ba\u015fvuru havuzuna dahil edilme, teklif edilmesi halinde, r\u0131zaya dayal\u0131d\u0131r. Ba\u015fvuru sahipleri, yetenek havuzuna dahil edilmelerine r\u0131za g\u00f6stermelerinin g\u00f6n\u00fcll\u00fcl\u00fck esas\u0131na dayand\u0131\u011f\u0131, devam eden ba\u015fvuru s\u00fcreci \u00fczerinde hi\u00e7bir etkisinin olmad\u0131\u011f\u0131 ve gelecekte istedikleri zaman r\u0131zalar\u0131n\u0131 geri \u00e7ekebilecekleri konusunda bilgilendirilir. <\/p><ul class=\"m-elements\"><li><strong>\u0130\u015flenen veri t\u00fcrleri:<\/strong> Envanter verileri (\u00f6rne\u011fin tam ad, ikamet adresi, ileti\u015fim bilgileri, m\u00fc\u015fteri numaras\u0131, vb.); ileti\u015fim verileri (\u00f6rne\u011fin posta ve e-posta adresleri veya telefon numaralar\u0131); i\u00e7erik verileri (\u00f6rne\u011fin metinsel veya g\u00f6rsel mesajlar ve katk\u0131lar\u0131n yan\u0131 s\u0131ra yazarl\u0131k veya olu\u015fturma zaman\u0131 bilgileri gibi bunlarla ilgili bilgiler). Ba\u015fvuru verileri (\u00f6rne\u011fin ki\u015fisel bilgiler, posta ve ileti\u015fim adresleri, ba\u015fvuruya ait belgeler ve burada yer alan bilgiler, \u00f6rne\u011fin \u00f6n yaz\u0131, \u00f6zge\u00e7mi\u015f, sertifikalar ve belirli bir pozisyonla ilgili olarak veya ba\u015fvuru sahipleri taraf\u0131ndan g\u00f6n\u00fcll\u00fc olarak sa\u011flanan di\u011fer ki\u015fisel veya yeterlilik bilgileri).<\/li><li><strong>Veri sahipleri:<\/strong> Ba\u015fvuru sahipleri.<\/li><li><strong>\u0130\u015fleme ama\u00e7lar\u0131:<\/strong> Ba\u015fvuru prosed\u00fcr\u00fc (gerek\u00e7e ve olas\u0131 m\u00fcteakip uygulama ve istihdam ili\u015fkisinin olas\u0131 m\u00fcteakip feshi).<\/li><li>Saklama<strong>ve silme:<\/strong> &#8220;Veri saklama ve silme hakk\u0131nda genel bilgiler&#8221; b\u00f6l\u00fcm\u00fcndeki bilgilere uygun olarak silme.<\/li><li class=\"\"><strong>Yasal dayanak:<\/strong> S\u00f6zle\u015fme \u00f6ncesi veya s\u00f6zle\u015fmeye dayal\u0131 bir ili\u015fki olarak ba\u015fvuru prosed\u00fcr\u00fc (GDPR Madde 6 paragraf 1 c\u00fcmle 1 lit. b)).<\/li><\/ul><h2 id=\"m2324\">\u0130hbarc\u0131lar i\u00e7in veri koruma bilgileri<\/h2><p>Bu b\u00f6l\u00fcmde, bilgi veren ki\u015filerden (ihbarc\u0131lar) ve ihbar prosed\u00fcr\u00fcm\u00fcz\u00fcn bir par\u00e7as\u0131 olarak etkilenen ve ilgili taraflardan gelen verileri nas\u0131l ele ald\u0131\u011f\u0131m\u0131z hakk\u0131nda bilgi bulacaks\u0131n\u0131z. Amac\u0131m\u0131z, bizim, \u00e7al\u0131\u015fanlar\u0131m\u0131z\u0131n veya hizmet sa\u011flay\u0131c\u0131lar\u0131m\u0131z\u0131n olas\u0131 suistimallerini, \u00f6zellikle de yasalar\u0131 veya etik kurallar\u0131 ihlal eden eylemleri bildirmek i\u00e7in karma\u015f\u0131k olmayan ve g\u00fcvenli bir yol sa\u011flamakt\u0131r. Ayr\u0131ca raporlar\u0131n uygun \u015fekilde i\u015flenmesini ve ele al\u0131nmas\u0131n\u0131 sa\u011fl\u0131yoruz.  <\/p><p>\u0130\u015flenmi\u015f veri t\u00fcrleri:<\/p><p>\u0130hbarlar\u0131n al\u0131nmas\u0131 ve i\u015flenmesi s\u0131ras\u0131nda ve m\u00fcteakip ihbar prosed\u00fcr\u00fcnde \u00e7e\u015fitli veriler toplayabiliriz. Buna \u00f6zellikle bir ihbarc\u0131 taraf\u0131ndan sa\u011flanan veriler dahildir, \u00f6rne\u011fin <\/p><ul><li>Bilgiyi sa\u011flayan ki\u015finin ad\u0131, ileti\u015fim bilgileri ve konumu,<\/li><li>Olas\u0131 tan\u0131klar\u0131n veya ihbardan etkilenen ki\u015filerin isimleri ve detaylar\u0131,<\/li><li>\u0130hbar\u0131n y\u00f6neltildi\u011fi ki\u015filerin isimleri ve detaylar\u0131,<\/li><li>\u0130ddia edilen suistimalle ilgili veriler,<\/li><li>\u0130hbarc\u0131 taraf\u0131ndan sa\u011flanm\u0131\u015fsa, di\u011fer ilgili ayr\u0131nt\u0131lar.<\/li><\/ul><p>A\u015fa\u011f\u0131daki ki\u015fisel verileri de olgular\u0131 analiz etmek ve daha sonraki i\u015flemler i\u00e7in i\u015fliyoruz:<\/p><ul><li>Raporun a\u00e7\u0131k bir \u015fekilde etiketlenmesi,<\/li><li>Belirtilmi\u015fse, bilgiyi sa\u011flayan ki\u015finin ileti\u015fim bilgileri,<\/li><li>Belirtilmi\u015fse, raporda ad\u0131 ge\u00e7en ki\u015filerin ki\u015fisel verileri,<\/li><li>Varsa, bilgi kontrol\u00fcnden dolayl\u0131 olarak etkilenen ki\u015filerin ki\u015fisel verileri,<\/li><li>\u0130lgili olmas\u0131 halinde, ilgili di\u011fer \u015firketlerden ki\u015filerin ki\u015fisel verileri (\u00f6rn. hukuki dan\u0131\u015fmanl\u0131k ba\u011flam\u0131nda),<\/li><li>Vakan\u0131n ger\u00e7ekleriyle ilgili di\u011fer veriler.<\/li><\/ul><p>\u00d6zel ki\u015fisel veri kategorileri:<\/p><p>Faaliyetlerimiz s\u0131ras\u0131nda, \u00f6zellikle de bunlar\u0131n bir ihbarc\u0131 taraf\u0131ndan iletilmesi halinde, \u00f6zel t\u00fcrde ki\u015fisel veriler toplayabiliriz. Bunlar \u015funlar\u0131 i\u00e7erir:<\/p><ul><li>Bir ki\u015finin sa\u011fl\u0131kla ilgili verileri,<\/li><li>Bir ki\u015finin \u0131rksal veya etnik k\u00f6kenine ili\u015fkin veriler,<\/li><li>Bir ki\u015finin dini veya felsefi inan\u00e7lar\u0131 hakk\u0131nda bilgi,<\/li><li>Bir ki\u015finin cinsel y\u00f6nelimi hakk\u0131nda bilgi.<\/li><\/ul><p>Bu veriler yaln\u0131zca ilgili raporun i\u015flenmesiyle ilgiliyse ve ihbarc\u0131 taraf\u0131ndan a\u00e7\u0131k\u00e7a sa\u011flanm\u0131\u015fsa i\u015flenir.<\/p><p>\u00c7evrimi\u00e7i formlar\u0131m\u0131z\u0131n kullan\u0131m\u0131: L\u00fctfen yorumlar\u0131n\u0131z\u0131 anonim olarak g\u00f6ndermenin m\u00fcmk\u00fcn oldu\u011funu unutmay\u0131n. \u00c7evrimi\u00e7i formlar\u0131m\u0131z\u0131 kullan\u0131rken verilerinizin g\u00fcvenli\u011fini sa\u011flamak i\u00e7in, bunlara taray\u0131c\u0131n\u0131z\u0131n &#8216;gizli modunda&#8217; eri\u015fmenizi \u00f6neririz. Gizli bir pencereyi a\u015fa\u011f\u0131daki \u015fekilde a\u00e7abilirsiniz: a) Windows PC&#8217;de: Taray\u0131c\u0131n\u0131z\u0131 a\u00e7\u0131n ve Ctrl+Shift+N tu\u015flar\u0131na bas\u0131n; b) Mac&#8217;te: Taray\u0131c\u0131n\u0131z\u0131 a\u00e7\u0131n ve Command+Shift+N tu\u015flar\u0131na bas\u0131n; c) Mobil cihazlarda: Sekme men\u00fcs\u00fc arac\u0131l\u0131\u011f\u0131yla \u00f6zel moda ge\u00e7in.     <\/p><p>Web sitemize normal modda eri\u015fti\u011finizde, taray\u0131c\u0131n\u0131z otomatik olarak sunucumuza taray\u0131c\u0131 t\u00fcr\u00fc ve s\u00fcr\u00fcm\u00fc, eri\u015fiminizin tarihi ve saati gibi belirli bilgileri g\u00f6nderir. Bu ayn\u0131 zamanda son cihaz\u0131n\u0131z\u0131n IP adresini de i\u00e7erir. Bu veriler ge\u00e7ici olarak bir g\u00fcnl\u00fck dosyas\u0131nda saklan\u0131r ve en ge\u00e7 30 g\u00fcn sonra otomatik olarak silinir.  <\/p><p>IP adresi, web sitemize ba\u011flant\u0131 kurmak i\u00e7in teknik ve idari ama\u00e7larla i\u015flenir. Bu, ihbar formunun g\u00fcvenli\u011fini, istikrar\u0131n\u0131 ve i\u015flevselli\u011fini sa\u011flar ve bilgilerin gizli bir \u015fekilde sunulmas\u0131n\u0131 sa\u011flamaya y\u00f6nelik \u00f6nlemlerimizin \u00f6nemli bir par\u00e7as\u0131d\u0131r. <\/p><p>Kaydedilen verilerin i\u015flenmesi GDPR Madde 6 paragraf 1 c\u00fcmle 1 lit. f)&#8217;ye dayanmaktad\u0131r. Buradaki me\u015fru menfaatimiz, g\u00fcvenlik ihtiyac\u0131 ve sorunsuz ve sorunsuz bildirim i\u00e7in teknik gereklilikleri sa\u011flama ihtiyac\u0131nda yatmaktad\u0131r.   <\/p><p>\u0130simlerin belirtilmesi: Yorumlar\u0131n\u0131z\u0131 isimsiz olarak g\u00f6nderme se\u00e7ene\u011finiz bulunmaktad\u0131r. Ancak, ulusal mevzuat taraf\u0131ndan yasaklanmad\u0131\u011f\u0131 s\u00fcrece, ad\u0131n\u0131z\u0131 ve ileti\u015fim bilgilerinizi vermenizi \u00f6neririz. Bu sayede raporu daha etkin bir \u015fekilde inceleyebilir ve gerekti\u011finde sizinle do\u011frudan ileti\u015fime ge\u00e7ebiliriz.  <\/p><p>Ad\u0131n\u0131z\u0131 ve ileti\u015fim bilgilerinizi vermeniz halinde kimli\u011finiz kesinlikle gizli tutulacakt\u0131r. Bu gizlili\u011fin istisnalar\u0131 yaln\u0131zca yasal olarak kimli\u011finizi if\u015fa etmek zorunda olmam\u0131z durumunda ge\u00e7erlidir. Bu, haklar\u0131m\u0131z\u0131 veya \u00e7al\u0131\u015fanlar\u0131m\u0131z\u0131n, m\u00fc\u015fterilerimizin, tedarik\u00e7ilerimizin veya i\u015f ortaklar\u0131m\u0131z\u0131n haklar\u0131n\u0131 korumak veya savunmak i\u00e7in gerekli olabilir. \u0130ddialar\u0131n k\u00f6t\u00fc niyetle yap\u0131ld\u0131\u011f\u0131n\u0131n tespit edilmesi halinde bir ba\u015fka istisna daha mevcuttur.   <\/p><p>\u00dc\u00e7\u00fcnc\u00fc taraflara veri sa\u011flanmas\u0131: \u00dc\u00e7\u00fcnc\u00fc taraflara sa\u011flanan bilgilerle ba\u011flant\u0131l\u0131 olarak verileri yaln\u0131zca belirli ko\u015fullar alt\u0131nda aktaraca\u011f\u0131z. Bu, ya a) bize bunu yapmak i\u00e7in a\u00e7\u0131k onay\u0131n\u0131z\u0131 verdiyseniz ya da b) verileri aktarmak i\u00e7in yasal bir zorunluluk varsa ger\u00e7ekle\u015fir. Olas\u0131 \u00fc\u00e7\u00fcnc\u00fc taraflar aras\u0131nda, if\u015fan\u0131n yasal veya d\u00fczenleyici bir y\u00fck\u00fcml\u00fcl\u00fc\u011f\u00fc yerine getirmek i\u00e7in gerekli olmas\u0131 halinde kamu makamlar\u0131, h\u00fck\u00fcmet, d\u00fczenleyici veya vergi makamlar\u0131 yer almaktad\u0131r. Ayr\u0131ca, yasal h\u00fck\u00fcmler \u00e7er\u00e7evesinde avukatlara ve di\u011fer profesyonel dan\u0131\u015fmanlara talimat verebiliriz. Bu ki\u015filer, \u015f\u00fcpheli suistimalleri soru\u015fturmaya ve bir soru\u015fturman\u0131n ard\u0131ndan disiplin veya yasal i\u015flem ba\u015flatmak gibi gerekli \u00f6nlemleri almaya yetkilidir. Ayr\u0131ca, taraf\u0131m\u0131zdan \u00f6zenle se\u00e7ilen ve izlenen hizmet sa\u011flay\u0131c\u0131lar da bu ama\u00e7lar do\u011frultusunda veri alabilir (\u00f6rne\u011fin web tabanl\u0131 bir raporlama sisteminin operat\u00f6rleri). Ancak, bu hizmet sa\u011flay\u0131c\u0131lar, g\u00f6revlendirilmi\u015f veri i\u015flemenin bir par\u00e7as\u0131 olarak ge\u00e7erli veri koruma d\u00fczenlemelerine uymakla s\u00f6zle\u015fmeye ba\u011fl\u0131 olarak y\u00fck\u00fcml\u00fcd\u00fcr.        <\/p><p>Veri saklama ve silme: Ki\u015fisel veriler yaln\u0131zca yukar\u0131da a\u00e7\u0131klanan i\u015fleme ama\u00e7lar\u0131n\u0131 yerine getirmek i\u00e7in gerekli oldu\u011fu s\u00fcrece i\u015flenecektir. Bu veriler belirtilen ama\u00e7lar i\u00e7in art\u0131k gerekli de\u011filse silinecektir. Ancak baz\u0131 durumlarda, gerekli ve orant\u0131l\u0131 oldu\u011fu s\u00fcrece, yasal gereklilikleri yerine getirmek i\u00e7in veriler daha uzun s\u00fcre tutulabilir. Bu gibi durumlarda, veriler bu ama\u00e7lar i\u00e7in art\u0131k gerekli olmad\u0131\u011f\u0131 anda silinecektir.   <\/p><p>Teknik ve organizasyonel \u00f6nlemler: Taraf\u0131m\u0131zca i\u015flenen t\u00fcm verilerin g\u00fcvenli\u011fini sa\u011flamak i\u00e7in gerekli s\u00f6zle\u015fmeye dayal\u0131, teknik ve organizasyonel \u00f6nlemleri uygulad\u0131k. Bu veriler yaln\u0131zca belirtilen ama\u00e7lar i\u00e7in i\u015flenir. Gelen raporlar, ilgili raporlara eri\u015fim izni verilen ve daha sonra ger\u00e7eklerin incelenmesini ger\u00e7ekle\u015ftiren yetkili ki\u015filer taraf\u0131ndan i\u015flenir. \u00c7al\u0131\u015fanlar\u0131m\u0131z, olgusal kontrolleri d\u00fczg\u00fcn bir \u015fekilde ger\u00e7ekle\u015ftirmek i\u00e7in \u00f6zel olarak e\u011fitilmi\u015ftir ve en kat\u0131 gizlili\u011fi korumakla y\u00fck\u00fcml\u00fcd\u00fcr.   <\/p><ul class=\"m-elements\"><li><strong>\u0130\u015flenen veri t\u00fcrleri:<\/strong> Envanter verileri (\u00f6rn. tam ad, ikamet adresi, ileti\u015fim bilgileri, m\u00fc\u015fteri numaras\u0131, vb.); \u00c7al\u0131\u015fan verileri (\u00e7al\u0131\u015fanlar ve istihdam ili\u015fkisi i\u00e7indeki di\u011fer ki\u015filer hakk\u0131ndaki bilgiler); \u0130leti\u015fim verileri (\u00f6rn. posta ve e-posta adresleri veya telefon numaralar\u0131); \u0130\u00e7erik verileri (\u00f6rn. metin veya resim mesajlar\u0131 ve katk\u0131lar ve bunlarla ilgili yazarl\u0131k veya olu\u015fturma zaman\u0131 bilgileri gibi bilgiler). Kullan\u0131m verileri (\u00f6rne\u011fin sayfa g\u00f6r\u00fcnt\u00fclemeleri ve bekleme s\u00fcresi, t\u0131klama yollar\u0131, kullan\u0131m yo\u011funlu\u011fu ve s\u0131kl\u0131\u011f\u0131, kullan\u0131lan cihaz t\u00fcrleri ve i\u015fletim sistemleri, i\u00e7erik ve i\u015flevlerle etkile\u015fimler). <\/li><li><strong>Etkilenen ki\u015filer:<\/strong> \u00c7al\u0131\u015fanlar (\u00f6rn. \u00e7al\u0131\u015fanlar, ba\u015fvuru sahipleri, ge\u00e7ici personel ve di\u011fer \u00e7al\u0131\u015fanlar); \u00fc\u00e7\u00fcnc\u00fc taraflar. \u0130hbarc\u0131. <\/li><li><strong>\u0130\u015fleme ama\u00e7lar\u0131:<\/strong> ihbarc\u0131 korumas\u0131.<\/li><li>Saklama <strong>ve silme:<\/strong> &#8220;Veri saklama ve silme hakk\u0131nda genel bilgiler&#8221; b\u00f6l\u00fcm\u00fcndeki bilgilere uygun olarak silme.<\/li><li class=\"\"><strong>Yasal dayanak:<\/strong> R\u0131za (Madde 6 paragraf 1 c\u00fcmle 1 lit. a) GDPR); Yasal y\u00fck\u00fcml\u00fcl\u00fck (Madde 6 paragraf 1 c\u00fcmle 1 lit. c) GDPR). Me\u015fru menfaatler (GDPR Madde 6 Paragraf 1 C\u00fcmle 1 Bent f). <\/li><\/ul><h2 id=\"m4319\">\u0130hbar sistemleri<\/h2><p>\u0130hbar prosed\u00fcr\u00fcm\u00fcz\u00fcn bir par\u00e7as\u0131 olarak harici sa\u011flay\u0131c\u0131lar kullan\u0131yoruz. Bunu yaparken yasal gereklilikler \u00e7er\u00e7evesinde hareket ediyor ve g\u00fcvenlik \u00f6nlemlerine ili\u015fkin olarak uydu\u011fumuz teknik ve organizasyonel gerekliliklerin harici sa\u011flay\u0131c\u0131lar taraf\u0131ndan da kar\u015f\u0131lanmas\u0131n\u0131 sa\u011fl\u0131yoruz. <\/p><ul class=\"m-elements\"><li><strong>\u0130\u015flenen veri t\u00fcrleri:<\/strong> Envanter verileri (\u00f6rn. tam ad, ikamet adresi, ileti\u015fim bilgileri, m\u00fc\u015fteri numaras\u0131, vb.); \u00c7al\u0131\u015fan verileri (\u00e7al\u0131\u015fanlar ve istihdam ili\u015fkisi i\u00e7indeki di\u011fer ki\u015filer hakk\u0131ndaki bilgiler); \u0130leti\u015fim verileri (\u00f6rn. posta ve e-posta adresleri veya telefon numaralar\u0131); \u0130\u00e7erik verileri (\u00f6rn. metin veya resim mesajlar\u0131 ve katk\u0131lar ve bunlarla ilgili yazarl\u0131k veya olu\u015fturma zaman\u0131 bilgileri gibi bilgiler). Kullan\u0131m verileri (\u00f6rne\u011fin sayfa g\u00f6r\u00fcnt\u00fclemeleri ve bekleme s\u00fcresi, t\u0131klama yollar\u0131, kullan\u0131m yo\u011funlu\u011fu ve s\u0131kl\u0131\u011f\u0131, kullan\u0131lan cihaz t\u00fcrleri ve i\u015fletim sistemleri, i\u00e7erik ve i\u015flevlerle etkile\u015fimler). <\/li><li><strong>Etkilenen ki\u015filer:<\/strong> \u00c7al\u0131\u015fanlar (\u00f6rne\u011fin maa\u015fl\u0131 \u00e7al\u0131\u015fanlar, ba\u015fvuru sahipleri, ge\u00e7ici personel ve di\u011fer \u00e7al\u0131\u015fanlar); \u00fc\u00e7\u00fcnc\u00fc taraflar. \u0130hbarc\u0131. <\/li><li><strong>\u0130\u015fleme ama\u00e7lar\u0131:<\/strong> ihbarc\u0131 korumas\u0131.<\/li><li>Saklama <strong>ve silme:<\/strong> &#8220;Veri saklama ve silme hakk\u0131nda genel bilgiler&#8221; b\u00f6l\u00fcm\u00fcndeki bilgilere uygun olarak silme.<\/li><li class=\"\"><strong>Yasal dayanak:<\/strong> R\u0131za (Madde 6 paragraf 1 c\u00fcmle 1 lit. a) GDPR); Yasal y\u00fck\u00fcml\u00fcl\u00fck (Madde 6 paragraf 1 c\u00fcmle 1 lit. c) GDPR). Me\u015fru menfaatler (GDPR Madde 6 Paragraf 1 C\u00fcmle 1 Bent f). <\/li><\/ul><h2 id=\"m15\">De\u011fi\u015ftirin ve g\u00fcncelleyin<\/h2><p>Gizlilik politikam\u0131z\u0131n i\u00e7eri\u011fi hakk\u0131nda kendinizi d\u00fczenli olarak bilgilendirmenizi rica ediyoruz. Taraf\u0131m\u0131zca ger\u00e7ekle\u015ftirilen veri i\u015flemedeki de\u011fi\u015fiklikler bunu gerekli k\u0131ld\u0131\u011f\u0131 anda gizlilik politikas\u0131n\u0131 de\u011fi\u015ftirece\u011fiz. De\u011fi\u015fiklikler i\u015fbirli\u011finizi (\u00f6rn. onay) veya ba\u015fka bir bireysel bildirimi gerektirdi\u011finde sizi bilgilendirece\u011fiz.  <\/p><p>Bu gizlilik politikas\u0131nda \u015firketlerin ve kurulu\u015flar\u0131n adreslerini ve ileti\u015fim bilgilerini verirsek, adreslerin zaman i\u00e7inde de\u011fi\u015febilece\u011fini l\u00fctfen unutmay\u0131n ve l\u00fctfen bizimle ileti\u015fime ge\u00e7meden \u00f6nce bilgileri kontrol edin.<\/p><h2 id=\"m42\">Terimlerin tan\u0131mlar\u0131<\/h2><p>Bu b\u00f6l\u00fcm size bu gizlilik politikas\u0131nda kullan\u0131lan terimlere genel bir bak\u0131\u015f sa\u011flar. Terimler yasalar taraf\u0131ndan tan\u0131mland\u0131\u011f\u0131 s\u00fcrece, yasal tan\u0131mlar\u0131 ge\u00e7erlidir. \u00d6te yandan, a\u015fa\u011f\u0131daki a\u00e7\u0131klamalar \u00f6ncelikle anla\u015f\u0131lmaya yard\u0131mc\u0131 olmay\u0131 ama\u00e7lamaktad\u0131r.  <\/p><ul class=\"glossary\"><li><strong>Sat\u0131\u015f ortakl\u0131\u011f\u0131 takibi:<\/strong> Sat\u0131\u015f ortakl\u0131\u011f\u0131 takibinin bir par\u00e7as\u0131 olarak, ba\u011flant\u0131 veren web sitelerinin kullan\u0131c\u0131lar\u0131 \u00fcr\u00fcn veya di\u011fer teklifler i\u00e7eren web sitelerine y\u00f6nlendirmek i\u00e7in kulland\u0131klar\u0131 ba\u011flant\u0131lar kaydedilir. \u0130lgili ba\u011flant\u0131 web sitelerinin operat\u00f6rleri, kullan\u0131c\u0131lar bu s\u00f6zde ba\u011fl\u0131 kurulu\u015f ba\u011flant\u0131lar\u0131n\u0131 izler ve daha sonra tekliflerden yararlan\u0131rsa (\u00f6rne\u011fin, mal sat\u0131n al\u0131r veya hizmetlerden yararlan\u0131rsa) bir komisyon alabilir. Bu ama\u00e7la, sa\u011flay\u0131c\u0131lar\u0131n, belirli tekliflerle ilgilenen kullan\u0131c\u0131lar\u0131n daha sonra ba\u011fl\u0131 kurulu\u015f ba\u011flant\u0131lar\u0131n\u0131n te\u015fvikiyle bunlardan yararlan\u0131p yararlanmad\u0131klar\u0131n\u0131 izleyebilmeleri gerekir. Bu nedenle, sat\u0131\u015f ortakl\u0131\u011f\u0131 ba\u011flant\u0131lar\u0131n\u0131n i\u015flevselli\u011fi i\u00e7in, ba\u011flant\u0131n\u0131n bir par\u00e7as\u0131 haline gelen veya ba\u015fka bir \u015fekilde, \u00f6rne\u011fin bir \u00e7erezde saklanan belirli de\u011ferlerle desteklenmeleri gereklidir. Bu de\u011ferler \u00f6zellikle kaynak web sitesini (y\u00f6nlendiren), zaman\u0131, sat\u0131\u015f ortakl\u0131\u011f\u0131 ba\u011flant\u0131s\u0131n\u0131n bulundu\u011fu web sitesinin operat\u00f6r\u00fcn\u00fcn \u00e7evrimi\u00e7i tan\u0131mlay\u0131c\u0131s\u0131n\u0131, ilgili teklifin \u00e7evrimi\u00e7i tan\u0131mlay\u0131c\u0131s\u0131n\u0131, kullan\u0131c\u0131n\u0131n \u00e7evrimi\u00e7i tan\u0131mlay\u0131c\u0131s\u0131n\u0131 ve ayr\u0131ca reklam malzemesi kimli\u011fi, ortak kimli\u011fi ve kategorizasyonlar gibi izlemeye \u00f6zg\u00fc de\u011ferleri i\u00e7erir    <\/li><li>\u00c7al\u0131\u015fanlar<strong>:<\/strong> \u00c7al\u0131\u015fanlar, personel, i\u015f\u00e7i veya benzer pozisyonlarda istihdam ili\u015fkisi i\u00e7inde olan ki\u015filer olarak tan\u0131mlan\u0131r. \u0130stihdam ili\u015fkisi, bir i\u015fveren ile \u00e7al\u0131\u015fan aras\u0131nda bir i\u015f s\u00f6zle\u015fmesi veya anla\u015fmas\u0131 ile tan\u0131mlanan yasal bir ili\u015fkidir. \u0130\u015fverenin, \u00e7al\u0131\u015fan i\u015f yaparken \u00e7al\u0131\u015fana \u00fccret \u00f6deme y\u00fck\u00fcml\u00fcl\u00fc\u011f\u00fcn\u00fc i\u00e7erir. \u0130\u015f ili\u015fkisi, i\u015f s\u00f6zle\u015fmesinin imzaland\u0131\u011f\u0131 kurulu\u015f a\u015famas\u0131, \u00e7al\u0131\u015fan\u0131n i\u015f faaliyetlerini y\u00fcr\u00fctt\u00fc\u011f\u00fc performans a\u015famas\u0131 ve i\u015f ili\u015fkisinin fesih, iptal anla\u015fmas\u0131 veya ba\u015fka bir \u015fekilde sona erdi\u011fi fesih a\u015famas\u0131 dahil olmak \u00fczere \u00e7e\u015fitli a\u015famalardan olu\u015fur. \u00c7al\u0131\u015fan verileri, bu ki\u015filerle ilgili ve istihdamlar\u0131 ba\u011flam\u0131ndaki t\u00fcm bilgilerdir. Bu, ki\u015fisel kimlik verileri, kimlik numaralar\u0131, maa\u015f ve banka bilgileri, \u00e7al\u0131\u015fma saatleri, tatil haklar\u0131, sa\u011fl\u0131k verileri ve performans de\u011ferlendirmeleri gibi hususlar\u0131 i\u00e7erir.     <\/li><li><strong>Envanter verileri:<\/strong> Envanter verileri, s\u00f6zle\u015fme ortaklar\u0131n\u0131n, kullan\u0131c\u0131 hesaplar\u0131n\u0131n, profillerin ve benzer atamalar\u0131n tan\u0131mlanmas\u0131 ve y\u00f6netimi i\u00e7in gerekli olan temel bilgileri i\u00e7erir. Bu veriler, isimler, ileti\u015fim bilgileri (adresler, telefon numaralar\u0131, e-posta adresleri), do\u011fum tarihleri ve belirli tan\u0131mlay\u0131c\u0131lar (kullan\u0131c\u0131 kimlikleri) gibi ki\u015fisel ve demografik bilgileri i\u00e7erebilir. Envanter verileri, net atama ve ileti\u015fim sa\u011flayarak ki\u015filer ile hizmetler, tesisler veya sistemler aras\u0131ndaki her t\u00fcrl\u00fc resmi etkile\u015fimin temelini olu\u015fturur.  <\/li><li><strong>\u0130\u00e7erik verileri:<\/strong> \u0130\u00e7erik verileri, her t\u00fcrl\u00fc i\u00e7eri\u011fin olu\u015fturulmas\u0131, d\u00fczenlenmesi ve yay\u0131nlanmas\u0131 s\u0131ras\u0131nda \u00fcretilen bilgileri i\u00e7erir. Bu veri kategorisi, \u00e7e\u015fitli platformlarda ve ortamlarda yay\u0131nlanan metinleri, g\u00f6r\u00fcnt\u00fcleri, videolar\u0131, ses dosyalar\u0131n\u0131 ve di\u011fer multimedya i\u00e7eriklerini i\u00e7erebilir. \u0130\u00e7erik verileri ger\u00e7ek i\u00e7erikle s\u0131n\u0131rl\u0131 de\u011fildir, ayn\u0131 zamanda etiketler, a\u00e7\u0131klamalar, yazar bilgileri ve yay\u0131n tarihleri gibi i\u00e7eri\u011fin kendisi hakk\u0131nda bilgi sa\u011flayan meta verileri de i\u00e7erir  <\/li><li><strong>\u0130leti\u015fim bilgileri:<\/strong> \u0130leti\u015fim verileri, bireyler veya kurulu\u015flarla ileti\u015fim kurulmas\u0131n\u0131 sa\u011flayan temel bilgilerdir. Telefon numaralar\u0131, posta adresleri ve e-posta adreslerinin yan\u0131 s\u0131ra sosyal medya kollar\u0131 ve anl\u0131k mesajla\u015fma tan\u0131mlay\u0131c\u0131lar\u0131 gibi ileti\u015fim ara\u00e7lar\u0131n\u0131 da i\u00e7erir. <\/li><li>D\u00f6n\u00fc\u015f\u00fcm \u00f6l\u00e7\u00fcm\u00fc<strong>:<\/strong> D\u00f6n\u00fc\u015f\u00fcm \u00f6l\u00e7\u00fcm\u00fc (&#8220;ziyaret eylemi de\u011ferlendirmesi&#8221; olarak da adland\u0131r\u0131l\u0131r), pazarlama \u00f6nlemlerinin etkinli\u011fini belirlemek i\u00e7in kullan\u0131labilecek bir s\u00fcre\u00e7tir. Bu ama\u00e7la, genellikle pazarlama \u00f6nlemlerinin yer ald\u0131\u011f\u0131 web sitelerinde kullan\u0131c\u0131n\u0131n cihaz\u0131nda bir \u00e7erez saklan\u0131r ve daha sonra hedef web sitesinde tekrar al\u0131n\u0131r. \u00d6rne\u011fin, bu, di\u011fer web sitelerine yerle\u015ftirdi\u011fimiz reklamlar\u0131n ba\u015far\u0131l\u0131 olup olmad\u0131\u011f\u0131n\u0131 izlememize olanak tan\u0131r.  <\/li><li><strong>Yapay zeka (AI):<\/strong> Yapay zeka (AI) kullanarak veri i\u015flemenin amac\u0131, kal\u0131plar\u0131 tan\u0131mak, tahminlerde bulunmak ve hizmetlerimizin verimlili\u011fini ve kalitesini art\u0131rmak i\u00e7in kullan\u0131c\u0131 verilerinin otomatik analizini ve i\u015flenmesini i\u00e7erir. Bu, verilerin toplanmas\u0131n\u0131, temizlenmesini ve yap\u0131land\u0131r\u0131lmas\u0131n\u0131, yapay zeka modellerinin e\u011fitilmesini ve uygulanmas\u0131n\u0131 ve ayr\u0131ca sonu\u00e7lar\u0131n s\u00fcrekli olarak g\u00f6zden ge\u00e7irilmesini ve optimize edilmesini i\u00e7erir ve yaln\u0131zca kullan\u0131c\u0131n\u0131n r\u0131zas\u0131yla veya yasal izne dayal\u0131 olarak ger\u00e7ekle\u015ftirilir. <\/li><li><strong>Performans ve davran\u0131\u015fsal veriler:<\/strong> Performans ve davran\u0131\u015f verileri, insanlar\u0131n e\u011fitim, i\u015f veya sosyal ortam gibi belirli bir ba\u011flamda g\u00f6revleri nas\u0131l yerine getirdikleri veya nas\u0131l davrand\u0131klar\u0131yla ilgili bilgileri ifade eder. Bu veriler \u00fcretkenlik, verimlilik, i\u015f kalitesi, devaml\u0131l\u0131k ve politika veya prosed\u00fcrlere uyum gibi \u00f6l\u00e7\u00fctleri i\u00e7erebilir. Davran\u0131\u015fsal veriler i\u015f arkada\u015flar\u0131yla etkile\u015fimleri, ileti\u015fim tarzlar\u0131n\u0131, karar verme s\u00fcre\u00e7lerini ve farkl\u0131 durumlara verilen tepkileri i\u00e7erebilir. Bu t\u00fcr veriler genellikle performans de\u011ferlendirmeleri, e\u011fitim ve geli\u015ftirme ve kurulu\u015flar i\u00e7inde karar verme i\u00e7in kullan\u0131l\u0131r.   <\/li><li><strong>Meta, ileti\u015fim ve prosed\u00fcrel veriler:<\/strong> Meta, ileti\u015fim ve prosed\u00fcrel veriler, verilerin i\u015flenme, iletilme ve y\u00f6netilme \u015fekli hakk\u0131nda bilgi i\u00e7eren kategorilerdir. Veriler hakk\u0131ndaki veriler olarak da bilinen meta veriler, di\u011fer verilerin ba\u011flam\u0131n\u0131, kayna\u011f\u0131n\u0131 ve yap\u0131s\u0131n\u0131 a\u00e7\u0131klayan bilgileri i\u00e7erir. Dosya boyutu, olu\u015fturulma tarihi, bir belgenin yazar\u0131 ve de\u011fi\u015fiklik ge\u00e7mi\u015fleri hakk\u0131nda bilgiler i\u00e7erebilir. \u0130leti\u015fim verileri, e-posta trafi\u011fi, arama g\u00fcnl\u00fckleri, sosyal a\u011flardaki mesajlar ve sohbet ge\u00e7mi\u015fleri gibi \u00e7e\u015fitli kanallar arac\u0131l\u0131\u011f\u0131yla kullan\u0131c\u0131lar aras\u0131ndaki bilgi al\u0131\u015fveri\u015fini, ilgili ki\u015filer, zaman damgalar\u0131 ve iletim yollar\u0131 dahil olmak \u00fczere kaydeder. S\u00fcre\u00e7 verileri, i\u015f ak\u0131\u015f\u0131 dok\u00fcmantasyonu, i\u015flem ve faaliyet g\u00fcnl\u00fckleri ve s\u00fcre\u00e7leri izlemek ve g\u00f6zden ge\u00e7irmek i\u00e7in kullan\u0131lan denetim g\u00fcnl\u00fckleri dahil olmak \u00fczere sistemler veya kurulu\u015flar i\u00e7indeki s\u00fcre\u00e7leri ve prosed\u00fcrleri tan\u0131mlar.    <\/li><li><strong>Kullan\u0131m verileri:<\/strong> Kullan\u0131m verileri, kullan\u0131c\u0131lar\u0131n dijital \u00fcr\u00fcnler, hizmetler veya platformlarla nas\u0131l etkile\u015fimde bulundu\u011funu g\u00f6steren bilgileri ifade eder. Bu veriler, kullan\u0131c\u0131lar\u0131n uygulamalar\u0131 nas\u0131l kulland\u0131klar\u0131n\u0131, hangi i\u015flevleri tercih ettiklerini, belirli sayfalarda ne kadar s\u00fcre kald\u0131klar\u0131n\u0131 ve bir uygulamada gezinmek i\u00e7in hangi yollar\u0131 izlediklerini g\u00f6steren \u00e7ok \u00e7e\u015fitli bilgileri i\u00e7erir. Kullan\u0131m verileri ayr\u0131ca kullan\u0131m s\u0131kl\u0131\u011f\u0131n\u0131, etkinliklerin zaman damgalar\u0131n\u0131, IP adreslerini, cihaz bilgilerini ve konum verilerini de i\u00e7erebilir. Kullan\u0131c\u0131 davran\u0131\u015f\u0131n\u0131 analiz etmek, kullan\u0131c\u0131 deneyimlerini optimize etmek, i\u00e7eri\u011fi ki\u015fiselle\u015ftirmek ve \u00fcr\u00fcn veya hizmetleri iyile\u015ftirmek i\u00e7in \u00f6zellikle de\u011ferlidir. Buna ek olarak, kullan\u0131m verileri dijital tekliflerdeki e\u011filimleri, tercihleri ve potansiyel sorunlu alanlar\u0131 tan\u0131mada \u00e7ok \u00f6nemli bir rol oynar    <\/li><li><strong>Ki\u015fisel veriler:<\/strong> &#8220;Ki\u015fisel veriler&#8221;, tan\u0131mlanm\u0131\u015f veya tan\u0131mlanabilir bir ger\u00e7ek ki\u015fiye (bundan b\u00f6yle &#8220;veri sahibi&#8221; olarak an\u0131lacakt\u0131r) ili\u015fkin her t\u00fcrl\u00fc bilgi anlam\u0131na gelir; tan\u0131mlanabilir ger\u00e7ek ki\u015fi, do\u011frudan veya dolayl\u0131 olarak, \u00f6zellikle bir isim, kimlik numaras\u0131, konum verileri, \u00e7evrimi\u00e7i bir tan\u0131mlay\u0131c\u0131 (\u00f6rne\u011fin bir \u00e7erez) gibi bir tan\u0131mlay\u0131c\u0131ya veya s\u00f6z konusu ger\u00e7ek ki\u015finin fiziksel, fizyolojik, genetik, zihinsel, ekonomik, k\u00fclt\u00fcrel veya sosyal kimli\u011fine \u00f6zg\u00fc bir veya daha fazla fakt\u00f6re at\u0131fta bulunularak tan\u0131mlanabilen ki\u015fidir.<\/li><li><strong>Kullan\u0131c\u0131yla ilgili bilgiler i\u00e7eren profiller:<\/strong> &#8220;Kullan\u0131c\u0131yla ilgili bilgiler i\u00e7eren profillerin&#8221; veya k\u0131saca &#8220;profillerin&#8221; i\u015flenmesi, bir ger\u00e7ek ki\u015fiyle ilgili belirli ki\u015fisel y\u00f6nleri analiz etmek, de\u011ferlendirmek veya tahmin etmek i\u00e7in bu ki\u015fisel verilerin kullan\u0131lmas\u0131ndan olu\u015fan ki\u015fisel verilerin her t\u00fcrl\u00fc otomatik i\u015flenmesini i\u00e7erir (profil olu\u015fturma t\u00fcr\u00fcne ba\u011fl\u0131 olarak, bu, web siteleri ve i\u00e7erikleriyle etkile\u015fim vb. gibi demografi, davran\u0131\u015f ve ilgi alanlar\u0131yla ilgili \u00e7e\u015fitli bilgileri i\u00e7erebilir) (\u00f6rne\u011fin, belirli i\u00e7erik veya \u00fcr\u00fcnlere olan ilgi, bir web sitesinde veya konumda t\u0131klama davran\u0131\u015f\u0131). \u00c7erezler ve web i\u015faret\u00e7ileri genellikle profil olu\u015fturma amac\u0131yla kullan\u0131l\u0131r. <\/li><li><strong>G\u00fcnl\u00fck verileri:<\/strong> G\u00fcnl\u00fck verileri, bir sistemde veya a\u011fda g\u00fcnl\u00fc\u011fe kaydedilen olaylar veya etkinlikler hakk\u0131ndaki bilgilerdir. Bu veriler genellikle zaman damgalar\u0131, IP adresleri, kullan\u0131c\u0131 eylemleri, hata mesajlar\u0131 ve bir sistemin kullan\u0131m\u0131 veya \u00e7al\u0131\u015fmas\u0131yla ilgili di\u011fer ayr\u0131nt\u0131lar gibi bilgileri i\u00e7erir. G\u00fcnl\u00fck verileri genellikle sistem sorunlar\u0131n\u0131 analiz etmek, g\u00fcvenlik izleme veya performans raporlar\u0131 olu\u015fturmak i\u00e7in kullan\u0131l\u0131r.  <\/li><li>Eri\u015fim <strong>\u00f6l\u00e7\u00fcm\u00fc:<\/strong> Eri\u015fim \u00f6l\u00e7\u00fcm\u00fc (web analiti\u011fi olarak da bilinir), ziyaret\u00e7ilerin \u00e7evrimi\u00e7i bir teklife ak\u0131\u015f\u0131n\u0131 de\u011ferlendirmek i\u00e7in kullan\u0131l\u0131r ve ziyaret\u00e7ilerin web sitesi i\u00e7eri\u011fi gibi belirli bilgilerdeki davran\u0131\u015flar\u0131n\u0131 veya ilgi alanlar\u0131n\u0131 i\u00e7erebilir. Eri\u015fim analizinin yard\u0131m\u0131yla, \u00e7evrimi\u00e7i hizmetlerin operat\u00f6rleri, \u00f6rne\u011fin, kullan\u0131c\u0131lar\u0131n web sitelerini ne zaman ziyaret ettiklerini ve hangi i\u00e7erikle ilgilendiklerini tan\u0131yabilir. Bu, \u00f6rne\u011fin, web sitelerinin i\u00e7eri\u011fini ziyaret\u00e7ilerinin ihtiya\u00e7lar\u0131na g\u00f6re daha iyi \u00f6zelle\u015ftirmelerini sa\u011flar. Takma adl\u0131 \u00e7erezler ve web i\u015faret\u00e7ileri, geri d\u00f6nen ziyaret\u00e7ileri tan\u0131mak ve b\u00f6ylece \u00e7evrimi\u00e7i bir teklifin kullan\u0131m\u0131na ili\u015fkin daha kesin analizler elde etmek i\u00e7in genellikle eri\u015fim analizi amac\u0131yla kullan\u0131l\u0131r.   <\/li><li>Yeniden pazarlama<strong>:<\/strong> &#8220;Yeniden pazarlama&#8221; veya &#8220;yeniden hedefleme&#8221; terimi, \u00f6rne\u011fin bir kullan\u0131c\u0131n\u0131n bir web sitesinde hangi \u00fcr\u00fcnlerle ilgilendi\u011finin reklam amac\u0131yla not edilmesi ve bu \u00fcr\u00fcnlerin kullan\u0131c\u0131ya di\u011fer web sitelerinde, \u00f6rne\u011fin reklamlarda hat\u0131rlat\u0131lmas\u0131 i\u00e7in kullan\u0131l\u0131r.<\/li><li><strong>Konum verileri:<\/strong> Konum verileri, bir mobil cihaz (veya konum belirleme i\u00e7in teknik gerekliliklere sahip ba\u015fka bir cihaz) bir radyo h\u00fccresine, bir WLAN&#8217;a veya benzer teknik ara\u00e7lara ve konum belirleme i\u015flevlerine ba\u011fland\u0131\u011f\u0131nda olu\u015fturulur. Konum verileri, ilgili cihaz\u0131n d\u00fcnya \u00fczerinde bulundu\u011fu co\u011frafi olarak belirlenebilir konumu belirtmek i\u00e7in kullan\u0131l\u0131r. Konum verileri, \u00f6rne\u011fin harita i\u015flevlerini veya konuma ba\u011fl\u0131 di\u011fer bilgileri g\u00f6r\u00fcnt\u00fclemek i\u00e7in kullan\u0131labilir.  <\/li><li><strong>\u0130zleme:<\/strong> &#8220;\u0130zleme&#8221; terimi, kullan\u0131c\u0131lar\u0131n davran\u0131\u015flar\u0131 \u00e7e\u015fitli \u00e7evrimi\u00e7i teklifler aras\u0131nda izlenebildi\u011finde kullan\u0131l\u0131r. Kural olarak, davran\u0131\u015f ve ilgi bilgileri \u00e7erezlerde veya izleme teknolojileri sa\u011flay\u0131c\u0131lar\u0131n\u0131n sunucular\u0131nda kullan\u0131lan \u00e7evrimi\u00e7i tekliflerle ilgili olarak saklan\u0131r (profil olu\u015fturma olarak adland\u0131r\u0131l\u0131r). Bu bilgiler daha sonra \u00f6rne\u011fin kullan\u0131c\u0131lara ilgi alanlar\u0131na uygun reklamlar g\u00f6stermek i\u00e7in kullan\u0131labilir.  <\/li><li><strong>Kontrol\u00f6r:<\/strong> &#8220;Kontrol\u00f6r&#8221;, tek ba\u015f\u0131na veya ba\u015fkalar\u0131yla birlikte ki\u015fisel verilerin i\u015flenme ama\u00e7lar\u0131n\u0131 ve ara\u00e7lar\u0131n\u0131 belirleyen ger\u00e7ek veya t\u00fczel ki\u015fi, kamu otoritesi, kurum veya di\u011fer organd\u0131r.<\/li><li><strong>\u0130\u015fleme:<\/strong> &#8220;\u0130\u015fleme&#8221;, otomatik yollarla olsun ya da olmas\u0131n, ki\u015fisel veriler \u00fczerinde ger\u00e7ekle\u015ftirilen herhangi bir i\u015flem ya da i\u015flemler dizisi anlam\u0131na gelmektedir. Bu terim olduk\u00e7a geni\u015ftir ve verilerin toplanmas\u0131, analiz edilmesi, depolanmas\u0131, iletilmesi veya silinmesi gibi hemen hemen her t\u00fcrl\u00fc i\u015flemi kapsar. <\/li><li><strong>S\u00f6zle\u015fme verileri:<\/strong> S\u00f6zle\u015fme verileri, iki veya daha fazla taraf aras\u0131ndaki bir anla\u015fman\u0131n resmile\u015ftirilmesiyle ilgili \u00f6zel bilgilerdir. Hizmetlerin veya \u00fcr\u00fcnlerin sa\u011fland\u0131\u011f\u0131, de\u011fi\u015f toku\u015f edildi\u011fi veya sat\u0131ld\u0131\u011f\u0131 ko\u015fullar\u0131 belgeler. Bu veri kategorisi, s\u00f6zle\u015fmeden do\u011fan y\u00fck\u00fcml\u00fcl\u00fcklerin y\u00f6netimi ve yerine getirilmesi i\u00e7in gereklidir ve hem s\u00f6zle\u015fme taraflar\u0131n\u0131n kimli\u011fini hem de s\u00f6zle\u015fmenin belirli h\u00fck\u00fcm ve ko\u015fullar\u0131n\u0131 i\u00e7erir. S\u00f6zle\u015fme verileri, s\u00f6zle\u015fmenin ba\u015flang\u0131\u00e7 ve biti\u015f tarihlerini, kararla\u015ft\u0131r\u0131lan hizmet veya \u00fcr\u00fcn t\u00fcrlerini, fiyat anla\u015fmalar\u0131n\u0131, \u00f6deme ko\u015fullar\u0131n\u0131, iptal haklar\u0131n\u0131, yenileme se\u00e7eneklerini ve \u00f6zel \u015fartlar\u0131 veya maddeleri i\u00e7erebilir. Taraflar aras\u0131ndaki ili\u015fkinin yasal dayana\u011f\u0131n\u0131 olu\u015ftururlar ve hak ve y\u00fck\u00fcml\u00fcl\u00fcklerin a\u00e7\u0131kl\u0131\u011fa kavu\u015fturulmas\u0131, taleplerin uygulanmas\u0131 ve anla\u015fmazl\u0131klar\u0131n \u00e7\u00f6z\u00fcm\u00fc i\u00e7in \u00e7ok \u00f6nemlidirler.    <\/li><li><strong>\u00d6deme verileri:<\/strong> \u00d6deme verileri, al\u0131c\u0131lar ve sat\u0131c\u0131lar aras\u0131ndaki \u00f6deme i\u015flemlerini ger\u00e7ekle\u015ftirmek i\u00e7in gereken t\u00fcm bilgileri i\u00e7erir. Bu veriler e-ticaret, \u00e7evrimi\u00e7i bankac\u0131l\u0131k ve di\u011fer her t\u00fcrl\u00fc finansal i\u015flem i\u00e7in \u00e7ok \u00f6nemlidir. Kredi kart\u0131 numaralar\u0131, banka bilgileri, \u00f6deme tutarlar\u0131, i\u015flem verileri, do\u011frulama numaralar\u0131 ve fatura bilgileri gibi ayr\u0131nt\u0131lar\u0131 i\u00e7erir. \u00d6deme verileri ayr\u0131ca \u00f6deme durumu, ters ibrazlar, yetkilendirmeler ve \u00fccretlerle ilgili bilgileri de i\u00e7erebilir.   <\/li><li><strong>Hedef grup olu\u015fturma:<\/strong> \u00d6zel kitleler, reklamlar\u0131n g\u00f6sterilmesi gibi reklam ama\u00e7lar\u0131 i\u00e7in <strong>hedef<\/strong> gruplar belirlendi\u011finde tan\u0131mlan\u0131r. \u00d6rne\u011fin, bir kullan\u0131c\u0131n\u0131n internette belirli \u00fcr\u00fcnlere veya konulara olan ilgisine dayanarak, bu kullan\u0131c\u0131n\u0131n benzer \u00fcr\u00fcnlere veya \u00fcr\u00fcnleri g\u00f6r\u00fcnt\u00fcledi\u011fi \u00e7evrimi\u00e7i ma\u011fazaya y\u00f6nelik reklamlarla ilgilendi\u011fi sonucuna var\u0131labilir. Buna kar\u015f\u0131l\u0131k, &#8220;benzer kitleler&#8221; (veya benzer hedef gruplar), uygun g\u00f6r\u00fclen i\u00e7eri\u011fin, profilleri veya ilgi alanlar\u0131 muhtemelen profillerin olu\u015fturuldu\u011fu kullan\u0131c\u0131lara kar\u015f\u0131l\u0131k gelen kullan\u0131c\u0131lara g\u00f6sterilmesidir. \u00c7erezler ve web i\u015faret\u00e7ileri genellikle \u00f6zel hedef kitleler ve benzer hedef kitleler olu\u015fturmak amac\u0131yla kullan\u0131l\u0131r.   <\/li><\/ul>\t\t\t\t\t\t\t\t<\/div>\n\t\t\t\t<\/div>\n\t\t\t\t\t<\/div>\n\t\t\t\t<\/div>\n\t\t\t\t<\/div>\n\t\t","protected":false},"excerpt":{"rendered":"<p>Gizlilik Politikas\u0131 IEC-International Education Centres GmbH&#8217;nin Gizlilik Politikas\u0131 \u00d6ns\u00f6z A\u015fa\u011f\u0131daki gizlilik politikas\u0131 ile, uygulamam\u0131z\u0131n sa\u011flanmas\u0131 ba\u011flam\u0131nda hangi ki\u015fisel verilerinizi (bundan b\u00f6yle &#8220;veriler&#8221; olarak da an\u0131lacakt\u0131r), hangi ama\u00e7larla ve ne \u00f6l\u00e7\u00fcde i\u015fledi\u011fimiz hakk\u0131nda sizi bilgilendirmek istiyoruz. Kullan\u0131lan terimler cinsiyete \u00f6zg\u00fc de\u011fildir. Stat\u00fc: 16 Eyl\u00fcl 2025 \u0130\u00e7indekiler tablosu \u00d6ns\u00f6z Sorumlu ki\u015fi Veri koruma g\u00f6revlisi ile ileti\u015fime ge\u00e7in [&hellip;]<\/p>\n","protected":false},"author":6,"featured_media":0,"parent":0,"menu_order":0,"comment_status":"closed","ping_status":"closed","template":"","meta":{"_acf_changed":false,"footnotes":""},"class_list":["post-4828","page","type-page","status-publish","hentry"],"acf":[],"yoast_head":"<!-- This site is optimized with the Yoast SEO Premium plugin v25.9 (Yoast SEO v26.9) - https:\/\/yoast.com\/product\/yoast-seo-premium-wordpress\/ -->\n<title>Gizlilik Politikas\u0131 - International Education Centers<\/title>\n<meta name=\"robots\" content=\"index, follow, max-snippet:-1, max-image-preview:large, max-video-preview:-1\" \/>\n<link rel=\"canonical\" href=\"https:\/\/internationaleducationcenters.de\/tr\/gizlilik-politikasi\/\" \/>\n<meta property=\"og:locale\" content=\"tr_TR\" \/>\n<meta property=\"og:type\" content=\"article\" \/>\n<meta property=\"og:title\" content=\"Gizlilik Politikas\u0131\" \/>\n<meta property=\"og:description\" content=\"Gizlilik Politikas\u0131 IEC-International Education Centres GmbH&#8217;nin Gizlilik Politikas\u0131 \u00d6ns\u00f6z A\u015fa\u011f\u0131daki gizlilik politikas\u0131 ile, uygulamam\u0131z\u0131n sa\u011flanmas\u0131 ba\u011flam\u0131nda hangi ki\u015fisel verilerinizi (bundan b\u00f6yle &#8220;veriler&#8221; olarak da an\u0131lacakt\u0131r), hangi ama\u00e7larla ve ne \u00f6l\u00e7\u00fcde i\u015fledi\u011fimiz hakk\u0131nda sizi bilgilendirmek istiyoruz. Kullan\u0131lan terimler cinsiyete \u00f6zg\u00fc de\u011fildir. Stat\u00fc: 16 Eyl\u00fcl 2025 \u0130\u00e7indekiler tablosu \u00d6ns\u00f6z Sorumlu ki\u015fi Veri koruma g\u00f6revlisi ile ileti\u015fime ge\u00e7in [&hellip;]\" \/>\n<meta property=\"og:url\" content=\"https:\/\/internationaleducationcenters.de\/tr\/gizlilik-politikasi\/\" \/>\n<meta property=\"og:site_name\" content=\"International Education Centers\" \/>\n<meta property=\"article:publisher\" content=\"https:\/\/www.facebook.com\/InternationalEducationCenters\/\" \/>\n<meta property=\"article:modified_time\" content=\"2025-11-03T10:52:25+00:00\" \/>\n<meta property=\"og:image\" content=\"https:\/\/datenschutz-generator.de\/wp-content\/plugins\/ts-dsg\/images\/dsg-seal\/dsg-seal-pp-de.png\" \/>\n<meta name=\"twitter:card\" content=\"summary_large_image\" \/>\n<meta name=\"twitter:label1\" content=\"Tahmini okuma s\u00fcresi\" \/>\n\t<meta name=\"twitter:data1\" content=\"239 dakika\" \/>\n<script type=\"application\/ld+json\" class=\"yoast-schema-graph\">{\"@context\":\"https:\/\/schema.org\",\"@graph\":[{\"@type\":\"WebPage\",\"@id\":\"https:\/\/internationaleducationcenters.de\/tr\/gizlilik-politikasi\/\",\"url\":\"https:\/\/internationaleducationcenters.de\/tr\/gizlilik-politikasi\/\",\"name\":\"Gizlilik Politikas\u0131 - International Education Centers\",\"isPartOf\":{\"@id\":\"https:\/\/internationaleducationcenters.de\/tr\/#website\"},\"primaryImageOfPage\":{\"@id\":\"https:\/\/internationaleducationcenters.de\/tr\/gizlilik-politikasi\/#primaryimage\"},\"image\":{\"@id\":\"https:\/\/internationaleducationcenters.de\/tr\/gizlilik-politikasi\/#primaryimage\"},\"thumbnailUrl\":\"https:\/\/datenschutz-generator.de\/wp-content\/plugins\/ts-dsg\/images\/dsg-seal\/dsg-seal-pp-de.png\",\"datePublished\":\"2024-04-04T13:09:00+00:00\",\"dateModified\":\"2025-11-03T10:52:25+00:00\",\"breadcrumb\":{\"@id\":\"https:\/\/internationaleducationcenters.de\/tr\/gizlilik-politikasi\/#breadcrumb\"},\"inLanguage\":\"tr\",\"potentialAction\":[{\"@type\":\"ReadAction\",\"target\":[\"https:\/\/internationaleducationcenters.de\/tr\/gizlilik-politikasi\/\"]}]},{\"@type\":\"ImageObject\",\"inLanguage\":\"tr\",\"@id\":\"https:\/\/internationaleducationcenters.de\/tr\/gizlilik-politikasi\/#primaryimage\",\"url\":\"https:\/\/datenschutz-generator.de\/wp-content\/plugins\/ts-dsg\/images\/dsg-seal\/dsg-seal-pp-de.png\",\"contentUrl\":\"https:\/\/datenschutz-generator.de\/wp-content\/plugins\/ts-dsg\/images\/dsg-seal\/dsg-seal-pp-de.png\"},{\"@type\":\"BreadcrumbList\",\"@id\":\"https:\/\/internationaleducationcenters.de\/tr\/gizlilik-politikasi\/#breadcrumb\",\"itemListElement\":[{\"@type\":\"ListItem\",\"position\":1,\"name\":\"Home\",\"item\":\"https:\/\/internationaleducationcenters.de\/tr\/\"},{\"@type\":\"ListItem\",\"position\":2,\"name\":\"Gizlilik Politikas\u0131\"}]},{\"@type\":\"WebSite\",\"@id\":\"https:\/\/internationaleducationcenters.de\/tr\/#website\",\"url\":\"https:\/\/internationaleducationcenters.de\/tr\/\",\"name\":\"International Education Centers\",\"description\":\"\",\"publisher\":{\"@id\":\"https:\/\/internationaleducationcenters.de\/tr\/#organization\"},\"potentialAction\":[{\"@type\":\"SearchAction\",\"target\":{\"@type\":\"EntryPoint\",\"urlTemplate\":\"https:\/\/internationaleducationcenters.de\/tr\/?s={search_term_string}\"},\"query-input\":{\"@type\":\"PropertyValueSpecification\",\"valueRequired\":true,\"valueName\":\"search_term_string\"}}],\"inLanguage\":\"tr\"},{\"@type\":\"Organization\",\"@id\":\"https:\/\/internationaleducationcenters.de\/tr\/#organization\",\"name\":\"International Education Centers\",\"alternateName\":\"IEC\",\"url\":\"https:\/\/internationaleducationcenters.de\/tr\/\",\"logo\":{\"@type\":\"ImageObject\",\"inLanguage\":\"tr\",\"@id\":\"https:\/\/internationaleducationcenters.de\/tr\/#\/schema\/logo\/image\/\",\"url\":\"https:\/\/internationaleducationcenters.de\/wp-content\/uploads\/2025\/08\/IEC_favicon-1.png\",\"contentUrl\":\"https:\/\/internationaleducationcenters.de\/wp-content\/uploads\/2025\/08\/IEC_favicon-1.png\",\"width\":512,\"height\":512,\"caption\":\"International Education Centers\"},\"image\":{\"@id\":\"https:\/\/internationaleducationcenters.de\/tr\/#\/schema\/logo\/image\/\"},\"sameAs\":[\"https:\/\/www.facebook.com\/InternationalEducationCenters\/\"]}]}<\/script>\n<!-- \/ Yoast SEO Premium plugin. -->","yoast_head_json":{"title":"Gizlilik Politikas\u0131 - International Education Centers","robots":{"index":"index","follow":"follow","max-snippet":"max-snippet:-1","max-image-preview":"max-image-preview:large","max-video-preview":"max-video-preview:-1"},"canonical":"https:\/\/internationaleducationcenters.de\/tr\/gizlilik-politikasi\/","og_locale":"tr_TR","og_type":"article","og_title":"Gizlilik Politikas\u0131","og_description":"Gizlilik Politikas\u0131 IEC-International Education Centres GmbH&#8217;nin Gizlilik Politikas\u0131 \u00d6ns\u00f6z A\u015fa\u011f\u0131daki gizlilik politikas\u0131 ile, uygulamam\u0131z\u0131n sa\u011flanmas\u0131 ba\u011flam\u0131nda hangi ki\u015fisel verilerinizi (bundan b\u00f6yle &#8220;veriler&#8221; olarak da an\u0131lacakt\u0131r), hangi ama\u00e7larla ve ne \u00f6l\u00e7\u00fcde i\u015fledi\u011fimiz hakk\u0131nda sizi bilgilendirmek istiyoruz. Kullan\u0131lan terimler cinsiyete \u00f6zg\u00fc de\u011fildir. Stat\u00fc: 16 Eyl\u00fcl 2025 \u0130\u00e7indekiler tablosu \u00d6ns\u00f6z Sorumlu ki\u015fi Veri koruma g\u00f6revlisi ile ileti\u015fime ge\u00e7in [&hellip;]","og_url":"https:\/\/internationaleducationcenters.de\/tr\/gizlilik-politikasi\/","og_site_name":"International Education Centers","article_publisher":"https:\/\/www.facebook.com\/InternationalEducationCenters\/","article_modified_time":"2025-11-03T10:52:25+00:00","og_image":[{"url":"https:\/\/datenschutz-generator.de\/wp-content\/plugins\/ts-dsg\/images\/dsg-seal\/dsg-seal-pp-de.png","type":"","width":"","height":""}],"twitter_card":"summary_large_image","twitter_misc":{"Tahmini okuma s\u00fcresi":"239 dakika"},"schema":{"@context":"https:\/\/schema.org","@graph":[{"@type":"WebPage","@id":"https:\/\/internationaleducationcenters.de\/tr\/gizlilik-politikasi\/","url":"https:\/\/internationaleducationcenters.de\/tr\/gizlilik-politikasi\/","name":"Gizlilik Politikas\u0131 - International Education Centers","isPartOf":{"@id":"https:\/\/internationaleducationcenters.de\/tr\/#website"},"primaryImageOfPage":{"@id":"https:\/\/internationaleducationcenters.de\/tr\/gizlilik-politikasi\/#primaryimage"},"image":{"@id":"https:\/\/internationaleducationcenters.de\/tr\/gizlilik-politikasi\/#primaryimage"},"thumbnailUrl":"https:\/\/datenschutz-generator.de\/wp-content\/plugins\/ts-dsg\/images\/dsg-seal\/dsg-seal-pp-de.png","datePublished":"2024-04-04T13:09:00+00:00","dateModified":"2025-11-03T10:52:25+00:00","breadcrumb":{"@id":"https:\/\/internationaleducationcenters.de\/tr\/gizlilik-politikasi\/#breadcrumb"},"inLanguage":"tr","potentialAction":[{"@type":"ReadAction","target":["https:\/\/internationaleducationcenters.de\/tr\/gizlilik-politikasi\/"]}]},{"@type":"ImageObject","inLanguage":"tr","@id":"https:\/\/internationaleducationcenters.de\/tr\/gizlilik-politikasi\/#primaryimage","url":"https:\/\/datenschutz-generator.de\/wp-content\/plugins\/ts-dsg\/images\/dsg-seal\/dsg-seal-pp-de.png","contentUrl":"https:\/\/datenschutz-generator.de\/wp-content\/plugins\/ts-dsg\/images\/dsg-seal\/dsg-seal-pp-de.png"},{"@type":"BreadcrumbList","@id":"https:\/\/internationaleducationcenters.de\/tr\/gizlilik-politikasi\/#breadcrumb","itemListElement":[{"@type":"ListItem","position":1,"name":"Home","item":"https:\/\/internationaleducationcenters.de\/tr\/"},{"@type":"ListItem","position":2,"name":"Gizlilik Politikas\u0131"}]},{"@type":"WebSite","@id":"https:\/\/internationaleducationcenters.de\/tr\/#website","url":"https:\/\/internationaleducationcenters.de\/tr\/","name":"International Education Centers","description":"","publisher":{"@id":"https:\/\/internationaleducationcenters.de\/tr\/#organization"},"potentialAction":[{"@type":"SearchAction","target":{"@type":"EntryPoint","urlTemplate":"https:\/\/internationaleducationcenters.de\/tr\/?s={search_term_string}"},"query-input":{"@type":"PropertyValueSpecification","valueRequired":true,"valueName":"search_term_string"}}],"inLanguage":"tr"},{"@type":"Organization","@id":"https:\/\/internationaleducationcenters.de\/tr\/#organization","name":"International Education Centers","alternateName":"IEC","url":"https:\/\/internationaleducationcenters.de\/tr\/","logo":{"@type":"ImageObject","inLanguage":"tr","@id":"https:\/\/internationaleducationcenters.de\/tr\/#\/schema\/logo\/image\/","url":"https:\/\/internationaleducationcenters.de\/wp-content\/uploads\/2025\/08\/IEC_favicon-1.png","contentUrl":"https:\/\/internationaleducationcenters.de\/wp-content\/uploads\/2025\/08\/IEC_favicon-1.png","width":512,"height":512,"caption":"International Education Centers"},"image":{"@id":"https:\/\/internationaleducationcenters.de\/tr\/#\/schema\/logo\/image\/"},"sameAs":["https:\/\/www.facebook.com\/InternationalEducationCenters\/"]}]}},"_links":{"self":[{"href":"https:\/\/internationaleducationcenters.de\/tr\/wp-json\/wp\/v2\/pages\/4828","targetHints":{"allow":["GET"]}}],"collection":[{"href":"https:\/\/internationaleducationcenters.de\/tr\/wp-json\/wp\/v2\/pages"}],"about":[{"href":"https:\/\/internationaleducationcenters.de\/tr\/wp-json\/wp\/v2\/types\/page"}],"author":[{"embeddable":true,"href":"https:\/\/internationaleducationcenters.de\/tr\/wp-json\/wp\/v2\/users\/6"}],"replies":[{"embeddable":true,"href":"https:\/\/internationaleducationcenters.de\/tr\/wp-json\/wp\/v2\/comments?post=4828"}],"version-history":[{"count":2,"href":"https:\/\/internationaleducationcenters.de\/tr\/wp-json\/wp\/v2\/pages\/4828\/revisions"}],"predecessor-version":[{"id":18605,"href":"https:\/\/internationaleducationcenters.de\/tr\/wp-json\/wp\/v2\/pages\/4828\/revisions\/18605"}],"wp:attachment":[{"href":"https:\/\/internationaleducationcenters.de\/tr\/wp-json\/wp\/v2\/media?parent=4828"}],"curies":[{"name":"wp","href":"https:\/\/api.w.org\/{rel}","templated":true}]}}