{"id":6920,"date":"2024-09-28T08:56:41","date_gmt":"2024-09-28T06:56:41","guid":{"rendered":"https:\/\/internationaleducationcenters.de\/?post_type=product&#038;p=6920"},"modified":"2025-12-19T15:36:48","modified_gmt":"2025-12-19T14:36:48","slug":"oernek-ueruen-kopie","status":"publish","type":"product","link":"https:\/\/internationaleducationcenters.de\/tr\/urun\/oernek-ueruen-kopie\/","title":{"rendered":"telc Almanca A2-B1"},"content":{"rendered":"\t\t<div data-elementor-type=\"product-post\" data-elementor-id=\"6920\" class=\"elementor elementor-6920 elementor-6910\" data-elementor-post-type=\"product\">\n\t\t\t\t<div class=\"elementor-element elementor-element-7ee01127 e-flex e-con-boxed e-con e-parent\" data-id=\"7ee01127\" data-element_type=\"container\" data-e-type=\"container\">\n\t\t\t\t\t<div class=\"e-con-inner\">\n\t\t\t\t<div class=\"elementor-element elementor-element-6f01421b elementor-widget elementor-widget-text-editor\" data-id=\"6f01421b\" data-element_type=\"widget\" data-e-type=\"widget\" data-widget_type=\"text-editor.default\">\n\t\t\t\t<div class=\"elementor-widget-container\">\n\t\t\t\t\t\t\t\t\t<div id=\"c2101\" class=\" frame frame-default frame-type-text frame-layout-default frame-size-default frame-height-default frame-background-none frame-space-before-none frame-space-after-none frame-no-backgroundimage\"><div class=\"frame-group-container\"><div class=\"frame-group-inner\"><div class=\"frame-container frame-container-default\"><div class=\"frame-inner\"> <\/div><\/div><\/div><\/div><\/div><div id=\"c2102\" class=\" frame frame-default frame-type-text frame-layout-default frame-size-default frame-height-default frame-background-none frame-space-before-none frame-space-after-none frame-no-backgroundimage\"><div class=\"frame-group-container\"><div class=\"frame-group-inner\"><div class=\"frame-container frame-container-default\"><div class=\"frame-inner\"><div class=\"col-xl-8\"><h3>S\u0131nav\u0131n yap\u0131s\u0131 ve prosed\u00fcr\u00fc<\/h3><\/div><\/div><\/div><\/div><\/div><\/div><div id=\"c1241\" class=\" frame frame-default frame-type-text frame-layout-default frame-size-default frame-height-default frame-background-none frame-space-before-none frame-space-after-none frame-no-backgroundimage\"><div class=\"frame-group-container\"><div class=\"frame-group-inner\"><div class=\"frame-container frame-container-default\"><div class=\"frame-inner\"><div class=\"col-xl-8\"><p>S\u0131nav bir yaz\u0131l\u0131 ve bir s\u00f6zl\u00fc b\u00f6l\u00fcmden olu\u015fur ve kat\u0131l\u0131mc\u0131lar t\u00fcm becerilerde g\u00f6revler \u00e7\u00f6zer. Al\u0131c\u0131 beceriler okuma ve dinlemeden olu\u015fmaktad\u0131r. G\u00f6rev t\u00fcrleri aras\u0131nda \u00e7oktan se\u00e7meli veya e\u015fle\u015ftirme bulunmaktad\u0131r. \u00dcretken b\u00f6l\u00fcm olan yazma ve konu\u015fmada, kat\u0131l\u0131mc\u0131lar bir girdiyle u\u011fra\u015f\u0131r ve kendilerini yaz\u0131l\u0131 veya s\u00f6zl\u00fc olarak ifade etmek zorundad\u0131r. Baz\u0131 g\u00f6revler hem al\u0131c\u0131 hem de \u00fcretici becerileri kapsar. S\u00f6zl\u00fc s\u0131navda kat\u0131l\u0131mc\u0131lar birlikte bir \u015fey planlar ve bir konu hakk\u0131ndaki g\u00f6r\u00fc\u015fleri hakk\u0131nda konu\u015furlar. Burada odak noktas\u0131, s\u0131nava kat\u0131lanlar aras\u0131ndaki do\u011frudan diyalogdur.      <\/p><p>\u00d6l\u00e7ekli s\u0131navlar dil becerilerini iki yeterlik d\u00fczeyinde de\u011ferlendirir. Bu nedenle, t\u00fcm b\u00f6l\u00fcmlerde her iki CEFR seviyesinde de g\u00f6revler vard\u0131r. Kat\u0131l\u0131mc\u0131lar, d\u00fc\u015f\u00fck veya y\u00fcksek CEFR seviyesi i\u00e7in bir sertifika al\u0131rlar.  <\/p><div class=\"table-responsive\"><table class=\"table\"><tbody><tr> <td> <\/td><td>Alt Test<\/td><td class=\"text-center\">Par\u00e7a say\u0131s\u0131<\/td><td class=\"text-center\">Dakika cinsinden s\u00fcre<\/td><td>Di\u011fer<\/td><\/tr><tr><td colspan=\"1\" rowspan=\"4\"><p> <\/p><p>Yaz\u0131l\u0131 s\u0131nav<\/p><\/td><td>Okudu\u011funu anlama<\/td><td class=\"text-center\">4<\/td><td class=\"text-center\">45<\/td><td colspan=\"1\" rowspan=\"4\"><p> <\/p><p>Mola yok<\/p><\/td><\/tr><tr><td>Okuma ve yazma dil mod\u00fclleri<\/td><td class=\"text-center\">3<\/td><td class=\"text-center\">35<\/td><\/tr><tr><td>Dinleme ve yazma<\/td><td class=\"text-center\">5<\/td><td class=\"text-center\">35<\/td><\/tr><tr><td>Yazma<\/td><td class=\"text-center\">1<\/td><td class=\"text-center\">10<\/td><\/tr><tr><td>S\u00f6zl\u00fc s\u0131nav<\/td><td>Konu\u015fma<\/td><td class=\"text-center\">3<\/td><td class=\"text-center\">yakla\u015f\u0131k 15<\/td><td>genellikle 2 kat\u0131l\u0131mc\u0131 haz\u0131rl\u0131k s\u00fcresi yok<\/td><\/tr><\/tbody><\/table><\/div><p>Bu s\u0131nav, k\u00e2\u011f\u0131t tabanl\u0131 bir s\u0131nav olarak mevcuttur. K\u0131smi s\u0131nav olarak al\u0131namaz. <\/p><\/div><\/div><\/div><\/div><\/div><\/div>\t\t\t\t\t\t\t\t<\/div>\n\t\t\t\t<\/div>\n\t\t\t\t<div class=\"elementor-element elementor-element-7ea364e elementor-widget elementor-widget-heading\" data-id=\"7ea364e\" data-element_type=\"widget\" data-e-type=\"widget\" data-widget_type=\"heading.default\">\n\t\t\t\t<div class=\"elementor-widget-container\">\n\t\t\t\t\t<h2 class=\"elementor-heading-title elementor-size-default\">SSS-telc Almanca A2-B1<\/h2>\t\t\t\t<\/div>\n\t\t\t\t<\/div>\n\t\t\t\t<div class=\"elementor-element elementor-element-05c2e00 elementor-widget elementor-widget-n-accordion\" data-id=\"05c2e00\" data-element_type=\"widget\" data-e-type=\"widget\" data-settings=\"{&quot;default_state&quot;:&quot;all_collapsed&quot;,&quot;max_items_expended&quot;:&quot;one&quot;,&quot;n_accordion_animation_duration&quot;:{&quot;unit&quot;:&quot;ms&quot;,&quot;size&quot;:400,&quot;sizes&quot;:[]}}\" data-widget_type=\"nested-accordion.default\">\n\t\t\t\t<div class=\"elementor-widget-container\">\n\t\t\t\t\t\t\t<div class=\"e-n-accordion\" aria-label=\"Accordion. Open links with Enter or Space, close with Escape, and navigate with Arrow Keys\">\n\t\t\t\t\t\t<details id=\"e-n-accordion-item-6040\" class=\"e-n-accordion-item\" >\n\t\t\t\t<summary class=\"e-n-accordion-item-title\" data-accordion-index=\"1\" tabindex=\"0\" aria-expanded=\"false\" aria-controls=\"e-n-accordion-item-6040\" >\n\t\t\t\t\t<span class='e-n-accordion-item-title-header'><div class=\"e-n-accordion-item-title-text\"> telc Deutsch A2-B1 sertifika s\u0131nav\u0131 kimler i\u00e7indir? <\/div><\/span>\n\t\t\t\t\t\t\t<span class='e-n-accordion-item-title-icon'>\n\t\t\t<span class='e-opened' ><svg aria-hidden=\"true\" class=\"e-font-icon-svg e-fas-minus\" viewBox=\"0 0 448 512\" xmlns=\"http:\/\/www.w3.org\/2000\/svg\"><path d=\"M416 208H32c-17.67 0-32 14.33-32 32v32c0 17.67 14.33 32 32 32h384c17.67 0 32-14.33 32-32v-32c0-17.67-14.33-32-32-32z\"><\/path><\/svg><\/span>\n\t\t\t<span class='e-closed'><svg aria-hidden=\"true\" class=\"e-font-icon-svg e-fas-plus\" viewBox=\"0 0 448 512\" xmlns=\"http:\/\/www.w3.org\/2000\/svg\"><path d=\"M416 208H272V64c0-17.67-14.33-32-32-32h-32c-17.67 0-32 14.33-32 32v144H32c-17.67 0-32 14.33-32 32v32c0 17.67 14.33 32 32 32h144v144c0 17.67 14.33 32 32 32h32c17.67 0 32-14.33 32-32V304h144c17.67 0 32-14.33 32-32v-32c0-17.67-14.33-32-32-32z\"><\/path><\/svg><\/span>\n\t\t<\/span>\n\n\t\t\t\t\t\t<\/summary>\n\t\t\t\t<div role=\"region\" aria-labelledby=\"e-n-accordion-item-6040\" class=\"elementor-element elementor-element-1cb6731 e-con-full e-flex e-con e-child\" data-id=\"1cb6731\" data-element_type=\"container\" data-e-type=\"container\">\n\t\t\t\t<div class=\"elementor-element elementor-element-683eb27 elementor-widget elementor-widget-text-editor\" data-id=\"683eb27\" data-element_type=\"widget\" data-e-type=\"widget\" data-widget_type=\"text-editor.default\">\n\t\t\t\t<div class=\"elementor-widget-container\">\n\t\t\t\t\t\t\t\t\t<ul class=\"list-normal\"><li>Almanya&#8217;da ya\u015fayan veya Almanya&#8217;ya ta\u015f\u0131nmay\u0131 planlayan Almanca \u00f6\u011frenenler (kendi hesab\u0131na \u00f6deme yapanlar)<\/li><li>Vize i\u00e7in tan\u0131nm\u0131\u015f bir sertifikaya ihtiya\u00e7 duyan veya Almanya&#8217;da oturum, vatanda\u015fl\u0131\u011fa kabul ve mesleki denklik i\u00e7in dil becerilerini kan\u0131tlamas\u0131 gereken ki\u015filer (kendi hesab\u0131na \u00f6deme yapanlar)<\/li><\/ul>\t\t\t\t\t\t\t\t<\/div>\n\t\t\t\t<\/div>\n\t\t\t\t<\/div>\n\t\t\t\t\t<\/details>\n\t\t\t\t\t\t<details id=\"e-n-accordion-item-6041\" class=\"e-n-accordion-item\" >\n\t\t\t\t<summary class=\"e-n-accordion-item-title\" data-accordion-index=\"2\" tabindex=\"-1\" aria-expanded=\"false\" aria-controls=\"e-n-accordion-item-6041\" >\n\t\t\t\t\t<span class='e-n-accordion-item-title-header'><div class=\"e-n-accordion-item-title-text\"> telc Deutsch A2-B1 sertifika s\u0131nav\u0131 ne sunuyor? <\/div><\/span>\n\t\t\t\t\t\t\t<span class='e-n-accordion-item-title-icon'>\n\t\t\t<span class='e-opened' ><svg aria-hidden=\"true\" class=\"e-font-icon-svg e-fas-minus\" viewBox=\"0 0 448 512\" xmlns=\"http:\/\/www.w3.org\/2000\/svg\"><path d=\"M416 208H32c-17.67 0-32 14.33-32 32v32c0 17.67 14.33 32 32 32h384c17.67 0 32-14.33 32-32v-32c0-17.67-14.33-32-32-32z\"><\/path><\/svg><\/span>\n\t\t\t<span class='e-closed'><svg aria-hidden=\"true\" class=\"e-font-icon-svg e-fas-plus\" viewBox=\"0 0 448 512\" xmlns=\"http:\/\/www.w3.org\/2000\/svg\"><path d=\"M416 208H272V64c0-17.67-14.33-32-32-32h-32c-17.67 0-32 14.33-32 32v144H32c-17.67 0-32 14.33-32 32v32c0 17.67 14.33 32 32 32h144v144c0 17.67 14.33 32 32 32h32c17.67 0 32-14.33 32-32V304h144c17.67 0 32-14.33 32-32v-32c0-17.67-14.33-32-32-32z\"><\/path><\/svg><\/span>\n\t\t<\/span>\n\n\t\t\t\t\t\t<\/summary>\n\t\t\t\t<div role=\"region\" aria-labelledby=\"e-n-accordion-item-6041\" class=\"elementor-element elementor-element-ebf4f3e e-con-full e-flex e-con e-child\" data-id=\"ebf4f3e\" data-element_type=\"container\" data-e-type=\"container\">\n\t\t\t\t<div class=\"elementor-element elementor-element-5179689 elementor-widget elementor-widget-text-editor\" data-id=\"5179689\" data-element_type=\"widget\" data-e-type=\"widget\" data-widget_type=\"text-editor.default\">\n\t\t\t\t<div class=\"elementor-widget-container\">\n\t\t\t\t\t\t\t\t\t<ul class=\"list-normal\"><li>G\u00fcnl\u00fck ya\u015famdan ve i\u015ften \u00e7e\u015fitli i\u00e7erikler (i\u015f deneyimi gerekmez)<\/li><li>B1 hedef seviyesinin yasal olarak g\u00fcvenli kan\u0131t\u0131<\/li><li>\u00d6l\u00e7eklendirilmi\u015f format sayesinde A2 yeterliliklerinin g\u00fcvenilir bir \u015fekilde kan\u0131tlanmas\u0131 da m\u00fcmk\u00fcnd\u00fcr<\/li><\/ul>\t\t\t\t\t\t\t\t<\/div>\n\t\t\t\t<\/div>\n\t\t\t\t<\/div>\n\t\t\t\t\t<\/details>\n\t\t\t\t\t\t<details id=\"e-n-accordion-item-6042\" class=\"e-n-accordion-item\" >\n\t\t\t\t<summary class=\"e-n-accordion-item-title\" data-accordion-index=\"3\" tabindex=\"-1\" aria-expanded=\"false\" aria-controls=\"e-n-accordion-item-6042\" >\n\t\t\t\t\t<span class='e-n-accordion-item-title-header'><div class=\"e-n-accordion-item-title-text\"> S\u0131nav g\u00fcn\u00fc IEC - Uluslararas\u0131 E\u011fitim Merkezleri s\u0131nav merkezinde ne zaman bulunmam gerekir? <\/div><\/span>\n\t\t\t\t\t\t\t<span class='e-n-accordion-item-title-icon'>\n\t\t\t<span class='e-opened' ><svg aria-hidden=\"true\" class=\"e-font-icon-svg e-fas-minus\" viewBox=\"0 0 448 512\" xmlns=\"http:\/\/www.w3.org\/2000\/svg\"><path d=\"M416 208H32c-17.67 0-32 14.33-32 32v32c0 17.67 14.33 32 32 32h384c17.67 0 32-14.33 32-32v-32c0-17.67-14.33-32-32-32z\"><\/path><\/svg><\/span>\n\t\t\t<span class='e-closed'><svg aria-hidden=\"true\" class=\"e-font-icon-svg e-fas-plus\" viewBox=\"0 0 448 512\" xmlns=\"http:\/\/www.w3.org\/2000\/svg\"><path d=\"M416 208H272V64c0-17.67-14.33-32-32-32h-32c-17.67 0-32 14.33-32 32v144H32c-17.67 0-32 14.33-32 32v32c0 17.67 14.33 32 32 32h144v144c0 17.67 14.33 32 32 32h32c17.67 0 32-14.33 32-32V304h144c17.67 0 32-14.33 32-32v-32c0-17.67-14.33-32-32-32z\"><\/path><\/svg><\/span>\n\t\t<\/span>\n\n\t\t\t\t\t\t<\/summary>\n\t\t\t\t<div role=\"region\" aria-labelledby=\"e-n-accordion-item-6042\" class=\"elementor-element elementor-element-527d8f4 e-con-full e-flex e-con e-child\" data-id=\"527d8f4\" data-element_type=\"container\" data-e-type=\"container\">\n\t\t\t\t<div class=\"elementor-element elementor-element-43316f1 elementor-widget elementor-widget-text-editor\" data-id=\"43316f1\" data-element_type=\"widget\" data-e-type=\"widget\" data-widget_type=\"text-editor.default\">\n\t\t\t\t<div class=\"elementor-widget-container\">\n\t\t\t\t\t\t\t\t\t<p>L\u00fctfen s\u0131nav merkezimize s\u0131nav\u0131n ba\u015flamas\u0131ndan en az 30 ila 45 dakika \u00f6nce gelin.<\/p>\t\t\t\t\t\t\t\t<\/div>\n\t\t\t\t<\/div>\n\t\t\t\t<\/div>\n\t\t\t\t\t<\/details>\n\t\t\t\t\t\t<details id=\"e-n-accordion-item-6043\" class=\"e-n-accordion-item\" >\n\t\t\t\t<summary class=\"e-n-accordion-item-title\" data-accordion-index=\"4\" tabindex=\"-1\" aria-expanded=\"false\" aria-controls=\"e-n-accordion-item-6043\" >\n\t\t\t\t\t<span class='e-n-accordion-item-title-header'><div class=\"e-n-accordion-item-title-text\"> S\u0131nava gelirken ne getirmem gerekiyor? <\/div><\/span>\n\t\t\t\t\t\t\t<span class='e-n-accordion-item-title-icon'>\n\t\t\t<span class='e-opened' ><svg aria-hidden=\"true\" class=\"e-font-icon-svg e-fas-minus\" viewBox=\"0 0 448 512\" xmlns=\"http:\/\/www.w3.org\/2000\/svg\"><path d=\"M416 208H32c-17.67 0-32 14.33-32 32v32c0 17.67 14.33 32 32 32h384c17.67 0 32-14.33 32-32v-32c0-17.67-14.33-32-32-32z\"><\/path><\/svg><\/span>\n\t\t\t<span class='e-closed'><svg aria-hidden=\"true\" class=\"e-font-icon-svg e-fas-plus\" viewBox=\"0 0 448 512\" xmlns=\"http:\/\/www.w3.org\/2000\/svg\"><path d=\"M416 208H272V64c0-17.67-14.33-32-32-32h-32c-17.67 0-32 14.33-32 32v144H32c-17.67 0-32 14.33-32 32v32c0 17.67 14.33 32 32 32h144v144c0 17.67 14.33 32 32 32h32c17.67 0 32-14.33 32-32V304h144c17.67 0 32-14.33 32-32v-32c0-17.67-14.33-32-32-32z\"><\/path><\/svg><\/span>\n\t\t<\/span>\n\n\t\t\t\t\t\t<\/summary>\n\t\t\t\t<div role=\"region\" aria-labelledby=\"e-n-accordion-item-6043\" class=\"elementor-element elementor-element-2bf422a e-flex e-con-boxed e-con e-child\" data-id=\"2bf422a\" data-element_type=\"container\" data-e-type=\"container\">\n\t\t\t\t\t<div class=\"e-con-inner\">\n\t\t\t\t<div class=\"elementor-element elementor-element-3dc601c elementor-widget elementor-widget-text-editor\" data-id=\"3dc601c\" data-element_type=\"widget\" data-e-type=\"widget\" data-widget_type=\"text-editor.default\">\n\t\t\t\t<div class=\"elementor-widget-container\">\n\t\t\t\t\t\t\t\t\t<p>Yan\u0131n\u0131zda ge\u00e7erli bir kimlik kart\u0131 veya pasaport bulundurmal\u0131s\u0131n\u0131z.<\/p>\t\t\t\t\t\t\t\t<\/div>\n\t\t\t\t<\/div>\n\t\t\t\t\t<\/div>\n\t\t\t\t<\/div>\n\t\t\t\t\t<\/details>\n\t\t\t\t\t\t<details id=\"e-n-accordion-item-6044\" class=\"e-n-accordion-item\" >\n\t\t\t\t<summary class=\"e-n-accordion-item-title\" data-accordion-index=\"5\" tabindex=\"-1\" aria-expanded=\"false\" aria-controls=\"e-n-accordion-item-6044\" >\n\t\t\t\t\t<span class='e-n-accordion-item-title-header'><div class=\"e-n-accordion-item-title-text\"> S\u0131nava haz\u0131rlanman\u0131n en iyi yolu nedir? <\/div><\/span>\n\t\t\t\t\t\t\t<span class='e-n-accordion-item-title-icon'>\n\t\t\t<span class='e-opened' ><svg aria-hidden=\"true\" class=\"e-font-icon-svg e-fas-minus\" viewBox=\"0 0 448 512\" xmlns=\"http:\/\/www.w3.org\/2000\/svg\"><path d=\"M416 208H32c-17.67 0-32 14.33-32 32v32c0 17.67 14.33 32 32 32h384c17.67 0 32-14.33 32-32v-32c0-17.67-14.33-32-32-32z\"><\/path><\/svg><\/span>\n\t\t\t<span class='e-closed'><svg aria-hidden=\"true\" class=\"e-font-icon-svg e-fas-plus\" viewBox=\"0 0 448 512\" xmlns=\"http:\/\/www.w3.org\/2000\/svg\"><path d=\"M416 208H272V64c0-17.67-14.33-32-32-32h-32c-17.67 0-32 14.33-32 32v144H32c-17.67 0-32 14.33-32 32v32c0 17.67 14.33 32 32 32h144v144c0 17.67 14.33 32 32 32h32c17.67 0 32-14.33 32-32V304h144c17.67 0 32-14.33 32-32v-32c0-17.67-14.33-32-32-32z\"><\/path><\/svg><\/span>\n\t\t<\/span>\n\n\t\t\t\t\t\t<\/summary>\n\t\t\t\t<div role=\"region\" aria-labelledby=\"e-n-accordion-item-6044\" class=\"elementor-element elementor-element-a476fff e-flex e-con-boxed e-con e-child\" data-id=\"a476fff\" data-element_type=\"container\" data-e-type=\"container\">\n\t\t\t\t\t<div class=\"e-con-inner\">\n\t\t\t\t<div class=\"elementor-element elementor-element-67a6b0c elementor-widget elementor-widget-text-editor\" data-id=\"67a6b0c\" data-element_type=\"widget\" data-e-type=\"widget\" data-widget_type=\"text-editor.default\">\n\t\t\t\t<div class=\"elementor-widget-container\">\n\t\t\t\t\t\t\t\t\t<p>Telc s\u0131navlar\u0131 i\u00e7in \u00e7e\u015fitli haz\u0131rl\u0131k kurslar\u0131 sunuyoruz. L\u00fctfen s\u0131nav merkezimizden sizin i\u00e7in uygun bir haz\u0131rl\u0131k hakk\u0131nda bilgi al\u0131n. Size daha fazla yard\u0131mc\u0131 olaca\u011f\u0131z!  <\/p>\t\t\t\t\t\t\t\t<\/div>\n\t\t\t\t<\/div>\n\t\t\t\t\t<\/div>\n\t\t\t\t<\/div>\n\t\t\t\t\t<\/details>\n\t\t\t\t\t\t<details id=\"e-n-accordion-item-6045\" class=\"e-n-accordion-item\" >\n\t\t\t\t<summary class=\"e-n-accordion-item-title\" data-accordion-index=\"6\" tabindex=\"-1\" aria-expanded=\"false\" aria-controls=\"e-n-accordion-item-6045\" >\n\t\t\t\t\t<span class='e-n-accordion-item-title-header'><div class=\"e-n-accordion-item-title-text\"> Telc sertifikam\u0131 ne zaman alaca\u011f\u0131m? <\/div><\/span>\n\t\t\t\t\t\t\t<span class='e-n-accordion-item-title-icon'>\n\t\t\t<span class='e-opened' ><svg aria-hidden=\"true\" class=\"e-font-icon-svg e-fas-minus\" viewBox=\"0 0 448 512\" xmlns=\"http:\/\/www.w3.org\/2000\/svg\"><path d=\"M416 208H32c-17.67 0-32 14.33-32 32v32c0 17.67 14.33 32 32 32h384c17.67 0 32-14.33 32-32v-32c0-17.67-14.33-32-32-32z\"><\/path><\/svg><\/span>\n\t\t\t<span class='e-closed'><svg aria-hidden=\"true\" class=\"e-font-icon-svg e-fas-plus\" viewBox=\"0 0 448 512\" xmlns=\"http:\/\/www.w3.org\/2000\/svg\"><path d=\"M416 208H272V64c0-17.67-14.33-32-32-32h-32c-17.67 0-32 14.33-32 32v144H32c-17.67 0-32 14.33-32 32v32c0 17.67 14.33 32 32 32h144v144c0 17.67 14.33 32 32 32h32c17.67 0 32-14.33 32-32V304h144c17.67 0 32-14.33 32-32v-32c0-17.67-14.33-32-32-32z\"><\/path><\/svg><\/span>\n\t\t<\/span>\n\n\t\t\t\t\t\t<\/summary>\n\t\t\t\t<div role=\"region\" aria-labelledby=\"e-n-accordion-item-6045\" class=\"elementor-element elementor-element-3a0b8b5 e-flex e-con-boxed e-con e-child\" data-id=\"3a0b8b5\" data-element_type=\"container\" data-e-type=\"container\">\n\t\t\t\t\t<div class=\"e-con-inner\">\n\t\t\t\t<div class=\"elementor-element elementor-element-9a6f503 elementor-widget elementor-widget-text-editor\" data-id=\"9a6f503\" data-element_type=\"widget\" data-e-type=\"widget\" data-widget_type=\"text-editor.default\">\n\t\t\t\t<div class=\"elementor-widget-container\">\n\t\t\t\t\t\t\t\t\t<p>De\u011ferlendirme 4 ila 6 hafta s\u00fcrebilir. S\u0131navlar Frankfurt am Main&#8217;daki telc merkezinde de\u011ferlendirilmektedir. S\u0131nav merkezi olarak sonu\u00e7lar elimize ula\u015f\u0131r ula\u015fmaz sizi derhal bilgilendirece\u011fiz. Daha sonra kimlik kart\u0131n\u0131z\u0131 ibraz ederek sertifikan\u0131z\u0131 alabilirsiniz.   <\/p>\t\t\t\t\t\t\t\t<\/div>\n\t\t\t\t<\/div>\n\t\t\t\t\t<\/div>\n\t\t\t\t<\/div>\n\t\t\t\t\t<\/details>\n\t\t\t\t\t\t<details id=\"e-n-accordion-item-6046\" class=\"e-n-accordion-item\" >\n\t\t\t\t<summary class=\"e-n-accordion-item-title\" data-accordion-index=\"7\" tabindex=\"-1\" aria-expanded=\"false\" aria-controls=\"e-n-accordion-item-6046\" >\n\t\t\t\t\t<span class='e-n-accordion-item-title-header'><div class=\"e-n-accordion-item-title-text\"> Sertifikam\u0131 posta yoluyla alabilir miyim? <\/div><\/span>\n\t\t\t\t\t\t\t<span class='e-n-accordion-item-title-icon'>\n\t\t\t<span class='e-opened' ><svg aria-hidden=\"true\" class=\"e-font-icon-svg e-fas-minus\" viewBox=\"0 0 448 512\" xmlns=\"http:\/\/www.w3.org\/2000\/svg\"><path d=\"M416 208H32c-17.67 0-32 14.33-32 32v32c0 17.67 14.33 32 32 32h384c17.67 0 32-14.33 32-32v-32c0-17.67-14.33-32-32-32z\"><\/path><\/svg><\/span>\n\t\t\t<span class='e-closed'><svg aria-hidden=\"true\" class=\"e-font-icon-svg e-fas-plus\" viewBox=\"0 0 448 512\" xmlns=\"http:\/\/www.w3.org\/2000\/svg\"><path d=\"M416 208H272V64c0-17.67-14.33-32-32-32h-32c-17.67 0-32 14.33-32 32v144H32c-17.67 0-32 14.33-32 32v32c0 17.67 14.33 32 32 32h144v144c0 17.67 14.33 32 32 32h32c17.67 0 32-14.33 32-32V304h144c17.67 0 32-14.33 32-32v-32c0-17.67-14.33-32-32-32z\"><\/path><\/svg><\/span>\n\t\t<\/span>\n\n\t\t\t\t\t\t<\/summary>\n\t\t\t\t<div role=\"region\" aria-labelledby=\"e-n-accordion-item-6046\" class=\"elementor-element elementor-element-e4dcf28 e-flex e-con-boxed e-con e-child\" data-id=\"e4dcf28\" data-element_type=\"container\" data-e-type=\"container\">\n\t\t\t\t\t<div class=\"e-con-inner\">\n\t\t\t\t<div class=\"elementor-element elementor-element-b933d91 elementor-widget elementor-widget-text-editor\" data-id=\"b933d91\" data-element_type=\"widget\" data-e-type=\"widget\" data-widget_type=\"text-editor.default\">\n\t\t\t\t<div class=\"elementor-widget-container\">\n\t\t\t\t\t\t\t\t\t<p>Evet. Nakliye elbette m\u00fcmk\u00fcnd\u00fcr. Ancak, posta yoluyla g\u00f6nderimin \u00f6demesi s\u0131nav g\u00fcn\u00fc yap\u0131lmal\u0131d\u0131r. Almanya&#8217;da 50 \u20ac, di\u011fer AB \u00fclkelerinde 80 \u20ac tutar\u0131ndad\u0131r. AB d\u0131\u015f\u0131nda, sertifikalar\u0131 g\u00fcvenlik nedeniyle 100 \u20ac \u00fccret kar\u015f\u0131l\u0131\u011f\u0131nda DHL Express ile g\u00f6nderiyoruz. <\/p>\t\t\t\t\t\t\t\t<\/div>\n\t\t\t\t<\/div>\n\t\t\t\t\t<\/div>\n\t\t\t\t<\/div>\n\t\t\t\t\t<\/details>\n\t\t\t\t\t\t<details id=\"e-n-accordion-item-6047\" class=\"e-n-accordion-item\" >\n\t\t\t\t<summary class=\"e-n-accordion-item-title\" data-accordion-index=\"8\" tabindex=\"-1\" aria-expanded=\"false\" aria-controls=\"e-n-accordion-item-6047\" >\n\t\t\t\t\t<span class='e-n-accordion-item-title-header'><div class=\"e-n-accordion-item-title-text\"> Sertifikam\u0131 benden ba\u015fka biri alabilir mi? <\/div><\/span>\n\t\t\t\t\t\t\t<span class='e-n-accordion-item-title-icon'>\n\t\t\t<span class='e-opened' ><svg aria-hidden=\"true\" class=\"e-font-icon-svg e-fas-minus\" viewBox=\"0 0 448 512\" xmlns=\"http:\/\/www.w3.org\/2000\/svg\"><path d=\"M416 208H32c-17.67 0-32 14.33-32 32v32c0 17.67 14.33 32 32 32h384c17.67 0 32-14.33 32-32v-32c0-17.67-14.33-32-32-32z\"><\/path><\/svg><\/span>\n\t\t\t<span class='e-closed'><svg aria-hidden=\"true\" class=\"e-font-icon-svg e-fas-plus\" viewBox=\"0 0 448 512\" xmlns=\"http:\/\/www.w3.org\/2000\/svg\"><path d=\"M416 208H272V64c0-17.67-14.33-32-32-32h-32c-17.67 0-32 14.33-32 32v144H32c-17.67 0-32 14.33-32 32v32c0 17.67 14.33 32 32 32h144v144c0 17.67 14.33 32 32 32h32c17.67 0 32-14.33 32-32V304h144c17.67 0 32-14.33 32-32v-32c0-17.67-14.33-32-32-32z\"><\/path><\/svg><\/span>\n\t\t<\/span>\n\n\t\t\t\t\t\t<\/summary>\n\t\t\t\t<div role=\"region\" aria-labelledby=\"e-n-accordion-item-6047\" class=\"elementor-element elementor-element-d0cfd4f e-flex e-con-boxed e-con e-child\" data-id=\"d0cfd4f\" data-element_type=\"container\" data-e-type=\"container\">\n\t\t\t\t\t<div class=\"e-con-inner\">\n\t\t\t\t<div class=\"elementor-element elementor-element-550f2ca elementor-widget elementor-widget-text-editor\" data-id=\"550f2ca\" data-element_type=\"widget\" data-e-type=\"widget\" data-widget_type=\"text-editor.default\">\n\t\t\t\t<div class=\"elementor-widget-container\">\n\t\t\t\t\t\t\t\t\t<p>Orijinal imzal\u0131 bir izin belgesi ve kimlik kart\u0131n\u0131z\u0131n bir kopyas\u0131 ile sertifika ba\u015fka bir ki\u015fi taraf\u0131ndan da al\u0131nabilir. L\u00fctfen bileti alan ki\u015finin kimlik kart\u0131 veya pasaportunu da yan\u0131nda bulundurmas\u0131 gerekti\u011fini unutmay\u0131n. <\/p>\t\t\t\t\t\t\t\t<\/div>\n\t\t\t\t<\/div>\n\t\t\t\t\t<\/div>\n\t\t\t\t<\/div>\n\t\t\t\t\t<\/details>\n\t\t\t\t\t\t<details id=\"e-n-accordion-item-6048\" class=\"e-n-accordion-item\" >\n\t\t\t\t<summary class=\"e-n-accordion-item-title\" data-accordion-index=\"9\" tabindex=\"-1\" aria-expanded=\"false\" aria-controls=\"e-n-accordion-item-6048\" >\n\t\t\t\t\t<span class='e-n-accordion-item-title-header'><div class=\"e-n-accordion-item-title-text\">   Dil sertifikam ne kadar s\u00fcreyle ge\u00e7erlidir? <\/div><\/span>\n\t\t\t\t\t\t\t<span class='e-n-accordion-item-title-icon'>\n\t\t\t<span class='e-opened' ><svg aria-hidden=\"true\" class=\"e-font-icon-svg e-fas-minus\" viewBox=\"0 0 448 512\" xmlns=\"http:\/\/www.w3.org\/2000\/svg\"><path d=\"M416 208H32c-17.67 0-32 14.33-32 32v32c0 17.67 14.33 32 32 32h384c17.67 0 32-14.33 32-32v-32c0-17.67-14.33-32-32-32z\"><\/path><\/svg><\/span>\n\t\t\t<span class='e-closed'><svg aria-hidden=\"true\" class=\"e-font-icon-svg e-fas-plus\" viewBox=\"0 0 448 512\" xmlns=\"http:\/\/www.w3.org\/2000\/svg\"><path d=\"M416 208H272V64c0-17.67-14.33-32-32-32h-32c-17.67 0-32 14.33-32 32v144H32c-17.67 0-32 14.33-32 32v32c0 17.67 14.33 32 32 32h144v144c0 17.67 14.33 32 32 32h32c17.67 0 32-14.33 32-32V304h144c17.67 0 32-14.33 32-32v-32c0-17.67-14.33-32-32-32z\"><\/path><\/svg><\/span>\n\t\t<\/span>\n\n\t\t\t\t\t\t<\/summary>\n\t\t\t\t<div role=\"region\" aria-labelledby=\"e-n-accordion-item-6048\" class=\"elementor-element elementor-element-f4552ad e-flex e-con-boxed e-con e-child\" data-id=\"f4552ad\" data-element_type=\"container\" data-e-type=\"container\">\n\t\t\t\t\t<div class=\"e-con-inner\">\n\t\t\t\t<div class=\"elementor-element elementor-element-a948395 elementor-widget elementor-widget-text-editor\" data-id=\"a948395\" data-element_type=\"widget\" data-e-type=\"widget\" data-widget_type=\"text-editor.default\">\n\t\t\t\t<div class=\"elementor-widget-container\">\n\t\t\t\t\t\t\t\t\t<p>Dil sertifikan\u0131z s\u00fcresiz olarak ge\u00e7erli olacakt\u0131r.<\/p>\t\t\t\t\t\t\t\t<\/div>\n\t\t\t\t<\/div>\n\t\t\t\t\t<\/div>\n\t\t\t\t<\/div>\n\t\t\t\t\t<\/details>\n\t\t\t\t\t<\/div>\n\t\t\t\t\t\t<\/div>\n\t\t\t\t<\/div>\n\t\t\t\t\t<\/div>\n\t\t\t\t<\/div>\n\t\t\t\t<\/div>\n\t\t","protected":false},"excerpt":{"rendered":"<p>telc Deutsch A2\/B1 s\u0131nav\u0131 ile A2 ve B1 seviyelerinde Almanca dil becerilerinizi g\u00f6sterin. Dil becerilerinizi g\u00fcnl\u00fck ve profesyonel durumlarda de\u011ferlendirin. \u015eimdi kaydolun ve s\u0131nava girin!<\/p>\n","protected":false},"featured_media":1635,"comment_status":"open","ping_status":"closed","template":"","meta":{"_acf_changed":false},"product_brand":[],"product_cat":[306],"product_tag":[384],"class_list":{"0":"post-6920","1":"product","2":"type-product","3":"status-publish","4":"has-post-thumbnail","6":"product_cat-telc-dil-testleri","7":"product_tag-buyoption-direct-tr","9":"first","10":"instock","11":"taxable","12":"shipping-taxable","13":"purchasable","14":"product-type-simple"},"acf":[],"yoast_head":"<!-- This site is optimized with the Yoast SEO Premium plugin v25.9 (Yoast SEO v26.9) - https:\/\/yoast.com\/product\/yoast-seo-premium-wordpress\/ -->\n<title>telc Almanca A2-B1 - International Education Centers<\/title>\n<meta name=\"description\" content=\"Almanya&#039;daki vize ve oturumunuz i\u00e7in tan\u0131nm\u0131\u015f sertifikan\u0131z\u0131 g\u00fcvence alt\u0131na al\u0131n. telc Deutsch A2-B1 s\u0131nav\u0131 g\u00fcnl\u00fck ve mesleki i\u00e7eri\u011fi test eder.\" \/>\n<meta name=\"robots\" content=\"index, follow, max-snippet:-1, max-image-preview:large, max-video-preview:-1\" \/>\n<link rel=\"canonical\" href=\"https:\/\/internationaleducationcenters.de\/tr\/urun\/oernek-ueruen-kopie\/\" \/>\n<meta property=\"og:locale\" content=\"tr_TR\" \/>\n<meta property=\"og:type\" content=\"article\" \/>\n<meta property=\"og:title\" content=\"telc Almanca A2-B1\" \/>\n<meta property=\"og:description\" content=\"Almanya&#039;daki vize ve oturumunuz i\u00e7in tan\u0131nm\u0131\u015f sertifikan\u0131z\u0131 g\u00fcvence alt\u0131na al\u0131n. telc Deutsch A2-B1 s\u0131nav\u0131 g\u00fcnl\u00fck ve mesleki i\u00e7eri\u011fi test eder.\" \/>\n<meta property=\"og:url\" content=\"https:\/\/internationaleducationcenters.de\/tr\/urun\/oernek-ueruen-kopie\/\" \/>\n<meta property=\"og:site_name\" content=\"International Education Centers\" \/>\n<meta property=\"article:publisher\" content=\"https:\/\/www.facebook.com\/InternationalEducationCenters\/\" \/>\n<meta property=\"article:modified_time\" content=\"2025-12-19T14:36:48+00:00\" \/>\n<meta property=\"og:image\" content=\"https:\/\/internationaleducationcenters.de\/wp-content\/uploads\/2024\/09\/telc-Deutsch.jpg\" \/>\n\t<meta property=\"og:image:width\" content=\"300\" \/>\n\t<meta property=\"og:image:height\" content=\"200\" \/>\n\t<meta property=\"og:image:type\" content=\"image\/jpeg\" \/>\n<meta name=\"twitter:card\" content=\"summary_large_image\" \/>\n<meta name=\"twitter:label1\" content=\"Fiyat\" \/>\n\t<meta name=\"twitter:data1\" content=\"170,00&nbsp;&euro;\" \/>\n\t<meta name=\"twitter:label2\" content=\"Durumu\" \/>\n\t<meta name=\"twitter:data2\" content=\"Stokta var\" \/>\n<script type=\"application\/ld+json\" class=\"yoast-schema-graph\">{\"@context\":\"https:\/\/schema.org\",\"@graph\":[{\"@type\":\"WebPage\",\"@id\":\"https:\/\/internationaleducationcenters.de\/tr\/urun\/oernek-ueruen-kopie\/\",\"url\":\"https:\/\/internationaleducationcenters.de\/tr\/urun\/oernek-ueruen-kopie\/\",\"name\":\"telc Almanca A2-B1 - International Education Centers\",\"isPartOf\":{\"@id\":\"https:\/\/internationaleducationcenters.de\/tr\/#website\"},\"primaryImageOfPage\":{\"@id\":\"https:\/\/internationaleducationcenters.de\/tr\/urun\/oernek-ueruen-kopie\/#primaryimage\"},\"image\":{\"@id\":\"https:\/\/internationaleducationcenters.de\/tr\/urun\/oernek-ueruen-kopie\/#primaryimage\"},\"thumbnailUrl\":\"https:\/\/internationaleducationcenters.de\/wp-content\/uploads\/2024\/01\/migrants-doing-language-test-2023-11-27-05-17-04-utc.jpg\",\"datePublished\":\"2024-09-28T06:56:41+00:00\",\"dateModified\":\"2025-12-19T14:36:48+00:00\",\"description\":\"Almanya'daki vize ve oturumunuz i\u00e7in tan\u0131nm\u0131\u015f sertifikan\u0131z\u0131 g\u00fcvence alt\u0131na al\u0131n. telc Deutsch A2-B1 s\u0131nav\u0131 g\u00fcnl\u00fck ve mesleki i\u00e7eri\u011fi test eder.\",\"breadcrumb\":{\"@id\":\"https:\/\/internationaleducationcenters.de\/tr\/urun\/oernek-ueruen-kopie\/#breadcrumb\"},\"inLanguage\":\"tr\",\"potentialAction\":[{\"@type\":\"ReadAction\",\"target\":[\"https:\/\/internationaleducationcenters.de\/tr\/urun\/oernek-ueruen-kopie\/\"]}]},{\"@type\":\"ImageObject\",\"inLanguage\":\"tr\",\"@id\":\"https:\/\/internationaleducationcenters.de\/tr\/urun\/oernek-ueruen-kopie\/#primaryimage\",\"url\":\"https:\/\/internationaleducationcenters.de\/wp-content\/uploads\/2024\/01\/migrants-doing-language-test-2023-11-27-05-17-04-utc.jpg\",\"contentUrl\":\"https:\/\/internationaleducationcenters.de\/wp-content\/uploads\/2024\/01\/migrants-doing-language-test-2023-11-27-05-17-04-utc.jpg\",\"width\":8256,\"height\":5504,\"caption\":\"Group of modern Black immigrants attending classes sitting at table finishing doing English grammar test\"},{\"@type\":\"BreadcrumbList\",\"@id\":\"https:\/\/internationaleducationcenters.de\/tr\/urun\/oernek-ueruen-kopie\/#breadcrumb\",\"itemListElement\":[{\"@type\":\"ListItem\",\"position\":1,\"name\":\"Home\",\"item\":\"https:\/\/internationaleducationcenters.de\/tr\/\"},{\"@type\":\"ListItem\",\"position\":2,\"name\":\"Ma\u011faza\",\"item\":\"https:\/\/internationaleducationcenters.de\/tr\/shop\/\"},{\"@type\":\"ListItem\",\"position\":3,\"name\":\"telc Almanca A2-B1\"}]},{\"@type\":\"WebSite\",\"@id\":\"https:\/\/internationaleducationcenters.de\/tr\/#website\",\"url\":\"https:\/\/internationaleducationcenters.de\/tr\/\",\"name\":\"International Education Centers\",\"description\":\"\",\"publisher\":{\"@id\":\"https:\/\/internationaleducationcenters.de\/tr\/#organization\"},\"potentialAction\":[{\"@type\":\"SearchAction\",\"target\":{\"@type\":\"EntryPoint\",\"urlTemplate\":\"https:\/\/internationaleducationcenters.de\/tr\/?s={search_term_string}\"},\"query-input\":{\"@type\":\"PropertyValueSpecification\",\"valueRequired\":true,\"valueName\":\"search_term_string\"}}],\"inLanguage\":\"tr\"},{\"@type\":\"Organization\",\"@id\":\"https:\/\/internationaleducationcenters.de\/tr\/#organization\",\"name\":\"International Education Centers\",\"alternateName\":\"IEC\",\"url\":\"https:\/\/internationaleducationcenters.de\/tr\/\",\"logo\":{\"@type\":\"ImageObject\",\"inLanguage\":\"tr\",\"@id\":\"https:\/\/internationaleducationcenters.de\/tr\/#\/schema\/logo\/image\/\",\"url\":\"https:\/\/internationaleducationcenters.de\/wp-content\/uploads\/2025\/08\/IEC_favicon-1.png\",\"contentUrl\":\"https:\/\/internationaleducationcenters.de\/wp-content\/uploads\/2025\/08\/IEC_favicon-1.png\",\"width\":512,\"height\":512,\"caption\":\"International Education Centers\"},\"image\":{\"@id\":\"https:\/\/internationaleducationcenters.de\/tr\/#\/schema\/logo\/image\/\"},\"sameAs\":[\"https:\/\/www.facebook.com\/InternationalEducationCenters\/\"]}]}<\/script>\n<meta property=\"product:price:amount\" content=\"170.00\" \/>\n<meta property=\"product:price:currency\" content=\"EUR\" \/>\n<meta property=\"og:availability\" content=\"instock\" \/>\n<meta property=\"product:availability\" content=\"instock\" \/>\n<meta property=\"product:condition\" content=\"new\" \/>\n<!-- \/ Yoast SEO Premium plugin. -->","yoast_head_json":{"title":"telc Almanca A2-B1 - International Education Centers","description":"Almanya'daki vize ve oturumunuz i\u00e7in tan\u0131nm\u0131\u015f sertifikan\u0131z\u0131 g\u00fcvence alt\u0131na al\u0131n. telc Deutsch A2-B1 s\u0131nav\u0131 g\u00fcnl\u00fck ve mesleki i\u00e7eri\u011fi test eder.","robots":{"index":"index","follow":"follow","max-snippet":"max-snippet:-1","max-image-preview":"max-image-preview:large","max-video-preview":"max-video-preview:-1"},"canonical":"https:\/\/internationaleducationcenters.de\/tr\/urun\/oernek-ueruen-kopie\/","og_locale":"tr_TR","og_type":"article","og_title":"telc Almanca A2-B1","og_description":"Almanya'daki vize ve oturumunuz i\u00e7in tan\u0131nm\u0131\u015f sertifikan\u0131z\u0131 g\u00fcvence alt\u0131na al\u0131n. telc Deutsch A2-B1 s\u0131nav\u0131 g\u00fcnl\u00fck ve mesleki i\u00e7eri\u011fi test eder.","og_url":"https:\/\/internationaleducationcenters.de\/tr\/urun\/oernek-ueruen-kopie\/","og_site_name":"International Education Centers","article_publisher":"https:\/\/www.facebook.com\/InternationalEducationCenters\/","article_modified_time":"2025-12-19T14:36:48+00:00","og_image":[{"width":300,"height":200,"url":"https:\/\/internationaleducationcenters.de\/wp-content\/uploads\/2024\/09\/telc-Deutsch.jpg","type":"image\/jpeg"}],"twitter_card":"summary_large_image","twitter_misc":{"Fiyat":"170,00&nbsp;&euro;","Durumu":"Stokta var"},"schema":{"@context":"https:\/\/schema.org","@graph":[{"@type":"WebPage","@id":"https:\/\/internationaleducationcenters.de\/tr\/urun\/oernek-ueruen-kopie\/","url":"https:\/\/internationaleducationcenters.de\/tr\/urun\/oernek-ueruen-kopie\/","name":"telc Almanca A2-B1 - International Education Centers","isPartOf":{"@id":"https:\/\/internationaleducationcenters.de\/tr\/#website"},"primaryImageOfPage":{"@id":"https:\/\/internationaleducationcenters.de\/tr\/urun\/oernek-ueruen-kopie\/#primaryimage"},"image":{"@id":"https:\/\/internationaleducationcenters.de\/tr\/urun\/oernek-ueruen-kopie\/#primaryimage"},"thumbnailUrl":"https:\/\/internationaleducationcenters.de\/wp-content\/uploads\/2024\/01\/migrants-doing-language-test-2023-11-27-05-17-04-utc.jpg","datePublished":"2024-09-28T06:56:41+00:00","dateModified":"2025-12-19T14:36:48+00:00","description":"Almanya'daki vize ve oturumunuz i\u00e7in tan\u0131nm\u0131\u015f sertifikan\u0131z\u0131 g\u00fcvence alt\u0131na al\u0131n. telc Deutsch A2-B1 s\u0131nav\u0131 g\u00fcnl\u00fck ve mesleki i\u00e7eri\u011fi test eder.","breadcrumb":{"@id":"https:\/\/internationaleducationcenters.de\/tr\/urun\/oernek-ueruen-kopie\/#breadcrumb"},"inLanguage":"tr","potentialAction":[{"@type":"ReadAction","target":["https:\/\/internationaleducationcenters.de\/tr\/urun\/oernek-ueruen-kopie\/"]}]},{"@type":"ImageObject","inLanguage":"tr","@id":"https:\/\/internationaleducationcenters.de\/tr\/urun\/oernek-ueruen-kopie\/#primaryimage","url":"https:\/\/internationaleducationcenters.de\/wp-content\/uploads\/2024\/01\/migrants-doing-language-test-2023-11-27-05-17-04-utc.jpg","contentUrl":"https:\/\/internationaleducationcenters.de\/wp-content\/uploads\/2024\/01\/migrants-doing-language-test-2023-11-27-05-17-04-utc.jpg","width":8256,"height":5504,"caption":"Group of modern Black immigrants attending classes sitting at table finishing doing English grammar test"},{"@type":"BreadcrumbList","@id":"https:\/\/internationaleducationcenters.de\/tr\/urun\/oernek-ueruen-kopie\/#breadcrumb","itemListElement":[{"@type":"ListItem","position":1,"name":"Home","item":"https:\/\/internationaleducationcenters.de\/tr\/"},{"@type":"ListItem","position":2,"name":"Ma\u011faza","item":"https:\/\/internationaleducationcenters.de\/tr\/shop\/"},{"@type":"ListItem","position":3,"name":"telc Almanca A2-B1"}]},{"@type":"WebSite","@id":"https:\/\/internationaleducationcenters.de\/tr\/#website","url":"https:\/\/internationaleducationcenters.de\/tr\/","name":"International Education Centers","description":"","publisher":{"@id":"https:\/\/internationaleducationcenters.de\/tr\/#organization"},"potentialAction":[{"@type":"SearchAction","target":{"@type":"EntryPoint","urlTemplate":"https:\/\/internationaleducationcenters.de\/tr\/?s={search_term_string}"},"query-input":{"@type":"PropertyValueSpecification","valueRequired":true,"valueName":"search_term_string"}}],"inLanguage":"tr"},{"@type":"Organization","@id":"https:\/\/internationaleducationcenters.de\/tr\/#organization","name":"International Education Centers","alternateName":"IEC","url":"https:\/\/internationaleducationcenters.de\/tr\/","logo":{"@type":"ImageObject","inLanguage":"tr","@id":"https:\/\/internationaleducationcenters.de\/tr\/#\/schema\/logo\/image\/","url":"https:\/\/internationaleducationcenters.de\/wp-content\/uploads\/2025\/08\/IEC_favicon-1.png","contentUrl":"https:\/\/internationaleducationcenters.de\/wp-content\/uploads\/2025\/08\/IEC_favicon-1.png","width":512,"height":512,"caption":"International Education Centers"},"image":{"@id":"https:\/\/internationaleducationcenters.de\/tr\/#\/schema\/logo\/image\/"},"sameAs":["https:\/\/www.facebook.com\/InternationalEducationCenters\/"]}]},"product_price_amount":"170.00","product_price_currency":"EUR","og_availability":"instock","product_availability":"instock","product_condition":"new"},"_links":{"self":[{"href":"https:\/\/internationaleducationcenters.de\/tr\/wp-json\/wp\/v2\/product\/6920","targetHints":{"allow":["GET"]}}],"collection":[{"href":"https:\/\/internationaleducationcenters.de\/tr\/wp-json\/wp\/v2\/product"}],"about":[{"href":"https:\/\/internationaleducationcenters.de\/tr\/wp-json\/wp\/v2\/types\/product"}],"replies":[{"embeddable":true,"href":"https:\/\/internationaleducationcenters.de\/tr\/wp-json\/wp\/v2\/comments?post=6920"}],"version-history":[{"count":5,"href":"https:\/\/internationaleducationcenters.de\/tr\/wp-json\/wp\/v2\/product\/6920\/revisions"}],"predecessor-version":[{"id":24087,"href":"https:\/\/internationaleducationcenters.de\/tr\/wp-json\/wp\/v2\/product\/6920\/revisions\/24087"}],"wp:featuredmedia":[{"embeddable":true,"href":"https:\/\/internationaleducationcenters.de\/tr\/wp-json\/wp\/v2\/media\/1635"}],"wp:attachment":[{"href":"https:\/\/internationaleducationcenters.de\/tr\/wp-json\/wp\/v2\/media?parent=6920"}],"wp:term":[{"taxonomy":"product_brand","embeddable":true,"href":"https:\/\/internationaleducationcenters.de\/tr\/wp-json\/wp\/v2\/product_brand?post=6920"},{"taxonomy":"product_cat","embeddable":true,"href":"https:\/\/internationaleducationcenters.de\/tr\/wp-json\/wp\/v2\/product_cat?post=6920"},{"taxonomy":"product_tag","embeddable":true,"href":"https:\/\/internationaleducationcenters.de\/tr\/wp-json\/wp\/v2\/product_tag?post=6920"}],"curies":[{"name":"wp","href":"https:\/\/api.w.org\/{rel}","templated":true}]}}